{"id":12087,"date":"2025-06-18T19:19:28","date_gmt":"2025-06-18T18:19:28","guid":{"rendered":"https:\/\/www.quintavivaavida.pt\/o-que-ha-para-fazer-por-aqui\/"},"modified":"2026-08-15T11:18:06","modified_gmt":"2026-08-15T10:18:06","slug":"o-que-ha-para-fazer-por-aqui","status":"publish","type":"page","link":"https:\/\/www.quintavivaavida.pt\/pt-pt\/o-que-ha-para-fazer-por-aqui\/","title":{"rendered":"O que h\u00e1 para fazer por aqui?"},"content":{"rendered":"\t\t<div data-elementor-type=\"wp-page\" data-elementor-id=\"12087\" class=\"elementor elementor-12087 elementor-124\" data-elementor-post-type=\"page\">\n\t\t\t\t<div class=\"elementor-element elementor-element-3578960 e-con-full center-box e-flex e-con e-parent\" data-id=\"3578960\" data-element_type=\"container\" data-e-type=\"container\" data-settings=\"{&quot;background_background&quot;:&quot;classic&quot;}\">\n\t\t<div class=\"elementor-element elementor-element-58b906c e-con-full e-flex e-con e-child\" data-id=\"58b906c\" data-element_type=\"container\" data-e-type=\"container\">\n\t\t\t\t<div class=\"elementor-element elementor-element-4cfe954 elementor-widget elementor-widget-heading\" data-id=\"4cfe954\" data-element_type=\"widget\" data-e-type=\"widget\" data-widget_type=\"heading.default\">\n\t\t\t\t<div class=\"elementor-widget-container\">\n\t\t\t\t\t<h1 class=\"elementor-heading-title elementor-size-default\">Descobrir o Norte de Portugal a partir da Quinta Viva a Vida<\/h1>\t\t\t\t<\/div>\n\t\t\t\t<\/div>\n\t\t\t\t<\/div>\n\t\t\t\t<\/div>\n\t\t<div class=\"elementor-element elementor-element-7ca90d1 e-con-full center-box e-flex e-con e-parent\" data-id=\"7ca90d1\" data-element_type=\"container\" data-e-type=\"container\" data-settings=\"{&quot;background_background&quot;:&quot;classic&quot;}\">\n\t\t<div class=\"elementor-element elementor-element-50307b6 e-flex e-con-boxed e-con e-child\" data-id=\"50307b6\" data-element_type=\"container\" data-e-type=\"container\">\n\t\t\t\t\t<div class=\"e-con-inner\">\n\t\t\t\t<div class=\"elementor-element elementor-element-6522ec0 elementor-widget elementor-widget-text-editor\" data-id=\"6522ec0\" data-element_type=\"widget\" data-e-type=\"widget\" data-widget_type=\"text-editor.default\">\n\t\t\t\t<div class=\"elementor-widget-container\">\n\t\t\t\t\t\t\t\t\t<p data-start=\"54\" data-end=\"240\">O Norte de Portugal \u00e9 uma regi\u00e3o onde a vida ainda parece um pouco mais tranquila. Menos agita\u00e7\u00e3o, muita natureza e, por todo o lado, pequenos recantos que n\u00e3o precisas de planear com anteced\u00eancia para poderes desfrutar deles. <\/p><p data-start=\"242\" data-end=\"434\">Na Quinta Viva a Vida, ficas em Arcos de Valdevez, na regi\u00e3o portuguesa do Minho. \u00c9 um excelente ponto de partida para descobrires a regi\u00e3o, sem teres de percorrer longas dist\u00e2ncias todos os dias. <\/p><p data-start=\"436\" data-end=\"567\">Quer gostes de caminhadas, de aldeias tranquilas, de praias ribeirinhas ou de restaurantes locais: no Norte de Portugal h\u00e1 sempre algo para descobrir.<\/p>\t\t\t\t\t\t\t\t<\/div>\n\t\t\t\t<\/div>\n\t\t\t\t\t<\/div>\n\t\t\t\t<\/div>\n\t\t\t\t<\/div>\n\t\t<div class=\"elementor-element elementor-element-e7e67db e-con-full center-box e-flex e-con e-parent\" data-id=\"e7e67db\" data-element_type=\"container\" data-e-type=\"container\" data-settings=\"{&quot;background_background&quot;:&quot;classic&quot;}\">\n\t\t<div class=\"elementor-element elementor-element-3af76ca e-con-full e-flex e-con e-child\" data-id=\"3af76ca\" data-element_type=\"container\" data-e-type=\"container\">\n\t\t\t\t<div class=\"elementor-element elementor-element-36606b4 elementor-widget elementor-widget-heading\" data-id=\"36606b4\" data-element_type=\"widget\" data-e-type=\"widget\" data-widget_type=\"heading.default\">\n\t\t\t\t<div class=\"elementor-widget-container\">\n\t\t\t\t\t<h2 class=\"elementor-heading-title elementor-size-default\">Arcos de Valdevez e a regi\u00e3o do Minho<\/h2>\t\t\t\t<\/div>\n\t\t\t\t<\/div>\n\t\t\t\t<div class=\"elementor-element elementor-element-334dcc7 elementor-widget elementor-widget-text-editor\" data-id=\"334dcc7\" data-element_type=\"widget\" data-e-type=\"widget\" data-widget_type=\"text-editor.default\">\n\t\t\t\t<div class=\"elementor-widget-container\">\n\t\t\t\t\t\t\t\t\t<p data-start=\"614\" data-end=\"799\">Arcos de Valdevez fica entre colinas verdejantes, rios e reservas naturais. O centro tem esplanadas acolhedoras, restaurantes locais e um ambiente descontra\u00eddo que combina bem com esta regi\u00e3o. <\/p><p data-start=\"614\" data-end=\"799\"> <\/p><p data-start=\"801\" data-end=\"832\">A regi\u00e3o do Minho \u00e9 conhecida por:<\/p><ul data-start=\"833\" data-end=\"962\"><li data-section-id=\"awqxkl\" data-start=\"833\" data-end=\"848\">natureza verde<\/li><li data-section-id=\"qrg5j3\" data-start=\"849\" data-end=\"876\">pequenas aldeias aut\u00eanticas<\/li><li data-section-id=\"500i6x\" data-start=\"877\" data-end=\"894\">praias fluviais<\/li><li data-section-id=\"ry3h6f\" data-start=\"895\" data-end=\"909\">percursos pedestres<\/li><li data-section-id=\"sayn1e\" data-start=\"910\" data-end=\"926\">mercados locais<\/li><li data-section-id=\"l5t8bc\" data-start=\"927\" data-end=\"962\">estradas tranquilas e vistas lindas<\/li><\/ul><p data-start=\"964\" data-end=\"1059\">\u00c9 uma regi\u00e3o de Portugal onde o turismo ainda parece menos massivo do que mais a sul.<\/p>\t\t\t\t\t\t\t\t<\/div>\n\t\t\t\t<\/div>\n\t\t\t\t<\/div>\n\t\t<div class=\"elementor-element elementor-element-3d9bb44 e-con-full e-flex e-con e-child\" data-id=\"3d9bb44\" data-element_type=\"container\" data-e-type=\"container\">\n\t\t\t\t<div class=\"elementor-element elementor-element-2540acf yt elementor-widget elementor-widget-video\" data-id=\"2540acf\" data-element_type=\"widget\" data-e-type=\"widget\" data-settings=\"{&quot;youtube_url&quot;:&quot;https:\\\/\\\/www.youtube.com\\\/watch?v=ZzKG-gV06u4&amp;t&quot;,&quot;start&quot;:0,&quot;mute&quot;:&quot;yes&quot;,&quot;video_type&quot;:&quot;youtube&quot;,&quot;controls&quot;:&quot;yes&quot;}\" data-widget_type=\"video.default\">\n\t\t\t\t<div class=\"elementor-widget-container\">\n\t\t\t\t\t\t\t<div class=\"elementor-wrapper elementor-open-inline\">\n\t\t\t<div class=\"elementor-video\"><\/div>\t\t<\/div>\n\t\t\t\t\t\t<\/div>\n\t\t\t\t<\/div>\n\t\t\t\t<\/div>\n\t\t\t\t<\/div>\n\t\t<div class=\"elementor-element elementor-element-47e2dce e-con-full center-box e-flex e-con e-parent\" data-id=\"47e2dce\" data-element_type=\"container\" data-e-type=\"container\" data-settings=\"{&quot;background_background&quot;:&quot;classic&quot;}\">\n\t\t<div class=\"elementor-element elementor-element-b0f69fc e-con-full e-flex e-con e-child\" data-id=\"b0f69fc\" data-element_type=\"container\" data-e-type=\"container\">\n\t\t\t\t<div class=\"elementor-element elementor-element-e0df5ae fotoblokkleur elementor-widget elementor-widget-image\" data-id=\"e0df5ae\" data-element_type=\"widget\" data-e-type=\"widget\" data-widget_type=\"image.default\">\n\t\t\t\t<div class=\"elementor-widget-container\">\n\t\t\t\t\t\t\t\t\t\t\t\t\t\t\t<img decoding=\"async\" src=\"https:\/\/www.quintavivaavida.pt\/wp-content\/uploads\/elementor\/thumbs\/dom-luis-brug-porto-douro-portugal-rd6vhmtzag0l5wt54096a2hiy8vyburj55h9e8lkvw.webp\" title=\"Ponte Dom Lu\u00eds I no Porto \u2013 passeio de um dia a partir do nosso B&#038;B em Portugal\" alt=\"Ponte Dom Lu\u00eds I sobre o rio Douro, no Porto, com vista para a cidade hist\u00f3rica, Portugal\" loading=\"lazy\" \/>\t\t\t\t\t\t\t\t\t\t\t\t\t\t\t<\/div>\n\t\t\t\t<\/div>\n\t\t\t\t<\/div>\n\t\t<div class=\"elementor-element elementor-element-4fbcb90 e-con-full e-flex e-con e-child\" data-id=\"4fbcb90\" data-element_type=\"container\" data-e-type=\"container\">\n\t\t\t\t<div class=\"elementor-element elementor-element-1482a6a elementor-widget elementor-widget-heading\" data-id=\"1482a6a\" data-element_type=\"widget\" data-e-type=\"widget\" data-widget_type=\"heading.default\">\n\t\t\t\t<div class=\"elementor-widget-container\">\n\t\t\t\t\t<h2 class=\"elementor-heading-title elementor-size-default\">Cidades a uma curta dist\u00e2ncia de carro<\/h2>\t\t\t\t<\/div>\n\t\t\t\t<\/div>\n\t\t\t\t<div class=\"elementor-element elementor-element-ad19f9e elementor-widget elementor-widget-text-editor\" data-id=\"ad19f9e\" data-element_type=\"widget\" data-e-type=\"widget\" data-widget_type=\"text-editor.default\">\n\t\t\t\t<div class=\"elementor-widget-container\">\n\t\t\t\t\t\t\t\t\t<h3 data-section-id=\"ggao6p\" data-start=\"199\" data-end=\"210\"><a href=\"https:\/\/www.quintavivaavida.pt\/pt-pt\/o-que-ha-para-fazer-por-aqui\/braga\/\">Braga<\/a><\/h3><p data-start=\"211\" data-end=\"349\">Uma cidade portuguesa acolhedora, cheia de ambiente, pra\u00e7as e bons restaurantes. Perfeita para um dia descontra\u00eddo a descobrir a cultura, a cerca de 30 minutos de carro. <\/p><p data-start=\"211\" data-end=\"349\"> <\/p><h3 data-section-id=\"1fdrtv4\" data-start=\"351\" data-end=\"362\"><a href=\"https:\/\/www.quintavivaavida.pt\/pt-pt\/o-que-ha-para-fazer-por-aqui\/porto\/\">Porto<\/a><\/h3><p data-start=\"363\" data-end=\"489\">Ruelas coloridas, o Douro e muito ambiente. O Porto \u00e9 ideal para uma visita de um dia, sem precisares de l\u00e1 passar a noite. <\/p><p data-start=\"363\" data-end=\"489\"> <\/p><h3 data-section-id=\"8fs56n\" data-start=\"491\" data-end=\"513\"><a href=\"http:\/\/omgeving\/viana-do-castelo\/\" data-wplink-url-error=\"true\">Viana do Castelo<\/a><\/h3><p data-start=\"514\" data-end=\"635\">Uma cidade costeira agrad\u00e1vel, com praia, passeio mar\u00edtimo e vista para o mar. Perfeita para combinares natureza e costa durante a tua estadia. <\/p>\t\t\t\t\t\t\t\t<\/div>\n\t\t\t\t<\/div>\n\t\t\t\t<\/div>\n\t\t\t\t<\/div>\n\t\t<div class=\"elementor-element elementor-element-89b90a6 e-con-full center-box e-flex e-con e-parent\" data-id=\"89b90a6\" data-element_type=\"container\" data-e-type=\"container\" data-settings=\"{&quot;background_background&quot;:&quot;classic&quot;}\">\n\t\t<div class=\"elementor-element elementor-element-f0b1b33 e-con-full e-flex e-con e-child\" data-id=\"f0b1b33\" data-element_type=\"container\" data-e-type=\"container\">\n\t\t\t\t<div class=\"elementor-element elementor-element-1199d0c fotoblok elementor-widget elementor-widget-image\" data-id=\"1199d0c\" data-element_type=\"widget\" data-e-type=\"widget\" data-widget_type=\"image.default\">\n\t\t\t\t<div class=\"elementor-widget-container\">\n\t\t\t\t\t\t\t\t\t\t\t\t\t\t\t<img decoding=\"async\" src=\"https:\/\/www.quintavivaavida.pt\/wp-content\/uploads\/elementor\/thumbs\/flume-bar-restaurant-arcos-de-valdevez-1-rmc0ldy5bz3rjsodv87icmnd8xi3976rgreeon2qrs.webp\" title=\"flume bar restaurante arcos de valdevez 1.\" alt=\"flume bar restaurante arcos de valdevez 1.\" loading=\"lazy\" \/>\t\t\t\t\t\t\t\t\t\t\t\t\t\t\t<\/div>\n\t\t\t\t<\/div>\n\t\t\t\t<\/div>\n\t\t<div class=\"elementor-element elementor-element-a8d17e2 e-con-full e-flex e-con e-child\" data-id=\"a8d17e2\" data-element_type=\"container\" data-e-type=\"container\">\n\t\t\t\t<div class=\"elementor-element elementor-element-b761997 elementor-widget elementor-widget-heading\" data-id=\"b761997\" data-element_type=\"widget\" data-e-type=\"widget\" data-widget_type=\"heading.default\">\n\t\t\t\t<div class=\"elementor-widget-container\">\n\t\t\t\t\t<h2 class=\"elementor-heading-title elementor-size-default\">Restaurantes locais e ambiente portugu\u00eas<\/h2>\t\t\t\t<\/div>\n\t\t\t\t<\/div>\n\t\t\t\t<div class=\"elementor-element elementor-element-e7036d8 elementor-widget elementor-widget-text-editor\" data-id=\"e7036d8\" data-element_type=\"widget\" data-e-type=\"widget\" data-widget_type=\"text-editor.default\">\n\t\t\t\t<div class=\"elementor-widget-container\">\n\t\t\t\t\t\t\t\t\t<p data-start=\"1951\" data-end=\"2136\">Para quem gosta de descobrir a cozinha portuguesa, tamb\u00e9m h\u00e1 muito para explorar na zona. Pequenos restaurantes, pratos locais e esplanadas \u00e0 beira-mar criam um ambiente descontra\u00eddo. <\/p><p data-start=\"1951\" data-end=\"2136\"> <\/p><p data-start=\"2138\" data-end=\"2238\">Para os h\u00f3spedes com doen\u00e7a cel\u00edaca, \u00e9 claro que gostamos de ajudar a encontrar op\u00e7\u00f5es sem gl\u00faten na regi\u00e3o.<\/p><p data-start=\"2138\" data-end=\"2238\"> <\/p><p data-start=\"2240\" data-end=\"2370\">Como n\u00f3s pr\u00f3prios temos experi\u00eancia com a doen\u00e7a cel\u00edaca, sabemos como \u00e9 importante encontrar s\u00edtios onde possas comer com confian\u00e7a.<\/p>\t\t\t\t\t\t\t\t<\/div>\n\t\t\t\t<\/div>\n\t\t\t\t<\/div>\n\t\t\t\t<\/div>\n\t\t<div class=\"elementor-element elementor-element-7d8c83d e-con-full center-box e-flex e-con e-parent\" data-id=\"7d8c83d\" data-element_type=\"container\" data-e-type=\"container\" data-settings=\"{&quot;background_background&quot;:&quot;classic&quot;}\">\n\t\t<div class=\"elementor-element elementor-element-74659e0 e-con-full e-flex e-con e-child\" data-id=\"74659e0\" data-element_type=\"container\" data-e-type=\"container\">\n\t\t\t\t<div class=\"elementor-element elementor-element-238681b fotoblokkleur elementor-widget elementor-widget-image\" data-id=\"238681b\" data-element_type=\"widget\" data-e-type=\"widget\" data-widget_type=\"image.default\">\n\t\t\t\t<div class=\"elementor-widget-container\">\n\t\t\t\t\t\t\t\t\t\t\t\t\t\t\t<img decoding=\"async\" src=\"https:\/\/www.quintavivaavida.pt\/wp-content\/uploads\/elementor\/thumbs\/praia-fluvial-arcos-de-valdevez.jpg-scaled-rnnog3cjfijuwly9hzqc6k5rhqs5xilg43yvb8arcs.jpeg\" title=\"Pequena praia tranquila junto ao rio, no norte de Portugal\" alt=\"Pequena praia fluvial no meio da natureza, perto de Arcos de Valdevez, no norte de Portugal\" loading=\"lazy\" \/>\t\t\t\t\t\t\t\t\t\t\t\t\t\t\t<\/div>\n\t\t\t\t<\/div>\n\t\t\t\t<\/div>\n\t\t<div class=\"elementor-element elementor-element-bfec3d6 e-con-full e-flex e-con e-child\" data-id=\"bfec3d6\" data-element_type=\"container\" data-e-type=\"container\">\n\t\t\t\t<div class=\"elementor-element elementor-element-8df9241 elementor-widget elementor-widget-heading\" data-id=\"8df9241\" data-element_type=\"widget\" data-e-type=\"widget\" data-widget_type=\"heading.default\">\n\t\t\t\t<div class=\"elementor-widget-container\">\n\t\t\t\t\t<h2 class=\"elementor-heading-title elementor-size-default\">Praias fluviais e nata\u00e7\u00e3o<\/h2>\t\t\t\t<\/div>\n\t\t\t\t<\/div>\n\t\t\t\t<div class=\"elementor-element elementor-element-317b74c elementor-widget elementor-widget-text-editor\" data-id=\"317b74c\" data-element_type=\"widget\" data-e-type=\"widget\" data-widget_type=\"text-editor.default\">\n\t\t\t\t<div class=\"elementor-widget-container\">\n\t\t\t\t\t\t\t\t\t<p data-start=\"0\" data-end=\"179\">No norte de Portugal, os rios t\u00eam um papel importante na vida quotidiana. Especialmente no ver\u00e3o, as chamadas <em data-start=\"109\" data-end=\"126\">praias fluviais<\/em> s\u00e3o locais populares para se refrescar e conviver. <\/p><p data-start=\"181\" data-end=\"430\">Nos arredores de Arcos de Valdevez h\u00e1 v\u00e1rias praias fluviais onde podes dar um mergulho, relaxar ou fazer um piquenique tranquilo no meio da natureza. Muitos desses locais s\u00e3o pequenos, acolhedores e t\u00eam um ambiente descontra\u00eddo que combina bem com esta regi\u00e3o. <\/p><p data-start=\"432\" data-end=\"579\" data-is-last-node=\"\" data-is-only-node=\"\">\u00c9 mesmo nos dias quentes que \u00e9 \u00f3timo fazer uma paragem \u00e0 beira da \u00e1gua quando est\u00e1s a passear, levar um livro contigo ou simplesmente apreciar tranquilamente a paisagem.<\/p>\t\t\t\t\t\t\t\t<\/div>\n\t\t\t\t<\/div>\n\t\t\t\t<\/div>\n\t\t\t\t<\/div>\n\t\t<div class=\"elementor-element elementor-element-4c6d3ec e-con-full center-box e-flex e-con e-parent\" data-id=\"4c6d3ec\" data-element_type=\"container\" data-e-type=\"container\" data-settings=\"{&quot;background_background&quot;:&quot;classic&quot;}\">\n\t\t<div class=\"elementor-element elementor-element-31d3440 e-con-full e-flex e-con e-child\" data-id=\"31d3440\" data-element_type=\"container\" data-e-type=\"container\">\n\t\t\t\t<div class=\"elementor-element elementor-element-270bc48 fotoblok elementor-widget elementor-widget-image\" data-id=\"270bc48\" data-element_type=\"widget\" data-e-type=\"widget\" data-widget_type=\"image.default\">\n\t\t\t\t<div class=\"elementor-widget-container\">\n\t\t\t\t\t\t\t\t\t\t\t\t\t\t\t<img decoding=\"async\" src=\"https:\/\/www.quintavivaavida.pt\/wp-content\/uploads\/elementor\/thumbs\/moncao-minho-rivier-grens-vinho-verde-noord-portugal-rd7lm9vmjvo9djt19kei85cjind7kp1vu58vk8n0nc.jpg\" title=\"Mon\u00e7\u00e3o, junto ao rio Minho \u2013 cidade hist\u00f3rica fronteiri\u00e7a no norte de Portugal\" alt=\"Vista de Mon\u00e7\u00e3o, no norte de Portugal, com o rio Minho e as antigas muralhas da cidade ao longo da fronteira com a Espanha\" loading=\"lazy\" \/>\t\t\t\t\t\t\t\t\t\t\t\t\t\t\t<\/div>\n\t\t\t\t<\/div>\n\t\t\t\t<\/div>\n\t\t<div class=\"elementor-element elementor-element-477cbcb e-con-full e-flex e-con e-child\" data-id=\"477cbcb\" data-element_type=\"container\" data-e-type=\"container\">\n\t\t\t\t<div class=\"elementor-element elementor-element-e23d499 elementor-widget elementor-widget-heading\" data-id=\"e23d499\" data-element_type=\"widget\" data-e-type=\"widget\" data-widget_type=\"heading.default\">\n\t\t\t\t<div class=\"elementor-widget-container\">\n\t\t\t\t\t<h2 class=\"elementor-heading-title elementor-size-default\">Descobrir o Norte de Portugal ao teu pr\u00f3prio ritmo<\/h2>\t\t\t\t<\/div>\n\t\t\t\t<\/div>\n\t\t\t\t<div class=\"elementor-element elementor-element-20050d0 elementor-widget elementor-widget-text-editor\" data-id=\"20050d0\" data-element_type=\"widget\" data-e-type=\"widget\" data-widget_type=\"text-editor.default\">\n\t\t\t\t<div class=\"elementor-widget-container\">\n\t\t\t\t\t\t\t\t\t<p data-start=\"47\" data-end=\"314\">\u00c9 precisamente essa variedade que faz do Norte de Portugal uma regi\u00e3o t\u00e3o agrad\u00e1vel de descobrir. Num dia, d\u00e1s um passeio pela natureza da Peneda-Ger\u00eas; no dia seguinte, passeias pelas ruelas do Porto ou de Braga. E nos dias quentes, a costa ou uma praia tranquila junto ao rio nunca est\u00e3o longe.  <\/p><p data-start=\"316\" data-end=\"519\">O que \u00e9 bom nesta regi\u00e3o \u00e9 que n\u00e3o h\u00e1 nada que seja obrigat\u00f3rio. N\u00e3o h\u00e1 um programa apertado, nem longas viagens, e h\u00e1 s\u00edtios por todo o lado onde podes parar espontaneamente para apreciar a vista, uma esplanada ou a natureza. <\/p><p data-start=\"521\" data-end=\"728\" data-is-last-node=\"\" data-is-only-node=\"\">E depois \u00e9 bom voltar para um s\u00edtio tranquilo e totalmente sem gl\u00faten, onde j\u00e1 n\u00e3o precisas de te preocupar com a comida nem com os planos. \u00c9 s\u00f3 relaxar e desfrutar do Norte de Portugal ao teu pr\u00f3prio ritmo. <\/p>\t\t\t\t\t\t\t\t<\/div>\n\t\t\t\t<\/div>\n\t\t\t\t<\/div>\n\t\t\t\t<\/div>\n\t\t<div class=\"elementor-element elementor-element-aee7f89 e-con-full center-box booking-section e-flex e-con e-parent\" data-id=\"aee7f89\" data-element_type=\"container\" data-e-type=\"container\">\n\t\t\t\t<div class=\"elementor-element elementor-element-70dd142 elementor-widget elementor-widget-text-editor\" data-id=\"70dd142\" data-element_type=\"widget\" data-e-type=\"widget\" data-widget_type=\"text-editor.default\">\n\t\t\t\t<div class=\"elementor-widget-container\">\n\t\t\t\t\t\t\t\t\t<h2 class=\"elementor-heading-title elementor-size-default elementor-inline-editing pen\" contenteditable=\"true\" data-elementor-setting-key=\"title\" data-pen-placeholder=\"Hier typen...\">Descobre o Norte de Portugal \u00e0 tua maneira<\/h2>\t\t\t\t\t\t\t\t<\/div>\n\t\t\t\t<\/div>\n\t\t\t\t<div class=\"elementor-element elementor-element-1bd751a elementor-widget elementor-widget-text-editor\" data-id=\"1bd751a\" data-element_type=\"widget\" data-e-type=\"widget\" data-widget_type=\"text-editor.default\">\n\t\t\t\t<div class=\"elementor-widget-container\">\n\t\t\t\t\t\t\t\t\t<p>Reserva a tua estadia ou entra em contacto connosco se tiveres alguma d\u00favida.<\/p>\t\t\t\t\t\t\t\t<\/div>\n\t\t\t\t<\/div>\n\t\t\t\t<\/div>\n\t\t<div class=\"elementor-element elementor-element-8d56a90 e-con-full center-box booking-widget  e-flex e-con e-parent\" data-id=\"8d56a90\" data-element_type=\"container\" data-e-type=\"container\" data-settings=\"{&quot;background_background&quot;:&quot;classic&quot;}\">\n\t\t\t\t<div class=\"elementor-element elementor-element-2450a67 elementor-widget__width-auto elementor-widget elementor-widget-wp-widget-mod_vikbooking_horizontalsearch\" data-id=\"2450a67\" data-element_type=\"widget\" data-e-type=\"widget\" data-widget_type=\"wp-widget-mod_vikbooking_horizontalsearch.default\">\n\t\t\t\t<div class=\"elementor-widget-container\">\n\t\t\t\t\t\n<div class=\"vbmodhorsearchmaindiv vbo-horizsearch-standardformat-wrap\">\n\t<form action=\"https:\/\/www.quintavivaavida.pt\/pt-pt\/reserva-as-tuas-ferias\/?task=search\" method=\"post\" id=\"vbo-mod-horsearch-form-143\">\n\t\t<input type=\"hidden\" name=\"task\" value=\"search\" \/>\n\t\t<div class=\"vbmodhorsearchcheckindiv\">\n\t\t\t<label for=\"checkindatemod143\">Data de check-in<\/label>\n\t\t\t<div class=\"input-group\">\n\t\t\t\t<input type=\"text\" name=\"checkindate\" id=\"checkindatemod143\" size=\"10\" autocomplete=\"off\" onfocus=\"this.blur();\" readonly\/>\n\t\t\t\t<i class=\"far fa-calendar-days vbo-caltrigger\"><\/i>\t\t\t\t<input type=\"hidden\" name=\"checkinh\" value=\"15\"\/>\n\t\t\t\t<input type=\"hidden\" name=\"checkinm\" value=\"0\"\/>\n\t\t\t<\/div>\n\t\t<\/div>\n\t\t<div class=\"vbmodhorsearchcheckoutdiv\">\n\t\t\t<label for=\"checkoutdatemod143\">Data de check-out<\/label>\n\t\t\t<div class=\"input-group\">\n\t\t\t\t<input type=\"text\" name=\"checkoutdate\" id=\"checkoutdatemod143\" size=\"10\" autocomplete=\"off\" onfocus=\"this.blur();\" readonly\/>\n\t\t\t\t<i class=\"far fa-calendar-days vbo-caltrigger\"><\/i>\t\t\t\t<input type=\"hidden\" name=\"checkouth\" value=\"10\"\/>\n\t\t\t\t<input type=\"hidden\" name=\"checkoutm\" value=\"0\"\/>\n\t\t\t<\/div>\n\t\t<\/div>\n\t\t\t<div class=\"vbmodhorsearchtotnights\" id=\"vbjstotnightsmod143\"><\/div>\n\t\t\t<div class=\"vbmodhorsearchrac\">\n\t\t\n\t\t\t<div class=\"vbmodhorsearchroomsel\">\n\t\t\t\t\t\t\t\t<input type=\"hidden\" name=\"roomsnum\" value=\"1\">\n\t\t\t<\/div>\n\t\t\t\n\t\t\t<div class=\"vbmodhorsearchroomdentr\">\n\t\t\t\t\n\t\t\t\t<div class=\"vbmodhorsearchroomdentrfirst\">\n\t\t\t\t\t\t\t\t\t\t<div class=\"horsanumdiv\">\n\t\t\t\t\t\t<label class=\"horsanumlb\" for=\"vbo-mhs-adults-143\">Adultos<\/label>\n\t\t\t\t\t\t<span class=\"horsanumsel\"><select name=\"adults[]\" id=\"vbo-mhs-adults-143\" onchange=\"vbCountTotGuests143();\"><option value=\"1\">1<\/option><option value=\"2\" selected=\"selected\">2<\/option><option value=\"3\">3<\/option><option value=\"4\">4<\/option><\/select><\/span>\n\t\t\t\t\t<\/div>\n\t\t\t\t\t\t\t\t\t\t<div class=\"horscnumdiv\">\n\t\t\t\t\t\t<label class=\"horscnumlb\" for=\"vbo-mhs-children-143\">Crian\u00e7as<\/label>\n\t\t\t\t\t\t<span class=\"horscnumsel\"><select name=\"children[]\" id=\"vbo-mhs-children-143\" onchange=\"vbCountTotGuests143();\"><option value=\"0\">0<\/option><option value=\"1\">1<\/option><option value=\"2\">2<\/option><option value=\"3\">3<\/option><option value=\"4\">4<\/option><\/select><\/span>\n\t\t\t\t\t<\/div>\n\t\t\t\t\t\t\t\t\t<\/div>\n\t\t\t\t\n\t\t\t\t<div class=\"vbmoreroomscontmod\" id=\"vbmoreroomscontmod143\"><\/div>\n\t\t\t\t\n\t\t\t<\/div>\n\t\t\t\n\t\t<\/div>\n\t\t\t<div class=\"vbmodhorsearchbookdiv\">\n\t\t\t<button type=\"submit\" id=\"vbo-mod-horsearch-sbt-143\" class=\"btn vbsearchinputmodhors vbo-pref-color-btn\">Reserve agora<\/button>\n\t\t<\/div>\n\n\t\t<script type=\"text\/javascript\">\n\t\t\tjQuery(function() {\n\t\t\t\tjQuery('button#vbo-mod-horsearch-sbt-143').on('click', function(e) {\n\t\t\t\t\te.preventDefault();\n\t\t\t\t\tjQuery(this).prop('disabled', true);\n\t\t\t\t\tjQuery(this).html('<i class=\"fas fa-circle-notch fa-spin fa-fw\"><\/i> ' + jQuery(this).text());\n\t\t\t\t\tjQuery(this).closest('form').submit();\n\t\t\t\t});\n\t\t\t});\n\t\t<\/script>\n\t\t<\/form>\n<\/div>\n\n<div class=\"vbo-modhs-js-helpers\" style=\"display: none;\">\n\t<div class=\"vbo-modhs-add-element-html\">\n\t\t<div class=\"vbmodhorsearchroomdentr\">\n\t\t\t<span class=\"horsrnum\">Room %d<\/span>\n\t\t\t<div class=\"horsanumdiv\">\n\t\t\t\t<label style=\"display: none;\" for=\"vbo-mhs-adults-143-hid\">Adultos<\/label>\n\t\t\t\t<span class=\"horsanumsel\"><select name=\"adults[]\" id=\"vbo-mhs-adults-143-hid\" onchange=\"vbCountTotGuests143();\"><option value=\"1\">1<\/option><option value=\"2\" selected=\"selected\">2<\/option><option value=\"3\">3<\/option><option value=\"4\">4<\/option><\/select><\/span>\n\t\t\t\t\t\t\t<div class=\"horscnumdiv\">\n\t\t\t\t\t<label style=\"display: none;\" for=\"vbo-mhs-children-143-hid\">Crian\u00e7as<\/label>\n\t\t\t\t\t<span class=\"horscnumsel\"><select name=\"children[]\" id=\"vbo-mhs-children-143-hid\" onchange=\"vbCountTotGuests143();\"><option value=\"0\">0<\/option><option value=\"1\">1<\/option><option value=\"2\">2<\/option><option value=\"3\">3<\/option><option value=\"4\">4<\/option><\/select><\/span>\n\t\t\t\t<\/div>\n\t\t\t\t\t\t\t<\/div>\n\t\t<\/div>\n\t<\/div>\n<\/div>\n\n<script type=\"text\/javascript\">\nfunction vboModHorSearchSendRequest(elem, formId) {\n\tvar form_el = document.getElementById('vbo-mod-horsearch-form-' + formId);\n\tif (!form_el) {\n\t\tconsole.error('form not found', formId);\n\t\treturn false;\n\t}\n\n\t\/\/ valid all form required fields\n\tif (typeof form_el.checkValidity === 'function' && !form_el.checkValidity()) {\n\t\t\/\/ modern browsers will support this HTML5 method to check the form required fields\n\t\talert(Joomla.JText._('VBO_PLEASE_FILL_FIELDS'));\n\t\treturn false;\n\t}\n\n\t\/\/ make sure the dates have been selected\n\tvar checkin_date_el = jQuery(form_el).find('input[name=\"checkindate\"]');\n\tvar checkout_date_el = jQuery(form_el).find('input[name=\"checkoutdate\"]');\n\tif (!checkin_date_el.length || !checkin_date_el.val().length || !checkout_date_el.length || !checkout_date_el.val().length) {\n\t\talert(Joomla.JText._('VBO_PLEASE_SEL_DATES'));\n\t\treturn false;\n\t}\n\t\/\/ make sure the dates are not identical to have a min stay of 1 night\n\t\/\/ as by default the datepicker could set equal dates to the hidden fields.\n\tif (checkin_date_el.val() == checkout_date_el.val()) {\n\t\talert(Joomla.JText._('VBO_PLEASE_SEL_DATES'));\n\t\treturn false;\n\t}\n\n\t\/\/ disable the send request button to avoid double submissions\n\telem.disabled = true;\n\t\n\t\/\/ get form values\n\tvar qstring = jQuery(form_el).serialize();\n\n\t\/\/ make sure the task is not set\n\tqstring = qstring.replace('task=search', '');\n\tqstring = qstring.replace('view=search', '');\n\n\t\/\/ make the ajax request to the controller\n\tjQuery.ajax({\n\t\ttype: \"POST\",\n\t\turl: \"https:\/\/www.quintavivaavida.pt\/wp-admin\/admin-ajax.php?task=submit_inquiry&Itemid=12047&action=vikbooking&vik_ajax_client=site\",\n\t\tdata: qstring\n\t}).done(function(res) {\n\t\tif (!res.hasOwnProperty('status')) {\n\t\t\talert('Invalid response');\n\t\t\t\/\/ re-enable the button\n\t\t\telem.disabled = false;\n\t\t\treturn false;\n\t\t}\n\t\tif (!res.status) {\n\t\t\talert(res.error);\n\t\t\t\/\/ re-enable the button\n\t\t\telem.disabled = false;\n\t\t\treturn false;\n\t\t}\n\t\t\/\/ show success message by replacing all fields\n\t\tjQuery('.vbo-mod-horsearch-inquiry-fields').html('<p class=\"vbo-mod-horsearch-inquiry-mess-success\">' + Joomla.JText._('VBO_THANKS_INQ_SUBMITTED') + '<\/p>');\n\t\t\/\/ remove submit button container\n\t\tjQuery('.vbo-mod-horsearch-inquiry-submit').remove();\n\t}).fail(function(err) {\n\t\talert(err.responseText);\n\t\t\/\/ re-enable the button\n\t\telem.disabled = false;\n\t});\n}\n\nfunction vboModHorSearchBookOnline(formId) {\n\tvar form_el = document.getElementById('vbo-mod-horsearch-form-' + formId);\n\tif (!form_el) {\n\t\tconsole.error('form not found', formId);\n\t\treturn false;\n\t}\n\n\t\/\/ we need to let a button of type button trigger the submit of the \"check availability\"\n\t\/\/ or in case of inquiry, the browser will check the validity of the required fields.\n\n\t\/\/ we only check if the dates have been selected\n\tvar checkin_date_el = jQuery(form_el).find('input[name=\"checkindate\"]');\n\tvar checkout_date_el = jQuery(form_el).find('input[name=\"checkoutdate\"]');\n\tif (!checkin_date_el.length || !checkin_date_el.val().length || !checkout_date_el.length || !checkout_date_el.val().length) {\n\t\talert(Joomla.JText._('VBO_PLEASE_SEL_DATES'));\n\t\treturn false;\n\t}\n\n\t\/\/ make sure the dates are not identical to have a min stay of 1 night\n\t\/\/ as by default the datepicker could set equal dates to the hidden fields.\n\tif (checkin_date_el.val() == checkout_date_el.val()) {\n\t\talert(Joomla.JText._('VBO_PLEASE_SEL_DATES'));\n\t\treturn false;\n\t}\n\n\t\/\/ simply submit the form to start the booking process\n\tform_el.submit();\n\n\treturn true;\n}\n\nfunction vbAddElementMod143() {\n\tvar ni = document.getElementById('vbmoreroomscontmod143');\n\tvar numi = document.getElementById('vbroomhelpermod143');\n\tvar num = (document.getElementById('vbroomhelpermod143').value -1) + 2;\n\tnumi.value = num;\n\tvar newdiv = document.createElement('div');\n\tvar divIdName = 'vb'+num+'racont';\n\tnewdiv.setAttribute('id', divIdName);\n\t\/\/ build HTML content to append to new element\n\tvar new_element_html = document.getElementsByClassName('vbo-modhs-add-element-html')[0].innerHTML;\n\t\/\/ set room number\n\tlet rp_rgx = new RegExp('%d', 'g');\n\tnew_element_html = new_element_html.replace(rp_rgx, num);\n\t\/\/ get rid of label tag (Web Accessibility)\n\tlet lbl_rgx = new RegExp(\/<label\\s.+>.+<\\\/label>\/, 'g');\n\tnew_element_html = new_element_html.replace(lbl_rgx, '');\n\t\/\/ get rid of any id attribute (Web Accessibility)\n\tlet idattr_rgx = new RegExp(\/id=\"[^\\\"]+\"\/, 'g');\n\tnew_element_html = new_element_html.replace(idattr_rgx, '');\n\t\/\/ set HTML content and append element\n\tnewdiv.innerHTML = new_element_html;\n\tni.appendChild(newdiv);\n}\n\nfunction vbSetRoomsAdultsMod143(totrooms) {\n\tvar actrooms = parseInt(document.getElementById('vbroomhelpermod143').value);\n\tvar torooms = parseInt(totrooms);\n\tvar difrooms;\n\tif (torooms > actrooms) {\n\t\tdifrooms = torooms - actrooms;\n\t\tfor (var ir = 1; ir <= difrooms; ir++) {\n\t\t\tvbAddElementMod143();\n\t\t}\n\t}\n\tif (torooms < actrooms) {\n\t\tfor (var ir = actrooms; ir > torooms; ir--) {\n\t\t\tif (ir > 1) {\n\t\t\t\tvar rmra = document.getElementById('vb' + ir + 'racont');\n\t\t\t\trmra.parentNode.removeChild(rmra);\n\t\t\t}\n\t\t}\n\t\tdocument.getElementById('vbroomhelpermod143').value = torooms;\n\t}\n\tif (document.getElementById('vbmodhorsearch-hum-guests-rooms143')) {\n\t\tdocument.getElementById('vbmodhorsearch-hum-guests-rooms143').innerText = torooms;\n\t\tvbCountTotGuests143();\n\t}\n}\n\nfunction vbCountTotGuests143() {\n\tif (!document.getElementById('vbmodhorsearch-hum-guests-rooms143')) {\n\t\treturn;\n\t}\n\tvar totadults = 0;\n\tvar totchildren = 0;\n\tjQuery('#vbmodhorsearch-hum-guests-count143').parent().find('select[name=\"adults[]\"]').each(function() {\n\t\tvar curel = jQuery(this).find('option:selected');\n\t\tif (curel.length) {\n\t\t\ttotadults += parseInt(curel.val());\n\t\t}\n\t});\n\tjQuery('#vbmodhorsearch-hum-guests-adults143').text(totadults);\n\tif (jQuery('#vbmodhorsearch-hum-guests-children143').length) {\n\t\tjQuery('#vbmodhorsearch-hum-guests-count143').parent().find('select[name=\"children[]\"]').each(function() {\n\t\t\tvar curel = jQuery(this).find('option:selected');\n\t\t\tif (curel.length) {\n\t\t\t\ttotchildren += parseInt(curel.val());\n\t\t\t}\n\t\t});\n\t\tjQuery('#vbmodhorsearch-hum-guests-children143').text(totchildren);\n\t}\n}\n\nfunction vbCalcNightsMod143() {\n\tvar vbcheckin = document.getElementById('checkindatemod143').value;\n\tvar vbcheckout = document.getElementById('checkoutdatemod143').value;\n\tif (vbcheckin.length > 0 && vbcheckout.length > 0) {\n\t\tvar vbcheckinp = vbcheckin.split(\"\/\");\n\t\tvar vbcheckoutp = vbcheckout.split(\"\/\");\n\t\t\tvar vbinmonth = parseInt(vbcheckinp[1]);\n\t\tvbinmonth = vbinmonth - 1;\n\t\tvar vbinday = parseInt(vbcheckinp[0], 10);\n\t\tvar vbcheckind = new Date(vbcheckinp[2], vbinmonth, vbinday);\n\t\tvar vboutmonth = parseInt(vbcheckoutp[1]);\n\t\tvboutmonth = vboutmonth - 1;\n\t\tvar vboutday = parseInt(vbcheckoutp[0], 10);\n\t\tvar vbcheckoutd = new Date(vbcheckoutp[2], vboutmonth, vboutday);\n\t\t\t\tvar vbdivider = 1000 * 60 * 60 * 24;\n\t\tvar vbints = vbcheckind.getTime();\n\t\tvar vboutts = vbcheckoutd.getTime();\n\t\tif (vboutts > vbints) {\n\t\t\t\/\/var vbnights = Math.ceil((vboutts - vbints) \/ (vbdivider));\n\t\t\tvar utc1 = Date.UTC(vbcheckind.getFullYear(), vbcheckind.getMonth(), vbcheckind.getDate());\n\t\t\tvar utc2 = Date.UTC(vbcheckoutd.getFullYear(), vbcheckoutd.getMonth(), vbcheckoutd.getDate());\n\t\t\tvar vbnights = Math.ceil((utc2 - utc1) \/ vbdivider);\n\t\t\tif (vbnights > 0) {\n\t\t\t\tdocument.getElementById('vbjstotnightsmod143').innerHTML = '<div class=\"vbo-horizsearch-numnights-inner\"><span>Noites:<\/span> <span>'+vbnights+'<\/span><\/div>';\n\t\t\t} else {\n\t\t\t\tdocument.getElementById('vbjstotnightsmod143').innerHTML = '';\n\t\t\t}\n\t\t} else {\n\t\t\tdocument.getElementById('vbjstotnightsmod143').innerHTML = '';\n\t\t}\n\t} else {\n\t\tdocument.getElementById('vbjstotnightsmod143').innerHTML = '';\n\t}\n}\n<\/script>\n\n<input type=\"hidden\" id=\"vbroomhelpermod143\" value=\"1\"\/>\n\t\t\t\t<\/div>\n\t\t\t\t<\/div>\n\t\t\t\t<\/div>\n\t\t\t\t<\/div>\n\t\t","protected":false},"excerpt":{"rendered":"<p>Descobrir o Norte de Portugal a partir da Quinta Viva a Vida O Norte de Portugal \u00e9 uma regi\u00e3o onde a vida ainda parece um pouco mais tranquila. Menos agita\u00e7\u00e3o, muita natureza e, por todo o lado, pequenos recantos que n\u00e3o precisas de planear com anteced\u00eancia para poderes desfrutar deles. Na Quinta Viva a Vida,<\/p>\n","protected":false},"author":1,"featured_media":12006,"parent":0,"menu_order":0,"comment_status":"closed","ping_status":"closed","template":"elementor_header_footer","meta":{"solace_meta_sidebar":"","solace_meta_container":"","solace_meta_enable_content_width":"","solace_meta_content_width":0,"solace_meta_title_alignment":"","solace_meta_author_avatar":"","solace_post_elements_order":"","solace_meta_disable_header":"","solace_meta_disable_footer":"","solace_meta_disable_title":"","footnotes":""},"class_list":["post-12087","page","type-page","status-publish","has-post-thumbnail","hentry"],"yoast_head":"<!-- This site is optimized with the Yoast SEO plugin v28.2 - https:\/\/yoast.com\/product\/yoast-seo-wordpress\/ -->\n<title>Descobre os arredores do nosso B&amp;B sem gl\u00faten em Portugal<\/title>\n<meta name=\"description\" content=\"Descobre os belos cen\u00e1rios do Norte de Portugal. Perfeito para umas f\u00e9rias sem gl\u00faten e sem preocupa\u00e7\u00f5es em Portugal.\" \/>\n<meta name=\"robots\" content=\"index, follow, max-snippet:-1, max-image-preview:large, max-video-preview:-1\" \/>\n<link rel=\"canonical\" href=\"https:\/\/www.quintavivaavida.pt\/pt-pt\/o-que-ha-para-fazer-por-aqui\/\" \/>\n<meta property=\"og:locale\" content=\"pt_PT\" \/>\n<meta property=\"og:type\" content=\"article\" \/>\n<meta property=\"og:title\" content=\"Descobre os arredores do nosso B&amp;B sem gl\u00faten em Portugal\" \/>\n<meta property=\"og:description\" content=\"Descobre os belos cen\u00e1rios do Norte de Portugal. Perfeito para umas f\u00e9rias sem gl\u00faten e sem preocupa\u00e7\u00f5es em Portugal.\" \/>\n<meta property=\"og:url\" content=\"https:\/\/www.quintavivaavida.pt\/pt-pt\/o-que-ha-para-fazer-por-aqui\/\" \/>\n<meta property=\"og:site_name\" content=\"Quinta Viva a Vida - Glutenvrije vakantie in Portugal\" \/>\n<meta property=\"article:publisher\" content=\"https:\/\/www.facebook.com\/glutenvrijportugal\" \/>\n<meta property=\"article:modified_time\" content=\"2026-08-15T10:18:06+00:00\" \/>\n<meta property=\"og:image\" content=\"https:\/\/www.quintavivaavida.pt\/wp-content\/uploads\/2025\/10\/ponte-de-lima-brug-zonsondergang-portugal.webp.webp\" \/>\n\t<meta property=\"og:image:width\" content=\"1536\" \/>\n\t<meta property=\"og:image:height\" content=\"1024\" \/>\n\t<meta property=\"og:image:type\" content=\"image\/webp\" \/>\n<meta name=\"twitter:card\" content=\"summary_large_image\" \/>\n<meta name=\"twitter:label1\" content=\"Tempo estimado de leitura\" \/>\n\t<meta name=\"twitter:data1\" content=\"5 minutos\" \/>\n<script type=\"application\/ld+json\" class=\"yoast-schema-graph\">{\"@context\":\"https:\\\/\\\/schema.org\",\"@graph\":[{\"@type\":\"WebPage\",\"@id\":\"https:\\\/\\\/www.quintavivaavida.pt\\\/pt-pt\\\/o-que-ha-para-fazer-por-aqui\\\/\",\"url\":\"https:\\\/\\\/www.quintavivaavida.pt\\\/pt-pt\\\/o-que-ha-para-fazer-por-aqui\\\/\",\"name\":\"Descobre os arredores do nosso B&B sem gl\u00faten em Portugal\",\"isPartOf\":{\"@id\":\"https:\\\/\\\/www.quintavivaavida.pt\\\/pt-pt\\\/#website\"},\"primaryImageOfPage\":{\"@id\":\"https:\\\/\\\/www.quintavivaavida.pt\\\/pt-pt\\\/o-que-ha-para-fazer-por-aqui\\\/#primaryimage\"},\"image\":{\"@id\":\"https:\\\/\\\/www.quintavivaavida.pt\\\/pt-pt\\\/o-que-ha-para-fazer-por-aqui\\\/#primaryimage\"},\"thumbnailUrl\":\"https:\\\/\\\/www.quintavivaavida.pt\\\/wp-content\\\/uploads\\\/2025\\\/10\\\/ponte-de-lima-brug-zonsondergang-portugal.webp.webp\",\"datePublished\":\"2025-06-18T18:19:28+00:00\",\"dateModified\":\"2026-08-15T10:18:06+00:00\",\"description\":\"Descobre os belos cen\u00e1rios do Norte de Portugal. Perfeito para umas f\u00e9rias sem gl\u00faten e sem preocupa\u00e7\u00f5es em Portugal.\",\"breadcrumb\":{\"@id\":\"https:\\\/\\\/www.quintavivaavida.pt\\\/pt-pt\\\/o-que-ha-para-fazer-por-aqui\\\/#breadcrumb\"},\"inLanguage\":\"pt-PT\",\"potentialAction\":[{\"@type\":\"ReadAction\",\"target\":[\"https:\\\/\\\/www.quintavivaavida.pt\\\/pt-pt\\\/o-que-ha-para-fazer-por-aqui\\\/\"]}]},{\"@type\":\"ImageObject\",\"inLanguage\":\"pt-PT\",\"@id\":\"https:\\\/\\\/www.quintavivaavida.pt\\\/pt-pt\\\/o-que-ha-para-fazer-por-aqui\\\/#primaryimage\",\"url\":\"https:\\\/\\\/www.quintavivaavida.pt\\\/wp-content\\\/uploads\\\/2025\\\/10\\\/ponte-de-lima-brug-zonsondergang-portugal.webp.webp\",\"contentUrl\":\"https:\\\/\\\/www.quintavivaavida.pt\\\/wp-content\\\/uploads\\\/2025\\\/10\\\/ponte-de-lima-brug-zonsondergang-portugal.webp.webp\",\"width\":1536,\"height\":1024,\"caption\":\"A ponte hist\u00f3rica de Ponte de Lima ao p\u00f4r-do-sol \u2013 um s\u00edmbolo encantador da cidade mais antiga de Portugal.\"},{\"@type\":\"BreadcrumbList\",\"@id\":\"https:\\\/\\\/www.quintavivaavida.pt\\\/pt-pt\\\/o-que-ha-para-fazer-por-aqui\\\/#breadcrumb\",\"itemListElement\":[{\"@type\":\"ListItem\",\"position\":1,\"name\":\"In\u00edcio\",\"item\":\"https:\\\/\\\/www.quintavivaavida.pt\\\/pt-pt\\\/passar-ferias-no-norte-de-portugal-quinta-viva-a-vida\\\/\"},{\"@type\":\"ListItem\",\"position\":2,\"name\":\"O que h\u00e1 para fazer por aqui?\"}]},{\"@type\":\"WebSite\",\"@id\":\"https:\\\/\\\/www.quintavivaavida.pt\\\/pt-pt\\\/#website\",\"url\":\"https:\\\/\\\/www.quintavivaavida.pt\\\/pt-pt\\\/\",\"name\":\"Gluttenvrije Vakantie in Portugal | Quinta Viva a Vida\",\"description\":\"Een 100% glutenvrije vakantieplek in Noord-Portugal, waar mensen met coeliakie en hun gezin zorgeloos kunnen genieten.\",\"publisher\":{\"@id\":\"https:\\\/\\\/www.quintavivaavida.pt\\\/pt-pt\\\/#organization\"},\"potentialAction\":[{\"@type\":\"SearchAction\",\"target\":{\"@type\":\"EntryPoint\",\"urlTemplate\":\"https:\\\/\\\/www.quintavivaavida.pt\\\/pt-pt\\\/?s={search_term_string}\"},\"query-input\":{\"@type\":\"PropertyValueSpecification\",\"valueRequired\":true,\"valueName\":\"search_term_string\"}}],\"inLanguage\":\"pt-PT\"},{\"@type\":\"Organization\",\"@id\":\"https:\\\/\\\/www.quintavivaavida.pt\\\/pt-pt\\\/#organization\",\"name\":\"Quinta Nosso Sohno\",\"url\":\"https:\\\/\\\/www.quintavivaavida.pt\\\/pt-pt\\\/\",\"logo\":{\"@type\":\"ImageObject\",\"inLanguage\":\"pt-PT\",\"@id\":\"https:\\\/\\\/www.quintavivaavida.pt\\\/pt-pt\\\/#\\\/schema\\\/logo\\\/image\\\/\",\"url\":\"\",\"contentUrl\":\"\",\"caption\":\"Quinta Nosso Sohno\"},\"image\":{\"@id\":\"https:\\\/\\\/www.quintavivaavida.pt\\\/pt-pt\\\/#\\\/schema\\\/logo\\\/image\\\/\"},\"sameAs\":[\"https:\\\/\\\/www.facebook.com\\\/glutenvrijportugal\",\"https:\\\/\\\/www.instagram.com\\\/glutenvrijebenbinportugal\\\/\"]}]}<\/script>\n<!-- \/ Yoast SEO plugin. -->","yoast_head_json":{"title":"Descobre os arredores do nosso B&B sem gl\u00faten em Portugal","description":"Descobre os belos cen\u00e1rios do Norte de Portugal. Perfeito para umas f\u00e9rias sem gl\u00faten e sem preocupa\u00e7\u00f5es em Portugal.","robots":{"index":"index","follow":"follow","max-snippet":"max-snippet:-1","max-image-preview":"max-image-preview:large","max-video-preview":"max-video-preview:-1"},"canonical":"https:\/\/www.quintavivaavida.pt\/pt-pt\/o-que-ha-para-fazer-por-aqui\/","og_locale":"pt_PT","og_type":"article","og_title":"Descobre os arredores do nosso B&B sem gl\u00faten em Portugal","og_description":"Descobre os belos cen\u00e1rios do Norte de Portugal. Perfeito para umas f\u00e9rias sem gl\u00faten e sem preocupa\u00e7\u00f5es em Portugal.","og_url":"https:\/\/www.quintavivaavida.pt\/pt-pt\/o-que-ha-para-fazer-por-aqui\/","og_site_name":"Quinta Viva a Vida - Glutenvrije vakantie in Portugal","article_publisher":"https:\/\/www.facebook.com\/glutenvrijportugal","article_modified_time":"2026-08-15T10:18:06+00:00","og_image":[{"width":1536,"height":1024,"url":"https:\/\/www.quintavivaavida.pt\/wp-content\/uploads\/2025\/10\/ponte-de-lima-brug-zonsondergang-portugal.webp.webp","type":"image\/webp"}],"twitter_card":"summary_large_image","twitter_misc":{"Tempo estimado de leitura":"5 minutos"},"schema":{"@context":"https:\/\/schema.org","@graph":[{"@type":"WebPage","@id":"https:\/\/www.quintavivaavida.pt\/pt-pt\/o-que-ha-para-fazer-por-aqui\/","url":"https:\/\/www.quintavivaavida.pt\/pt-pt\/o-que-ha-para-fazer-por-aqui\/","name":"Descobre os arredores do nosso B&B sem gl\u00faten em Portugal","isPartOf":{"@id":"https:\/\/www.quintavivaavida.pt\/pt-pt\/#website"},"primaryImageOfPage":{"@id":"https:\/\/www.quintavivaavida.pt\/pt-pt\/o-que-ha-para-fazer-por-aqui\/#primaryimage"},"image":{"@id":"https:\/\/www.quintavivaavida.pt\/pt-pt\/o-que-ha-para-fazer-por-aqui\/#primaryimage"},"thumbnailUrl":"https:\/\/www.quintavivaavida.pt\/wp-content\/uploads\/2025\/10\/ponte-de-lima-brug-zonsondergang-portugal.webp.webp","datePublished":"2025-06-18T18:19:28+00:00","dateModified":"2026-08-15T10:18:06+00:00","description":"Descobre os belos cen\u00e1rios do Norte de Portugal. Perfeito para umas f\u00e9rias sem gl\u00faten e sem preocupa\u00e7\u00f5es em Portugal.","breadcrumb":{"@id":"https:\/\/www.quintavivaavida.pt\/pt-pt\/o-que-ha-para-fazer-por-aqui\/#breadcrumb"},"inLanguage":"pt-PT","potentialAction":[{"@type":"ReadAction","target":["https:\/\/www.quintavivaavida.pt\/pt-pt\/o-que-ha-para-fazer-por-aqui\/"]}]},{"@type":"ImageObject","inLanguage":"pt-PT","@id":"https:\/\/www.quintavivaavida.pt\/pt-pt\/o-que-ha-para-fazer-por-aqui\/#primaryimage","url":"https:\/\/www.quintavivaavida.pt\/wp-content\/uploads\/2025\/10\/ponte-de-lima-brug-zonsondergang-portugal.webp.webp","contentUrl":"https:\/\/www.quintavivaavida.pt\/wp-content\/uploads\/2025\/10\/ponte-de-lima-brug-zonsondergang-portugal.webp.webp","width":1536,"height":1024,"caption":"A ponte hist\u00f3rica de Ponte de Lima ao p\u00f4r-do-sol \u2013 um s\u00edmbolo encantador da cidade mais antiga de Portugal."},{"@type":"BreadcrumbList","@id":"https:\/\/www.quintavivaavida.pt\/pt-pt\/o-que-ha-para-fazer-por-aqui\/#breadcrumb","itemListElement":[{"@type":"ListItem","position":1,"name":"In\u00edcio","item":"https:\/\/www.quintavivaavida.pt\/pt-pt\/passar-ferias-no-norte-de-portugal-quinta-viva-a-vida\/"},{"@type":"ListItem","position":2,"name":"O que h\u00e1 para fazer por aqui?"}]},{"@type":"WebSite","@id":"https:\/\/www.quintavivaavida.pt\/pt-pt\/#website","url":"https:\/\/www.quintavivaavida.pt\/pt-pt\/","name":"Gluttenvrije Vakantie in Portugal | Quinta Viva a Vida","description":"Een 100% glutenvrije vakantieplek in Noord-Portugal, waar mensen met coeliakie en hun gezin zorgeloos kunnen genieten.","publisher":{"@id":"https:\/\/www.quintavivaavida.pt\/pt-pt\/#organization"},"potentialAction":[{"@type":"SearchAction","target":{"@type":"EntryPoint","urlTemplate":"https:\/\/www.quintavivaavida.pt\/pt-pt\/?s={search_term_string}"},"query-input":{"@type":"PropertyValueSpecification","valueRequired":true,"valueName":"search_term_string"}}],"inLanguage":"pt-PT"},{"@type":"Organization","@id":"https:\/\/www.quintavivaavida.pt\/pt-pt\/#organization","name":"Quinta Nosso Sohno","url":"https:\/\/www.quintavivaavida.pt\/pt-pt\/","logo":{"@type":"ImageObject","inLanguage":"pt-PT","@id":"https:\/\/www.quintavivaavida.pt\/pt-pt\/#\/schema\/logo\/image\/","url":"","contentUrl":"","caption":"Quinta Nosso Sohno"},"image":{"@id":"https:\/\/www.quintavivaavida.pt\/pt-pt\/#\/schema\/logo\/image\/"},"sameAs":["https:\/\/www.facebook.com\/glutenvrijportugal","https:\/\/www.instagram.com\/glutenvrijebenbinportugal\/"]}]}},"_links":{"self":[{"href":"https:\/\/www.quintavivaavida.pt\/pt-pt\/wp-json\/wp\/v2\/pages\/12087","targetHints":{"allow":["GET"]}}],"collection":[{"href":"https:\/\/www.quintavivaavida.pt\/pt-pt\/wp-json\/wp\/v2\/pages"}],"about":[{"href":"https:\/\/www.quintavivaavida.pt\/pt-pt\/wp-json\/wp\/v2\/types\/page"}],"author":[{"embeddable":true,"href":"https:\/\/www.quintavivaavida.pt\/pt-pt\/wp-json\/wp\/v2\/users\/1"}],"replies":[{"embeddable":true,"href":"https:\/\/www.quintavivaavida.pt\/pt-pt\/wp-json\/wp\/v2\/comments?post=12087"}],"version-history":[{"count":4,"href":"https:\/\/www.quintavivaavida.pt\/pt-pt\/wp-json\/wp\/v2\/pages\/12087\/revisions"}],"predecessor-version":[{"id":12147,"href":"https:\/\/www.quintavivaavida.pt\/pt-pt\/wp-json\/wp\/v2\/pages\/12087\/revisions\/12147"}],"wp:featuredmedia":[{"embeddable":true,"href":"https:\/\/www.quintavivaavida.pt\/pt-pt\/wp-json\/wp\/v2\/media\/12006"}],"wp:attachment":[{"href":"https:\/\/www.quintavivaavida.pt\/pt-pt\/wp-json\/wp\/v2\/media?parent=12087"}],"curies":[{"name":"wp","href":"https:\/\/api.w.org\/{rel}","templated":true}]}}