{"id":12085,"date":"2025-06-18T19:59:14","date_gmt":"2025-06-18T18:59:14","guid":{"rendered":"https:\/\/www.quintavivaavida.pt\/porto\/"},"modified":"2026-08-15T08:53:06","modified_gmt":"2026-08-15T07:53:06","slug":"porto","status":"publish","type":"page","link":"https:\/\/www.quintavivaavida.pt\/pt-pt\/o-que-ha-para-fazer-por-aqui\/porto\/","title":{"rendered":"Porto"},"content":{"rendered":"\t\t<div data-elementor-type=\"wp-page\" data-elementor-id=\"12085\" class=\"elementor elementor-12085 elementor-132\" data-elementor-post-type=\"page\">\n\t\t\t\t<div class=\"elementor-element elementor-element-35540389 e-con-full center-box e-flex e-con e-parent\" data-id=\"35540389\" data-element_type=\"container\" data-e-type=\"container\" data-settings=\"{&quot;background_background&quot;:&quot;classic&quot;}\">\n\t\t\t\t<div class=\"elementor-element elementor-element-4bcd157 elementor-widget__width-inherit elementor-widget elementor-widget-heading\" data-id=\"4bcd157\" data-element_type=\"widget\" data-e-type=\"widget\" data-widget_type=\"heading.default\">\n\t\t\t\t<div class=\"elementor-widget-container\">\n\t\t\t\t\t<h2 class=\"elementor-heading-title elementor-size-default\">Excurs\u00e3o de um dia ao Porto \u2013 ambiente, vistas e conv\u00edvio \u00e0 portuguesa<\/h2>\t\t\t\t<\/div>\n\t\t\t\t<\/div>\n\t\t\t\t<div class=\"elementor-element elementor-element-4350de7 elementor-widget elementor-widget-text-editor\" data-id=\"4350de7\" data-element_type=\"widget\" data-e-type=\"widget\" data-widget_type=\"text-editor.default\">\n\t\t\t\t<div class=\"elementor-widget-container\">\n\t\t\t\t\t\t\t\t\t<p data-start=\"66\" data-end=\"306\">O Porto fica a cerca de uma hora e meia de carro da Quinta Viva a Vida e \u00e9 perfeito para uma visita de um dia durante a tua estadia no Norte de Portugal. A cidade \u00e9 animada e cheia de personalidade, mas \u00e9 suficientemente compacta para a descobrires tranquilamente ao teu pr\u00f3prio ritmo. <\/p><p data-start=\"66\" data-end=\"306\"> <\/p><p data-start=\"308\" data-end=\"459\">Desde ruelas coloridas e miradouros at\u00e9 ao rio Douro e esplanadas acolhedoras: o Porto \u00e9 uma cidade onde acabas por ficar a passear sem dar por isso.<\/p>\t\t\t\t\t\t\t\t<\/div>\n\t\t\t\t<\/div>\n\t\t\t\t<\/div>\n\t\t<div class=\"elementor-element elementor-element-3817435 e-con-full center-box e-flex e-con e-parent\" data-id=\"3817435\" data-element_type=\"container\" data-e-type=\"container\" data-settings=\"{&quot;background_background&quot;:&quot;classic&quot;}\">\n\t\t<div class=\"elementor-element elementor-element-03f5887 e-con-full e-flex e-con e-child\" data-id=\"03f5887\" data-element_type=\"container\" data-e-type=\"container\">\n\t\t\t\t<div class=\"elementor-element elementor-element-d552c3d fotoblok elementor-widget elementor-widget-image\" data-id=\"d552c3d\" data-element_type=\"widget\" data-e-type=\"widget\" data-widget_type=\"image.default\">\n\t\t\t\t<div class=\"elementor-widget-container\">\n\t\t\t\t\t\t\t\t\t\t\t\t\t\t\t<img decoding=\"async\" src=\"https:\/\/www.quintavivaavida.pt\/wp-content\/uploads\/elementor\/thumbs\/dom-luis-brug-porto-douro-portugal-rd6vhmtzafzqh0splw8hheqidh7nf0sr8x8icst4bk.webp\" title=\"Ponte Dom Lu\u00eds I no Porto \u2013 passeio de um dia a partir do nosso B&#038;B em Portugal\" alt=\"Ponte Dom Lu\u00eds I sobre o rio Douro, no Porto, com vista para a cidade hist\u00f3rica, Portugal\" loading=\"lazy\" \/>\t\t\t\t\t\t\t\t\t\t\t\t\t\t\t<\/div>\n\t\t\t\t<\/div>\n\t\t\t\t<\/div>\n\t\t<div class=\"elementor-element elementor-element-af082ef e-con-full e-flex e-con e-child\" data-id=\"af082ef\" data-element_type=\"container\" data-e-type=\"container\">\n\t\t\t\t<div class=\"elementor-element elementor-element-caf3965 elementor-widget elementor-widget-heading\" data-id=\"caf3965\" data-element_type=\"widget\" data-e-type=\"widget\" data-widget_type=\"heading.default\">\n\t\t\t\t<div class=\"elementor-widget-container\">\n\t\t\t\t\t<h2 class=\"elementor-heading-title elementor-size-default\">Cidade junto ao Douro<\/h2>\t\t\t\t<\/div>\n\t\t\t\t<\/div>\n\t\t\t\t<div class=\"elementor-element elementor-element-5deaf1f elementor-widget elementor-widget-text-editor\" data-id=\"5deaf1f\" data-element_type=\"widget\" data-e-type=\"widget\" data-widget_type=\"text-editor.default\">\n\t\t\t\t<div class=\"elementor-widget-container\">\n\t\t\t\t\t\t\t\t\t<p data-start=\"488\" data-end=\"758\">O centro hist\u00f3rico do Porto fica junto ao rio Douro e \u00e9 composto por ruelas estreitas, edif\u00edcios antigos e pra\u00e7as cheias de ambiente. O bairro da Ribeira, em particular, \u00e9 conhecido pelas suas casas coloridas, pelos restaurantes \u00e0 beira-rio e pela vista para as famosas pontes da cidade. <\/p><p data-start=\"760\" data-end=\"919\">Muitos s\u00edtios no Porto descobres mesmo a p\u00e9. Pelo caminho, vais encontrando naturalmente pequenos caf\u00e9s, miradouros e ruelas tranquilas onde vais querer ficar um bocadinho. <\/p><p data-start=\"921\" data-end=\"1003\">Um bom cal\u00e7ado e, sobretudo, n\u00e3o ter pressa s\u00e3o o que tornam uma visita ao Porto muitas vezes a mais agrad\u00e1vel.<\/p>\t\t\t\t\t\t\t\t<\/div>\n\t\t\t\t<\/div>\n\t\t\t\t<\/div>\n\t\t\t\t<\/div>\n\t\t<div class=\"elementor-element elementor-element-b2f1fe2 e-con-full center-box e-flex e-con e-parent\" data-id=\"b2f1fe2\" data-element_type=\"container\" data-e-type=\"container\" data-settings=\"{&quot;background_background&quot;:&quot;classic&quot;}\">\n\t\t<div class=\"elementor-element elementor-element-fd46188 e-con-full e-flex e-con e-child\" data-id=\"fd46188\" data-element_type=\"container\" data-e-type=\"container\">\n\t\t\t\t<div class=\"elementor-element elementor-element-a5b1189 elementor-widget elementor-widget-heading\" data-id=\"a5b1189\" data-element_type=\"widget\" data-e-type=\"widget\" data-widget_type=\"heading.default\">\n\t\t\t\t<div class=\"elementor-widget-container\">\n\t\t\t\t\t<h2 class=\"elementor-heading-title elementor-size-default\">Locais que muita gente gosta de visitar<\/h2>\t\t\t\t<\/div>\n\t\t\t\t<\/div>\n\t\t\t\t<div class=\"elementor-element elementor-element-deea999 elementor-widget elementor-widget-text-editor\" data-id=\"deea999\" data-element_type=\"widget\" data-e-type=\"widget\" data-widget_type=\"text-editor.default\">\n\t\t\t\t<div class=\"elementor-widget-container\">\n\t\t\t\t\t\t\t\t\t<p data-start=\"1053\" data-end=\"1153\">No Porto, h\u00e1 muitos s\u00edtios que s\u00e3o bem conhecidos, mas que continuam a valer a pena visitar numa viagem de um dia.<\/p><h3 data-section-id=\"1jhz456\" data-start=\"1155\" data-end=\"1175\">Livraria Lello<\/h3><p data-start=\"1176\" data-end=\"1312\">Uma das livrarias mais conhecidas de Portugal, com escadas de madeira e um interior especial. De manh\u00e3 cedo, costuma estar mais tranquilo por aqui. <\/p><h3 data-section-id=\"yl90li\" data-start=\"1314\" data-end=\"1338\">Torre dos Cl\u00e9rigos<\/h3><p data-start=\"1339\" data-end=\"1421\">Quem subir at\u00e9 l\u00e1 vai ser recompensado com uma vista sobre a cidade e o Douro.<\/p><h3 data-section-id=\"ce1zqp\" data-start=\"1423\" data-end=\"1446\">Esta\u00e7\u00e3o de S\u00e3o Bento<\/h3><p data-start=\"1447\" data-end=\"1567\">A esta\u00e7\u00e3o do Porto \u00e9 conhecida pelos grandes pain\u00e9is de azulejos azuis que retratam cenas da hist\u00f3ria portuguesa.<\/p><p data-start=\"1569\" data-end=\"1723\">Mas, sinceramente: n\u00e3o precisas de visitar tudo no Porto. \u00c9 justamente o facto de passeares tranquilamente, tomares um caf\u00e9 algures e sentires o ambiente pelo caminho que torna a cidade t\u00e3o agrad\u00e1vel. <\/p>\t\t\t\t\t\t\t\t<\/div>\n\t\t\t\t<\/div>\n\t\t\t\t<\/div>\n\t\t<div class=\"elementor-element elementor-element-d9cb7d2 e-con-full e-flex e-con e-child\" data-id=\"d9cb7d2\" data-element_type=\"container\" data-e-type=\"container\">\n\t\t\t\t<div class=\"elementor-element elementor-element-da11406 fotoblokkleur elementor-widget elementor-widget-image\" data-id=\"da11406\" data-element_type=\"widget\" data-e-type=\"widget\" data-widget_type=\"image.default\">\n\t\t\t\t<div class=\"elementor-widget-container\">\n\t\t\t\t\t\t\t\t\t\t\t\t\t\t\t<img decoding=\"async\" src=\"https:\/\/www.quintavivaavida.pt\/wp-content\/uploads\/elementor\/thumbs\/livraria-lello-porto-boekwinkel-portugal-rd6ukmpzbutatwqibmo1xqjvifvp5ls1dkmrr1qqsg.jpg\" title=\"Livraria Lello do Porto \u2013 a livraria mais bonita de Portugal\" alt=\"Interior da Livraria Lello, no Porto, uma das livrarias mais bonitas e famosas do mundo\" loading=\"lazy\" \/>\t\t\t\t\t\t\t\t\t\t\t\t\t\t\t<\/div>\n\t\t\t\t<\/div>\n\t\t\t\t<\/div>\n\t\t\t\t<\/div>\n\t\t<div class=\"elementor-element elementor-element-eb9c620 e-con-full center-box e-flex e-con e-parent\" data-id=\"eb9c620\" data-element_type=\"container\" data-e-type=\"container\" data-settings=\"{&quot;background_background&quot;:&quot;classic&quot;}\">\n\t\t<div class=\"elementor-element elementor-element-2728538 e-con-full e-flex e-con e-child\" data-id=\"2728538\" data-element_type=\"container\" data-e-type=\"container\">\n\t\t\t\t<div class=\"elementor-element elementor-element-a7b332d fotoblok elementor-widget elementor-widget-image\" data-id=\"a7b332d\" data-element_type=\"widget\" data-e-type=\"widget\" data-widget_type=\"image.default\">\n\t\t\t\t<div class=\"elementor-widget-container\">\n\t\t\t\t\t\t\t\t\t\t\t\t\t\t\t<img decoding=\"async\" src=\"https:\/\/www.quintavivaavida.pt\/wp-content\/uploads\/elementor\/thumbs\/pasteis-de-nata-glutenvrij-bb-portugal-rd6w2u2xfx0kce01t25jq24sqcpp18ystuys1hdfz4.jpg\" title=\"Past\u00e9is de Nata \u2013 uma iguaria portuguesa\" alt=\"Past\u00e9is de Nata frescos sem gl\u00faten \u2013 past\u00e9is de nata portugueses que podes provar durante a tua estadia no nosso B&amp;B sem gl\u00faten em Portugal.\" loading=\"lazy\" \/>\t\t\t\t\t\t\t\t\t\t\t\t\t\t\t<\/div>\n\t\t\t\t<\/div>\n\t\t\t\t<\/div>\n\t\t<div class=\"elementor-element elementor-element-42a62f8 e-con-full e-flex e-con e-child\" data-id=\"42a62f8\" data-element_type=\"container\" data-e-type=\"container\">\n\t\t\t\t<div class=\"elementor-element elementor-element-5bbb560 elementor-widget elementor-widget-heading\" data-id=\"5bbb560\" data-element_type=\"widget\" data-e-type=\"widget\" data-widget_type=\"heading.default\">\n\t\t\t\t<div class=\"elementor-widget-container\">\n\t\t\t\t\t<h2 class=\"elementor-heading-title elementor-size-default\">Comida sem gl\u00faten no Porto<\/h2>\t\t\t\t<\/div>\n\t\t\t\t<\/div>\n\t\t\t\t<div class=\"elementor-element elementor-element-28ed339 elementor-widget elementor-widget-text-editor\" data-id=\"28ed339\" data-element_type=\"widget\" data-e-type=\"widget\" data-widget_type=\"text-editor.default\">\n\t\t\t\t<div class=\"elementor-widget-container\">\n\t\t\t\t\t\t\t\t\t<p data-start=\"1762\" data-end=\"1907\">O Porto n\u00e3o \u00e9 uma cidade totalmente sem gl\u00faten, mas h\u00e1 cada vez mais s\u00edtios onde se tem bem em conta a doen\u00e7a cel\u00edaca e a alimenta\u00e7\u00e3o sem gl\u00faten.<\/p><p data-start=\"1762\" data-end=\"1907\"> <\/p><p data-start=\"1909\" data-end=\"2171\">Tamb\u00e9m h\u00e1 algumas padarias e restaurantes totalmente sem gl\u00faten, o que \u00e9 \u00f3timo quando est\u00e1s a passear o dia todo. Como n\u00f3s pr\u00f3prios temos experi\u00eancia com a doen\u00e7a cel\u00edaca, gostamos de partilhar as nossas dicas pessoais sobre locais seguros e agrad\u00e1veis para comer sem gl\u00faten no Porto. <\/p><p data-start=\"1909\" data-end=\"2171\"> <\/p><p data-start=\"2173\" data-end=\"2315\" data-is-last-node=\"\" data-is-only-node=\"\">E depois de um dia na cidade, \u00e9 bom voltar para um s\u00edtio tranquilo e totalmente sem gl\u00faten, onde j\u00e1 n\u00e3o precisas de te preocupar com nada.<\/p>\t\t\t\t\t\t\t\t<\/div>\n\t\t\t\t<\/div>\n\t\t\t\t<\/div>\n\t\t\t\t<\/div>\n\t\t\t\t<\/div>\n\t\t","protected":false},"excerpt":{"rendered":"<p>Excurs\u00e3o de um dia ao Porto \u2013 ambiente, vistas e conv\u00edvio \u00e0 portuguesa O Porto fica a cerca de uma hora e meia de carro da Quinta Viva a Vida e \u00e9 perfeito para uma visita de um dia durante a tua estadia no Norte de Portugal. A cidade \u00e9 animada e cheia de personalidade,<\/p>\n","protected":false},"author":1,"featured_media":12003,"parent":12087,"menu_order":0,"comment_status":"closed","ping_status":"closed","template":"elementor_header_footer","meta":{"solace_meta_sidebar":"","solace_meta_container":"","solace_meta_enable_content_width":"","solace_meta_content_width":0,"solace_meta_title_alignment":"","solace_meta_author_avatar":"","solace_post_elements_order":"","solace_meta_disable_header":"","solace_meta_disable_footer":"","solace_meta_disable_title":"","footnotes":""},"class_list":["post-12085","page","type-page","status-publish","has-post-thumbnail","hentry"],"yoast_head":"<!-- This site is optimized with the Yoast SEO plugin v28.2 - https:\/\/yoast.com\/product\/yoast-seo-wordpress\/ -->\n<title>Excurs\u00e3o de um dia ao Porto \u2013 descobre a cidade a partir do nosso B&amp;B sem gl\u00faten<\/title>\n<meta name=\"description\" content=\"Faz uma visita de um dia ao Porto a partir do nosso B&amp;B sem gl\u00faten em Portugal. Descobre a Ribeira, a Livraria Lello e prova doces sem gl\u00faten no cora\u00e7\u00e3o da cidade.\" \/>\n<meta name=\"robots\" content=\"index, follow, max-snippet:-1, max-image-preview:large, max-video-preview:-1\" \/>\n<link rel=\"canonical\" href=\"https:\/\/www.quintavivaavida.pt\/pt-pt\/o-que-ha-para-fazer-por-aqui\/porto\/\" \/>\n<meta property=\"og:locale\" content=\"pt_PT\" \/>\n<meta property=\"og:type\" content=\"article\" \/>\n<meta property=\"og:title\" content=\"Excurs\u00e3o de um dia ao Porto \u2013 descobre a cidade a partir do nosso B&amp;B sem gl\u00faten\" \/>\n<meta property=\"og:description\" content=\"Faz uma visita de um dia ao Porto a partir do nosso B&amp;B sem gl\u00faten em Portugal. Descobre a Ribeira, a Livraria Lello e prova doces sem gl\u00faten no cora\u00e7\u00e3o da cidade.\" \/>\n<meta property=\"og:url\" content=\"https:\/\/www.quintavivaavida.pt\/pt-pt\/o-que-ha-para-fazer-por-aqui\/porto\/\" \/>\n<meta property=\"og:site_name\" content=\"Quinta Viva a Vida - Glutenvrije vakantie in Portugal\" \/>\n<meta property=\"article:publisher\" content=\"https:\/\/www.facebook.com\/glutenvrijportugal\" \/>\n<meta property=\"article:modified_time\" content=\"2026-08-15T07:53:06+00:00\" \/>\n<meta property=\"og:image\" content=\"https:\/\/www.quintavivaavida.pt\/wp-content\/uploads\/2025\/10\/dom-luis-brug-porto-douro-portugal.webp.webp\" \/>\n\t<meta property=\"og:image:width\" content=\"1920\" \/>\n\t<meta property=\"og:image:height\" content=\"1280\" \/>\n\t<meta property=\"og:image:type\" content=\"image\/webp\" \/>\n<meta name=\"twitter:card\" content=\"summary_large_image\" \/>\n<meta name=\"twitter:label1\" content=\"Tempo estimado de leitura\" \/>\n\t<meta name=\"twitter:data1\" content=\"2 minutos\" \/>\n<script type=\"application\/ld+json\" class=\"yoast-schema-graph\">{\"@context\":\"https:\\\/\\\/schema.org\",\"@graph\":[{\"@type\":\"WebPage\",\"@id\":\"https:\\\/\\\/www.quintavivaavida.pt\\\/pt-pt\\\/o-que-ha-para-fazer-por-aqui\\\/porto\\\/\",\"url\":\"https:\\\/\\\/www.quintavivaavida.pt\\\/pt-pt\\\/o-que-ha-para-fazer-por-aqui\\\/porto\\\/\",\"name\":\"Excurs\u00e3o de um dia ao Porto \u2013 descobre a cidade a partir do nosso B&B sem gl\u00faten\",\"isPartOf\":{\"@id\":\"https:\\\/\\\/www.quintavivaavida.pt\\\/pt-pt\\\/#website\"},\"primaryImageOfPage\":{\"@id\":\"https:\\\/\\\/www.quintavivaavida.pt\\\/pt-pt\\\/o-que-ha-para-fazer-por-aqui\\\/porto\\\/#primaryimage\"},\"image\":{\"@id\":\"https:\\\/\\\/www.quintavivaavida.pt\\\/pt-pt\\\/o-que-ha-para-fazer-por-aqui\\\/porto\\\/#primaryimage\"},\"thumbnailUrl\":\"https:\\\/\\\/www.quintavivaavida.pt\\\/wp-content\\\/uploads\\\/2025\\\/10\\\/dom-luis-brug-porto-douro-portugal.webp.webp\",\"datePublished\":\"2025-06-18T18:59:14+00:00\",\"dateModified\":\"2026-08-15T07:53:06+00:00\",\"description\":\"Faz uma visita de um dia ao Porto a partir do nosso B&B sem gl\u00faten em Portugal. Descobre a Ribeira, a Livraria Lello e prova doces sem gl\u00faten no cora\u00e7\u00e3o da cidade.\",\"breadcrumb\":{\"@id\":\"https:\\\/\\\/www.quintavivaavida.pt\\\/pt-pt\\\/o-que-ha-para-fazer-por-aqui\\\/porto\\\/#breadcrumb\"},\"inLanguage\":\"pt-PT\",\"potentialAction\":[{\"@type\":\"ReadAction\",\"target\":[\"https:\\\/\\\/www.quintavivaavida.pt\\\/pt-pt\\\/o-que-ha-para-fazer-por-aqui\\\/porto\\\/\"]}]},{\"@type\":\"ImageObject\",\"inLanguage\":\"pt-PT\",\"@id\":\"https:\\\/\\\/www.quintavivaavida.pt\\\/pt-pt\\\/o-que-ha-para-fazer-por-aqui\\\/porto\\\/#primaryimage\",\"url\":\"https:\\\/\\\/www.quintavivaavida.pt\\\/wp-content\\\/uploads\\\/2025\\\/10\\\/dom-luis-brug-porto-douro-portugal.webp.webp\",\"contentUrl\":\"https:\\\/\\\/www.quintavivaavida.pt\\\/wp-content\\\/uploads\\\/2025\\\/10\\\/dom-luis-brug-porto-douro-portugal.webp.webp\",\"width\":1920,\"height\":1280,\"caption\":\"A ic\u00f3nica Ponte Dom Lu\u00eds I no Porto \u2013 o s\u00edmbolo da cidade e um miradouro fant\u00e1stico sobre o Douro\"},{\"@type\":\"BreadcrumbList\",\"@id\":\"https:\\\/\\\/www.quintavivaavida.pt\\\/pt-pt\\\/o-que-ha-para-fazer-por-aqui\\\/porto\\\/#breadcrumb\",\"itemListElement\":[{\"@type\":\"ListItem\",\"position\":1,\"name\":\"In\u00edcio\",\"item\":\"https:\\\/\\\/www.quintavivaavida.pt\\\/pt-pt\\\/passar-ferias-no-norte-de-portugal-quinta-viva-a-vida\\\/\"},{\"@type\":\"ListItem\",\"position\":2,\"name\":\"porto\"}]},{\"@type\":\"WebSite\",\"@id\":\"https:\\\/\\\/www.quintavivaavida.pt\\\/pt-pt\\\/#website\",\"url\":\"https:\\\/\\\/www.quintavivaavida.pt\\\/pt-pt\\\/\",\"name\":\"Gluttenvrije Vakantie in Portugal | Quinta Viva a Vida\",\"description\":\"Een 100% glutenvrije vakantieplek in Noord-Portugal, waar mensen met coeliakie en hun gezin zorgeloos kunnen genieten.\",\"publisher\":{\"@id\":\"https:\\\/\\\/www.quintavivaavida.pt\\\/pt-pt\\\/#organization\"},\"potentialAction\":[{\"@type\":\"SearchAction\",\"target\":{\"@type\":\"EntryPoint\",\"urlTemplate\":\"https:\\\/\\\/www.quintavivaavida.pt\\\/pt-pt\\\/?s={search_term_string}\"},\"query-input\":{\"@type\":\"PropertyValueSpecification\",\"valueRequired\":true,\"valueName\":\"search_term_string\"}}],\"inLanguage\":\"pt-PT\"},{\"@type\":\"Organization\",\"@id\":\"https:\\\/\\\/www.quintavivaavida.pt\\\/pt-pt\\\/#organization\",\"name\":\"Quinta Nosso Sohno\",\"url\":\"https:\\\/\\\/www.quintavivaavida.pt\\\/pt-pt\\\/\",\"logo\":{\"@type\":\"ImageObject\",\"inLanguage\":\"pt-PT\",\"@id\":\"https:\\\/\\\/www.quintavivaavida.pt\\\/pt-pt\\\/#\\\/schema\\\/logo\\\/image\\\/\",\"url\":\"\",\"contentUrl\":\"\",\"caption\":\"Quinta Nosso Sohno\"},\"image\":{\"@id\":\"https:\\\/\\\/www.quintavivaavida.pt\\\/pt-pt\\\/#\\\/schema\\\/logo\\\/image\\\/\"},\"sameAs\":[\"https:\\\/\\\/www.facebook.com\\\/glutenvrijportugal\",\"https:\\\/\\\/www.instagram.com\\\/glutenvrijebenbinportugal\\\/\"]}]}<\/script>\n<!-- \/ Yoast SEO plugin. -->","yoast_head_json":{"title":"Excurs\u00e3o de um dia ao Porto \u2013 descobre a cidade a partir do nosso B&B sem gl\u00faten","description":"Faz uma visita de um dia ao Porto a partir do nosso B&B sem gl\u00faten em Portugal. Descobre a Ribeira, a Livraria Lello e prova doces sem gl\u00faten no cora\u00e7\u00e3o da cidade.","robots":{"index":"index","follow":"follow","max-snippet":"max-snippet:-1","max-image-preview":"max-image-preview:large","max-video-preview":"max-video-preview:-1"},"canonical":"https:\/\/www.quintavivaavida.pt\/pt-pt\/o-que-ha-para-fazer-por-aqui\/porto\/","og_locale":"pt_PT","og_type":"article","og_title":"Excurs\u00e3o de um dia ao Porto \u2013 descobre a cidade a partir do nosso B&B sem gl\u00faten","og_description":"Faz uma visita de um dia ao Porto a partir do nosso B&B sem gl\u00faten em Portugal. Descobre a Ribeira, a Livraria Lello e prova doces sem gl\u00faten no cora\u00e7\u00e3o da cidade.","og_url":"https:\/\/www.quintavivaavida.pt\/pt-pt\/o-que-ha-para-fazer-por-aqui\/porto\/","og_site_name":"Quinta Viva a Vida - Glutenvrije vakantie in Portugal","article_publisher":"https:\/\/www.facebook.com\/glutenvrijportugal","article_modified_time":"2026-08-15T07:53:06+00:00","og_image":[{"width":1920,"height":1280,"url":"https:\/\/www.quintavivaavida.pt\/wp-content\/uploads\/2025\/10\/dom-luis-brug-porto-douro-portugal.webp.webp","type":"image\/webp"}],"twitter_card":"summary_large_image","twitter_misc":{"Tempo estimado de leitura":"2 minutos"},"schema":{"@context":"https:\/\/schema.org","@graph":[{"@type":"WebPage","@id":"https:\/\/www.quintavivaavida.pt\/pt-pt\/o-que-ha-para-fazer-por-aqui\/porto\/","url":"https:\/\/www.quintavivaavida.pt\/pt-pt\/o-que-ha-para-fazer-por-aqui\/porto\/","name":"Excurs\u00e3o de um dia ao Porto \u2013 descobre a cidade a partir do nosso B&B sem gl\u00faten","isPartOf":{"@id":"https:\/\/www.quintavivaavida.pt\/pt-pt\/#website"},"primaryImageOfPage":{"@id":"https:\/\/www.quintavivaavida.pt\/pt-pt\/o-que-ha-para-fazer-por-aqui\/porto\/#primaryimage"},"image":{"@id":"https:\/\/www.quintavivaavida.pt\/pt-pt\/o-que-ha-para-fazer-por-aqui\/porto\/#primaryimage"},"thumbnailUrl":"https:\/\/www.quintavivaavida.pt\/wp-content\/uploads\/2025\/10\/dom-luis-brug-porto-douro-portugal.webp.webp","datePublished":"2025-06-18T18:59:14+00:00","dateModified":"2026-08-15T07:53:06+00:00","description":"Faz uma visita de um dia ao Porto a partir do nosso B&B sem gl\u00faten em Portugal. Descobre a Ribeira, a Livraria Lello e prova doces sem gl\u00faten no cora\u00e7\u00e3o da cidade.","breadcrumb":{"@id":"https:\/\/www.quintavivaavida.pt\/pt-pt\/o-que-ha-para-fazer-por-aqui\/porto\/#breadcrumb"},"inLanguage":"pt-PT","potentialAction":[{"@type":"ReadAction","target":["https:\/\/www.quintavivaavida.pt\/pt-pt\/o-que-ha-para-fazer-por-aqui\/porto\/"]}]},{"@type":"ImageObject","inLanguage":"pt-PT","@id":"https:\/\/www.quintavivaavida.pt\/pt-pt\/o-que-ha-para-fazer-por-aqui\/porto\/#primaryimage","url":"https:\/\/www.quintavivaavida.pt\/wp-content\/uploads\/2025\/10\/dom-luis-brug-porto-douro-portugal.webp.webp","contentUrl":"https:\/\/www.quintavivaavida.pt\/wp-content\/uploads\/2025\/10\/dom-luis-brug-porto-douro-portugal.webp.webp","width":1920,"height":1280,"caption":"A ic\u00f3nica Ponte Dom Lu\u00eds I no Porto \u2013 o s\u00edmbolo da cidade e um miradouro fant\u00e1stico sobre o Douro"},{"@type":"BreadcrumbList","@id":"https:\/\/www.quintavivaavida.pt\/pt-pt\/o-que-ha-para-fazer-por-aqui\/porto\/#breadcrumb","itemListElement":[{"@type":"ListItem","position":1,"name":"In\u00edcio","item":"https:\/\/www.quintavivaavida.pt\/pt-pt\/passar-ferias-no-norte-de-portugal-quinta-viva-a-vida\/"},{"@type":"ListItem","position":2,"name":"porto"}]},{"@type":"WebSite","@id":"https:\/\/www.quintavivaavida.pt\/pt-pt\/#website","url":"https:\/\/www.quintavivaavida.pt\/pt-pt\/","name":"Gluttenvrije Vakantie in Portugal | Quinta Viva a Vida","description":"Een 100% glutenvrije vakantieplek in Noord-Portugal, waar mensen met coeliakie en hun gezin zorgeloos kunnen genieten.","publisher":{"@id":"https:\/\/www.quintavivaavida.pt\/pt-pt\/#organization"},"potentialAction":[{"@type":"SearchAction","target":{"@type":"EntryPoint","urlTemplate":"https:\/\/www.quintavivaavida.pt\/pt-pt\/?s={search_term_string}"},"query-input":{"@type":"PropertyValueSpecification","valueRequired":true,"valueName":"search_term_string"}}],"inLanguage":"pt-PT"},{"@type":"Organization","@id":"https:\/\/www.quintavivaavida.pt\/pt-pt\/#organization","name":"Quinta Nosso Sohno","url":"https:\/\/www.quintavivaavida.pt\/pt-pt\/","logo":{"@type":"ImageObject","inLanguage":"pt-PT","@id":"https:\/\/www.quintavivaavida.pt\/pt-pt\/#\/schema\/logo\/image\/","url":"","contentUrl":"","caption":"Quinta Nosso Sohno"},"image":{"@id":"https:\/\/www.quintavivaavida.pt\/pt-pt\/#\/schema\/logo\/image\/"},"sameAs":["https:\/\/www.facebook.com\/glutenvrijportugal","https:\/\/www.instagram.com\/glutenvrijebenbinportugal\/"]}]}},"_links":{"self":[{"href":"https:\/\/www.quintavivaavida.pt\/pt-pt\/wp-json\/wp\/v2\/pages\/12085","targetHints":{"allow":["GET"]}}],"collection":[{"href":"https:\/\/www.quintavivaavida.pt\/pt-pt\/wp-json\/wp\/v2\/pages"}],"about":[{"href":"https:\/\/www.quintavivaavida.pt\/pt-pt\/wp-json\/wp\/v2\/types\/page"}],"author":[{"embeddable":true,"href":"https:\/\/www.quintavivaavida.pt\/pt-pt\/wp-json\/wp\/v2\/users\/1"}],"replies":[{"embeddable":true,"href":"https:\/\/www.quintavivaavida.pt\/pt-pt\/wp-json\/wp\/v2\/comments?post=12085"}],"version-history":[{"count":1,"href":"https:\/\/www.quintavivaavida.pt\/pt-pt\/wp-json\/wp\/v2\/pages\/12085\/revisions"}],"predecessor-version":[{"id":12086,"href":"https:\/\/www.quintavivaavida.pt\/pt-pt\/wp-json\/wp\/v2\/pages\/12085\/revisions\/12086"}],"up":[{"embeddable":true,"href":"https:\/\/www.quintavivaavida.pt\/pt-pt\/wp-json\/wp\/v2\/pages\/12087"}],"wp:featuredmedia":[{"embeddable":true,"href":"https:\/\/www.quintavivaavida.pt\/pt-pt\/wp-json\/wp\/v2\/media\/12003"}],"wp:attachment":[{"href":"https:\/\/www.quintavivaavida.pt\/pt-pt\/wp-json\/wp\/v2\/media?parent=12085"}],"curies":[{"name":"wp","href":"https:\/\/api.w.org\/{rel}","templated":true}]}}