{"id":12080,"date":"2025-10-14T08:52:58","date_gmt":"2025-10-14T07:52:58","guid":{"rendered":"https:\/\/www.quintavivaavida.pt\/viana-do-castelo\/"},"modified":"2026-08-15T08:53:02","modified_gmt":"2026-08-15T07:53:02","slug":"viana-do-castelo","status":"publish","type":"page","link":"https:\/\/www.quintavivaavida.pt\/pt-pt\/o-que-ha-para-fazer-por-aqui\/viana-do-castelo\/","title":{"rendered":"Viana do Castelo"},"content":{"rendered":"\t\t<div data-elementor-type=\"wp-page\" data-elementor-id=\"12080\" class=\"elementor elementor-12080 elementor-4611\" data-elementor-post-type=\"page\">\n\t\t\t\t<div class=\"elementor-element elementor-element-0abc5d7 e-con-full center-box e-flex e-con e-parent\" data-id=\"0abc5d7\" data-element_type=\"container\" data-e-type=\"container\" data-settings=\"{&quot;background_background&quot;:&quot;classic&quot;}\">\n\t\t\t\t<div class=\"elementor-element elementor-element-914595e elementor-widget__width-inherit elementor-widget elementor-widget-heading\" data-id=\"914595e\" data-element_type=\"widget\" data-e-type=\"widget\" data-widget_type=\"heading.default\">\n\t\t\t\t<div class=\"elementor-widget-container\">\n\t\t\t\t\t<h1 class=\"elementor-heading-title elementor-size-default\">Viano do Castelo<\/h1>\t\t\t\t<\/div>\n\t\t\t\t<\/div>\n\t\t\t\t<div class=\"elementor-element elementor-element-c3c8db6 elementor-widget elementor-widget-text-editor\" data-id=\"c3c8db6\" data-element_type=\"widget\" data-e-type=\"widget\" data-widget_type=\"text-editor.default\">\n\t\t\t\t<div class=\"elementor-widget-container\">\n\t\t\t\t\t\t\t\t\t<p data-start=\"20\" data-end=\"195\">Viana do Castelo \u00e9 uma \u00f3tima op\u00e7\u00e3o para variar um pouco durante a tua estadia no norte de Portugal. A cidade combina mar, natureza e um ambiente portugu\u00eas descontra\u00eddo, sem agita\u00e7\u00e3o nem turismo de massa. <\/p><p data-start=\"20\" data-end=\"195\"> <\/p><p data-start=\"197\" data-end=\"369\">A partir da Quinta Viva a Vida, \u00e9 f\u00e1cil ir at\u00e9 l\u00e1 para passar um dia na costa, dar um passeio pelo centro hist\u00f3rico ou simplesmente desfrutar de um almo\u00e7o tranquilo com vista para o mar.<\/p>\t\t\t\t\t\t\t\t<\/div>\n\t\t\t\t<\/div>\n\t\t\t\t<\/div>\n\t\t<div class=\"elementor-element elementor-element-f53467c e-con-full center-box e-flex e-con e-parent\" data-id=\"f53467c\" data-element_type=\"container\" data-e-type=\"container\" data-settings=\"{&quot;background_background&quot;:&quot;classic&quot;}\">\n\t\t<div class=\"elementor-element elementor-element-955009c e-con-full e-flex e-con e-child\" data-id=\"955009c\" data-element_type=\"container\" data-e-type=\"container\">\n\t\t\t\t<div class=\"elementor-element elementor-element-d8a66f8 fotoblok elementor-widget elementor-widget-image\" data-id=\"d8a66f8\" data-element_type=\"widget\" data-e-type=\"widget\" data-widget_type=\"image.default\">\n\t\t\t\t<div class=\"elementor-widget-container\">\n\t\t\t\t\t\t\t\t\t\t\t\t\t\t\t<img decoding=\"async\" src=\"https:\/\/www.quintavivaavida.pt\/wp-content\/uploads\/elementor\/thumbs\/viana-do-castelo-heiligdom-santa-luzia-portugal-rd6tsyd23gxcz8xrxnziipz9u0amifwk8l431qs200.jpg\" title=\"Viana do Castelo \u2013 vista a partir de Santa Luzia\" alt=\"Vista a partir do Santu\u00e1rio de Santa Luzia, em Viana do Castelo, Portugal\" loading=\"lazy\" \/>\t\t\t\t\t\t\t\t\t\t\t\t\t\t\t<\/div>\n\t\t\t\t<\/div>\n\t\t\t\t<\/div>\n\t\t<div class=\"elementor-element elementor-element-71e8e7c e-con-full e-flex e-con e-child\" data-id=\"71e8e7c\" data-element_type=\"container\" data-e-type=\"container\" data-settings=\"{&quot;background_background&quot;:&quot;classic&quot;}\">\n\t\t\t\t<div class=\"elementor-element elementor-element-e3f5784 elementor-widget elementor-widget-heading\" data-id=\"e3f5784\" data-element_type=\"widget\" data-e-type=\"widget\" data-widget_type=\"heading.default\">\n\t\t\t\t<div class=\"elementor-widget-container\">\n\t\t\t\t\t<h2 class=\"elementor-heading-title elementor-size-default\">Cultura e cidade<\/h2>\t\t\t\t<\/div>\n\t\t\t\t<\/div>\n\t\t\t\t<div class=\"elementor-element elementor-element-75d7f9b elementor-widget elementor-widget-text-editor\" data-id=\"75d7f9b\" data-element_type=\"widget\" data-e-type=\"widget\" data-widget_type=\"text-editor.default\">\n\t\t\t\t<div class=\"elementor-widget-container\">\n\t\t\t\t\t\t\t\t\t<p data-start=\"396\" data-end=\"634\">O centro hist\u00f3rico de Viana do Castelo \u00e9 composto por pra\u00e7as acolhedoras, ruelas estreitas e edif\u00edcios antigos que conferem \u00e0 cidade um car\u00e1cter \u00fanico. L\u00e1 vais encontrar pequenas lojas, esplanadas e um ambiente descontra\u00eddo que combina bem com o Norte de Portugal. <\/p><p data-start=\"396\" data-end=\"634\"> <\/p><p data-start=\"636\" data-end=\"820\">No alto da cidade fica o famoso Santu\u00e1rio de Santa Luzia, com vistas sobre a costa, o rio Lima e os arredores de Viana do Castelo. S\u00f3 o caminho at\u00e9 l\u00e1 j\u00e1 vale a pena. <\/p><p data-start=\"636\" data-end=\"820\"> <\/p><p data-start=\"822\" data-end=\"922\">Viana tem um ambiente animado, mas continua a ser suficientemente organizada e tranquila para passeares por l\u00e1 de forma descontra\u00edda.<\/p>\t\t\t\t\t\t\t\t<\/div>\n\t\t\t\t<\/div>\n\t\t\t\t<\/div>\n\t\t\t\t<\/div>\n\t\t<div class=\"elementor-element elementor-element-561f4b1 e-con-full center-box e-flex e-con e-parent\" data-id=\"561f4b1\" data-element_type=\"container\" data-e-type=\"container\" data-settings=\"{&quot;background_background&quot;:&quot;classic&quot;}\">\n\t\t<div class=\"elementor-element elementor-element-11d1078 e-con-full e-flex e-con e-child\" data-id=\"11d1078\" data-element_type=\"container\" data-e-type=\"container\">\n\t\t\t\t<div class=\"elementor-element elementor-element-30d0560 fotoblokkleur elementor-widget elementor-widget-image\" data-id=\"30d0560\" data-element_type=\"widget\" data-e-type=\"widget\" data-widget_type=\"image.default\">\n\t\t\t\t<div class=\"elementor-widget-container\">\n\t\t\t\t\t\t\t\t\t\t\t\t\t\t\t<img decoding=\"async\" src=\"https:\/\/www.quintavivaavida.pt\/wp-content\/uploads\/elementor\/thumbs\/atlantische-kust-viana-do-castelo-portugal-rd6uai0lo4y1p7g9h90t2al10xta71k6nfidjorhuo.jpg\" title=\"Costa atl\u00e2ntica perto de Viana do Castelo \u2013 praias de areia extensas e oceano azul\" alt=\"Praias de areia extensas e o oceano azul na costa atl\u00e2ntica, perto de Viana do Castelo, no norte de Portugal\" loading=\"lazy\" \/>\t\t\t\t\t\t\t\t\t\t\t\t\t\t\t<\/div>\n\t\t\t\t<\/div>\n\t\t\t\t<\/div>\n\t\t<div class=\"elementor-element elementor-element-5ca9315 e-con-full e-flex e-con e-child\" data-id=\"5ca9315\" data-element_type=\"container\" data-e-type=\"container\">\n\t\t\t\t<div class=\"elementor-element elementor-element-02925c8 elementor-widget elementor-widget-heading\" data-id=\"02925c8\" data-element_type=\"widget\" data-e-type=\"widget\" data-widget_type=\"heading.default\">\n\t\t\t\t<div class=\"elementor-widget-container\">\n\t\t\t\t\t<h2 class=\"elementor-heading-title elementor-size-default\">Mar e natureza<\/h2>\t\t\t\t<\/div>\n\t\t\t\t<\/div>\n\t\t\t\t<div class=\"elementor-element elementor-element-3194d8e elementor-widget elementor-widget-text-editor\" data-id=\"3194d8e\" data-element_type=\"widget\" data-e-type=\"widget\" data-widget_type=\"text-editor.default\">\n\t\t\t\t<div class=\"elementor-widget-container\">\n\t\t\t\t\t\t\t\t\t<p data-start=\"955\" data-end=\"1106\">Na costa de Viana do Castelo, h\u00e1 praias amplas e zonas de dunas onde podes dar um passeio agrad\u00e1vel ou simplesmente desfrutar tranquilamente do mar e do espa\u00e7o.<\/p><p data-start=\"955\" data-end=\"1106\"> <\/p><p data-start=\"1108\" data-end=\"1349\">A Praia do Cabedelo \u00e9 popular entre os surfistas, mas tamb\u00e9m \u00e9 \u00f3tima para quem s\u00f3 quer apanhar ar fresco ou passar uma tarde na praia. Al\u00e9m disso, a partir da cidade, chegas rapidamente \u00e0 natureza, com colinas verdes e percursos pedestres em dire\u00e7\u00e3o \u00e0 Serra d\u2019Arga. <\/p><p data-start=\"1108\" data-end=\"1349\"> <\/p><p data-start=\"1351\" data-end=\"1450\">\u00c9 precisamente essa combina\u00e7\u00e3o de costa, natureza e cidade que torna Viana do Castelo um destino t\u00e3o agrad\u00e1vel para um passeio de um dia.<\/p>\t\t\t\t\t\t\t\t<\/div>\n\t\t\t\t<\/div>\n\t\t\t\t<\/div>\n\t\t\t\t<\/div>\n\t\t<div class=\"elementor-element elementor-element-d2ca0b8 e-con-full center-box e-flex e-con e-parent\" data-id=\"d2ca0b8\" data-element_type=\"container\" data-e-type=\"container\" data-settings=\"{&quot;background_background&quot;:&quot;classic&quot;}\">\n\t\t<div class=\"elementor-element elementor-element-d73a3d9 e-con-full e-flex e-con e-child\" data-id=\"d73a3d9\" data-element_type=\"container\" data-e-type=\"container\">\n\t\t\t\t<div class=\"elementor-element elementor-element-bb3ae21 fotoblok elementor-widget elementor-widget-image\" data-id=\"bb3ae21\" data-element_type=\"widget\" data-e-type=\"widget\" data-widget_type=\"image.default\">\n\t\t\t\t<div class=\"elementor-widget-container\">\n\t\t\t\t\t\t\t\t\t\t\t\t\t\t\t<img decoding=\"async\" src=\"https:\/\/www.quintavivaavida.pt\/wp-content\/uploads\/elementor\/thumbs\/gil-eannes-viana-do-castelo-portugal-rd6txjsnib7tqm9h3nhupk8edtn8565bjbxjifyrkw.jpg\" title=\"Gil Eannes \u2013 navio hist\u00f3rico em Viana do Castelo\" alt=\"O navio-hospital hist\u00f3rico Gil Eannes no porto de Viana do Castelo, Portugal\" loading=\"lazy\" \/>\t\t\t\t\t\t\t\t\t\t\t\t\t\t\t<\/div>\n\t\t\t\t<\/div>\n\t\t\t\t<\/div>\n\t\t<div class=\"elementor-element elementor-element-a1788ff e-con-full e-flex e-con e-child\" data-id=\"a1788ff\" data-element_type=\"container\" data-e-type=\"container\">\n\t\t\t\t<div class=\"elementor-element elementor-element-2277a9a elementor-widget elementor-widget-heading\" data-id=\"2277a9a\" data-element_type=\"widget\" data-e-type=\"widget\" data-widget_type=\"heading.default\">\n\t\t\t\t<div class=\"elementor-widget-container\">\n\t\t\t\t\t<h2 class=\"elementor-heading-title elementor-size-default\">Comida e ambiente<\/h2>\t\t\t\t<\/div>\n\t\t\t\t<\/div>\n\t\t\t\t<div class=\"elementor-element elementor-element-6769989 elementor-widget elementor-widget-text-editor\" data-id=\"6769989\" data-element_type=\"widget\" data-e-type=\"widget\" data-widget_type=\"text-editor.default\">\n\t\t\t\t<div class=\"elementor-widget-container\">\n\t\t\t\t\t\t\t\t\t<p data-start=\"1485\" data-end=\"1695\">Viana do Castelo \u00e9 conhecida pelos seus restaurantes de peixe, pratos locais e ambiente descontra\u00eddo \u00e0 beira-mar. Especialmente na zona do porto e no centro, vais encontrar muitos s\u00edtios onde te podes sentar tranquilamente para almo\u00e7ar ou jantar. <\/p><p data-start=\"1485\" data-end=\"1695\"> <\/p><p data-start=\"1697\" data-end=\"1932\">Tamb\u00e9m para os h\u00f3spedes que seguem uma dieta sem gl\u00faten, temos todo o gosto em ajudar a encontrar locais agrad\u00e1veis e de confian\u00e7a na zona. Gra\u00e7as \u00e0 nossa pr\u00f3pria experi\u00eancia com a doen\u00e7a cel\u00edaca, sabemos como \u00e9 bom poder comer em qualquer lugar sem preocupa\u00e7\u00f5es durante a tua estadia. <\/p>\t\t\t\t\t\t\t\t<\/div>\n\t\t\t\t<\/div>\n\t\t\t\t<\/div>\n\t\t\t\t<\/div>\n\t\t<div class=\"elementor-element elementor-element-646b5e4 e-con-full center-box e-flex e-con e-parent\" data-id=\"646b5e4\" data-element_type=\"container\" data-e-type=\"container\" data-settings=\"{&quot;background_background&quot;:&quot;classic&quot;}\">\n\t\t\t\t<div class=\"elementor-element elementor-element-9156d2c elementor-widget__width-inherit elementor-widget elementor-widget-heading\" data-id=\"9156d2c\" data-element_type=\"widget\" data-e-type=\"widget\" data-widget_type=\"heading.default\">\n\t\t\t\t<div class=\"elementor-widget-container\">\n\t\t\t\t\t<h1 class=\"elementor-heading-title elementor-size-default\">Um dia descontra\u00eddo \u00e0 beira-mar<\/h1>\t\t\t\t<\/div>\n\t\t\t\t<\/div>\n\t\t\t\t<div class=\"elementor-element elementor-element-5fe2c65 elementor-widget elementor-widget-text-editor\" data-id=\"5fe2c65\" data-element_type=\"widget\" data-e-type=\"widget\" data-widget_type=\"text-editor.default\">\n\t\t\t\t<div class=\"elementor-widget-container\">\n\t\t\t\t\t\t\t\t\t<p data-start=\"1974\" data-end=\"2090\">A partir da Quinta Viva a Vida, \u00e9 f\u00e1cil chegar a Viana do Castelo para um dia \u00e0 beira-mar ou uma tarde tranquila na cidade.<\/p><p data-start=\"1974\" data-end=\"2090\"> <\/p><p data-start=\"2092\" data-end=\"2202\" data-is-last-node=\"\" data-is-only-node=\"\">Uma pausa na natureza para curtir a praia, o passeio mar\u00edtimo e o ambiente acolhedor portugu\u00eas \u2014 sem teres de conduzir muito.<\/p>\t\t\t\t\t\t\t\t<\/div>\n\t\t\t\t<\/div>\n\t\t\t\t<\/div>\n\t\t\t\t<\/div>\n\t\t","protected":false},"excerpt":{"rendered":"<p>Viano do Castelo Viana do Castelo \u00e9 uma \u00f3tima op\u00e7\u00e3o para variar um pouco durante a tua estadia no norte de Portugal. A cidade combina mar, natureza e um ambiente portugu\u00eas descontra\u00eddo, sem agita\u00e7\u00e3o nem turismo de massa. A partir da Quinta Viva a Vida, \u00e9 f\u00e1cil ir at\u00e9 l\u00e1 para passar um dia na<\/p>\n","protected":false},"author":1,"featured_media":12001,"parent":12087,"menu_order":0,"comment_status":"closed","ping_status":"closed","template":"elementor_header_footer","meta":{"solace_meta_sidebar":"","solace_meta_container":"","solace_meta_enable_content_width":"","solace_meta_content_width":0,"solace_meta_title_alignment":"","solace_meta_author_avatar":"","solace_post_elements_order":"","solace_meta_disable_header":"","solace_meta_disable_footer":"","solace_meta_disable_title":"","footnotes":""},"class_list":["post-12080","page","type-page","status-publish","has-post-thumbnail","hentry"],"yoast_head":"<!-- This site is optimized with the Yoast SEO plugin v28.2 - https:\/\/yoast.com\/product\/yoast-seo-wordpress\/ -->\n<title>Viana do Castelo \u2013 descobre a p\u00e9rola costeira da regi\u00e3o do Minho<\/title>\n<meta name=\"description\" content=\"Visita Viana do Castelo a partir do nosso B&amp;B em Portugal. Descobre Santa Luzia, o centro hist\u00f3rico e as praias da Costa Verde.\" \/>\n<meta name=\"robots\" content=\"index, follow, max-snippet:-1, max-image-preview:large, max-video-preview:-1\" \/>\n<link rel=\"canonical\" href=\"https:\/\/www.quintavivaavida.pt\/pt-pt\/o-que-ha-para-fazer-por-aqui\/viana-do-castelo\/\" \/>\n<meta property=\"og:locale\" content=\"pt_PT\" \/>\n<meta property=\"og:type\" content=\"article\" \/>\n<meta property=\"og:title\" content=\"Viana do Castelo \u2013 descobre a p\u00e9rola costeira da regi\u00e3o do Minho\" \/>\n<meta property=\"og:description\" content=\"Visita Viana do Castelo a partir do nosso B&amp;B em Portugal. Descobre Santa Luzia, o centro hist\u00f3rico e as praias da Costa Verde.\" \/>\n<meta property=\"og:url\" content=\"https:\/\/www.quintavivaavida.pt\/pt-pt\/o-que-ha-para-fazer-por-aqui\/viana-do-castelo\/\" \/>\n<meta property=\"og:site_name\" content=\"Quinta Viva a Vida - Glutenvrije vakantie in Portugal\" \/>\n<meta property=\"article:publisher\" content=\"https:\/\/www.facebook.com\/glutenvrijportugal\" \/>\n<meta property=\"article:modified_time\" content=\"2026-08-15T07:53:02+00:00\" \/>\n<meta property=\"og:image\" content=\"https:\/\/www.quintavivaavida.pt\/wp-content\/uploads\/2025\/10\/santa-luzia-viana-do-castelo-uitzicht-portugal.jpg.jpg\" \/>\n\t<meta property=\"og:image:width\" content=\"1542\" \/>\n\t<meta property=\"og:image:height\" content=\"1024\" \/>\n\t<meta property=\"og:image:type\" content=\"image\/jpeg\" \/>\n<meta name=\"twitter:card\" content=\"summary_large_image\" \/>\n<meta name=\"twitter:label1\" content=\"Tempo estimado de leitura\" \/>\n\t<meta name=\"twitter:data1\" content=\"2 minutos\" \/>\n<script type=\"application\/ld+json\" class=\"yoast-schema-graph\">{\"@context\":\"https:\\\/\\\/schema.org\",\"@graph\":[{\"@type\":\"WebPage\",\"@id\":\"https:\\\/\\\/www.quintavivaavida.pt\\\/pt-pt\\\/o-que-ha-para-fazer-por-aqui\\\/viana-do-castelo\\\/\",\"url\":\"https:\\\/\\\/www.quintavivaavida.pt\\\/pt-pt\\\/o-que-ha-para-fazer-por-aqui\\\/viana-do-castelo\\\/\",\"name\":\"Viana do Castelo \u2013 descobre a p\u00e9rola costeira da regi\u00e3o do Minho\",\"isPartOf\":{\"@id\":\"https:\\\/\\\/www.quintavivaavida.pt\\\/pt-pt\\\/#website\"},\"primaryImageOfPage\":{\"@id\":\"https:\\\/\\\/www.quintavivaavida.pt\\\/pt-pt\\\/o-que-ha-para-fazer-por-aqui\\\/viana-do-castelo\\\/#primaryimage\"},\"image\":{\"@id\":\"https:\\\/\\\/www.quintavivaavida.pt\\\/pt-pt\\\/o-que-ha-para-fazer-por-aqui\\\/viana-do-castelo\\\/#primaryimage\"},\"thumbnailUrl\":\"https:\\\/\\\/www.quintavivaavida.pt\\\/wp-content\\\/uploads\\\/2025\\\/10\\\/santa-luzia-viana-do-castelo-uitzicht-portugal.jpg.jpg\",\"datePublished\":\"2025-10-14T07:52:58+00:00\",\"dateModified\":\"2026-08-15T07:53:02+00:00\",\"description\":\"Visita Viana do Castelo a partir do nosso B&B em Portugal. Descobre Santa Luzia, o centro hist\u00f3rico e as praias da Costa Verde.\",\"breadcrumb\":{\"@id\":\"https:\\\/\\\/www.quintavivaavida.pt\\\/pt-pt\\\/o-que-ha-para-fazer-por-aqui\\\/viana-do-castelo\\\/#breadcrumb\"},\"inLanguage\":\"pt-PT\",\"potentialAction\":[{\"@type\":\"ReadAction\",\"target\":[\"https:\\\/\\\/www.quintavivaavida.pt\\\/pt-pt\\\/o-que-ha-para-fazer-por-aqui\\\/viana-do-castelo\\\/\"]}]},{\"@type\":\"ImageObject\",\"inLanguage\":\"pt-PT\",\"@id\":\"https:\\\/\\\/www.quintavivaavida.pt\\\/pt-pt\\\/o-que-ha-para-fazer-por-aqui\\\/viana-do-castelo\\\/#primaryimage\",\"url\":\"https:\\\/\\\/www.quintavivaavida.pt\\\/wp-content\\\/uploads\\\/2025\\\/10\\\/santa-luzia-viana-do-castelo-uitzicht-portugal.jpg.jpg\",\"contentUrl\":\"https:\\\/\\\/www.quintavivaavida.pt\\\/wp-content\\\/uploads\\\/2025\\\/10\\\/santa-luzia-viana-do-castelo-uitzicht-portugal.jpg.jpg\",\"width\":1542,\"height\":1024,\"caption\":\"A partir do Santu\u00e1rio de Santa Luzia, podes desfrutar de uma vista de cortar a respira\u00e7\u00e3o sobre Viana do Castelo e o Oceano Atl\u00e2ntico \u2013 um dos pontos altos do Norte de Portugal.\"},{\"@type\":\"BreadcrumbList\",\"@id\":\"https:\\\/\\\/www.quintavivaavida.pt\\\/pt-pt\\\/o-que-ha-para-fazer-por-aqui\\\/viana-do-castelo\\\/#breadcrumb\",\"itemListElement\":[{\"@type\":\"ListItem\",\"position\":1,\"name\":\"In\u00edcio\",\"item\":\"https:\\\/\\\/www.quintavivaavida.pt\\\/pt-pt\\\/passar-ferias-no-norte-de-portugal-quinta-viva-a-vida\\\/\"},{\"@type\":\"ListItem\",\"position\":2,\"name\":\"O que h\u00e1 para fazer por aqui?\",\"item\":\"https:\\\/\\\/www.quintavivaavida.pt\\\/pt-pt\\\/o-que-ha-para-fazer-por-aqui\\\/\"},{\"@type\":\"ListItem\",\"position\":3,\"name\":\"Viana do Castelo\"}]},{\"@type\":\"WebSite\",\"@id\":\"https:\\\/\\\/www.quintavivaavida.pt\\\/pt-pt\\\/#website\",\"url\":\"https:\\\/\\\/www.quintavivaavida.pt\\\/pt-pt\\\/\",\"name\":\"Gluttenvrije Vakantie in Portugal | Quinta Viva a Vida\",\"description\":\"Een 100% glutenvrije vakantieplek in Noord-Portugal, waar mensen met coeliakie en hun gezin zorgeloos kunnen genieten.\",\"publisher\":{\"@id\":\"https:\\\/\\\/www.quintavivaavida.pt\\\/pt-pt\\\/#organization\"},\"potentialAction\":[{\"@type\":\"SearchAction\",\"target\":{\"@type\":\"EntryPoint\",\"urlTemplate\":\"https:\\\/\\\/www.quintavivaavida.pt\\\/pt-pt\\\/?s={search_term_string}\"},\"query-input\":{\"@type\":\"PropertyValueSpecification\",\"valueRequired\":true,\"valueName\":\"search_term_string\"}}],\"inLanguage\":\"pt-PT\"},{\"@type\":\"Organization\",\"@id\":\"https:\\\/\\\/www.quintavivaavida.pt\\\/pt-pt\\\/#organization\",\"name\":\"Quinta Nosso Sohno\",\"url\":\"https:\\\/\\\/www.quintavivaavida.pt\\\/pt-pt\\\/\",\"logo\":{\"@type\":\"ImageObject\",\"inLanguage\":\"pt-PT\",\"@id\":\"https:\\\/\\\/www.quintavivaavida.pt\\\/pt-pt\\\/#\\\/schema\\\/logo\\\/image\\\/\",\"url\":\"\",\"contentUrl\":\"\",\"caption\":\"Quinta Nosso Sohno\"},\"image\":{\"@id\":\"https:\\\/\\\/www.quintavivaavida.pt\\\/pt-pt\\\/#\\\/schema\\\/logo\\\/image\\\/\"},\"sameAs\":[\"https:\\\/\\\/www.facebook.com\\\/glutenvrijportugal\",\"https:\\\/\\\/www.instagram.com\\\/glutenvrijebenbinportugal\\\/\"]}]}<\/script>\n<!-- \/ Yoast SEO plugin. -->","yoast_head_json":{"title":"Viana do Castelo \u2013 descobre a p\u00e9rola costeira da regi\u00e3o do Minho","description":"Visita Viana do Castelo a partir do nosso B&B em Portugal. Descobre Santa Luzia, o centro hist\u00f3rico e as praias da Costa Verde.","robots":{"index":"index","follow":"follow","max-snippet":"max-snippet:-1","max-image-preview":"max-image-preview:large","max-video-preview":"max-video-preview:-1"},"canonical":"https:\/\/www.quintavivaavida.pt\/pt-pt\/o-que-ha-para-fazer-por-aqui\/viana-do-castelo\/","og_locale":"pt_PT","og_type":"article","og_title":"Viana do Castelo \u2013 descobre a p\u00e9rola costeira da regi\u00e3o do Minho","og_description":"Visita Viana do Castelo a partir do nosso B&B em Portugal. Descobre Santa Luzia, o centro hist\u00f3rico e as praias da Costa Verde.","og_url":"https:\/\/www.quintavivaavida.pt\/pt-pt\/o-que-ha-para-fazer-por-aqui\/viana-do-castelo\/","og_site_name":"Quinta Viva a Vida - Glutenvrije vakantie in Portugal","article_publisher":"https:\/\/www.facebook.com\/glutenvrijportugal","article_modified_time":"2026-08-15T07:53:02+00:00","og_image":[{"width":1542,"height":1024,"url":"https:\/\/www.quintavivaavida.pt\/wp-content\/uploads\/2025\/10\/santa-luzia-viana-do-castelo-uitzicht-portugal.jpg.jpg","type":"image\/jpeg"}],"twitter_card":"summary_large_image","twitter_misc":{"Tempo estimado de leitura":"2 minutos"},"schema":{"@context":"https:\/\/schema.org","@graph":[{"@type":"WebPage","@id":"https:\/\/www.quintavivaavida.pt\/pt-pt\/o-que-ha-para-fazer-por-aqui\/viana-do-castelo\/","url":"https:\/\/www.quintavivaavida.pt\/pt-pt\/o-que-ha-para-fazer-por-aqui\/viana-do-castelo\/","name":"Viana do Castelo \u2013 descobre a p\u00e9rola costeira da regi\u00e3o do Minho","isPartOf":{"@id":"https:\/\/www.quintavivaavida.pt\/pt-pt\/#website"},"primaryImageOfPage":{"@id":"https:\/\/www.quintavivaavida.pt\/pt-pt\/o-que-ha-para-fazer-por-aqui\/viana-do-castelo\/#primaryimage"},"image":{"@id":"https:\/\/www.quintavivaavida.pt\/pt-pt\/o-que-ha-para-fazer-por-aqui\/viana-do-castelo\/#primaryimage"},"thumbnailUrl":"https:\/\/www.quintavivaavida.pt\/wp-content\/uploads\/2025\/10\/santa-luzia-viana-do-castelo-uitzicht-portugal.jpg.jpg","datePublished":"2025-10-14T07:52:58+00:00","dateModified":"2026-08-15T07:53:02+00:00","description":"Visita Viana do Castelo a partir do nosso B&B em Portugal. Descobre Santa Luzia, o centro hist\u00f3rico e as praias da Costa Verde.","breadcrumb":{"@id":"https:\/\/www.quintavivaavida.pt\/pt-pt\/o-que-ha-para-fazer-por-aqui\/viana-do-castelo\/#breadcrumb"},"inLanguage":"pt-PT","potentialAction":[{"@type":"ReadAction","target":["https:\/\/www.quintavivaavida.pt\/pt-pt\/o-que-ha-para-fazer-por-aqui\/viana-do-castelo\/"]}]},{"@type":"ImageObject","inLanguage":"pt-PT","@id":"https:\/\/www.quintavivaavida.pt\/pt-pt\/o-que-ha-para-fazer-por-aqui\/viana-do-castelo\/#primaryimage","url":"https:\/\/www.quintavivaavida.pt\/wp-content\/uploads\/2025\/10\/santa-luzia-viana-do-castelo-uitzicht-portugal.jpg.jpg","contentUrl":"https:\/\/www.quintavivaavida.pt\/wp-content\/uploads\/2025\/10\/santa-luzia-viana-do-castelo-uitzicht-portugal.jpg.jpg","width":1542,"height":1024,"caption":"A partir do Santu\u00e1rio de Santa Luzia, podes desfrutar de uma vista de cortar a respira\u00e7\u00e3o sobre Viana do Castelo e o Oceano Atl\u00e2ntico \u2013 um dos pontos altos do Norte de Portugal."},{"@type":"BreadcrumbList","@id":"https:\/\/www.quintavivaavida.pt\/pt-pt\/o-que-ha-para-fazer-por-aqui\/viana-do-castelo\/#breadcrumb","itemListElement":[{"@type":"ListItem","position":1,"name":"In\u00edcio","item":"https:\/\/www.quintavivaavida.pt\/pt-pt\/passar-ferias-no-norte-de-portugal-quinta-viva-a-vida\/"},{"@type":"ListItem","position":2,"name":"O que h\u00e1 para fazer por aqui?","item":"https:\/\/www.quintavivaavida.pt\/pt-pt\/o-que-ha-para-fazer-por-aqui\/"},{"@type":"ListItem","position":3,"name":"Viana do Castelo"}]},{"@type":"WebSite","@id":"https:\/\/www.quintavivaavida.pt\/pt-pt\/#website","url":"https:\/\/www.quintavivaavida.pt\/pt-pt\/","name":"Gluttenvrije Vakantie in Portugal | Quinta Viva a Vida","description":"Een 100% glutenvrije vakantieplek in Noord-Portugal, waar mensen met coeliakie en hun gezin zorgeloos kunnen genieten.","publisher":{"@id":"https:\/\/www.quintavivaavida.pt\/pt-pt\/#organization"},"potentialAction":[{"@type":"SearchAction","target":{"@type":"EntryPoint","urlTemplate":"https:\/\/www.quintavivaavida.pt\/pt-pt\/?s={search_term_string}"},"query-input":{"@type":"PropertyValueSpecification","valueRequired":true,"valueName":"search_term_string"}}],"inLanguage":"pt-PT"},{"@type":"Organization","@id":"https:\/\/www.quintavivaavida.pt\/pt-pt\/#organization","name":"Quinta Nosso Sohno","url":"https:\/\/www.quintavivaavida.pt\/pt-pt\/","logo":{"@type":"ImageObject","inLanguage":"pt-PT","@id":"https:\/\/www.quintavivaavida.pt\/pt-pt\/#\/schema\/logo\/image\/","url":"","contentUrl":"","caption":"Quinta Nosso Sohno"},"image":{"@id":"https:\/\/www.quintavivaavida.pt\/pt-pt\/#\/schema\/logo\/image\/"},"sameAs":["https:\/\/www.facebook.com\/glutenvrijportugal","https:\/\/www.instagram.com\/glutenvrijebenbinportugal\/"]}]}},"_links":{"self":[{"href":"https:\/\/www.quintavivaavida.pt\/pt-pt\/wp-json\/wp\/v2\/pages\/12080","targetHints":{"allow":["GET"]}}],"collection":[{"href":"https:\/\/www.quintavivaavida.pt\/pt-pt\/wp-json\/wp\/v2\/pages"}],"about":[{"href":"https:\/\/www.quintavivaavida.pt\/pt-pt\/wp-json\/wp\/v2\/types\/page"}],"author":[{"embeddable":true,"href":"https:\/\/www.quintavivaavida.pt\/pt-pt\/wp-json\/wp\/v2\/users\/1"}],"replies":[{"embeddable":true,"href":"https:\/\/www.quintavivaavida.pt\/pt-pt\/wp-json\/wp\/v2\/comments?post=12080"}],"version-history":[{"count":1,"href":"https:\/\/www.quintavivaavida.pt\/pt-pt\/wp-json\/wp\/v2\/pages\/12080\/revisions"}],"predecessor-version":[{"id":12082,"href":"https:\/\/www.quintavivaavida.pt\/pt-pt\/wp-json\/wp\/v2\/pages\/12080\/revisions\/12082"}],"up":[{"embeddable":true,"href":"https:\/\/www.quintavivaavida.pt\/pt-pt\/wp-json\/wp\/v2\/pages\/12087"}],"wp:featuredmedia":[{"embeddable":true,"href":"https:\/\/www.quintavivaavida.pt\/pt-pt\/wp-json\/wp\/v2\/media\/12001"}],"wp:attachment":[{"href":"https:\/\/www.quintavivaavida.pt\/pt-pt\/wp-json\/wp\/v2\/media?parent=12080"}],"curies":[{"name":"wp","href":"https:\/\/api.w.org\/{rel}","templated":true}]}}