{"id":12078,"date":"2025-10-14T13:54:44","date_gmt":"2025-10-14T12:54:44","guid":{"rendered":"https:\/\/www.quintavivaavida.pt\/braga\/"},"modified":"2026-08-15T08:53:02","modified_gmt":"2026-08-15T07:53:02","slug":"braga","status":"publish","type":"page","link":"https:\/\/www.quintavivaavida.pt\/pt-pt\/o-que-ha-para-fazer-por-aqui\/braga\/","title":{"rendered":"Braga"},"content":{"rendered":"\t\t<div data-elementor-type=\"wp-page\" data-elementor-id=\"12078\" class=\"elementor elementor-12078 elementor-4756\" data-elementor-post-type=\"page\">\n\t\t\t\t<div class=\"elementor-element elementor-element-555b8c1 e-con-full center-box e-flex e-con e-parent\" data-id=\"555b8c1\" data-element_type=\"container\" data-e-type=\"container\" data-settings=\"{&quot;background_background&quot;:&quot;classic&quot;}\">\n\t\t\t\t<div class=\"elementor-element elementor-element-fed3dff elementor-widget__width-inherit elementor-widget elementor-widget-heading\" data-id=\"fed3dff\" data-element_type=\"widget\" data-e-type=\"widget\" data-widget_type=\"heading.default\">\n\t\t\t\t<div class=\"elementor-widget-container\">\n\t\t\t\t\t<h1 class=\"elementor-heading-title elementor-size-default\">Braga \u2013 hist\u00f3ria, anima\u00e7\u00e3o e ambiente portugu\u00eas<\/h1>\t\t\t\t<\/div>\n\t\t\t\t<\/div>\n\t\t\t\t<div class=\"elementor-element elementor-element-50f7c2d elementor-widget elementor-widget-text-editor\" data-id=\"50f7c2d\" data-element_type=\"widget\" data-e-type=\"widget\" data-widget_type=\"text-editor.default\">\n\t\t\t\t<div class=\"elementor-widget-container\">\n\t\t\t\t\t\t\t\t\t<p data-start=\"53\" data-end=\"253\">Braga \u00e9 uma das cidades mais antigas de Portugal e fica a cerca de 30 minutos de carro da Quinta Viva a Vida. A cidade \u00e9 conhecida pelo seu centro hist\u00f3rico, pelo ambiente acolhedor e pelas ruas cheias de vida. <\/p><p data-start=\"53\" data-end=\"253\"> <\/p><p data-start=\"255\" data-end=\"476\">\u00c9 precisamente essa combina\u00e7\u00e3o que torna Braga um destino t\u00e3o agrad\u00e1vel para um passeio de um dia. L\u00e1 vais encontrar igrejas antigas e pra\u00e7as, mas tamb\u00e9m esplanadas acolhedoras, lojas e restaurantes locais. A cidade tem um ambiente animado, sem parecer superlotada ou agitada.  <\/p>\t\t\t\t\t\t\t\t<\/div>\n\t\t\t\t<\/div>\n\t\t\t\t<\/div>\n\t\t<div class=\"elementor-element elementor-element-e2dccc9 e-con-full center-box e-flex e-con e-parent\" data-id=\"e2dccc9\" data-element_type=\"container\" data-e-type=\"container\" data-settings=\"{&quot;background_background&quot;:&quot;classic&quot;}\">\n\t\t<div class=\"elementor-element elementor-element-af6ede5 e-con-full e-flex e-con e-child\" data-id=\"af6ede5\" data-element_type=\"container\" data-e-type=\"container\">\n\t\t\t\t<div class=\"elementor-element elementor-element-9bec405 fotoblok elementor-widget elementor-widget-image\" data-id=\"9bec405\" data-element_type=\"widget\" data-e-type=\"widget\" data-widget_type=\"image.default\">\n\t\t\t\t<div class=\"elementor-widget-container\">\n\t\t\t\t\t\t\t\t\t\t\t\t\t\t\t<img decoding=\"async\" src=\"https:\/\/www.quintavivaavida.pt\/wp-content\/uploads\/elementor\/thumbs\/bom-jesus-do-monte-braga-glutenvrije-vakantie-portugal-rd74ify8xgmqe4zsyanf3g0o6s9r9q9mkkssez7m74.jpg\" title=\"Bom Jesus do Monte, em Braga \u2013 o ponto alto espiritual do Norte de Portugal\" alt=\"Bom Jesus do Monte, em Braga, com a sua escadaria monumental e a igreja \u2013 uma paragem obrigat\u00f3ria durante as tuas f\u00e9rias sem gl\u00faten em Portugal.\" loading=\"lazy\" \/>\t\t\t\t\t\t\t\t\t\t\t\t\t\t\t<\/div>\n\t\t\t\t<\/div>\n\t\t\t\t<\/div>\n\t\t<div class=\"elementor-element elementor-element-063cdba e-con-full e-flex e-con e-child\" data-id=\"063cdba\" data-element_type=\"container\" data-e-type=\"container\">\n\t\t\t\t<div class=\"elementor-element elementor-element-971ab26 elementor-widget elementor-widget-heading\" data-id=\"971ab26\" data-element_type=\"widget\" data-e-type=\"widget\" data-widget_type=\"heading.default\">\n\t\t\t\t<div class=\"elementor-widget-container\">\n\t\t\t\t\t<h2 class=\"elementor-heading-title elementor-size-default\">Cidade com uma longa hist\u00f3ria<\/h2>\t\t\t\t<\/div>\n\t\t\t\t<\/div>\n\t\t\t\t<div class=\"elementor-element elementor-element-8d21151 elementor-widget elementor-widget-text-editor\" data-id=\"8d21151\" data-element_type=\"widget\" data-e-type=\"widget\" data-widget_type=\"text-editor.default\">\n\t\t\t\t<div class=\"elementor-widget-container\">\n\t\t\t\t\t\t\t\t\t<p data-start=\"519\" data-end=\"741\">Braga tem vindo a desempenhar um papel importante em Portugal h\u00e1 s\u00e9culos e isso nota-se por toda a cidade. Ruelas estreitas, edif\u00edcios hist\u00f3ricos e pra\u00e7as cheias de charme alternam-se enquanto a vida quotidiana segue o seu curso. <\/p><p data-start=\"519\" data-end=\"741\"> <\/p><p data-start=\"743\" data-end=\"887\">Gra\u00e7as \u00e0 universidade, h\u00e1 tamb\u00e9m um ambiente jovem e acolhedor, o que faz com que Braga n\u00e3o pare\u00e7a s\u00f3 hist\u00f3rica, mas tamb\u00e9m animada e descontra\u00edda.<\/p>\t\t\t\t\t\t\t\t<\/div>\n\t\t\t\t<\/div>\n\t\t\t\t<\/div>\n\t\t\t\t<\/div>\n\t\t<div class=\"elementor-element elementor-element-2073c7b e-con-full center-box e-flex e-con e-parent\" data-id=\"2073c7b\" data-element_type=\"container\" data-e-type=\"container\" data-settings=\"{&quot;background_background&quot;:&quot;classic&quot;}\">\n\t\t<div class=\"elementor-element elementor-element-14108a6 e-con-full e-flex e-con e-child\" data-id=\"14108a6\" data-element_type=\"container\" data-e-type=\"container\">\n\t\t\t\t<div class=\"elementor-element elementor-element-0f7c20e fotoblokkleur elementor-widget elementor-widget-image\" data-id=\"0f7c20e\" data-element_type=\"widget\" data-e-type=\"widget\" data-widget_type=\"image.default\">\n\t\t\t\t<div class=\"elementor-widget-container\">\n\t\t\t\t\t\t\t\t\t\t\t\t\t\t\t<img decoding=\"async\" src=\"https:\/\/www.quintavivaavida.pt\/wp-content\/uploads\/elementor\/thumbs\/bom-jesus-do-monte-braga-glutenvrije-vakantie-portugal-rd74ify8xgmqe4zsyanf3g0o6s9r9q9mkkssez7m74.jpg\" title=\"Bom Jesus do Monte, em Braga \u2013 o ponto alto espiritual do Norte de Portugal\" alt=\"Bom Jesus do Monte, em Braga, com a sua escadaria monumental e a igreja \u2013 uma paragem obrigat\u00f3ria durante as tuas f\u00e9rias sem gl\u00faten em Portugal.\" loading=\"lazy\" \/>\t\t\t\t\t\t\t\t\t\t\t\t\t\t\t<\/div>\n\t\t\t\t<\/div>\n\t\t\t\t<\/div>\n\t\t<div class=\"elementor-element elementor-element-e8766cc e-con-full e-flex e-con e-child\" data-id=\"e8766cc\" data-element_type=\"container\" data-e-type=\"container\">\n\t\t\t\t<div class=\"elementor-element elementor-element-a23d885 elementor-widget elementor-widget-heading\" data-id=\"a23d885\" data-element_type=\"widget\" data-e-type=\"widget\" data-widget_type=\"heading.default\">\n\t\t\t\t<div class=\"elementor-widget-container\">\n\t\t\t\t\t<h2 class=\"elementor-heading-title elementor-size-default\">Bom Jesus do Monte e outros pontos tur\u00edsticos<\/h2>\t\t\t\t<\/div>\n\t\t\t\t<\/div>\n\t\t\t\t<div class=\"elementor-element elementor-element-45b4391 elementor-widget elementor-widget-text-editor\" data-id=\"45b4391\" data-element_type=\"widget\" data-e-type=\"widget\" data-widget_type=\"text-editor.default\">\n\t\t\t\t<div class=\"elementor-widget-container\">\n\t\t\t\t\t\t\t\t\t<p data-start=\"947\" data-end=\"1149\">Nos arredores de Braga fica o Bom Jesus do Monte, um dos locais mais conhecidos do norte de Portugal. S\u00e3o sobretudo a impressionante escadaria, a vista e a paisagem verdejante que fazem deste um local especial para visitar. <\/p><p data-start=\"947\" data-end=\"1149\"> <\/p><p data-start=\"1151\" data-end=\"1310\">Al\u00e9m disso, em Braga h\u00e1 v\u00e1rias igrejas, mercados, ruas comerciais e pequenos caf\u00e9s onde podes facilmente passar umas horas a passear sem teres um plano definido.<\/p>\t\t\t\t\t\t\t\t<\/div>\n\t\t\t\t<\/div>\n\t\t\t\t<\/div>\n\t\t\t\t<\/div>\n\t\t<div class=\"elementor-element elementor-element-e58b47b e-con-full center-box  e-flex e-con e-parent\" data-id=\"e58b47b\" data-element_type=\"container\" data-e-type=\"container\" data-settings=\"{&quot;background_background&quot;:&quot;classic&quot;}\">\n\t\t<div class=\"elementor-element elementor-element-6e377e8 e-con-full e-flex e-con e-child\" data-id=\"6e377e8\" data-element_type=\"container\" data-e-type=\"container\">\n\t\t\t\t<div class=\"elementor-element elementor-element-ace464d fotoblok elementor-widget elementor-widget-image\" data-id=\"ace464d\" data-element_type=\"widget\" data-e-type=\"widget\" data-widget_type=\"image.default\">\n\t\t\t\t<div class=\"elementor-widget-container\">\n\t\t\t\t\t\t\t\t\t\t\t\t\t\t\t<img decoding=\"async\" src=\"https:\/\/www.quintavivaavida.pt\/wp-content\/uploads\/elementor\/thumbs\/pasteis-de-nata-glutenvrij-bb-portugal-rd6w2u2xfx0kce01t25jq24sqcpp18ystuys1hdfz4.jpg\" title=\"Past\u00e9is de Nata \u2013 uma iguaria portuguesa\" alt=\"Past\u00e9is de Nata frescos sem gl\u00faten \u2013 past\u00e9is de nata portugueses que podes provar durante a tua estadia no nosso B&amp;B sem gl\u00faten em Portugal.\" loading=\"lazy\" \/>\t\t\t\t\t\t\t\t\t\t\t\t\t\t\t<\/div>\n\t\t\t\t<\/div>\n\t\t\t\t<\/div>\n\t\t<div class=\"elementor-element elementor-element-5fa40a1 e-con-full e-flex e-con e-child\" data-id=\"5fa40a1\" data-element_type=\"container\" data-e-type=\"container\">\n\t\t\t\t<div class=\"elementor-element elementor-element-cdc8b67 elementor-widget elementor-widget-heading\" data-id=\"cdc8b67\" data-element_type=\"widget\" data-e-type=\"widget\" data-widget_type=\"heading.default\">\n\t\t\t\t<div class=\"elementor-widget-container\">\n\t\t\t\t\t<h2 class=\"elementor-heading-title elementor-size-default\">Comer sem gl\u00faten em Braga<\/h2>\t\t\t\t<\/div>\n\t\t\t\t<\/div>\n\t\t\t\t<div class=\"elementor-element elementor-element-08e3781 elementor-widget elementor-widget-text-editor\" data-id=\"08e3781\" data-element_type=\"widget\" data-e-type=\"widget\" data-widget_type=\"text-editor.default\">\n\t\t\t\t<div class=\"elementor-widget-container\">\n\t\t\t\t\t\t\t\t\t<p data-start=\"29\" data-end=\"201\">Braga tamb\u00e9m \u00e9 uma cidade fant\u00e1stica para quem viaja sem gl\u00faten. Cada vez mais restaurantes e caf\u00e9s percebem o que significa uma alimenta\u00e7\u00e3o sem gl\u00faten e esfor\u00e7am-se por oferecer op\u00e7\u00f5es seguras. <\/p><p data-start=\"29\" data-end=\"201\"> <\/p><p data-start=\"203\" data-end=\"481\">Um s\u00edtio que n\u00f3s pr\u00f3prios recomendamos vivamente \u00e9 o Soul. Aqui, todo o menu \u00e9 sem gl\u00faten, o que d\u00e1 logo uma grande tranquilidade \u00e0s pessoas com doen\u00e7a cel\u00edaca. Sem discuss\u00f5es complicadas nem d\u00favidas sobre contamina\u00e7\u00e3o cruzada, s\u00f3 podes relaxar e desfrutar de boa comida num ambiente acolhedor.  <\/p><p data-start=\"203\" data-end=\"481\"> <\/p><p data-start=\"483\" data-end=\"654\" data-is-last-node=\"\" data-is-only-node=\"\">Como n\u00f3s pr\u00f3prios temos experi\u00eancia com a doen\u00e7a cel\u00edaca, achamos importante partilhar dicas sobre locais onde podes comer com confian\u00e7a durante a tua estadia no Norte de Portugal.<\/p>\t\t\t\t\t\t\t\t<\/div>\n\t\t\t\t<\/div>\n\t\t\t\t<\/div>\n\t\t\t\t<\/div>\n\t\t<div class=\"elementor-element elementor-element-17fbc58 e-con-full center-box e-flex e-con e-parent\" data-id=\"17fbc58\" data-element_type=\"container\" data-e-type=\"container\" data-settings=\"{&quot;background_background&quot;:&quot;classic&quot;}\">\n\t\t\t\t<div class=\"elementor-element elementor-element-020d459 elementor-widget__width-inherit elementor-widget elementor-widget-heading\" data-id=\"020d459\" data-element_type=\"widget\" data-e-type=\"widget\" data-widget_type=\"heading.default\">\n\t\t\t\t<div class=\"elementor-widget-container\">\n\t\t\t\t\t<h1 class=\"elementor-heading-title elementor-size-default\">Informa\u00e7\u00f5es pr\u00e1ticas para a tua estadia<\/h1>\t\t\t\t<\/div>\n\t\t\t\t<\/div>\n\t\t\t\t<div class=\"elementor-element elementor-element-983f0b1 elementor-widget elementor-widget-text-editor\" data-id=\"983f0b1\" data-element_type=\"widget\" data-e-type=\"widget\" data-widget_type=\"text-editor.default\">\n\t\t\t\t<div class=\"elementor-widget-container\">\n\t\t\t\t\t\t\t\t\t<p data-start=\"1839\" data-end=\"2060\">Da Quinta Viva a Vida, demoras cerca de meia hora a chegar a Braga. Por isso, \u00e9 f\u00e1cil combinar a cidade com a natureza, uma manh\u00e3 tranquila no alojamento ou, pelo contr\u00e1rio, um jantar descontra\u00eddo no final do dia. <\/p><p data-start=\"1839\" data-end=\"2060\"> <\/p><p data-start=\"2062\" data-end=\"2148\" data-is-last-node=\"\" data-is-only-node=\"\">Braga \u00e9 um daqueles s\u00edtios em que, mesmo sem teres nada planeado, acabas por passar um dia super agrad\u00e1vel.<\/p>\t\t\t\t\t\t\t\t<\/div>\n\t\t\t\t<\/div>\n\t\t\t\t<\/div>\n\t\t\t\t<\/div>\n\t\t","protected":false},"excerpt":{"rendered":"<p>Braga \u2013 hist\u00f3ria, anima\u00e7\u00e3o e ambiente portugu\u00eas Braga \u00e9 uma das cidades mais antigas de Portugal e fica a cerca de 30 minutos de carro da Quinta Viva a Vida. A cidade \u00e9 conhecida pelo seu centro hist\u00f3rico, pelo ambiente acolhedor e pelas ruas cheias de vida. \u00c9 precisamente essa combina\u00e7\u00e3o que torna Braga um<\/p>\n","protected":false},"author":1,"featured_media":12000,"parent":12087,"menu_order":0,"comment_status":"closed","ping_status":"closed","template":"elementor_header_footer","meta":{"solace_meta_sidebar":"","solace_meta_container":"","solace_meta_enable_content_width":"","solace_meta_content_width":0,"solace_meta_title_alignment":"","solace_meta_author_avatar":"","solace_post_elements_order":"","solace_meta_disable_header":"","solace_meta_disable_footer":"","solace_meta_disable_title":"","footnotes":""},"class_list":["post-12078","page","type-page","status-publish","has-post-thumbnail","hentry"],"yoast_head":"<!-- This site is optimized with the Yoast SEO plugin v28.2 - https:\/\/yoast.com\/product\/yoast-seo-wordpress\/ -->\n<title>Braga | Descobre a cultura, a gastronomia e o ambiente a partir do nosso B&amp;B<\/title>\n<meta name=\"description\" content=\"Visita Braga durante a tua estadia no nosso B&amp;B sem gl\u00faten. Descobre igrejas, ruelas acolhedoras e caf\u00e9s sem gl\u00faten deliciosos. Perfeito para um passeio de um dia cheio de experi\u00eancias.\" \/>\n<meta name=\"robots\" content=\"index, follow, max-snippet:-1, max-image-preview:large, max-video-preview:-1\" \/>\n<link rel=\"canonical\" href=\"https:\/\/www.quintavivaavida.pt\/pt-pt\/o-que-ha-para-fazer-por-aqui\/braga\/\" \/>\n<meta property=\"og:locale\" content=\"pt_PT\" \/>\n<meta property=\"og:type\" content=\"article\" \/>\n<meta property=\"og:title\" content=\"Braga | Descobre a cultura, a gastronomia e o ambiente a partir do nosso B&amp;B\" \/>\n<meta property=\"og:description\" content=\"Visita Braga durante a tua estadia no nosso B&amp;B sem gl\u00faten. Descobre igrejas, ruelas acolhedoras e caf\u00e9s sem gl\u00faten deliciosos. Perfeito para um passeio de um dia cheio de experi\u00eancias.\" \/>\n<meta property=\"og:url\" content=\"https:\/\/www.quintavivaavida.pt\/pt-pt\/o-que-ha-para-fazer-por-aqui\/braga\/\" \/>\n<meta property=\"og:site_name\" content=\"Quinta Viva a Vida - Glutenvrije vakantie in Portugal\" \/>\n<meta property=\"article:publisher\" content=\"https:\/\/www.facebook.com\/glutenvrijportugal\" \/>\n<meta property=\"article:modified_time\" content=\"2026-08-15T07:53:02+00:00\" \/>\n<meta property=\"og:image\" content=\"https:\/\/www.quintavivaavida.pt\/wp-content\/uploads\/2025\/10\/santuario-do-sameiro-braga-portugal.webp.webp\" \/>\n\t<meta property=\"og:image:width\" content=\"1536\" \/>\n\t<meta property=\"og:image:height\" content=\"1024\" \/>\n\t<meta property=\"og:image:type\" content=\"image\/webp\" \/>\n<meta name=\"twitter:card\" content=\"summary_large_image\" \/>\n<meta name=\"twitter:label1\" content=\"Tempo estimado de leitura\" \/>\n\t<meta name=\"twitter:data1\" content=\"2 minutos\" \/>\n<script type=\"application\/ld+json\" class=\"yoast-schema-graph\">{\"@context\":\"https:\\\/\\\/schema.org\",\"@graph\":[{\"@type\":\"WebPage\",\"@id\":\"https:\\\/\\\/www.quintavivaavida.pt\\\/pt-pt\\\/o-que-ha-para-fazer-por-aqui\\\/braga\\\/\",\"url\":\"https:\\\/\\\/www.quintavivaavida.pt\\\/pt-pt\\\/o-que-ha-para-fazer-por-aqui\\\/braga\\\/\",\"name\":\"Braga | Descobre a cultura, a gastronomia e o ambiente a partir do nosso B&B\",\"isPartOf\":{\"@id\":\"https:\\\/\\\/www.quintavivaavida.pt\\\/pt-pt\\\/#website\"},\"primaryImageOfPage\":{\"@id\":\"https:\\\/\\\/www.quintavivaavida.pt\\\/pt-pt\\\/o-que-ha-para-fazer-por-aqui\\\/braga\\\/#primaryimage\"},\"image\":{\"@id\":\"https:\\\/\\\/www.quintavivaavida.pt\\\/pt-pt\\\/o-que-ha-para-fazer-por-aqui\\\/braga\\\/#primaryimage\"},\"thumbnailUrl\":\"https:\\\/\\\/www.quintavivaavida.pt\\\/wp-content\\\/uploads\\\/2025\\\/10\\\/santuario-do-sameiro-braga-portugal.webp.webp\",\"datePublished\":\"2025-10-14T12:54:44+00:00\",\"dateModified\":\"2026-08-15T07:53:02+00:00\",\"description\":\"Visita Braga durante a tua estadia no nosso B&B sem gl\u00faten. Descobre igrejas, ruelas acolhedoras e caf\u00e9s sem gl\u00faten deliciosos. Perfeito para um passeio de um dia cheio de experi\u00eancias.\",\"breadcrumb\":{\"@id\":\"https:\\\/\\\/www.quintavivaavida.pt\\\/pt-pt\\\/o-que-ha-para-fazer-por-aqui\\\/braga\\\/#breadcrumb\"},\"inLanguage\":\"pt-PT\",\"potentialAction\":[{\"@type\":\"ReadAction\",\"target\":[\"https:\\\/\\\/www.quintavivaavida.pt\\\/pt-pt\\\/o-que-ha-para-fazer-por-aqui\\\/braga\\\/\"]}]},{\"@type\":\"ImageObject\",\"inLanguage\":\"pt-PT\",\"@id\":\"https:\\\/\\\/www.quintavivaavida.pt\\\/pt-pt\\\/o-que-ha-para-fazer-por-aqui\\\/braga\\\/#primaryimage\",\"url\":\"https:\\\/\\\/www.quintavivaavida.pt\\\/wp-content\\\/uploads\\\/2025\\\/10\\\/santuario-do-sameiro-braga-portugal.webp.webp\",\"contentUrl\":\"https:\\\/\\\/www.quintavivaavida.pt\\\/wp-content\\\/uploads\\\/2025\\\/10\\\/santuario-do-sameiro-braga-portugal.webp.webp\",\"width\":1536,\"height\":1024,\"caption\":\"O impressionante Santu\u00e1rio do Sameiro, em Braga \u2013 um dos principais locais de peregrina\u00e7\u00e3o de Portugal.\"},{\"@type\":\"BreadcrumbList\",\"@id\":\"https:\\\/\\\/www.quintavivaavida.pt\\\/pt-pt\\\/o-que-ha-para-fazer-por-aqui\\\/braga\\\/#breadcrumb\",\"itemListElement\":[{\"@type\":\"ListItem\",\"position\":1,\"name\":\"In\u00edcio\",\"item\":\"https:\\\/\\\/www.quintavivaavida.pt\\\/pt-pt\\\/passar-ferias-no-norte-de-portugal-quinta-viva-a-vida\\\/\"},{\"@type\":\"ListItem\",\"position\":2,\"name\":\"O que h\u00e1 para fazer por aqui?\",\"item\":\"https:\\\/\\\/www.quintavivaavida.pt\\\/pt-pt\\\/o-que-ha-para-fazer-por-aqui\\\/\"},{\"@type\":\"ListItem\",\"position\":3,\"name\":\"Braga\"}]},{\"@type\":\"WebSite\",\"@id\":\"https:\\\/\\\/www.quintavivaavida.pt\\\/pt-pt\\\/#website\",\"url\":\"https:\\\/\\\/www.quintavivaavida.pt\\\/pt-pt\\\/\",\"name\":\"Gluttenvrije Vakantie in Portugal | Quinta Viva a Vida\",\"description\":\"Een 100% glutenvrije vakantieplek in Noord-Portugal, waar mensen met coeliakie en hun gezin zorgeloos kunnen genieten.\",\"publisher\":{\"@id\":\"https:\\\/\\\/www.quintavivaavida.pt\\\/pt-pt\\\/#organization\"},\"potentialAction\":[{\"@type\":\"SearchAction\",\"target\":{\"@type\":\"EntryPoint\",\"urlTemplate\":\"https:\\\/\\\/www.quintavivaavida.pt\\\/pt-pt\\\/?s={search_term_string}\"},\"query-input\":{\"@type\":\"PropertyValueSpecification\",\"valueRequired\":true,\"valueName\":\"search_term_string\"}}],\"inLanguage\":\"pt-PT\"},{\"@type\":\"Organization\",\"@id\":\"https:\\\/\\\/www.quintavivaavida.pt\\\/pt-pt\\\/#organization\",\"name\":\"Quinta Nosso Sohno\",\"url\":\"https:\\\/\\\/www.quintavivaavida.pt\\\/pt-pt\\\/\",\"logo\":{\"@type\":\"ImageObject\",\"inLanguage\":\"pt-PT\",\"@id\":\"https:\\\/\\\/www.quintavivaavida.pt\\\/pt-pt\\\/#\\\/schema\\\/logo\\\/image\\\/\",\"url\":\"\",\"contentUrl\":\"\",\"caption\":\"Quinta Nosso Sohno\"},\"image\":{\"@id\":\"https:\\\/\\\/www.quintavivaavida.pt\\\/pt-pt\\\/#\\\/schema\\\/logo\\\/image\\\/\"},\"sameAs\":[\"https:\\\/\\\/www.facebook.com\\\/glutenvrijportugal\",\"https:\\\/\\\/www.instagram.com\\\/glutenvrijebenbinportugal\\\/\"]}]}<\/script>\n<!-- \/ Yoast SEO plugin. -->","yoast_head_json":{"title":"Braga | Descobre a cultura, a gastronomia e o ambiente a partir do nosso B&B","description":"Visita Braga durante a tua estadia no nosso B&B sem gl\u00faten. Descobre igrejas, ruelas acolhedoras e caf\u00e9s sem gl\u00faten deliciosos. Perfeito para um passeio de um dia cheio de experi\u00eancias.","robots":{"index":"index","follow":"follow","max-snippet":"max-snippet:-1","max-image-preview":"max-image-preview:large","max-video-preview":"max-video-preview:-1"},"canonical":"https:\/\/www.quintavivaavida.pt\/pt-pt\/o-que-ha-para-fazer-por-aqui\/braga\/","og_locale":"pt_PT","og_type":"article","og_title":"Braga | Descobre a cultura, a gastronomia e o ambiente a partir do nosso B&B","og_description":"Visita Braga durante a tua estadia no nosso B&B sem gl\u00faten. Descobre igrejas, ruelas acolhedoras e caf\u00e9s sem gl\u00faten deliciosos. Perfeito para um passeio de um dia cheio de experi\u00eancias.","og_url":"https:\/\/www.quintavivaavida.pt\/pt-pt\/o-que-ha-para-fazer-por-aqui\/braga\/","og_site_name":"Quinta Viva a Vida - Glutenvrije vakantie in Portugal","article_publisher":"https:\/\/www.facebook.com\/glutenvrijportugal","article_modified_time":"2026-08-15T07:53:02+00:00","og_image":[{"width":1536,"height":1024,"url":"https:\/\/www.quintavivaavida.pt\/wp-content\/uploads\/2025\/10\/santuario-do-sameiro-braga-portugal.webp.webp","type":"image\/webp"}],"twitter_card":"summary_large_image","twitter_misc":{"Tempo estimado de leitura":"2 minutos"},"schema":{"@context":"https:\/\/schema.org","@graph":[{"@type":"WebPage","@id":"https:\/\/www.quintavivaavida.pt\/pt-pt\/o-que-ha-para-fazer-por-aqui\/braga\/","url":"https:\/\/www.quintavivaavida.pt\/pt-pt\/o-que-ha-para-fazer-por-aqui\/braga\/","name":"Braga | Descobre a cultura, a gastronomia e o ambiente a partir do nosso B&B","isPartOf":{"@id":"https:\/\/www.quintavivaavida.pt\/pt-pt\/#website"},"primaryImageOfPage":{"@id":"https:\/\/www.quintavivaavida.pt\/pt-pt\/o-que-ha-para-fazer-por-aqui\/braga\/#primaryimage"},"image":{"@id":"https:\/\/www.quintavivaavida.pt\/pt-pt\/o-que-ha-para-fazer-por-aqui\/braga\/#primaryimage"},"thumbnailUrl":"https:\/\/www.quintavivaavida.pt\/wp-content\/uploads\/2025\/10\/santuario-do-sameiro-braga-portugal.webp.webp","datePublished":"2025-10-14T12:54:44+00:00","dateModified":"2026-08-15T07:53:02+00:00","description":"Visita Braga durante a tua estadia no nosso B&B sem gl\u00faten. Descobre igrejas, ruelas acolhedoras e caf\u00e9s sem gl\u00faten deliciosos. Perfeito para um passeio de um dia cheio de experi\u00eancias.","breadcrumb":{"@id":"https:\/\/www.quintavivaavida.pt\/pt-pt\/o-que-ha-para-fazer-por-aqui\/braga\/#breadcrumb"},"inLanguage":"pt-PT","potentialAction":[{"@type":"ReadAction","target":["https:\/\/www.quintavivaavida.pt\/pt-pt\/o-que-ha-para-fazer-por-aqui\/braga\/"]}]},{"@type":"ImageObject","inLanguage":"pt-PT","@id":"https:\/\/www.quintavivaavida.pt\/pt-pt\/o-que-ha-para-fazer-por-aqui\/braga\/#primaryimage","url":"https:\/\/www.quintavivaavida.pt\/wp-content\/uploads\/2025\/10\/santuario-do-sameiro-braga-portugal.webp.webp","contentUrl":"https:\/\/www.quintavivaavida.pt\/wp-content\/uploads\/2025\/10\/santuario-do-sameiro-braga-portugal.webp.webp","width":1536,"height":1024,"caption":"O impressionante Santu\u00e1rio do Sameiro, em Braga \u2013 um dos principais locais de peregrina\u00e7\u00e3o de Portugal."},{"@type":"BreadcrumbList","@id":"https:\/\/www.quintavivaavida.pt\/pt-pt\/o-que-ha-para-fazer-por-aqui\/braga\/#breadcrumb","itemListElement":[{"@type":"ListItem","position":1,"name":"In\u00edcio","item":"https:\/\/www.quintavivaavida.pt\/pt-pt\/passar-ferias-no-norte-de-portugal-quinta-viva-a-vida\/"},{"@type":"ListItem","position":2,"name":"O que h\u00e1 para fazer por aqui?","item":"https:\/\/www.quintavivaavida.pt\/pt-pt\/o-que-ha-para-fazer-por-aqui\/"},{"@type":"ListItem","position":3,"name":"Braga"}]},{"@type":"WebSite","@id":"https:\/\/www.quintavivaavida.pt\/pt-pt\/#website","url":"https:\/\/www.quintavivaavida.pt\/pt-pt\/","name":"Gluttenvrije Vakantie in Portugal | Quinta Viva a Vida","description":"Een 100% glutenvrije vakantieplek in Noord-Portugal, waar mensen met coeliakie en hun gezin zorgeloos kunnen genieten.","publisher":{"@id":"https:\/\/www.quintavivaavida.pt\/pt-pt\/#organization"},"potentialAction":[{"@type":"SearchAction","target":{"@type":"EntryPoint","urlTemplate":"https:\/\/www.quintavivaavida.pt\/pt-pt\/?s={search_term_string}"},"query-input":{"@type":"PropertyValueSpecification","valueRequired":true,"valueName":"search_term_string"}}],"inLanguage":"pt-PT"},{"@type":"Organization","@id":"https:\/\/www.quintavivaavida.pt\/pt-pt\/#organization","name":"Quinta Nosso Sohno","url":"https:\/\/www.quintavivaavida.pt\/pt-pt\/","logo":{"@type":"ImageObject","inLanguage":"pt-PT","@id":"https:\/\/www.quintavivaavida.pt\/pt-pt\/#\/schema\/logo\/image\/","url":"","contentUrl":"","caption":"Quinta Nosso Sohno"},"image":{"@id":"https:\/\/www.quintavivaavida.pt\/pt-pt\/#\/schema\/logo\/image\/"},"sameAs":["https:\/\/www.facebook.com\/glutenvrijportugal","https:\/\/www.instagram.com\/glutenvrijebenbinportugal\/"]}]}},"_links":{"self":[{"href":"https:\/\/www.quintavivaavida.pt\/pt-pt\/wp-json\/wp\/v2\/pages\/12078","targetHints":{"allow":["GET"]}}],"collection":[{"href":"https:\/\/www.quintavivaavida.pt\/pt-pt\/wp-json\/wp\/v2\/pages"}],"about":[{"href":"https:\/\/www.quintavivaavida.pt\/pt-pt\/wp-json\/wp\/v2\/types\/page"}],"author":[{"embeddable":true,"href":"https:\/\/www.quintavivaavida.pt\/pt-pt\/wp-json\/wp\/v2\/users\/1"}],"replies":[{"embeddable":true,"href":"https:\/\/www.quintavivaavida.pt\/pt-pt\/wp-json\/wp\/v2\/comments?post=12078"}],"version-history":[{"count":1,"href":"https:\/\/www.quintavivaavida.pt\/pt-pt\/wp-json\/wp\/v2\/pages\/12078\/revisions"}],"predecessor-version":[{"id":12079,"href":"https:\/\/www.quintavivaavida.pt\/pt-pt\/wp-json\/wp\/v2\/pages\/12078\/revisions\/12079"}],"up":[{"embeddable":true,"href":"https:\/\/www.quintavivaavida.pt\/pt-pt\/wp-json\/wp\/v2\/pages\/12087"}],"wp:featuredmedia":[{"embeddable":true,"href":"https:\/\/www.quintavivaavida.pt\/pt-pt\/wp-json\/wp\/v2\/media\/12000"}],"wp:attachment":[{"href":"https:\/\/www.quintavivaavida.pt\/pt-pt\/wp-json\/wp\/v2\/media?parent=12078"}],"curies":[{"name":"wp","href":"https:\/\/api.w.org\/{rel}","templated":true}]}}