{"id":12073,"date":"2025-10-14T20:13:02","date_gmt":"2025-10-14T19:13:02","guid":{"rendered":"https:\/\/www.quintavivaavida.pt\/caminha-moncao-melgaco\/"},"modified":"2026-08-15T08:53:03","modified_gmt":"2026-08-15T07:53:03","slug":"caminha-moncao-melgaco","status":"publish","type":"page","link":"https:\/\/www.quintavivaavida.pt\/pt-pt\/o-que-ha-para-fazer-por-aqui\/caminha-moncao-melgaco\/","title":{"rendered":"Caminha, Mon\u00e7\u00e3o, Melga\u00e7o"},"content":{"rendered":"\t\t<div data-elementor-type=\"wp-page\" data-elementor-id=\"12073\" class=\"elementor elementor-12073 elementor-4823\" data-elementor-post-type=\"page\">\n\t\t\t\t<div class=\"elementor-element elementor-element-0534b36 e-con-full center-box e-flex e-con e-parent\" data-id=\"0534b36\" data-element_type=\"container\" data-e-type=\"container\" data-settings=\"{&quot;background_background&quot;:&quot;classic&quot;}\">\n\t\t\t\t<div class=\"elementor-element elementor-element-a00c0e4 elementor-widget__width-inherit elementor-widget elementor-widget-heading\" data-id=\"a00c0e4\" data-element_type=\"widget\" data-e-type=\"widget\" data-widget_type=\"heading.default\">\n\t\t\t\t<div class=\"elementor-widget-container\">\n\t\t\t\t\t<h2 class=\"elementor-heading-title elementor-size-default\">Caminha \u2013 onde Portugal acaba e a Espanha come\u00e7a<\/h2>\t\t\t\t<\/div>\n\t\t\t\t<\/div>\n\t\t\t\t<div class=\"elementor-element elementor-element-493ffe5 elementor-widget elementor-widget-text-editor\" data-id=\"493ffe5\" data-element_type=\"widget\" data-e-type=\"widget\" data-widget_type=\"text-editor.default\">\n\t\t\t\t<div class=\"elementor-widget-container\">\n\t\t\t\t\t\t\t\t\t<p data-start=\"435\" data-end=\"624\">Caminha fica no extremo norte de Portugal, na foz do rio Minho, mesmo na fronteira com a Espanha.<\/p><p data-start=\"435\" data-end=\"624\">A partir da Quinta Viva a Vida, \u00e9 f\u00e1cil chegar l\u00e1 para uma visita de um dia.<\/p>\t\t\t\t\t\t\t\t<\/div>\n\t\t\t\t<\/div>\n\t\t\t\t<\/div>\n\t\t<div class=\"elementor-element elementor-element-6b63001 e-con-full center-box e-flex e-con e-parent\" data-id=\"6b63001\" data-element_type=\"container\" data-e-type=\"container\" data-settings=\"{&quot;background_background&quot;:&quot;classic&quot;}\">\n\t\t<div class=\"elementor-element elementor-element-eef2f84 e-con-full e-flex e-con e-child\" data-id=\"eef2f84\" data-element_type=\"container\" data-e-type=\"container\">\n\t\t\t\t<div class=\"elementor-element elementor-element-6c4d65d fotoblok elementor-widget elementor-widget-image\" data-id=\"6c4d65d\" data-element_type=\"widget\" data-e-type=\"widget\" data-widget_type=\"image.default\">\n\t\t\t\t<div class=\"elementor-widget-container\">\n\t\t\t\t\t\t\t\t\t\t\t\t\t\t\t<img decoding=\"async\" src=\"https:\/\/www.quintavivaavida.pt\/wp-content\/uploads\/elementor\/thumbs\/strand-caminha-minho-noord-portugal-glutenvrije-vakantie-rd7kyxjwtzpclkdd8ehkrxkg2byv5eeo14iyhwq04g.jpg\" title=\"Praia de areia de Caminha \u2013 onde o rio Minho e o mar se encontram\" alt=\"Praia de areia perto de Caminha, no norte de Portugal, com vista para o rio Minho e para as colinas verdes do outro lado\" loading=\"lazy\" \/>\t\t\t\t\t\t\t\t\t\t\t\t\t\t\t<\/div>\n\t\t\t\t<\/div>\n\t\t\t\t<\/div>\n\t\t<div class=\"elementor-element elementor-element-fbdeb2f e-con-full e-flex e-con e-child\" data-id=\"fbdeb2f\" data-element_type=\"container\" data-e-type=\"container\">\n\t\t\t\t<div class=\"elementor-element elementor-element-33366ab elementor-widget elementor-widget-heading\" data-id=\"33366ab\" data-element_type=\"widget\" data-e-type=\"widget\" data-widget_type=\"heading.default\">\n\t\t\t\t<div class=\"elementor-widget-container\">\n\t\t\t\t\t<h2 class=\"elementor-heading-title elementor-size-default\">Caminha: rio e mar<\/h2>\t\t\t\t<\/div>\n\t\t\t\t<\/div>\n\t\t\t\t<div class=\"elementor-element elementor-element-b3100e4 elementor-widget elementor-widget-text-editor\" data-id=\"b3100e4\" data-element_type=\"widget\" data-e-type=\"widget\" data-widget_type=\"text-editor.default\">\n\t\t\t\t<div class=\"elementor-widget-container\">\n\t\t\t\t\t\t\t\t\t<p data-start=\"819\" data-end=\"1004\">O centro de Caminha \u00e9 compacto e \u00e9 composto por pequenas pra\u00e7as, ruelas estreitas e tem um ambiente de aldeia. A ampla foz do Minho proporciona vistas amplas e um ambiente descontra\u00eddo. <\/p><p data-start=\"1006\" data-end=\"1163\">Ao longo do rio e junto \u00e0 praia h\u00e1 espa\u00e7o para passear e fazer uma pausa. Caminha n\u00e3o \u00e9 uma est\u00e2ncia balnear movimentada e \u00e9 frequentemente considerada um local tranquilo e acess\u00edvel. <\/p>\t\t\t\t\t\t\t\t<\/div>\n\t\t\t\t<\/div>\n\t\t\t\t<\/div>\n\t\t\t\t<\/div>\n\t\t<div class=\"elementor-element elementor-element-77bce31 e-con-full center-box e-flex e-con e-parent\" data-id=\"77bce31\" data-element_type=\"container\" data-e-type=\"container\" data-settings=\"{&quot;background_background&quot;:&quot;classic&quot;}\">\n\t\t<div class=\"elementor-element elementor-element-292a313 e-con-full e-flex e-con e-child\" data-id=\"292a313\" data-element_type=\"container\" data-e-type=\"container\">\n\t\t\t\t<div class=\"elementor-element elementor-element-5cf0bc0 fotoblokkleur elementor-widget elementor-widget-image\" data-id=\"5cf0bc0\" data-element_type=\"widget\" data-e-type=\"widget\" data-widget_type=\"image.default\">\n\t\t\t\t<div class=\"elementor-widget-container\">\n\t\t\t\t\t\t\t\t\t\t\t\t\t\t\t<img decoding=\"async\" src=\"https:\/\/www.quintavivaavida.pt\/wp-content\/uploads\/elementor\/thumbs\/vinho-verde-druif-minho-portugal-rd6uh4rlw20vm5tgr481nmc3wt4ii5w0897pfyxhy8.jpg\" title=\"Uva Vinho Verde da regi\u00e3o do Minho, em Portugal\" alt=\"Uva verde do Vinho Verde na videira, na regi\u00e3o do Minho, no norte de Portugal\" loading=\"lazy\" \/>\t\t\t\t\t\t\t\t\t\t\t\t\t\t\t<\/div>\n\t\t\t\t<\/div>\n\t\t\t\t<\/div>\n\t\t<div class=\"elementor-element elementor-element-d7050b4 e-con-full e-flex e-con e-child\" data-id=\"d7050b4\" data-element_type=\"container\" data-e-type=\"container\">\n\t\t\t\t<div class=\"elementor-element elementor-element-a271575 elementor-widget elementor-widget-heading\" data-id=\"a271575\" data-element_type=\"widget\" data-e-type=\"widget\" data-widget_type=\"heading.default\">\n\t\t\t\t<div class=\"elementor-widget-container\">\n\t\t\t\t\t<h2 class=\"elementor-heading-title elementor-size-default\">Mon\u00e7\u00e3o: cidade fortificada e regi\u00e3o vin\u00edcola<\/h2>\t\t\t\t<\/div>\n\t\t\t\t<\/div>\n\t\t\t\t<div class=\"elementor-element elementor-element-40b9cd9 elementor-widget elementor-widget-text-editor\" data-id=\"40b9cd9\" data-element_type=\"widget\" data-e-type=\"widget\" data-widget_type=\"text-editor.default\">\n\t\t\t\t<div class=\"elementor-widget-container\">\n\t\t\t\t\t\t\t\t\t<p data-start=\"1208\" data-end=\"1344\">Se seguires o rio para o interior, vais chegar a Mon\u00e7\u00e3o. Esta localidade \u00e9 conhecida pelas suas fortifica\u00e7\u00f5es e pela sua localiza\u00e7\u00e3o na regi\u00e3o do Vinho Verde. <\/p><p data-start=\"1346\" data-end=\"1503\">O centro \u00e9 pequeno e f\u00e1cil de percorrer. Em Mon\u00e7\u00e3o e arredores, vais encontrar vinhas, caf\u00e9s e restaurantes. D\u00e1 para combinar bem uma visita a Mon\u00e7\u00e3o com uma a Caminha num s\u00f3 dia.  <\/p>\t\t\t\t\t\t\t\t<\/div>\n\t\t\t\t<\/div>\n\t\t\t\t<\/div>\n\t\t\t\t<\/div>\n\t\t<div class=\"elementor-element elementor-element-1165cf6 e-con-full center-box e-flex e-con e-parent\" data-id=\"1165cf6\" data-element_type=\"container\" data-e-type=\"container\" data-settings=\"{&quot;background_background&quot;:&quot;classic&quot;}\">\n\t\t<div class=\"elementor-element elementor-element-dfeea86 e-con-full e-flex e-con e-child\" data-id=\"dfeea86\" data-element_type=\"container\" data-e-type=\"container\">\n\t\t\t\t<div class=\"elementor-element elementor-element-ca1d6c0 fotoblok elementor-widget elementor-widget-image\" data-id=\"ca1d6c0\" data-element_type=\"widget\" data-e-type=\"widget\" data-widget_type=\"image.default\">\n\t\t\t\t<div class=\"elementor-widget-container\">\n\t\t\t\t\t\t\t\t\t\t\t\t\t\t\t<img decoding=\"async\" src=\"https:\/\/www.quintavivaavida.pt\/wp-content\/uploads\/elementor\/thumbs\/moncao-minho-rivier-grens-vinho-verde-noord-portugal-rd7lm9vmjvnowygqxhq1p1ij4sx0at2p8nr1ja41ls.jpg\" title=\"Mon\u00e7\u00e3o, junto ao rio Minho \u2013 cidade hist\u00f3rica fronteiri\u00e7a no norte de Portugal\" alt=\"Vista de Mon\u00e7\u00e3o, no norte de Portugal, com o rio Minho e as antigas muralhas da cidade ao longo da fronteira com a Espanha\" loading=\"lazy\" \/>\t\t\t\t\t\t\t\t\t\t\t\t\t\t\t<\/div>\n\t\t\t\t<\/div>\n\t\t\t\t<\/div>\n\t\t<div class=\"elementor-element elementor-element-dd19cb9 e-con-full e-flex e-con e-child\" data-id=\"dd19cb9\" data-element_type=\"container\" data-e-type=\"container\">\n\t\t\t\t<div class=\"elementor-element elementor-element-9a7d1e2 elementor-widget elementor-widget-heading\" data-id=\"9a7d1e2\" data-element_type=\"widget\" data-e-type=\"widget\" data-widget_type=\"heading.default\">\n\t\t\t\t<div class=\"elementor-widget-container\">\n\t\t\t\t\t<h2 class=\"elementor-heading-title elementor-size-default\">Comida e sem gl\u00faten<\/h2>\t\t\t\t<\/div>\n\t\t\t\t<\/div>\n\t\t\t\t<div class=\"elementor-element elementor-element-a090376 elementor-widget elementor-widget-text-editor\" data-id=\"a090376\" data-element_type=\"widget\" data-e-type=\"widget\" data-widget_type=\"text-editor.default\">\n\t\t\t\t<div class=\"elementor-widget-container\">\n\t\t\t\t\t\t\t\t\t<p data-start=\"1533\" data-end=\"1652\">Nesta regi\u00e3o, os restaurantes s\u00e3o, na sua maioria, tradicionais e locais. O conhecimento sobre alimenta\u00e7\u00e3o sem gl\u00faten varia de lugar para lugar. <\/p><p data-start=\"1533\" data-end=\"1652\"> <\/p><p data-start=\"1654\" data-end=\"1853\">Aconselhamos os h\u00f3spedes a almo\u00e7arem aqui e a voltarem \u00e0 Quinta Viva a Vida para jantar, onde tudo \u00e9 totalmente sem gl\u00faten e seguro. Temos todo o gosto em partilhar as nossas pr\u00f3prias experi\u00eancias e dicas. <\/p>\t\t\t\t\t\t\t\t<\/div>\n\t\t\t\t<\/div>\n\t\t\t\t<\/div>\n\t\t\t\t<\/div>\n\t\t\t\t<\/div>\n\t\t","protected":false},"excerpt":{"rendered":"<p>Caminha \u2013 onde Portugal acaba e a Espanha come\u00e7a Caminha fica no extremo norte de Portugal, na foz do rio Minho, mesmo na fronteira com a Espanha. A partir da Quinta Viva a Vida, \u00e9 f\u00e1cil chegar l\u00e1 para uma visita de um dia. Caminha: rio e mar O centro de Caminha \u00e9 compacto e<\/p>\n","protected":false},"author":1,"featured_media":12074,"parent":12087,"menu_order":0,"comment_status":"closed","ping_status":"closed","template":"elementor_header_footer","meta":{"solace_meta_sidebar":"","solace_meta_container":"","solace_meta_enable_content_width":"","solace_meta_content_width":0,"solace_meta_title_alignment":"","solace_meta_author_avatar":"","solace_post_elements_order":"","solace_meta_disable_header":"","solace_meta_disable_footer":"","solace_meta_disable_title":"","footnotes":""},"class_list":["post-12073","page","type-page","status-publish","has-post-thumbnail","hentry"],"yoast_head":"<!-- This site is optimized with the Yoast SEO plugin v28.2 - https:\/\/yoast.com\/product\/yoast-seo-wordpress\/ -->\n<title>Das montanhas \u00e0s fronteiras \u2013 descobre Caminha, Mon\u00e7\u00e3o e Melga\u00e7o<\/title>\n<meta name=\"description\" content=\"Alto Minho \u2013 descobre a rica hist\u00f3ria de Caminha, Mon\u00e7\u00e3o e Melga\u00e7o\" \/>\n<meta name=\"robots\" content=\"index, follow, max-snippet:-1, max-image-preview:large, max-video-preview:-1\" \/>\n<link rel=\"canonical\" href=\"https:\/\/www.quintavivaavida.pt\/pt-pt\/o-que-ha-para-fazer-por-aqui\/caminha-moncao-melgaco\/\" \/>\n<meta property=\"og:locale\" content=\"pt_PT\" \/>\n<meta property=\"og:type\" content=\"article\" \/>\n<meta property=\"og:title\" content=\"Das montanhas \u00e0s fronteiras \u2013 descobre Caminha, Mon\u00e7\u00e3o e Melga\u00e7o\" \/>\n<meta property=\"og:description\" content=\"Alto Minho \u2013 descobre a rica hist\u00f3ria de Caminha, Mon\u00e7\u00e3o e Melga\u00e7o\" \/>\n<meta property=\"og:url\" content=\"https:\/\/www.quintavivaavida.pt\/pt-pt\/o-que-ha-para-fazer-por-aqui\/caminha-moncao-melgaco\/\" \/>\n<meta property=\"og:site_name\" content=\"Quinta Viva a Vida - Glutenvrije vakantie in Portugal\" \/>\n<meta property=\"article:publisher\" content=\"https:\/\/www.facebook.com\/glutenvrijportugal\" \/>\n<meta property=\"article:modified_time\" content=\"2026-08-15T07:53:03+00:00\" \/>\n<meta property=\"og:image\" content=\"https:\/\/www.quintavivaavida.pt\/wp-content\/uploads\/2025\/10\/moncao-minho-rivier-grens-vinho-verde-noord-portugal.jpg.jpg\" \/>\n\t<meta property=\"og:image:width\" content=\"1528\" \/>\n\t<meta property=\"og:image:height\" content=\"1024\" \/>\n\t<meta property=\"og:image:type\" content=\"image\/jpeg\" \/>\n<meta name=\"twitter:card\" content=\"summary_large_image\" \/>\n<meta name=\"twitter:label1\" content=\"Tempo estimado de leitura\" \/>\n\t<meta name=\"twitter:data1\" content=\"1 minuto\" \/>\n<script type=\"application\/ld+json\" class=\"yoast-schema-graph\">{\"@context\":\"https:\\\/\\\/schema.org\",\"@graph\":[{\"@type\":\"WebPage\",\"@id\":\"https:\\\/\\\/www.quintavivaavida.pt\\\/pt-pt\\\/o-que-ha-para-fazer-por-aqui\\\/caminha-moncao-melgaco\\\/\",\"url\":\"https:\\\/\\\/www.quintavivaavida.pt\\\/pt-pt\\\/o-que-ha-para-fazer-por-aqui\\\/caminha-moncao-melgaco\\\/\",\"name\":\"Das montanhas \u00e0s fronteiras \u2013 descobre Caminha, Mon\u00e7\u00e3o e Melga\u00e7o\",\"isPartOf\":{\"@id\":\"https:\\\/\\\/www.quintavivaavida.pt\\\/pt-pt\\\/#website\"},\"primaryImageOfPage\":{\"@id\":\"https:\\\/\\\/www.quintavivaavida.pt\\\/pt-pt\\\/o-que-ha-para-fazer-por-aqui\\\/caminha-moncao-melgaco\\\/#primaryimage\"},\"image\":{\"@id\":\"https:\\\/\\\/www.quintavivaavida.pt\\\/pt-pt\\\/o-que-ha-para-fazer-por-aqui\\\/caminha-moncao-melgaco\\\/#primaryimage\"},\"thumbnailUrl\":\"https:\\\/\\\/www.quintavivaavida.pt\\\/wp-content\\\/uploads\\\/2025\\\/10\\\/moncao-minho-rivier-grens-vinho-verde-noord-portugal.jpg.jpg\",\"datePublished\":\"2025-10-14T19:13:02+00:00\",\"dateModified\":\"2026-08-15T07:53:03+00:00\",\"description\":\"Alto Minho \u2013 descobre a rica hist\u00f3ria de Caminha, Mon\u00e7\u00e3o e Melga\u00e7o\",\"breadcrumb\":{\"@id\":\"https:\\\/\\\/www.quintavivaavida.pt\\\/pt-pt\\\/o-que-ha-para-fazer-por-aqui\\\/caminha-moncao-melgaco\\\/#breadcrumb\"},\"inLanguage\":\"pt-PT\",\"potentialAction\":[{\"@type\":\"ReadAction\",\"target\":[\"https:\\\/\\\/www.quintavivaavida.pt\\\/pt-pt\\\/o-que-ha-para-fazer-por-aqui\\\/caminha-moncao-melgaco\\\/\"]}]},{\"@type\":\"ImageObject\",\"inLanguage\":\"pt-PT\",\"@id\":\"https:\\\/\\\/www.quintavivaavida.pt\\\/pt-pt\\\/o-que-ha-para-fazer-por-aqui\\\/caminha-moncao-melgaco\\\/#primaryimage\",\"url\":\"https:\\\/\\\/www.quintavivaavida.pt\\\/wp-content\\\/uploads\\\/2025\\\/10\\\/moncao-minho-rivier-grens-vinho-verde-noord-portugal.jpg.jpg\",\"contentUrl\":\"https:\\\/\\\/www.quintavivaavida.pt\\\/wp-content\\\/uploads\\\/2025\\\/10\\\/moncao-minho-rivier-grens-vinho-verde-noord-portugal.jpg.jpg\",\"width\":1528,\"height\":1024,\"caption\":\"Foto a\u00e9rea de Mon\u00e7\u00e3o, com o rio Minho e as muralhas hist\u00f3ricas que outrora guardavam a fronteira com a Espanha.\"},{\"@type\":\"BreadcrumbList\",\"@id\":\"https:\\\/\\\/www.quintavivaavida.pt\\\/pt-pt\\\/o-que-ha-para-fazer-por-aqui\\\/caminha-moncao-melgaco\\\/#breadcrumb\",\"itemListElement\":[{\"@type\":\"ListItem\",\"position\":1,\"name\":\"In\u00edcio\",\"item\":\"https:\\\/\\\/www.quintavivaavida.pt\\\/pt-pt\\\/passar-ferias-no-norte-de-portugal-quinta-viva-a-vida\\\/\"},{\"@type\":\"ListItem\",\"position\":2,\"name\":\"O que h\u00e1 para fazer por aqui?\",\"item\":\"https:\\\/\\\/www.quintavivaavida.pt\\\/pt-pt\\\/o-que-ha-para-fazer-por-aqui\\\/\"},{\"@type\":\"ListItem\",\"position\":3,\"name\":\"Caminha, Mon\u00e7\u00e3o, Melga\u00e7o\"}]},{\"@type\":\"WebSite\",\"@id\":\"https:\\\/\\\/www.quintavivaavida.pt\\\/pt-pt\\\/#website\",\"url\":\"https:\\\/\\\/www.quintavivaavida.pt\\\/pt-pt\\\/\",\"name\":\"Gluttenvrije Vakantie in Portugal | Quinta Viva a Vida\",\"description\":\"Een 100% glutenvrije vakantieplek in Noord-Portugal, waar mensen met coeliakie en hun gezin zorgeloos kunnen genieten.\",\"publisher\":{\"@id\":\"https:\\\/\\\/www.quintavivaavida.pt\\\/pt-pt\\\/#organization\"},\"potentialAction\":[{\"@type\":\"SearchAction\",\"target\":{\"@type\":\"EntryPoint\",\"urlTemplate\":\"https:\\\/\\\/www.quintavivaavida.pt\\\/pt-pt\\\/?s={search_term_string}\"},\"query-input\":{\"@type\":\"PropertyValueSpecification\",\"valueRequired\":true,\"valueName\":\"search_term_string\"}}],\"inLanguage\":\"pt-PT\"},{\"@type\":\"Organization\",\"@id\":\"https:\\\/\\\/www.quintavivaavida.pt\\\/pt-pt\\\/#organization\",\"name\":\"Quinta Nosso Sohno\",\"url\":\"https:\\\/\\\/www.quintavivaavida.pt\\\/pt-pt\\\/\",\"logo\":{\"@type\":\"ImageObject\",\"inLanguage\":\"pt-PT\",\"@id\":\"https:\\\/\\\/www.quintavivaavida.pt\\\/pt-pt\\\/#\\\/schema\\\/logo\\\/image\\\/\",\"url\":\"\",\"contentUrl\":\"\",\"caption\":\"Quinta Nosso Sohno\"},\"image\":{\"@id\":\"https:\\\/\\\/www.quintavivaavida.pt\\\/pt-pt\\\/#\\\/schema\\\/logo\\\/image\\\/\"},\"sameAs\":[\"https:\\\/\\\/www.facebook.com\\\/glutenvrijportugal\",\"https:\\\/\\\/www.instagram.com\\\/glutenvrijebenbinportugal\\\/\"]}]}<\/script>\n<!-- \/ Yoast SEO plugin. -->","yoast_head_json":{"title":"Das montanhas \u00e0s fronteiras \u2013 descobre Caminha, Mon\u00e7\u00e3o e Melga\u00e7o","description":"Alto Minho \u2013 descobre a rica hist\u00f3ria de Caminha, Mon\u00e7\u00e3o e Melga\u00e7o","robots":{"index":"index","follow":"follow","max-snippet":"max-snippet:-1","max-image-preview":"max-image-preview:large","max-video-preview":"max-video-preview:-1"},"canonical":"https:\/\/www.quintavivaavida.pt\/pt-pt\/o-que-ha-para-fazer-por-aqui\/caminha-moncao-melgaco\/","og_locale":"pt_PT","og_type":"article","og_title":"Das montanhas \u00e0s fronteiras \u2013 descobre Caminha, Mon\u00e7\u00e3o e Melga\u00e7o","og_description":"Alto Minho \u2013 descobre a rica hist\u00f3ria de Caminha, Mon\u00e7\u00e3o e Melga\u00e7o","og_url":"https:\/\/www.quintavivaavida.pt\/pt-pt\/o-que-ha-para-fazer-por-aqui\/caminha-moncao-melgaco\/","og_site_name":"Quinta Viva a Vida - Glutenvrije vakantie in Portugal","article_publisher":"https:\/\/www.facebook.com\/glutenvrijportugal","article_modified_time":"2026-08-15T07:53:03+00:00","og_image":[{"width":1528,"height":1024,"url":"https:\/\/www.quintavivaavida.pt\/wp-content\/uploads\/2025\/10\/moncao-minho-rivier-grens-vinho-verde-noord-portugal.jpg.jpg","type":"image\/jpeg"}],"twitter_card":"summary_large_image","twitter_misc":{"Tempo estimado de leitura":"1 minuto"},"schema":{"@context":"https:\/\/schema.org","@graph":[{"@type":"WebPage","@id":"https:\/\/www.quintavivaavida.pt\/pt-pt\/o-que-ha-para-fazer-por-aqui\/caminha-moncao-melgaco\/","url":"https:\/\/www.quintavivaavida.pt\/pt-pt\/o-que-ha-para-fazer-por-aqui\/caminha-moncao-melgaco\/","name":"Das montanhas \u00e0s fronteiras \u2013 descobre Caminha, Mon\u00e7\u00e3o e Melga\u00e7o","isPartOf":{"@id":"https:\/\/www.quintavivaavida.pt\/pt-pt\/#website"},"primaryImageOfPage":{"@id":"https:\/\/www.quintavivaavida.pt\/pt-pt\/o-que-ha-para-fazer-por-aqui\/caminha-moncao-melgaco\/#primaryimage"},"image":{"@id":"https:\/\/www.quintavivaavida.pt\/pt-pt\/o-que-ha-para-fazer-por-aqui\/caminha-moncao-melgaco\/#primaryimage"},"thumbnailUrl":"https:\/\/www.quintavivaavida.pt\/wp-content\/uploads\/2025\/10\/moncao-minho-rivier-grens-vinho-verde-noord-portugal.jpg.jpg","datePublished":"2025-10-14T19:13:02+00:00","dateModified":"2026-08-15T07:53:03+00:00","description":"Alto Minho \u2013 descobre a rica hist\u00f3ria de Caminha, Mon\u00e7\u00e3o e Melga\u00e7o","breadcrumb":{"@id":"https:\/\/www.quintavivaavida.pt\/pt-pt\/o-que-ha-para-fazer-por-aqui\/caminha-moncao-melgaco\/#breadcrumb"},"inLanguage":"pt-PT","potentialAction":[{"@type":"ReadAction","target":["https:\/\/www.quintavivaavida.pt\/pt-pt\/o-que-ha-para-fazer-por-aqui\/caminha-moncao-melgaco\/"]}]},{"@type":"ImageObject","inLanguage":"pt-PT","@id":"https:\/\/www.quintavivaavida.pt\/pt-pt\/o-que-ha-para-fazer-por-aqui\/caminha-moncao-melgaco\/#primaryimage","url":"https:\/\/www.quintavivaavida.pt\/wp-content\/uploads\/2025\/10\/moncao-minho-rivier-grens-vinho-verde-noord-portugal.jpg.jpg","contentUrl":"https:\/\/www.quintavivaavida.pt\/wp-content\/uploads\/2025\/10\/moncao-minho-rivier-grens-vinho-verde-noord-portugal.jpg.jpg","width":1528,"height":1024,"caption":"Foto a\u00e9rea de Mon\u00e7\u00e3o, com o rio Minho e as muralhas hist\u00f3ricas que outrora guardavam a fronteira com a Espanha."},{"@type":"BreadcrumbList","@id":"https:\/\/www.quintavivaavida.pt\/pt-pt\/o-que-ha-para-fazer-por-aqui\/caminha-moncao-melgaco\/#breadcrumb","itemListElement":[{"@type":"ListItem","position":1,"name":"In\u00edcio","item":"https:\/\/www.quintavivaavida.pt\/pt-pt\/passar-ferias-no-norte-de-portugal-quinta-viva-a-vida\/"},{"@type":"ListItem","position":2,"name":"O que h\u00e1 para fazer por aqui?","item":"https:\/\/www.quintavivaavida.pt\/pt-pt\/o-que-ha-para-fazer-por-aqui\/"},{"@type":"ListItem","position":3,"name":"Caminha, Mon\u00e7\u00e3o, Melga\u00e7o"}]},{"@type":"WebSite","@id":"https:\/\/www.quintavivaavida.pt\/pt-pt\/#website","url":"https:\/\/www.quintavivaavida.pt\/pt-pt\/","name":"Gluttenvrije Vakantie in Portugal | Quinta Viva a Vida","description":"Een 100% glutenvrije vakantieplek in Noord-Portugal, waar mensen met coeliakie en hun gezin zorgeloos kunnen genieten.","publisher":{"@id":"https:\/\/www.quintavivaavida.pt\/pt-pt\/#organization"},"potentialAction":[{"@type":"SearchAction","target":{"@type":"EntryPoint","urlTemplate":"https:\/\/www.quintavivaavida.pt\/pt-pt\/?s={search_term_string}"},"query-input":{"@type":"PropertyValueSpecification","valueRequired":true,"valueName":"search_term_string"}}],"inLanguage":"pt-PT"},{"@type":"Organization","@id":"https:\/\/www.quintavivaavida.pt\/pt-pt\/#organization","name":"Quinta Nosso Sohno","url":"https:\/\/www.quintavivaavida.pt\/pt-pt\/","logo":{"@type":"ImageObject","inLanguage":"pt-PT","@id":"https:\/\/www.quintavivaavida.pt\/pt-pt\/#\/schema\/logo\/image\/","url":"","contentUrl":"","caption":"Quinta Nosso Sohno"},"image":{"@id":"https:\/\/www.quintavivaavida.pt\/pt-pt\/#\/schema\/logo\/image\/"},"sameAs":["https:\/\/www.facebook.com\/glutenvrijportugal","https:\/\/www.instagram.com\/glutenvrijebenbinportugal\/"]}]}},"_links":{"self":[{"href":"https:\/\/www.quintavivaavida.pt\/pt-pt\/wp-json\/wp\/v2\/pages\/12073","targetHints":{"allow":["GET"]}}],"collection":[{"href":"https:\/\/www.quintavivaavida.pt\/pt-pt\/wp-json\/wp\/v2\/pages"}],"about":[{"href":"https:\/\/www.quintavivaavida.pt\/pt-pt\/wp-json\/wp\/v2\/types\/page"}],"author":[{"embeddable":true,"href":"https:\/\/www.quintavivaavida.pt\/pt-pt\/wp-json\/wp\/v2\/users\/1"}],"replies":[{"embeddable":true,"href":"https:\/\/www.quintavivaavida.pt\/pt-pt\/wp-json\/wp\/v2\/comments?post=12073"}],"version-history":[{"count":1,"href":"https:\/\/www.quintavivaavida.pt\/pt-pt\/wp-json\/wp\/v2\/pages\/12073\/revisions"}],"predecessor-version":[{"id":12077,"href":"https:\/\/www.quintavivaavida.pt\/pt-pt\/wp-json\/wp\/v2\/pages\/12073\/revisions\/12077"}],"up":[{"embeddable":true,"href":"https:\/\/www.quintavivaavida.pt\/pt-pt\/wp-json\/wp\/v2\/pages\/12087"}],"wp:featuredmedia":[{"embeddable":true,"href":"https:\/\/www.quintavivaavida.pt\/pt-pt\/wp-json\/wp\/v2\/media\/12074"}],"wp:attachment":[{"href":"https:\/\/www.quintavivaavida.pt\/pt-pt\/wp-json\/wp\/v2\/media?parent=12073"}],"curies":[{"name":"wp","href":"https:\/\/api.w.org\/{rel}","templated":true}]}}