{"id":12071,"date":"2025-10-15T18:04:59","date_gmt":"2025-10-15T17:04:59","guid":{"rendered":"https:\/\/www.quintavivaavida.pt\/geres-douro\/"},"modified":"2026-08-15T08:53:03","modified_gmt":"2026-08-15T07:53:03","slug":"geres-douro","status":"publish","type":"page","link":"https:\/\/www.quintavivaavida.pt\/pt-pt\/o-que-ha-para-fazer-por-aqui\/geres-douro\/","title":{"rendered":"Geres Douro"},"content":{"rendered":"\t\t<div data-elementor-type=\"wp-page\" data-elementor-id=\"12071\" class=\"elementor elementor-12071 elementor-4878\" data-elementor-post-type=\"page\">\n\t\t\t\t<div class=\"elementor-element elementor-element-7e923f7 e-con-full center-box e-flex e-con e-parent\" data-id=\"7e923f7\" data-element_type=\"container\" data-e-type=\"container\" data-settings=\"{&quot;background_background&quot;:&quot;classic&quot;}\">\n\t\t\t\t<div class=\"elementor-element elementor-element-0f3f8a9 elementor-widget__width-inherit elementor-widget elementor-widget-heading\" data-id=\"0f3f8a9\" data-element_type=\"widget\" data-e-type=\"widget\" data-widget_type=\"heading.default\">\n\t\t\t\t<div class=\"elementor-widget-container\">\n\t\t\t\t\t<h2 class=\"elementor-heading-title elementor-size-default\">Ger\u00eas e o Douro \u2013 a natureza e a paisagem em imagens<\/h2>\t\t\t\t<\/div>\n\t\t\t\t<\/div>\n\t\t\t\t<div class=\"elementor-element elementor-element-d1d75f0 elementor-widget elementor-widget-text-editor\" data-id=\"d1d75f0\" data-element_type=\"widget\" data-e-type=\"widget\" data-widget_type=\"text-editor.default\">\n\t\t\t\t<div class=\"elementor-widget-container\">\n\t\t\t\t\t\t\t\t\t<p data-start=\"341\" data-end=\"581\">O Parque Nacional da Peneda-Ger\u00eas e a regi\u00e3o do Douro s\u00e3o locais que tens mesmo de conhecer por ti pr\u00f3prio. Vistas deslumbrantes, estradas tranquilas e paisagens que v\u00e3o mudando ao longo do caminho tornam esta parte do Norte de Portugal num local especial para percorrer. <\/p><p data-start=\"341\" data-end=\"581\"> <\/p><p data-start=\"583\" data-end=\"830\">Enquanto o Ger\u00eas \u00e9 conhecido sobretudo pela natureza, pelas montanhas e pelos percursos pedestres, no Vale do Douro o destaque vai para as vistas, os socalcos de vinha e os percursos tranquilos ao longo do rio. \u00c9 precisamente essa variedade que torna esta regi\u00e3o t\u00e3o bonita de descobrir durante a tua estadia. <\/p><p data-start=\"583\" data-end=\"830\"> <\/p><p data-start=\"832\" data-end=\"973\">N\u00e3o \u00e9 preciso ter sempre um plano. \u00c0s vezes, basta seguir um percurso, parar em algum s\u00edtio pelo caminho e dar uma olhadela com calma. <\/p><p data-start=\"832\" data-end=\"973\"> <\/p><p data-start=\"975\" data-end=\"1120\">A partir da Quinta Viva a Vida, tanto o Ger\u00eas como algumas zonas do Douro ficam bem acess\u00edveis para uma excurs\u00e3o de um dia ou um percurso mais longo pelo norte de Portugal.<\/p>\t\t\t\t\t\t\t\t<\/div>\n\t\t\t\t<\/div>\n\t\t\t\t<\/div>\n\t\t<div class=\"elementor-element elementor-element-9c0e92f e-con-full center-box e-flex e-con e-parent\" data-id=\"9c0e92f\" data-element_type=\"container\" data-e-type=\"container\" data-settings=\"{&quot;background_background&quot;:&quot;classic&quot;}\">\n\t\t\t\t<div class=\"elementor-element elementor-element-43a9ff4 elementor-widget elementor-widget-video\" data-id=\"43a9ff4\" data-element_type=\"widget\" data-e-type=\"widget\" data-settings=\"{&quot;youtube_url&quot;:&quot;https:\\\/\\\/www.youtube.com\\\/watch?v=0x8CvuQF828&amp;t&quot;,&quot;video_type&quot;:&quot;youtube&quot;,&quot;controls&quot;:&quot;yes&quot;}\" data-widget_type=\"video.default\">\n\t\t\t\t<div class=\"elementor-widget-container\">\n\t\t\t\t\t\t\t<div class=\"elementor-wrapper elementor-open-inline\">\n\t\t\t<div class=\"elementor-video\"><\/div>\t\t<\/div>\n\t\t\t\t\t\t<\/div>\n\t\t\t\t<\/div>\n\t\t\t\t<\/div>\n\t\t\t\t<\/div>\n\t\t","protected":false},"excerpt":{"rendered":"<p>Ger\u00eas e o Douro \u2013 a natureza e a paisagem em imagens O Parque Nacional da Peneda-Ger\u00eas e a regi\u00e3o do Douro s\u00e3o locais que tens mesmo de conhecer por ti pr\u00f3prio. Vistas deslumbrantes, estradas tranquilas e paisagens que v\u00e3o mudando ao longo do caminho tornam esta parte do Norte de Portugal num local especial<\/p>\n","protected":false},"author":1,"featured_media":0,"parent":12087,"menu_order":0,"comment_status":"closed","ping_status":"closed","template":"elementor_header_footer","meta":{"solace_meta_sidebar":"","solace_meta_container":"","solace_meta_enable_content_width":"","solace_meta_content_width":0,"solace_meta_title_alignment":"","solace_meta_author_avatar":"","solace_post_elements_order":"","solace_meta_disable_header":"","solace_meta_disable_footer":"","solace_meta_disable_title":"","footnotes":""},"class_list":["post-12071","page","type-page","status-publish","hentry"],"yoast_head":"<!-- This site is optimized with the Yoast SEO plugin v28.2 - https:\/\/yoast.com\/product\/yoast-seo-wordpress\/ -->\n<title>Explorar o Douro e o Ger\u00eas \u2013 a partir do nosso B&amp;B sem gl\u00faten em Portugal<\/title>\n<meta name=\"description\" content=\"Vem explorar o Vale do Douro e o Parque Nacional da Peneda-Ger\u00eas a partir do nosso B&amp;B no norte de Portugal. Natureza, vinho e refei\u00e7\u00f5es sem gl\u00faten sem preocupa\u00e7\u00f5es!\" \/>\n<meta name=\"robots\" content=\"index, follow, max-snippet:-1, max-image-preview:large, max-video-preview:-1\" \/>\n<link rel=\"canonical\" href=\"https:\/\/www.quintavivaavida.pt\/pt-pt\/o-que-ha-para-fazer-por-aqui\/geres-douro\/\" \/>\n<meta property=\"og:locale\" content=\"pt_PT\" \/>\n<meta property=\"og:type\" content=\"article\" \/>\n<meta property=\"og:title\" content=\"Explorar o Douro e o Ger\u00eas \u2013 a partir do nosso B&amp;B sem gl\u00faten em Portugal\" \/>\n<meta property=\"og:description\" content=\"Vem explorar o Vale do Douro e o Parque Nacional da Peneda-Ger\u00eas a partir do nosso B&amp;B no norte de Portugal. Natureza, vinho e refei\u00e7\u00f5es sem gl\u00faten sem preocupa\u00e7\u00f5es!\" \/>\n<meta property=\"og:url\" content=\"https:\/\/www.quintavivaavida.pt\/pt-pt\/o-que-ha-para-fazer-por-aqui\/geres-douro\/\" \/>\n<meta property=\"og:site_name\" content=\"Quinta Viva a Vida - Glutenvrije vakantie in Portugal\" \/>\n<meta property=\"article:publisher\" content=\"https:\/\/www.facebook.com\/glutenvrijportugal\" \/>\n<meta property=\"article:modified_time\" content=\"2026-08-15T07:53:03+00:00\" \/>\n<meta name=\"twitter:card\" content=\"summary_large_image\" \/>\n<meta name=\"twitter:label1\" content=\"Tempo estimado de leitura\" \/>\n\t<meta name=\"twitter:data1\" content=\"1 minuto\" \/>\n<script type=\"application\/ld+json\" class=\"yoast-schema-graph\">{\"@context\":\"https:\\\/\\\/schema.org\",\"@graph\":[{\"@type\":\"WebPage\",\"@id\":\"https:\\\/\\\/www.quintavivaavida.pt\\\/pt-pt\\\/o-que-ha-para-fazer-por-aqui\\\/geres-douro\\\/\",\"url\":\"https:\\\/\\\/www.quintavivaavida.pt\\\/pt-pt\\\/o-que-ha-para-fazer-por-aqui\\\/geres-douro\\\/\",\"name\":\"Explorar o Douro e o Ger\u00eas \u2013 a partir do nosso B&B sem gl\u00faten em Portugal\",\"isPartOf\":{\"@id\":\"https:\\\/\\\/www.quintavivaavida.pt\\\/pt-pt\\\/#website\"},\"datePublished\":\"2025-10-15T17:04:59+00:00\",\"dateModified\":\"2026-08-15T07:53:03+00:00\",\"description\":\"Vem explorar o Vale do Douro e o Parque Nacional da Peneda-Ger\u00eas a partir do nosso B&B no norte de Portugal. Natureza, vinho e refei\u00e7\u00f5es sem gl\u00faten sem preocupa\u00e7\u00f5es!\",\"breadcrumb\":{\"@id\":\"https:\\\/\\\/www.quintavivaavida.pt\\\/pt-pt\\\/o-que-ha-para-fazer-por-aqui\\\/geres-douro\\\/#breadcrumb\"},\"inLanguage\":\"pt-PT\",\"potentialAction\":[{\"@type\":\"ReadAction\",\"target\":[\"https:\\\/\\\/www.quintavivaavida.pt\\\/pt-pt\\\/o-que-ha-para-fazer-por-aqui\\\/geres-douro\\\/\"]}]},{\"@type\":\"BreadcrumbList\",\"@id\":\"https:\\\/\\\/www.quintavivaavida.pt\\\/pt-pt\\\/o-que-ha-para-fazer-por-aqui\\\/geres-douro\\\/#breadcrumb\",\"itemListElement\":[{\"@type\":\"ListItem\",\"position\":1,\"name\":\"In\u00edcio\",\"item\":\"https:\\\/\\\/www.quintavivaavida.pt\\\/pt-pt\\\/passar-ferias-no-norte-de-portugal-quinta-viva-a-vida\\\/\"},{\"@type\":\"ListItem\",\"position\":2,\"name\":\"O que h\u00e1 para fazer por aqui?\",\"item\":\"https:\\\/\\\/www.quintavivaavida.pt\\\/pt-pt\\\/o-que-ha-para-fazer-por-aqui\\\/\"},{\"@type\":\"ListItem\",\"position\":3,\"name\":\"Douro e Parque Nacional do Ger\u00eas\"}]},{\"@type\":\"WebSite\",\"@id\":\"https:\\\/\\\/www.quintavivaavida.pt\\\/pt-pt\\\/#website\",\"url\":\"https:\\\/\\\/www.quintavivaavida.pt\\\/pt-pt\\\/\",\"name\":\"Gluttenvrije Vakantie in Portugal | Quinta Viva a Vida\",\"description\":\"Een 100% glutenvrije vakantieplek in Noord-Portugal, waar mensen met coeliakie en hun gezin zorgeloos kunnen genieten.\",\"publisher\":{\"@id\":\"https:\\\/\\\/www.quintavivaavida.pt\\\/pt-pt\\\/#organization\"},\"potentialAction\":[{\"@type\":\"SearchAction\",\"target\":{\"@type\":\"EntryPoint\",\"urlTemplate\":\"https:\\\/\\\/www.quintavivaavida.pt\\\/pt-pt\\\/?s={search_term_string}\"},\"query-input\":{\"@type\":\"PropertyValueSpecification\",\"valueRequired\":true,\"valueName\":\"search_term_string\"}}],\"inLanguage\":\"pt-PT\"},{\"@type\":\"Organization\",\"@id\":\"https:\\\/\\\/www.quintavivaavida.pt\\\/pt-pt\\\/#organization\",\"name\":\"Quinta Nosso Sohno\",\"url\":\"https:\\\/\\\/www.quintavivaavida.pt\\\/pt-pt\\\/\",\"logo\":{\"@type\":\"ImageObject\",\"inLanguage\":\"pt-PT\",\"@id\":\"https:\\\/\\\/www.quintavivaavida.pt\\\/pt-pt\\\/#\\\/schema\\\/logo\\\/image\\\/\",\"url\":\"\",\"contentUrl\":\"\",\"caption\":\"Quinta Nosso Sohno\"},\"image\":{\"@id\":\"https:\\\/\\\/www.quintavivaavida.pt\\\/pt-pt\\\/#\\\/schema\\\/logo\\\/image\\\/\"},\"sameAs\":[\"https:\\\/\\\/www.facebook.com\\\/glutenvrijportugal\",\"https:\\\/\\\/www.instagram.com\\\/glutenvrijebenbinportugal\\\/\"]}]}<\/script>\n<!-- \/ Yoast SEO plugin. -->","yoast_head_json":{"title":"Explorar o Douro e o Ger\u00eas \u2013 a partir do nosso B&B sem gl\u00faten em Portugal","description":"Vem explorar o Vale do Douro e o Parque Nacional da Peneda-Ger\u00eas a partir do nosso B&B no norte de Portugal. Natureza, vinho e refei\u00e7\u00f5es sem gl\u00faten sem preocupa\u00e7\u00f5es!","robots":{"index":"index","follow":"follow","max-snippet":"max-snippet:-1","max-image-preview":"max-image-preview:large","max-video-preview":"max-video-preview:-1"},"canonical":"https:\/\/www.quintavivaavida.pt\/pt-pt\/o-que-ha-para-fazer-por-aqui\/geres-douro\/","og_locale":"pt_PT","og_type":"article","og_title":"Explorar o Douro e o Ger\u00eas \u2013 a partir do nosso B&B sem gl\u00faten em Portugal","og_description":"Vem explorar o Vale do Douro e o Parque Nacional da Peneda-Ger\u00eas a partir do nosso B&B no norte de Portugal. Natureza, vinho e refei\u00e7\u00f5es sem gl\u00faten sem preocupa\u00e7\u00f5es!","og_url":"https:\/\/www.quintavivaavida.pt\/pt-pt\/o-que-ha-para-fazer-por-aqui\/geres-douro\/","og_site_name":"Quinta Viva a Vida - Glutenvrije vakantie in Portugal","article_publisher":"https:\/\/www.facebook.com\/glutenvrijportugal","article_modified_time":"2026-08-15T07:53:03+00:00","twitter_card":"summary_large_image","twitter_misc":{"Tempo estimado de leitura":"1 minuto"},"schema":{"@context":"https:\/\/schema.org","@graph":[{"@type":"WebPage","@id":"https:\/\/www.quintavivaavida.pt\/pt-pt\/o-que-ha-para-fazer-por-aqui\/geres-douro\/","url":"https:\/\/www.quintavivaavida.pt\/pt-pt\/o-que-ha-para-fazer-por-aqui\/geres-douro\/","name":"Explorar o Douro e o Ger\u00eas \u2013 a partir do nosso B&B sem gl\u00faten em Portugal","isPartOf":{"@id":"https:\/\/www.quintavivaavida.pt\/pt-pt\/#website"},"datePublished":"2025-10-15T17:04:59+00:00","dateModified":"2026-08-15T07:53:03+00:00","description":"Vem explorar o Vale do Douro e o Parque Nacional da Peneda-Ger\u00eas a partir do nosso B&B no norte de Portugal. Natureza, vinho e refei\u00e7\u00f5es sem gl\u00faten sem preocupa\u00e7\u00f5es!","breadcrumb":{"@id":"https:\/\/www.quintavivaavida.pt\/pt-pt\/o-que-ha-para-fazer-por-aqui\/geres-douro\/#breadcrumb"},"inLanguage":"pt-PT","potentialAction":[{"@type":"ReadAction","target":["https:\/\/www.quintavivaavida.pt\/pt-pt\/o-que-ha-para-fazer-por-aqui\/geres-douro\/"]}]},{"@type":"BreadcrumbList","@id":"https:\/\/www.quintavivaavida.pt\/pt-pt\/o-que-ha-para-fazer-por-aqui\/geres-douro\/#breadcrumb","itemListElement":[{"@type":"ListItem","position":1,"name":"In\u00edcio","item":"https:\/\/www.quintavivaavida.pt\/pt-pt\/passar-ferias-no-norte-de-portugal-quinta-viva-a-vida\/"},{"@type":"ListItem","position":2,"name":"O que h\u00e1 para fazer por aqui?","item":"https:\/\/www.quintavivaavida.pt\/pt-pt\/o-que-ha-para-fazer-por-aqui\/"},{"@type":"ListItem","position":3,"name":"Douro e Parque Nacional do Ger\u00eas"}]},{"@type":"WebSite","@id":"https:\/\/www.quintavivaavida.pt\/pt-pt\/#website","url":"https:\/\/www.quintavivaavida.pt\/pt-pt\/","name":"Gluttenvrije Vakantie in Portugal | Quinta Viva a Vida","description":"Een 100% glutenvrije vakantieplek in Noord-Portugal, waar mensen met coeliakie en hun gezin zorgeloos kunnen genieten.","publisher":{"@id":"https:\/\/www.quintavivaavida.pt\/pt-pt\/#organization"},"potentialAction":[{"@type":"SearchAction","target":{"@type":"EntryPoint","urlTemplate":"https:\/\/www.quintavivaavida.pt\/pt-pt\/?s={search_term_string}"},"query-input":{"@type":"PropertyValueSpecification","valueRequired":true,"valueName":"search_term_string"}}],"inLanguage":"pt-PT"},{"@type":"Organization","@id":"https:\/\/www.quintavivaavida.pt\/pt-pt\/#organization","name":"Quinta Nosso Sohno","url":"https:\/\/www.quintavivaavida.pt\/pt-pt\/","logo":{"@type":"ImageObject","inLanguage":"pt-PT","@id":"https:\/\/www.quintavivaavida.pt\/pt-pt\/#\/schema\/logo\/image\/","url":"","contentUrl":"","caption":"Quinta Nosso Sohno"},"image":{"@id":"https:\/\/www.quintavivaavida.pt\/pt-pt\/#\/schema\/logo\/image\/"},"sameAs":["https:\/\/www.facebook.com\/glutenvrijportugal","https:\/\/www.instagram.com\/glutenvrijebenbinportugal\/"]}]}},"_links":{"self":[{"href":"https:\/\/www.quintavivaavida.pt\/pt-pt\/wp-json\/wp\/v2\/pages\/12071","targetHints":{"allow":["GET"]}}],"collection":[{"href":"https:\/\/www.quintavivaavida.pt\/pt-pt\/wp-json\/wp\/v2\/pages"}],"about":[{"href":"https:\/\/www.quintavivaavida.pt\/pt-pt\/wp-json\/wp\/v2\/types\/page"}],"author":[{"embeddable":true,"href":"https:\/\/www.quintavivaavida.pt\/pt-pt\/wp-json\/wp\/v2\/users\/1"}],"replies":[{"embeddable":true,"href":"https:\/\/www.quintavivaavida.pt\/pt-pt\/wp-json\/wp\/v2\/comments?post=12071"}],"version-history":[{"count":1,"href":"https:\/\/www.quintavivaavida.pt\/pt-pt\/wp-json\/wp\/v2\/pages\/12071\/revisions"}],"predecessor-version":[{"id":12072,"href":"https:\/\/www.quintavivaavida.pt\/pt-pt\/wp-json\/wp\/v2\/pages\/12071\/revisions\/12072"}],"up":[{"embeddable":true,"href":"https:\/\/www.quintavivaavida.pt\/pt-pt\/wp-json\/wp\/v2\/pages\/12087"}],"wp:attachment":[{"href":"https:\/\/www.quintavivaavida.pt\/pt-pt\/wp-json\/wp\/v2\/media?parent=12071"}],"curies":[{"name":"wp","href":"https:\/\/api.w.org\/{rel}","templated":true}]}}