{"id":12067,"date":"2025-06-18T20:28:03","date_gmt":"2025-06-18T19:28:03","guid":{"rendered":"https:\/\/www.quintavivaavida.pt\/de-ferias-com-doenca-celiaca\/"},"modified":"2026-08-25T21:38:00","modified_gmt":"2026-08-25T20:38:00","slug":"de-ferias-com-doenca-celiaca","status":"publish","type":"page","link":"https:\/\/www.quintavivaavida.pt\/pt-pt\/de-ferias-com-doenca-celiaca\/","title":{"rendered":"De f\u00e9rias com doen\u00e7a cel\u00edaca"},"content":{"rendered":"\t\t<div data-elementor-type=\"wp-page\" data-elementor-id=\"12067\" class=\"elementor elementor-12067 elementor-176\" data-elementor-post-type=\"page\">\n\t\t\t\t<div class=\"elementor-element elementor-element-6cdbcd6 e-con-full center-box e-flex e-con e-parent\" data-id=\"6cdbcd6\" data-element_type=\"container\" data-e-type=\"container\" data-settings=\"{&quot;background_background&quot;:&quot;classic&quot;}\">\n\t\t<div class=\"elementor-element elementor-element-39ac829 e-con-full e-flex e-con e-child\" data-id=\"39ac829\" data-element_type=\"container\" data-e-type=\"container\">\n\t\t\t\t<div class=\"elementor-element elementor-element-9c2ae94 elementor-widget elementor-widget-heading\" data-id=\"9c2ae94\" data-element_type=\"widget\" data-e-type=\"widget\" data-widget_type=\"heading.default\">\n\t\t\t\t<div class=\"elementor-widget-container\">\n\t\t\t\t\t<h1 class=\"elementor-heading-title elementor-size-default\">F\u00e9rias sem gl\u00faten em Portugal com doen\u00e7a cel\u00edaca<\/h1>\t\t\t\t<\/div>\n\t\t\t\t<\/div>\n\t\t\t\t<div class=\"elementor-element elementor-element-363c3dd elementor-widget elementor-widget-text-editor\" data-id=\"363c3dd\" data-element_type=\"widget\" data-e-type=\"widget\" data-widget_type=\"text-editor.default\">\n\t\t\t\t<div class=\"elementor-widget-container\">\n\t\t\t\t\t\t\t\t\t<p><em>Sem d\u00favida. Sem explica\u00e7\u00f5es. Simplesmente seguro.  <\/em><\/p>\t\t\t\t\t\t\t\t<\/div>\n\t\t\t\t<\/div>\n\t\t\t\t<\/div>\n\t\t\t\t<\/div>\n\t\t<div class=\"elementor-element elementor-element-e8acd12 e-con-full center-box e-flex e-con e-parent\" data-id=\"e8acd12\" data-element_type=\"container\" data-e-type=\"container\" data-settings=\"{&quot;background_background&quot;:&quot;classic&quot;}\">\n\t\t<div class=\"elementor-element elementor-element-ac11d94 e-con-full e-flex e-con e-child\" data-id=\"ac11d94\" data-element_type=\"container\" data-e-type=\"container\">\n\t\t\t\t<div class=\"elementor-element elementor-element-05ea9a0 elementor-widget__width-inherit elementor-widget elementor-widget-text-editor\" data-id=\"05ea9a0\" data-element_type=\"widget\" data-e-type=\"widget\" data-widget_type=\"text-editor.default\">\n\t\t\t\t<div class=\"elementor-widget-container\">\n\t\t\t\t\t\t\t\t\t<p data-start=\"34\" data-end=\"270\">Ir de f\u00e9rias com doen\u00e7a cel\u00edaca parece ser relaxante, mas, na pr\u00e1tica, muitas vezes exige muita prepara\u00e7\u00e3o. Verificar os ingredientes, procurar restaurantes, levar lanches para o caminho e torcer para que a comunica\u00e7\u00e3o noutra l\u00edngua corra bem. <\/p><p data-start=\"34\" data-end=\"270\"> <\/p><p data-start=\"272\" data-end=\"525\">Na Quinta Viva a Vida, compreendemos isso melhor do que ningu\u00e9m. A Bianca e a nossa filha Pip t\u00eam ambas doen\u00e7a cel\u00edaca. Por isso, sabemos como \u00e9 importante ficar num s\u00edtio onde n\u00e3o tenhas de estar sempre a pensar em contamina\u00e7\u00e3o cruzada ou gl\u00faten oculto.  <\/p><p data-start=\"272\" data-end=\"525\"> <\/p><p data-start=\"527\" data-end=\"672\">Por isso, opt\u00e1mos conscientemente por um espa\u00e7o totalmente sem gl\u00faten no norte de Portugal. Sem exce\u00e7\u00f5es, sem cozinha partilhada e sem d\u00favidas. <\/p>\t\t\t\t\t\t\t\t<\/div>\n\t\t\t\t<\/div>\n\t\t\t\t<\/div>\n\t\t\t\t<\/div>\n\t\t<div class=\"elementor-element elementor-element-897ff41 e-con-full center-box e-flex e-con e-parent\" data-id=\"897ff41\" data-element_type=\"container\" data-e-type=\"container\" data-settings=\"{&quot;background_background&quot;:&quot;classic&quot;}\">\n\t\t\t\t<div class=\"elementor-element elementor-element-41524f9 elementor-widget__width-inherit elementor-widget elementor-widget-text-editor\" data-id=\"41524f9\" data-element_type=\"widget\" data-e-type=\"widget\" data-widget_type=\"text-editor.default\">\n\t\t\t\t<div class=\"elementor-widget-container\">\n\t\t\t\t\t\t\t\t\t<p data-start=\"727\" data-end=\"894\">Para quem n\u00e3o tem doen\u00e7a cel\u00edaca, comer sem gl\u00faten \u00e0s vezes parece f\u00e1cil. Mas quem depende mesmo de uma dieta estritamente sem gl\u00faten sabe bem o quanto viajar pode ser stressante. <\/p><p data-start=\"896\" data-end=\"982\">Mesmo quando os restaurantes dizem que t\u00eam op\u00e7\u00f5es sem gl\u00faten, muitas vezes fica a d\u00favida:<\/p><ul data-start=\"983\" data-end=\"1080\"><li data-section-id=\"82vp2y\" data-start=\"983\" data-end=\"1004\">\u00c9 mesmo seguro?<\/li><li data-section-id=\"147buqf\" data-start=\"1005\" data-end=\"1042\">Como \u00e9 que eles lidam com a contamina\u00e7\u00e3o cruzada?<\/li><li data-section-id=\"11udczz\" data-start=\"1043\" data-end=\"1080\">Eles sabem o que \u00e9 a doen\u00e7a cel\u00edaca?<\/li><\/ul><p data-start=\"1082\" data-end=\"1129\">Especialmente no estrangeiro, isso pode dar-te uma sensa\u00e7\u00e3o de inseguran\u00e7a.<\/p><p data-start=\"1131\" data-end=\"1216\">\u00c9 precisamente por isso que quisemos criar um lugar onde os h\u00f3spedes possam esquecer as preocupa\u00e7\u00f5es por um momento.<\/p>\t\t\t\t\t\t\t\t<\/div>\n\t\t\t\t<\/div>\n\t\t<div class=\"elementor-element elementor-element-701f901 e-con-full e-flex e-con e-child\" data-id=\"701f901\" data-element_type=\"container\" data-e-type=\"container\">\n\t\t\t\t<div class=\"elementor-element elementor-element-f691a60 elementor-widget elementor-widget-heading\" data-id=\"f691a60\" data-element_type=\"widget\" data-e-type=\"widget\" data-widget_type=\"heading.default\">\n\t\t\t\t<div class=\"elementor-widget-container\">\n\t\t\t\t\t<h2 class=\"elementor-heading-title elementor-size-default\">O que \u00e0s vezes torna a doen\u00e7a cel\u00edaca um pouco complicada nas f\u00e9rias<\/h2>\t\t\t\t<\/div>\n\t\t\t\t<\/div>\n\t\t\t\t<\/div>\n\t\t\t\t<\/div>\n\t\t<div class=\"elementor-element elementor-element-570462d e-con-full center-box e-flex e-con e-parent\" data-id=\"570462d\" data-element_type=\"container\" data-e-type=\"container\" data-settings=\"{&quot;background_background&quot;:&quot;classic&quot;}\">\n\t\t<div class=\"elementor-element elementor-element-3896f6a e-con-full e-flex e-con e-child\" data-id=\"3896f6a\" data-element_type=\"container\" data-e-type=\"container\">\n\t\t\t\t<div class=\"elementor-element elementor-element-6b74400 elementor-widget elementor-widget-heading\" data-id=\"6b74400\" data-element_type=\"widget\" data-e-type=\"widget\" data-widget_type=\"heading.default\">\n\t\t\t\t<div class=\"elementor-widget-container\">\n\t\t\t\t\t<h2 class=\"elementor-heading-title elementor-size-default\">Por que \u00e9 que o Quinta Viva a Vida \u00e9 totalmente sem gl\u00faten?<\/h2>\t\t\t\t<\/div>\n\t\t\t\t<\/div>\n\t\t\t\t<div class=\"elementor-element elementor-element-cdaaca3 elementor-widget__width-inherit elementor-widget elementor-widget-text-editor\" data-id=\"cdaaca3\" data-element_type=\"widget\" data-e-type=\"widget\" data-widget_type=\"text-editor.default\">\n\t\t\t\t<div class=\"elementor-widget-container\">\n\t\t\t\t\t\t\t\t\t<p data-start=\"1276\" data-end=\"1385\">O nosso alojamento surgiu da nossa pr\u00f3pria fam\u00edlia e n\u00e3o de uma ideia de marketing em torno da alimenta\u00e7\u00e3o sem gl\u00faten.<\/p><p data-start=\"1387\" data-end=\"1549\">Como a doen\u00e7a cel\u00edaca faz parte do nosso dia-a-dia, cri\u00e1mos a Quinta Viva a Vida, desde o in\u00edcio, como um lugar onde comer sem gl\u00faten \u00e9, naturalmente, seguro.<\/p><p data-start=\"1387\" data-end=\"1549\"> <\/p><p data-start=\"1551\" data-end=\"1564\">Isso significa:<\/p><ul data-start=\"1565\" data-end=\"1735\"><li data-section-id=\"a8fztt\" data-start=\"1565\" data-end=\"1605\">nenhum produto com gl\u00faten na cozinha<\/li><li data-section-id=\"ny67v1\" data-start=\"1606\" data-end=\"1649\">n\u00e3o h\u00e1 torradeiras nem bancadas partilhadas<\/li><li data-section-id=\"8554za\" data-start=\"1650\" data-end=\"1688\">sem situa\u00e7\u00f5es do tipo \u00abpode conter vest\u00edgios\u00bb<\/li><li data-section-id=\"ys2nj4\" data-start=\"1689\" data-end=\"1735\">n\u00e3o h\u00e1 regras espec\u00edficas para h\u00f3spedes com doen\u00e7a cel\u00edaca<\/li><\/ul><p data-start=\"1737\" data-end=\"1778\">Tudo no nosso espa\u00e7o \u00e9 100% sem gl\u00faten.<\/p><p data-start=\"1737\" data-end=\"1778\"> <\/p><p data-start=\"1780\" data-end=\"1871\">Por isso, n\u00e3o precisas de estar sempre atento durante a tua estadia. E \u00e9 precisamente isso que te d\u00e1 tranquilidade. <\/p>\t\t\t\t\t\t\t\t<\/div>\n\t\t\t\t<\/div>\n\t\t\t\t<\/div>\n\t\t\t\t<\/div>\n\t\t<div class=\"elementor-element elementor-element-b55ce20 e-con-full center-box e-flex e-con e-parent\" data-id=\"b55ce20\" data-element_type=\"container\" data-e-type=\"container\" data-settings=\"{&quot;background_background&quot;:&quot;classic&quot;}\">\n\t\t<div class=\"elementor-element elementor-element-6e70632 e-con-full e-flex e-con e-child\" data-id=\"6e70632\" data-element_type=\"container\" data-e-type=\"container\">\n\t\t\t\t<div class=\"elementor-element elementor-element-b125f41 elementor-widget elementor-widget-heading\" data-id=\"b125f41\" data-element_type=\"widget\" data-e-type=\"widget\" data-widget_type=\"heading.default\">\n\t\t\t\t<div class=\"elementor-widget-container\">\n\t\t\t\t\t<h2 class=\"elementor-heading-title elementor-size-default\">Del\u00edcias sem gl\u00faten do Norte de Portugal<\/h2>\t\t\t\t<\/div>\n\t\t\t\t<\/div>\n\t\t\t\t<div class=\"elementor-element elementor-element-60bc34d elementor-widget__width-inherit elementor-widget elementor-widget-text-editor\" data-id=\"60bc34d\" data-element_type=\"widget\" data-e-type=\"widget\" data-widget_type=\"text-editor.default\">\n\t\t\t\t<div class=\"elementor-widget-container\">\n\t\t\t\t\t\t\t\t\t<p data-start=\"1921\" data-end=\"2069\">O nosso espa\u00e7o fica em Arcos de Valdevez, na regi\u00e3o do Minho, no norte de Portugal. Uma zona cheia de natureza, praias fluviais, percursos pedestres e aldeias tranquilas. <\/p><p data-start=\"1921\" data-end=\"2069\"> <\/p><p data-start=\"2071\" data-end=\"2241\">Muitos h\u00f3spedes usam a Quinta Viva a Vida como ponto de partida para descobrir o Norte de Portugal. Passas o dia a passear e depois voltas para um s\u00edtio onde podes comer sem preocupa\u00e7\u00f5es. <\/p><p data-start=\"2071\" data-end=\"2241\"> <\/p><p data-start=\"2243\" data-end=\"2283\">Isso torna as f\u00e9rias um pouco mais relaxantes.<\/p><p data-start=\"2243\" data-end=\"2283\"> <\/p><p data-start=\"2285\" data-end=\"2416\">Na regi\u00e3o, \u00e9 claro que tamb\u00e9m gostamos de te ajudar com dicas sobre comida sem gl\u00faten, restaurantes locais e s\u00edtios giros para visitar.<\/p>\t\t\t\t\t\t\t\t<\/div>\n\t\t\t\t<\/div>\n\t\t\t\t<\/div>\n\t\t\t\t<\/div>\n\t\t<div class=\"elementor-element elementor-element-d95c699 e-con-full center-box e-flex e-con e-parent\" data-id=\"d95c699\" data-element_type=\"container\" data-e-type=\"container\" data-settings=\"{&quot;background_background&quot;:&quot;classic&quot;}\">\n\t\t<div class=\"elementor-element elementor-element-78b540c e-con-full e-flex e-con e-child\" data-id=\"78b540c\" data-element_type=\"container\" data-e-type=\"container\">\n\t\t\t\t<div class=\"elementor-element elementor-element-c4ac986 elementor-widget elementor-widget-heading\" data-id=\"c4ac986\" data-element_type=\"widget\" data-e-type=\"widget\" data-widget_type=\"heading.default\">\n\t\t\t\t<div class=\"elementor-widget-container\">\n\t\t\t\t\t<h2 class=\"elementor-heading-title elementor-size-default\">Comer sem gl\u00faten em Portugal<\/h2>\t\t\t\t<\/div>\n\t\t\t\t<\/div>\n\t\t\t\t<div class=\"elementor-element elementor-element-f0dbd7c elementor-widget__width-inherit elementor-widget elementor-widget-text-editor\" data-id=\"f0dbd7c\" data-element_type=\"widget\" data-e-type=\"widget\" data-widget_type=\"text-editor.default\">\n\t\t\t\t<div class=\"elementor-widget-container\">\n\t\t\t\t\t\t\t\t\t<p class=\"PDq2pG_selectionAnchorContainer\" data-start=\"667\" data-end=\"973\">Comer sem gl\u00faten em Portugal pode ser por vezes um desafio, especialmente quando se tem doen\u00e7a cel\u00edaca e se pretende evitar a contamina\u00e7\u00e3o cruzada. Nos restaurantes e caf\u00e9s, \u00e9 por isso importante n\u00e3o s\u00f3 perguntar se um prato \u00e9 isento de gl\u00faten, mas tamb\u00e9m deixar claro que necessita de uma dieta estritamente sem gl\u00faten. <\/p><p data-start=\"667\" data-end=\"973\"> <\/p><p data-start=\"975\" data-end=\"1206\">Na Quinta Viva a Vida, garantimos que tudo o que servimos \u00e9 totalmente isento de gl\u00faten. Assim, pode desfrutar com tranquilidade de um pequeno-almo\u00e7o sem gl\u00faten ou de outros pratos que preparamos para os nossos h\u00f3spedes. <\/p><p data-start=\"975\" data-end=\"1206\"> <\/p><p data-start=\"1208\" data-end=\"1570\">As nossas acomoda\u00e7\u00f5es disp\u00f5em tamb\u00e9m de comodidades para cozinhar. Uma vez que v\u00e1rios h\u00f3spedes as utilizam, n\u00e3o podemos, contudo, garantir que um alojamento esteja totalmente isento de gl\u00faten em todos os momentos. Os h\u00f3spedes que cozinham e que, devido \u00e0 doen\u00e7a cel\u00edaca, devem seguir uma dieta estritamente sem gl\u00faten, podem naturalmente ter este aspeto em conta durante a sua estadia.  <\/p><p data-start=\"1208\" data-end=\"1570\"> <\/p><p data-start=\"1572\" data-end=\"1726\">A partir da Quinta Viva a Vida, poder\u00e1 depois descobrir o Norte de Portugal e experienciar por si mesmo quais os restaurantes e locais de restaura\u00e7\u00e3o que melhor se adaptam aos seus desejos.<\/p>\t\t\t\t\t\t\t\t<\/div>\n\t\t\t\t<\/div>\n\t\t\t\t<\/div>\n\t\t\t\t<\/div>\n\t\t<div class=\"elementor-element elementor-element-ece9515 e-con-full center-box e-flex e-con e-parent\" data-id=\"ece9515\" data-element_type=\"container\" data-e-type=\"container\" data-settings=\"{&quot;background_background&quot;:&quot;classic&quot;}\">\n\t\t<div class=\"elementor-element elementor-element-7ddf5c6 e-con-full e-flex e-con e-child\" data-id=\"7ddf5c6\" data-element_type=\"container\" data-e-type=\"container\">\n\t\t\t\t<div class=\"elementor-element elementor-element-6bbd383 elementor-widget elementor-widget-heading\" data-id=\"6bbd383\" data-element_type=\"widget\" data-e-type=\"widget\" data-widget_type=\"heading.default\">\n\t\t\t\t<div class=\"elementor-widget-container\">\n\t\t\t\t\t<h2 class=\"elementor-heading-title elementor-size-default\">Para fam\u00edlias, casais e viajantes com doen\u00e7a cel\u00edaca<\/h2>\t\t\t\t<\/div>\n\t\t\t\t<\/div>\n\t\t\t\t<div class=\"elementor-element elementor-element-f11c682 elementor-widget__width-inherit elementor-widget elementor-widget-text-editor\" data-id=\"f11c682\" data-element_type=\"widget\" data-e-type=\"widget\" data-widget_type=\"text-editor.default\">\n\t\t\t\t<div class=\"elementor-widget-container\">\n\t\t\t\t\t\t\t\t\t<p data-start=\"2477\" data-end=\"2611\">Quer viajes em fam\u00edlia, a dois ou sozinho: \u00e9 bom n\u00e3o teres de te preocupar constantemente com a comida e a seguran\u00e7a quando est\u00e1s de f\u00e9rias.<\/p><p data-start=\"2477\" data-end=\"2611\"> <\/p><p data-start=\"2613\" data-end=\"2741\">N\u00e3o acreditamos em conceitos complicados nem em luxo sem subst\u00e2ncia. Acreditamos sim na clareza, na fiabilidade e num ambiente descontra\u00eddo. <\/p><p data-start=\"2613\" data-end=\"2741\"> <\/p><p data-start=\"2743\" data-end=\"2846\">Um s\u00edtio onde a alimenta\u00e7\u00e3o sem gl\u00faten \u00e9 mesmo segura, para que possas descobrir o Norte de Portugal com toda a tranquilidade.<\/p>\t\t\t\t\t\t\t\t<\/div>\n\t\t\t\t<\/div>\n\t\t\t\t<\/div>\n\t\t\t\t<\/div>\n\t\t<div class=\"elementor-element elementor-element-e949359 e-con-full center-box e-flex e-con e-parent\" data-id=\"e949359\" data-element_type=\"container\" data-e-type=\"container\" data-settings=\"{&quot;background_background&quot;:&quot;classic&quot;}\">\n\t\t<div class=\"elementor-element elementor-element-72f8e5c e-con-full e-flex e-con e-child\" data-id=\"72f8e5c\" data-element_type=\"container\" data-e-type=\"container\">\n\t\t\t\t<div class=\"elementor-element elementor-element-9aa88c2 elementor-widget elementor-widget-heading\" data-id=\"9aa88c2\" data-element_type=\"widget\" data-e-type=\"widget\" data-widget_type=\"heading.default\">\n\t\t\t\t<div class=\"elementor-widget-container\">\n\t\t\t\t\t<h2 class=\"elementor-heading-title elementor-size-default\">Uma estadia segura e sem gl\u00faten em Portugal<\/h2>\t\t\t\t<\/div>\n\t\t\t\t<\/div>\n\t\t\t\t<div class=\"elementor-element elementor-element-c6ebef3 elementor-widget__width-inherit elementor-widget elementor-widget-text-editor\" data-id=\"c6ebef3\" data-element_type=\"widget\" data-e-type=\"widget\" data-widget_type=\"text-editor.default\">\n\t\t\t\t<div class=\"elementor-widget-container\">\n\t\t\t\t\t\t\t\t\t<p data-start=\"2898\" data-end=\"3071\">Passar f\u00e9rias com doen\u00e7a cel\u00edaca n\u00e3o tem de ser stressante.<br data-start=\"2954\" data-end=\"2957\"\/>Na Quinta Viva a Vida, combinamos um ambiente totalmente sem gl\u00faten com a tranquilidade e a liberdade do Norte de Portugal.<\/p><p data-start=\"2898\" data-end=\"3071\"> <\/p><p data-start=\"3073\" data-end=\"3130\" data-is-last-node=\"\" data-is-only-node=\"\">Para que tenhas menos com que te preocupar \u2014 e possas aproveitar mais.<\/p>\t\t\t\t\t\t\t\t<\/div>\n\t\t\t\t<\/div>\n\t\t\t\t<\/div>\n\t\t\t\t<\/div>\n\t\t<div class=\"elementor-element elementor-element-384b2b6 e-con-full center-box booking-section e-flex e-con e-parent\" data-id=\"384b2b6\" data-element_type=\"container\" data-e-type=\"container\">\n\t\t\t\t<div class=\"elementor-element elementor-element-68c154d elementor-widget elementor-widget-text-editor\" data-id=\"68c154d\" data-element_type=\"widget\" data-e-type=\"widget\" data-widget_type=\"text-editor.default\">\n\t\t\t\t<div class=\"elementor-widget-container\">\n\t\t\t\t\t\t\t\t\t<h2 class=\"elementor-heading-title elementor-size-default elementor-inline-editing pen\" contenteditable=\"true\" data-elementor-setting-key=\"title\" data-pen-placeholder=\"Hier typen...\">Planeia a tua estadia<\/h2>\t\t\t\t\t\t\t\t<\/div>\n\t\t\t\t<\/div>\n\t\t\t\t<div class=\"elementor-element elementor-element-9ad39f0 elementor-widget elementor-widget-text-editor\" data-id=\"9ad39f0\" data-element_type=\"widget\" data-e-type=\"widget\" data-widget_type=\"text-editor.default\">\n\t\t\t\t<div class=\"elementor-widget-container\">\n\t\t\t\t\t\t\t\t\t<p>A nossa cozinha \u00e9 totalmente sem gl\u00faten \u2014 sem exce\u00e7\u00f5es.<\/p>\t\t\t\t\t\t\t\t<\/div>\n\t\t\t\t<\/div>\n\t\t\t\t<\/div>\n\t\t<div class=\"elementor-element elementor-element-7c78bb2 e-con-full center-box booking-widget e-flex e-con e-parent\" data-id=\"7c78bb2\" data-element_type=\"container\" data-e-type=\"container\" data-settings=\"{&quot;background_background&quot;:&quot;classic&quot;}\">\n\t\t\t\t<div class=\"elementor-element elementor-element-9f7c1bb elementor-widget__width-auto elementor-widget elementor-widget-wp-widget-mod_vikbooking_horizontalsearch\" data-id=\"9f7c1bb\" data-element_type=\"widget\" data-e-type=\"widget\" data-widget_type=\"wp-widget-mod_vikbooking_horizontalsearch.default\">\n\t\t\t\t<div class=\"elementor-widget-container\">\n\t\t\t\t\t\n<div class=\"vbmodhorsearchmaindiv vbo-horizsearch-standardformat-wrap\">\n\t<form action=\"https:\/\/www.quintavivaavida.pt\/boek-je-vakantie\/?task=search\" method=\"post\" id=\"vbo-mod-horsearch-form-425\">\n\t\t<input type=\"hidden\" name=\"task\" value=\"search\" \/>\n\t\t<div class=\"vbmodhorsearchcheckindiv\">\n\t\t\t<label for=\"checkindatemod425\">Data de check-in<\/label>\n\t\t\t<div class=\"input-group\">\n\t\t\t\t<input type=\"text\" name=\"checkindate\" id=\"checkindatemod425\" size=\"10\" autocomplete=\"off\" onfocus=\"this.blur();\" readonly\/>\n\t\t\t\t<i class=\"far fa-calendar-days vbo-caltrigger\"><\/i>\t\t\t\t<input type=\"hidden\" name=\"checkinh\" value=\"15\"\/>\n\t\t\t\t<input type=\"hidden\" name=\"checkinm\" value=\"0\"\/>\n\t\t\t<\/div>\n\t\t<\/div>\n\t\t<div class=\"vbmodhorsearchcheckoutdiv\">\n\t\t\t<label for=\"checkoutdatemod425\">Data de check-out<\/label>\n\t\t\t<div class=\"input-group\">\n\t\t\t\t<input type=\"text\" name=\"checkoutdate\" id=\"checkoutdatemod425\" size=\"10\" autocomplete=\"off\" onfocus=\"this.blur();\" readonly\/>\n\t\t\t\t<i class=\"far fa-calendar-days vbo-caltrigger\"><\/i>\t\t\t\t<input type=\"hidden\" name=\"checkouth\" value=\"10\"\/>\n\t\t\t\t<input type=\"hidden\" name=\"checkoutm\" value=\"0\"\/>\n\t\t\t<\/div>\n\t\t<\/div>\n\t\t\t<div class=\"vbmodhorsearchtotnights\" id=\"vbjstotnightsmod425\"><\/div>\n\t\t\t<div class=\"vbmodhorsearchrac\">\n\t\t\n\t\t\t<div class=\"vbmodhorsearchroomsel\">\n\t\t\t\t\t\t\t\t<input type=\"hidden\" name=\"roomsnum\" value=\"1\">\n\t\t\t<\/div>\n\t\t\t\n\t\t\t<div class=\"vbmodhorsearchroomdentr\">\n\t\t\t\t\n\t\t\t\t<div class=\"vbmodhorsearchroomdentrfirst\">\n\t\t\t\t\t\t\t\t\t\t<div class=\"horsanumdiv\">\n\t\t\t\t\t\t<label class=\"horsanumlb\" for=\"vbo-mhs-adults-425\">Adultos<\/label>\n\t\t\t\t\t\t<span class=\"horsanumsel\"><select name=\"adults[]\" id=\"vbo-mhs-adults-425\" onchange=\"vbCountTotGuests425();\"><option value=\"1\">1<\/option><option value=\"2\" selected=\"selected\">2<\/option><option value=\"3\">3<\/option><option value=\"4\">4<\/option><\/select><\/span>\n\t\t\t\t\t<\/div>\n\t\t\t\t\t\t\t\t\t\t<div class=\"horscnumdiv\">\n\t\t\t\t\t\t<label class=\"horscnumlb\" for=\"vbo-mhs-children-425\">Crian\u00e7as<\/label>\n\t\t\t\t\t\t<span class=\"horscnumsel\"><select name=\"children[]\" id=\"vbo-mhs-children-425\" onchange=\"vbCountTotGuests425();\"><option value=\"0\">0<\/option><option value=\"1\">1<\/option><option value=\"2\">2<\/option><option value=\"3\">3<\/option><option value=\"4\">4<\/option><\/select><\/span>\n\t\t\t\t\t<\/div>\n\t\t\t\t\t\t\t\t\t<\/div>\n\t\t\t\t\n\t\t\t\t<div class=\"vbmoreroomscontmod\" id=\"vbmoreroomscontmod425\"><\/div>\n\t\t\t\t\n\t\t\t<\/div>\n\t\t\t\n\t\t<\/div>\n\t\t\t<div class=\"vbmodhorsearchbookdiv\">\n\t\t\t<button type=\"submit\" id=\"vbo-mod-horsearch-sbt-425\" class=\"btn vbsearchinputmodhors vbo-pref-color-btn\">Reserve agora<\/button>\n\t\t<\/div>\n\n\t\t<script type=\"text\/javascript\">\n\t\t\tjQuery(function() {\n\t\t\t\tjQuery('button#vbo-mod-horsearch-sbt-425').on('click', function(e) {\n\t\t\t\t\te.preventDefault();\n\t\t\t\t\tjQuery(this).prop('disabled', true);\n\t\t\t\t\tjQuery(this).html('<i class=\"fas fa-circle-notch fa-spin fa-fw\"><\/i> ' + jQuery(this).text());\n\t\t\t\t\tjQuery(this).closest('form').submit();\n\t\t\t\t});\n\t\t\t});\n\t\t<\/script>\n\t\t<\/form>\n<\/div>\n\n<div class=\"vbo-modhs-js-helpers\" style=\"display: none;\">\n\t<div class=\"vbo-modhs-add-element-html\">\n\t\t<div class=\"vbmodhorsearchroomdentr\">\n\t\t\t<span class=\"horsrnum\">Room %d<\/span>\n\t\t\t<div class=\"horsanumdiv\">\n\t\t\t\t<label style=\"display: none;\" for=\"vbo-mhs-adults-425-hid\">Adultos<\/label>\n\t\t\t\t<span class=\"horsanumsel\"><select name=\"adults[]\" id=\"vbo-mhs-adults-425-hid\" onchange=\"vbCountTotGuests425();\"><option value=\"1\">1<\/option><option value=\"2\" selected=\"selected\">2<\/option><option value=\"3\">3<\/option><option value=\"4\">4<\/option><\/select><\/span>\n\t\t\t\t\t\t\t<div class=\"horscnumdiv\">\n\t\t\t\t\t<label style=\"display: none;\" for=\"vbo-mhs-children-425-hid\">Crian\u00e7as<\/label>\n\t\t\t\t\t<span class=\"horscnumsel\"><select name=\"children[]\" id=\"vbo-mhs-children-425-hid\" onchange=\"vbCountTotGuests425();\"><option value=\"0\">0<\/option><option value=\"1\">1<\/option><option value=\"2\">2<\/option><option value=\"3\">3<\/option><option value=\"4\">4<\/option><\/select><\/span>\n\t\t\t\t<\/div>\n\t\t\t\t\t\t\t<\/div>\n\t\t<\/div>\n\t<\/div>\n<\/div>\n\n<script type=\"text\/javascript\">\nfunction vboModHorSearchSendRequest(elem, formId) {\n\tvar form_el = document.getElementById('vbo-mod-horsearch-form-' + formId);\n\tif (!form_el) {\n\t\tconsole.error('form not found', formId);\n\t\treturn false;\n\t}\n\n\t\/\/ valid all form required fields\n\tif (typeof form_el.checkValidity === 'function' && !form_el.checkValidity()) {\n\t\t\/\/ modern browsers will support this HTML5 method to check the form required fields\n\t\talert(Joomla.JText._('VBO_PLEASE_FILL_FIELDS'));\n\t\treturn false;\n\t}\n\n\t\/\/ make sure the dates have been selected\n\tvar checkin_date_el = jQuery(form_el).find('input[name=\"checkindate\"]');\n\tvar checkout_date_el = jQuery(form_el).find('input[name=\"checkoutdate\"]');\n\tif (!checkin_date_el.length || !checkin_date_el.val().length || !checkout_date_el.length || !checkout_date_el.val().length) {\n\t\talert(Joomla.JText._('VBO_PLEASE_SEL_DATES'));\n\t\treturn false;\n\t}\n\t\/\/ make sure the dates are not identical to have a min stay of 1 night\n\t\/\/ as by default the datepicker could set equal dates to the hidden fields.\n\tif (checkin_date_el.val() == checkout_date_el.val()) {\n\t\talert(Joomla.JText._('VBO_PLEASE_SEL_DATES'));\n\t\treturn false;\n\t}\n\n\t\/\/ disable the send request button to avoid double submissions\n\telem.disabled = true;\n\t\n\t\/\/ get form values\n\tvar qstring = jQuery(form_el).serialize();\n\n\t\/\/ make sure the task is not set\n\tqstring = qstring.replace('task=search', '');\n\tqstring = qstring.replace('view=search', '');\n\n\t\/\/ make the ajax request to the controller\n\tjQuery.ajax({\n\t\ttype: \"POST\",\n\t\turl: \"https:\/\/www.quintavivaavida.pt\/wp-admin\/admin-ajax.php?task=submit_inquiry&Itemid=8262&action=vikbooking&vik_ajax_client=site\",\n\t\tdata: qstring\n\t}).done(function(res) {\n\t\tif (!res.hasOwnProperty('status')) {\n\t\t\talert('Invalid response');\n\t\t\t\/\/ re-enable the button\n\t\t\telem.disabled = false;\n\t\t\treturn false;\n\t\t}\n\t\tif (!res.status) {\n\t\t\talert(res.error);\n\t\t\t\/\/ re-enable the button\n\t\t\telem.disabled = false;\n\t\t\treturn false;\n\t\t}\n\t\t\/\/ show success message by replacing all fields\n\t\tjQuery('.vbo-mod-horsearch-inquiry-fields').html('<p class=\"vbo-mod-horsearch-inquiry-mess-success\">' + Joomla.JText._('VBO_THANKS_INQ_SUBMITTED') + '<\/p>');\n\t\t\/\/ remove submit button container\n\t\tjQuery('.vbo-mod-horsearch-inquiry-submit').remove();\n\t}).fail(function(err) {\n\t\talert(err.responseText);\n\t\t\/\/ re-enable the button\n\t\telem.disabled = false;\n\t});\n}\n\nfunction vboModHorSearchBookOnline(formId) {\n\tvar form_el = document.getElementById('vbo-mod-horsearch-form-' + formId);\n\tif (!form_el) {\n\t\tconsole.error('form not found', formId);\n\t\treturn false;\n\t}\n\n\t\/\/ we need to let a button of type button trigger the submit of the \"check availability\"\n\t\/\/ or in case of inquiry, the browser will check the validity of the required fields.\n\n\t\/\/ we only check if the dates have been selected\n\tvar checkin_date_el = jQuery(form_el).find('input[name=\"checkindate\"]');\n\tvar checkout_date_el = jQuery(form_el).find('input[name=\"checkoutdate\"]');\n\tif (!checkin_date_el.length || !checkin_date_el.val().length || !checkout_date_el.length || !checkout_date_el.val().length) {\n\t\talert(Joomla.JText._('VBO_PLEASE_SEL_DATES'));\n\t\treturn false;\n\t}\n\n\t\/\/ make sure the dates are not identical to have a min stay of 1 night\n\t\/\/ as by default the datepicker could set equal dates to the hidden fields.\n\tif (checkin_date_el.val() == checkout_date_el.val()) {\n\t\talert(Joomla.JText._('VBO_PLEASE_SEL_DATES'));\n\t\treturn false;\n\t}\n\n\t\/\/ simply submit the form to start the booking process\n\tform_el.submit();\n\n\treturn true;\n}\n\nfunction vbAddElementMod425() {\n\tvar ni = document.getElementById('vbmoreroomscontmod425');\n\tvar numi = document.getElementById('vbroomhelpermod425');\n\tvar num = (document.getElementById('vbroomhelpermod425').value -1) + 2;\n\tnumi.value = num;\n\tvar newdiv = document.createElement('div');\n\tvar divIdName = 'vb'+num+'racont';\n\tnewdiv.setAttribute('id', divIdName);\n\t\/\/ build HTML content to append to new element\n\tvar new_element_html = document.getElementsByClassName('vbo-modhs-add-element-html')[0].innerHTML;\n\t\/\/ set room number\n\tlet rp_rgx = new RegExp('%d', 'g');\n\tnew_element_html = new_element_html.replace(rp_rgx, num);\n\t\/\/ get rid of label tag (Web Accessibility)\n\tlet lbl_rgx = new RegExp(\/<label\\s.+>.+<\\\/label>\/, 'g');\n\tnew_element_html = new_element_html.replace(lbl_rgx, '');\n\t\/\/ get rid of any id attribute (Web Accessibility)\n\tlet idattr_rgx = new RegExp(\/id=\"[^\\\"]+\"\/, 'g');\n\tnew_element_html = new_element_html.replace(idattr_rgx, '');\n\t\/\/ set HTML content and append element\n\tnewdiv.innerHTML = new_element_html;\n\tni.appendChild(newdiv);\n}\n\nfunction vbSetRoomsAdultsMod425(totrooms) {\n\tvar actrooms = parseInt(document.getElementById('vbroomhelpermod425').value);\n\tvar torooms = parseInt(totrooms);\n\tvar difrooms;\n\tif (torooms > actrooms) {\n\t\tdifrooms = torooms - actrooms;\n\t\tfor (var ir = 1; ir <= difrooms; ir++) {\n\t\t\tvbAddElementMod425();\n\t\t}\n\t}\n\tif (torooms < actrooms) {\n\t\tfor (var ir = actrooms; ir > torooms; ir--) {\n\t\t\tif (ir > 1) {\n\t\t\t\tvar rmra = document.getElementById('vb' + ir + 'racont');\n\t\t\t\trmra.parentNode.removeChild(rmra);\n\t\t\t}\n\t\t}\n\t\tdocument.getElementById('vbroomhelpermod425').value = torooms;\n\t}\n\tif (document.getElementById('vbmodhorsearch-hum-guests-rooms425')) {\n\t\tdocument.getElementById('vbmodhorsearch-hum-guests-rooms425').innerText = torooms;\n\t\tvbCountTotGuests425();\n\t}\n}\n\nfunction vbCountTotGuests425() {\n\tif (!document.getElementById('vbmodhorsearch-hum-guests-rooms425')) {\n\t\treturn;\n\t}\n\tvar totadults = 0;\n\tvar totchildren = 0;\n\tjQuery('#vbmodhorsearch-hum-guests-count425').parent().find('select[name=\"adults[]\"]').each(function() {\n\t\tvar curel = jQuery(this).find('option:selected');\n\t\tif (curel.length) {\n\t\t\ttotadults += parseInt(curel.val());\n\t\t}\n\t});\n\tjQuery('#vbmodhorsearch-hum-guests-adults425').text(totadults);\n\tif (jQuery('#vbmodhorsearch-hum-guests-children425').length) {\n\t\tjQuery('#vbmodhorsearch-hum-guests-count425').parent().find('select[name=\"children[]\"]').each(function() {\n\t\t\tvar curel = jQuery(this).find('option:selected');\n\t\t\tif (curel.length) {\n\t\t\t\ttotchildren += parseInt(curel.val());\n\t\t\t}\n\t\t});\n\t\tjQuery('#vbmodhorsearch-hum-guests-children425').text(totchildren);\n\t}\n}\n\nfunction vbCalcNightsMod425() {\n\tvar vbcheckin = document.getElementById('checkindatemod425').value;\n\tvar vbcheckout = document.getElementById('checkoutdatemod425').value;\n\tif (vbcheckin.length > 0 && vbcheckout.length > 0) {\n\t\tvar vbcheckinp = vbcheckin.split(\"\/\");\n\t\tvar vbcheckoutp = vbcheckout.split(\"\/\");\n\t\t\tvar vbinmonth = parseInt(vbcheckinp[1]);\n\t\tvbinmonth = vbinmonth - 1;\n\t\tvar vbinday = parseInt(vbcheckinp[0], 10);\n\t\tvar vbcheckind = new Date(vbcheckinp[2], vbinmonth, vbinday);\n\t\tvar vboutmonth = parseInt(vbcheckoutp[1]);\n\t\tvboutmonth = vboutmonth - 1;\n\t\tvar vboutday = parseInt(vbcheckoutp[0], 10);\n\t\tvar vbcheckoutd = new Date(vbcheckoutp[2], vboutmonth, vboutday);\n\t\t\t\tvar vbdivider = 1000 * 60 * 60 * 24;\n\t\tvar vbints = vbcheckind.getTime();\n\t\tvar vboutts = vbcheckoutd.getTime();\n\t\tif (vboutts > vbints) {\n\t\t\t\/\/var vbnights = Math.ceil((vboutts - vbints) \/ (vbdivider));\n\t\t\tvar utc1 = Date.UTC(vbcheckind.getFullYear(), vbcheckind.getMonth(), vbcheckind.getDate());\n\t\t\tvar utc2 = Date.UTC(vbcheckoutd.getFullYear(), vbcheckoutd.getMonth(), vbcheckoutd.getDate());\n\t\t\tvar vbnights = Math.ceil((utc2 - utc1) \/ vbdivider);\n\t\t\tif (vbnights > 0) {\n\t\t\t\tdocument.getElementById('vbjstotnightsmod425').innerHTML = '<div class=\"vbo-horizsearch-numnights-inner\"><span>Noites:<\/span> <span>'+vbnights+'<\/span><\/div>';\n\t\t\t} else {\n\t\t\t\tdocument.getElementById('vbjstotnightsmod425').innerHTML = '';\n\t\t\t}\n\t\t} else {\n\t\t\tdocument.getElementById('vbjstotnightsmod425').innerHTML = '';\n\t\t}\n\t} else {\n\t\tdocument.getElementById('vbjstotnightsmod425').innerHTML = '';\n\t}\n}\n<\/script>\n\n<input type=\"hidden\" id=\"vbroomhelpermod425\" value=\"1\"\/>\n\t\t\t\t<\/div>\n\t\t\t\t<\/div>\n\t\t\t\t<\/div>\n\t\t\t\t<\/div>\n\t\t","protected":false},"excerpt":{"rendered":"<p>F\u00e9rias sem gl\u00faten em Portugal com doen\u00e7a cel\u00edaca Sem d\u00favida. Sem explica\u00e7\u00f5es. Simplesmente seguro. Ir de f\u00e9rias com doen\u00e7a cel\u00edaca parece ser relaxante, mas, na pr\u00e1tica, muitas vezes exige muita prepara\u00e7\u00e3o. Verificar os ingredientes, procurar restaurantes, levar lanches para o caminho e torcer para que a comunica\u00e7\u00e3o noutra l\u00edngua corra bem. Na Quinta Viva a<\/p>\n","protected":false},"author":1,"featured_media":11988,"parent":0,"menu_order":0,"comment_status":"closed","ping_status":"closed","template":"elementor_header_footer","meta":{"solace_meta_sidebar":"","solace_meta_container":"","solace_meta_enable_content_width":"","solace_meta_content_width":0,"solace_meta_title_alignment":"","solace_meta_author_avatar":"","solace_post_elements_order":"","solace_meta_disable_header":"","solace_meta_disable_footer":"","solace_meta_disable_title":"","footnotes":""},"class_list":["post-12067","page","type-page","status-publish","has-post-thumbnail","hentry"],"yoast_head":"<!-- This site is optimized with the Yoast SEO plugin v28.2 - https:\/\/yoast.com\/product\/yoast-seo-wordpress\/ -->\n<title>F\u00e9rias sem gl\u00faten em Portugal com doen\u00e7a cel\u00edaca | Quinta Viva a Vida<\/title>\n<meta name=\"description\" content=\"Desfruta de umas f\u00e9rias sem gl\u00faten e sem preocupa\u00e7\u00f5es em Portugal. A Quinta Viva a Vida oferece uma estadia totalmente sem gl\u00faten no norte de Portugal, especialmente para h\u00f3spedes com doen\u00e7a cel\u00edaca.\" \/>\n<meta name=\"robots\" content=\"index, follow, max-snippet:-1, max-image-preview:large, max-video-preview:-1\" \/>\n<link rel=\"canonical\" href=\"https:\/\/www.quintavivaavida.pt\/pt-pt\/de-ferias-com-doenca-celiaca\/\" \/>\n<meta property=\"og:locale\" content=\"pt_PT\" \/>\n<meta property=\"og:type\" content=\"article\" \/>\n<meta property=\"og:title\" content=\"F\u00e9rias sem gl\u00faten em Portugal com doen\u00e7a cel\u00edaca | Quinta Viva a Vida\" \/>\n<meta property=\"og:description\" content=\"Desfruta de umas f\u00e9rias sem gl\u00faten e sem preocupa\u00e7\u00f5es em Portugal. A Quinta Viva a Vida oferece uma estadia totalmente sem gl\u00faten no norte de Portugal, especialmente para h\u00f3spedes com doen\u00e7a cel\u00edaca.\" \/>\n<meta property=\"og:url\" content=\"https:\/\/www.quintavivaavida.pt\/pt-pt\/de-ferias-com-doenca-celiaca\/\" \/>\n<meta property=\"og:site_name\" content=\"Quinta Viva a Vida - Glutenvrije vakantie in Portugal\" \/>\n<meta property=\"article:publisher\" content=\"https:\/\/www.facebook.com\/glutenvrijportugal\" \/>\n<meta property=\"article:modified_time\" content=\"2026-08-25T20:38:00+00:00\" \/>\n<meta property=\"og:image\" content=\"https:\/\/www.quintavivaavida.pt\/wp-content\/uploads\/2025\/10\/cropped-Logo_Quinta_Viva_a_Vida_vakantie_portugal_50.png\" \/>\n\t<meta property=\"og:image:width\" content=\"512\" \/>\n\t<meta property=\"og:image:height\" content=\"512\" \/>\n\t<meta property=\"og:image:type\" content=\"image\/png\" \/>\n<meta name=\"twitter:card\" content=\"summary_large_image\" \/>\n<meta name=\"twitter:label1\" content=\"Tempo estimado de leitura\" \/>\n\t<meta name=\"twitter:data1\" content=\"4 minutos\" \/>\n<script type=\"application\/ld+json\" class=\"yoast-schema-graph\">{\"@context\":\"https:\\\/\\\/schema.org\",\"@graph\":[{\"@type\":\"WebPage\",\"@id\":\"https:\\\/\\\/www.quintavivaavida.pt\\\/pt-pt\\\/de-ferias-com-doenca-celiaca\\\/\",\"url\":\"https:\\\/\\\/www.quintavivaavida.pt\\\/pt-pt\\\/de-ferias-com-doenca-celiaca\\\/\",\"name\":\"F\u00e9rias sem gl\u00faten em Portugal com doen\u00e7a cel\u00edaca | Quinta Viva a Vida\",\"isPartOf\":{\"@id\":\"https:\\\/\\\/www.quintavivaavida.pt\\\/pt-pt\\\/#website\"},\"primaryImageOfPage\":{\"@id\":\"https:\\\/\\\/www.quintavivaavida.pt\\\/pt-pt\\\/de-ferias-com-doenca-celiaca\\\/#primaryimage\"},\"image\":{\"@id\":\"https:\\\/\\\/www.quintavivaavida.pt\\\/pt-pt\\\/de-ferias-com-doenca-celiaca\\\/#primaryimage\"},\"thumbnailUrl\":\"https:\\\/\\\/www.quintavivaavida.pt\\\/wp-content\\\/uploads\\\/2025\\\/10\\\/cropped-Logo_Quinta_Viva_a_Vida_vakantie_portugal_50.png\",\"datePublished\":\"2025-06-18T19:28:03+00:00\",\"dateModified\":\"2026-08-25T20:38:00+00:00\",\"description\":\"Desfruta de umas f\u00e9rias sem gl\u00faten e sem preocupa\u00e7\u00f5es em Portugal. A Quinta Viva a Vida oferece uma estadia totalmente sem gl\u00faten no norte de Portugal, especialmente para h\u00f3spedes com doen\u00e7a cel\u00edaca.\",\"breadcrumb\":{\"@id\":\"https:\\\/\\\/www.quintavivaavida.pt\\\/pt-pt\\\/de-ferias-com-doenca-celiaca\\\/#breadcrumb\"},\"inLanguage\":\"pt-PT\",\"potentialAction\":[{\"@type\":\"ReadAction\",\"target\":[\"https:\\\/\\\/www.quintavivaavida.pt\\\/pt-pt\\\/de-ferias-com-doenca-celiaca\\\/\"]}]},{\"@type\":\"ImageObject\",\"inLanguage\":\"pt-PT\",\"@id\":\"https:\\\/\\\/www.quintavivaavida.pt\\\/pt-pt\\\/de-ferias-com-doenca-celiaca\\\/#primaryimage\",\"url\":\"https:\\\/\\\/www.quintavivaavida.pt\\\/wp-content\\\/uploads\\\/2025\\\/10\\\/cropped-Logo_Quinta_Viva_a_Vida_vakantie_portugal_50.png\",\"contentUrl\":\"https:\\\/\\\/www.quintavivaavida.pt\\\/wp-content\\\/uploads\\\/2025\\\/10\\\/cropped-Logo_Quinta_Viva_a_Vida_vakantie_portugal_50.png\",\"width\":512,\"height\":512},{\"@type\":\"BreadcrumbList\",\"@id\":\"https:\\\/\\\/www.quintavivaavida.pt\\\/pt-pt\\\/de-ferias-com-doenca-celiaca\\\/#breadcrumb\",\"itemListElement\":[{\"@type\":\"ListItem\",\"position\":1,\"name\":\"In\u00edcio\",\"item\":\"https:\\\/\\\/www.quintavivaavida.pt\\\/pt-pt\\\/passar-ferias-no-norte-de-portugal-quinta-viva-a-vida\\\/\"},{\"@type\":\"ListItem\",\"position\":2,\"name\":\"De f\u00e9rias com doen\u00e7a cel\u00edaca\"}]},{\"@type\":\"WebSite\",\"@id\":\"https:\\\/\\\/www.quintavivaavida.pt\\\/pt-pt\\\/#website\",\"url\":\"https:\\\/\\\/www.quintavivaavida.pt\\\/pt-pt\\\/\",\"name\":\"Gluttenvrije Vakantie in Portugal | Quinta Viva a Vida\",\"description\":\"Een 100% glutenvrije vakantieplek in Noord-Portugal, waar mensen met coeliakie en hun gezin zorgeloos kunnen genieten.\",\"publisher\":{\"@id\":\"https:\\\/\\\/www.quintavivaavida.pt\\\/pt-pt\\\/#organization\"},\"potentialAction\":[{\"@type\":\"SearchAction\",\"target\":{\"@type\":\"EntryPoint\",\"urlTemplate\":\"https:\\\/\\\/www.quintavivaavida.pt\\\/pt-pt\\\/?s={search_term_string}\"},\"query-input\":{\"@type\":\"PropertyValueSpecification\",\"valueRequired\":true,\"valueName\":\"search_term_string\"}}],\"inLanguage\":\"pt-PT\"},{\"@type\":\"Organization\",\"@id\":\"https:\\\/\\\/www.quintavivaavida.pt\\\/pt-pt\\\/#organization\",\"name\":\"Quinta Nosso Sohno\",\"url\":\"https:\\\/\\\/www.quintavivaavida.pt\\\/pt-pt\\\/\",\"logo\":{\"@type\":\"ImageObject\",\"inLanguage\":\"pt-PT\",\"@id\":\"https:\\\/\\\/www.quintavivaavida.pt\\\/pt-pt\\\/#\\\/schema\\\/logo\\\/image\\\/\",\"url\":\"\",\"contentUrl\":\"\",\"caption\":\"Quinta Nosso Sohno\"},\"image\":{\"@id\":\"https:\\\/\\\/www.quintavivaavida.pt\\\/pt-pt\\\/#\\\/schema\\\/logo\\\/image\\\/\"},\"sameAs\":[\"https:\\\/\\\/www.facebook.com\\\/glutenvrijportugal\",\"https:\\\/\\\/www.instagram.com\\\/glutenvrijebenbinportugal\\\/\"]}]}<\/script>\n<!-- \/ Yoast SEO plugin. -->","yoast_head_json":{"title":"F\u00e9rias sem gl\u00faten em Portugal com doen\u00e7a cel\u00edaca | Quinta Viva a Vida","description":"Desfruta de umas f\u00e9rias sem gl\u00faten e sem preocupa\u00e7\u00f5es em Portugal. A Quinta Viva a Vida oferece uma estadia totalmente sem gl\u00faten no norte de Portugal, especialmente para h\u00f3spedes com doen\u00e7a cel\u00edaca.","robots":{"index":"index","follow":"follow","max-snippet":"max-snippet:-1","max-image-preview":"max-image-preview:large","max-video-preview":"max-video-preview:-1"},"canonical":"https:\/\/www.quintavivaavida.pt\/pt-pt\/de-ferias-com-doenca-celiaca\/","og_locale":"pt_PT","og_type":"article","og_title":"F\u00e9rias sem gl\u00faten em Portugal com doen\u00e7a cel\u00edaca | Quinta Viva a Vida","og_description":"Desfruta de umas f\u00e9rias sem gl\u00faten e sem preocupa\u00e7\u00f5es em Portugal. A Quinta Viva a Vida oferece uma estadia totalmente sem gl\u00faten no norte de Portugal, especialmente para h\u00f3spedes com doen\u00e7a cel\u00edaca.","og_url":"https:\/\/www.quintavivaavida.pt\/pt-pt\/de-ferias-com-doenca-celiaca\/","og_site_name":"Quinta Viva a Vida - Glutenvrije vakantie in Portugal","article_publisher":"https:\/\/www.facebook.com\/glutenvrijportugal","article_modified_time":"2026-08-25T20:38:00+00:00","og_image":[{"width":512,"height":512,"url":"https:\/\/www.quintavivaavida.pt\/wp-content\/uploads\/2025\/10\/cropped-Logo_Quinta_Viva_a_Vida_vakantie_portugal_50.png","type":"image\/png"}],"twitter_card":"summary_large_image","twitter_misc":{"Tempo estimado de leitura":"4 minutos"},"schema":{"@context":"https:\/\/schema.org","@graph":[{"@type":"WebPage","@id":"https:\/\/www.quintavivaavida.pt\/pt-pt\/de-ferias-com-doenca-celiaca\/","url":"https:\/\/www.quintavivaavida.pt\/pt-pt\/de-ferias-com-doenca-celiaca\/","name":"F\u00e9rias sem gl\u00faten em Portugal com doen\u00e7a cel\u00edaca | Quinta Viva a Vida","isPartOf":{"@id":"https:\/\/www.quintavivaavida.pt\/pt-pt\/#website"},"primaryImageOfPage":{"@id":"https:\/\/www.quintavivaavida.pt\/pt-pt\/de-ferias-com-doenca-celiaca\/#primaryimage"},"image":{"@id":"https:\/\/www.quintavivaavida.pt\/pt-pt\/de-ferias-com-doenca-celiaca\/#primaryimage"},"thumbnailUrl":"https:\/\/www.quintavivaavida.pt\/wp-content\/uploads\/2025\/10\/cropped-Logo_Quinta_Viva_a_Vida_vakantie_portugal_50.png","datePublished":"2025-06-18T19:28:03+00:00","dateModified":"2026-08-25T20:38:00+00:00","description":"Desfruta de umas f\u00e9rias sem gl\u00faten e sem preocupa\u00e7\u00f5es em Portugal. A Quinta Viva a Vida oferece uma estadia totalmente sem gl\u00faten no norte de Portugal, especialmente para h\u00f3spedes com doen\u00e7a cel\u00edaca.","breadcrumb":{"@id":"https:\/\/www.quintavivaavida.pt\/pt-pt\/de-ferias-com-doenca-celiaca\/#breadcrumb"},"inLanguage":"pt-PT","potentialAction":[{"@type":"ReadAction","target":["https:\/\/www.quintavivaavida.pt\/pt-pt\/de-ferias-com-doenca-celiaca\/"]}]},{"@type":"ImageObject","inLanguage":"pt-PT","@id":"https:\/\/www.quintavivaavida.pt\/pt-pt\/de-ferias-com-doenca-celiaca\/#primaryimage","url":"https:\/\/www.quintavivaavida.pt\/wp-content\/uploads\/2025\/10\/cropped-Logo_Quinta_Viva_a_Vida_vakantie_portugal_50.png","contentUrl":"https:\/\/www.quintavivaavida.pt\/wp-content\/uploads\/2025\/10\/cropped-Logo_Quinta_Viva_a_Vida_vakantie_portugal_50.png","width":512,"height":512},{"@type":"BreadcrumbList","@id":"https:\/\/www.quintavivaavida.pt\/pt-pt\/de-ferias-com-doenca-celiaca\/#breadcrumb","itemListElement":[{"@type":"ListItem","position":1,"name":"In\u00edcio","item":"https:\/\/www.quintavivaavida.pt\/pt-pt\/passar-ferias-no-norte-de-portugal-quinta-viva-a-vida\/"},{"@type":"ListItem","position":2,"name":"De f\u00e9rias com doen\u00e7a cel\u00edaca"}]},{"@type":"WebSite","@id":"https:\/\/www.quintavivaavida.pt\/pt-pt\/#website","url":"https:\/\/www.quintavivaavida.pt\/pt-pt\/","name":"Gluttenvrije Vakantie in Portugal | Quinta Viva a Vida","description":"Een 100% glutenvrije vakantieplek in Noord-Portugal, waar mensen met coeliakie en hun gezin zorgeloos kunnen genieten.","publisher":{"@id":"https:\/\/www.quintavivaavida.pt\/pt-pt\/#organization"},"potentialAction":[{"@type":"SearchAction","target":{"@type":"EntryPoint","urlTemplate":"https:\/\/www.quintavivaavida.pt\/pt-pt\/?s={search_term_string}"},"query-input":{"@type":"PropertyValueSpecification","valueRequired":true,"valueName":"search_term_string"}}],"inLanguage":"pt-PT"},{"@type":"Organization","@id":"https:\/\/www.quintavivaavida.pt\/pt-pt\/#organization","name":"Quinta Nosso Sohno","url":"https:\/\/www.quintavivaavida.pt\/pt-pt\/","logo":{"@type":"ImageObject","inLanguage":"pt-PT","@id":"https:\/\/www.quintavivaavida.pt\/pt-pt\/#\/schema\/logo\/image\/","url":"","contentUrl":"","caption":"Quinta Nosso Sohno"},"image":{"@id":"https:\/\/www.quintavivaavida.pt\/pt-pt\/#\/schema\/logo\/image\/"},"sameAs":["https:\/\/www.facebook.com\/glutenvrijportugal","https:\/\/www.instagram.com\/glutenvrijebenbinportugal\/"]}]}},"_links":{"self":[{"href":"https:\/\/www.quintavivaavida.pt\/pt-pt\/wp-json\/wp\/v2\/pages\/12067","targetHints":{"allow":["GET"]}}],"collection":[{"href":"https:\/\/www.quintavivaavida.pt\/pt-pt\/wp-json\/wp\/v2\/pages"}],"about":[{"href":"https:\/\/www.quintavivaavida.pt\/pt-pt\/wp-json\/wp\/v2\/types\/page"}],"author":[{"embeddable":true,"href":"https:\/\/www.quintavivaavida.pt\/pt-pt\/wp-json\/wp\/v2\/users\/1"}],"replies":[{"embeddable":true,"href":"https:\/\/www.quintavivaavida.pt\/pt-pt\/wp-json\/wp\/v2\/comments?post=12067"}],"version-history":[{"count":6,"href":"https:\/\/www.quintavivaavida.pt\/pt-pt\/wp-json\/wp\/v2\/pages\/12067\/revisions"}],"predecessor-version":[{"id":12526,"href":"https:\/\/www.quintavivaavida.pt\/pt-pt\/wp-json\/wp\/v2\/pages\/12067\/revisions\/12526"}],"wp:featuredmedia":[{"embeddable":true,"href":"https:\/\/www.quintavivaavida.pt\/pt-pt\/wp-json\/wp\/v2\/media\/11988"}],"wp:attachment":[{"href":"https:\/\/www.quintavivaavida.pt\/pt-pt\/wp-json\/wp\/v2\/media?parent=12067"}],"curies":[{"name":"wp","href":"https:\/\/api.w.org\/{rel}","templated":true}]}}