{"id":12039,"date":"2025-10-23T17:06:02","date_gmt":"2025-10-23T16:06:02","guid":{"rendered":"https:\/\/www.quintavivaavida.pt\/o-nosso-bb-no-norte-de-portugal\/"},"modified":"2026-08-22T20:12:18","modified_gmt":"2026-08-22T19:12:18","slug":"o-nosso-bb-no-norte-de-portugal","status":"publish","type":"page","link":"https:\/\/www.quintavivaavida.pt\/pt-pt\/o-nosso-bb-no-norte-de-portugal\/","title":{"rendered":"O nosso B&#038;B no Norte de Portugal"},"content":{"rendered":"\t\t<div data-elementor-type=\"wp-page\" data-elementor-id=\"12039\" class=\"elementor elementor-12039 elementor-6237\" data-elementor-post-type=\"page\">\n\t\t\t\t<div class=\"elementor-element elementor-element-f320c4b e-con-full center-box e-flex e-con e-parent\" data-id=\"f320c4b\" data-element_type=\"container\" data-e-type=\"container\" data-settings=\"{&quot;background_background&quot;:&quot;classic&quot;}\">\n\t\t<div class=\"elementor-element elementor-element-8c5868f e-con-full e-flex e-con e-child\" data-id=\"8c5868f\" data-element_type=\"container\" data-e-type=\"container\">\n\t\t\t\t<div class=\"elementor-element elementor-element-d4f8b17 elementor-widget elementor-widget-heading\" data-id=\"d4f8b17\" data-element_type=\"widget\" data-e-type=\"widget\" data-widget_type=\"heading.default\">\n\t\t\t\t<div class=\"elementor-widget-container\">\n\t\t\t\t\t<h1 class=\"elementor-heading-title elementor-size-default\">O nosso B&amp;B no Norte de Portugal<\/h1>\t\t\t\t<\/div>\n\t\t\t\t<\/div>\n\t\t\t\t<\/div>\n\t\t\t\t<\/div>\n\t\t<div class=\"elementor-element elementor-element-1b608fe e-con-full center-box e-flex e-con e-parent\" data-id=\"1b608fe\" data-element_type=\"container\" data-e-type=\"container\" data-settings=\"{&quot;background_background&quot;:&quot;classic&quot;}\">\n\t\t<div class=\"elementor-element elementor-element-92cee72 e-con-full e-flex e-con e-child\" data-id=\"92cee72\" data-element_type=\"container\" data-e-type=\"container\">\n\t\t\t\t<div class=\"elementor-element elementor-element-8812805 elementor-widget-tablet__width-inherit elementor-widget elementor-widget-image\" data-id=\"8812805\" data-element_type=\"widget\" data-e-type=\"widget\" data-widget_type=\"image.default\">\n\t\t\t\t<div class=\"elementor-widget-container\">\n\t\t\t\t\t\t\t\t\t\t\t\t\t\t\t<img fetchpriority=\"high\" decoding=\"async\" width=\"640\" height=\"480\" src=\"https:\/\/www.quintavivaavida.pt\/wp-content\/uploads\/2026\/08\/Casa-Do-Jardim-buiten-uitzicht.webp\" class=\"attachment-large size-large wp-image-12317\" alt=\"Casa de f\u00e9rias isenta de gl\u00faten\" srcset=\"https:\/\/www.quintavivaavida.pt\/wp-content\/uploads\/2026\/08\/Casa-Do-Jardim-buiten-uitzicht.webp 1024w, https:\/\/www.quintavivaavida.pt\/wp-content\/uploads\/2026\/08\/Casa-Do-Jardim-buiten-uitzicht-300x225.webp 300w, https:\/\/www.quintavivaavida.pt\/wp-content\/uploads\/2026\/08\/Casa-Do-Jardim-buiten-uitzicht-768x576.webp 768w\" sizes=\"(max-width: 640px) 100vw, 640px\" \/>\t\t\t\t\t\t\t\t\t\t\t\t\t\t\t<\/div>\n\t\t\t\t<\/div>\n\t\t\t\t<div class=\"elementor-element elementor-element-b7d58c4 elementor-widget__width-initial elementor-widget elementor-widget-text-editor\" data-id=\"b7d58c4\" data-element_type=\"widget\" data-e-type=\"widget\" data-widget_type=\"text-editor.default\">\n\t\t\t\t<div class=\"elementor-widget-container\">\n\t\t\t\t\t\t\t\t\t<p>O primeiro passo foi dado: a Casa do Jardim j\u00e1 pode ser reservada!<br><br><\/p><p>Com muito empenho, continuamos a trabalhar na Quinta Viva a Vida, um B&B de pequena escala, 100 % isento de gl\u00faten, no deslumbrante Norte de Portugal. Embora o nosso projeto ainda esteja em pleno desenvolvimento, j\u00e1 recebemos com muito prazer os nossos primeiros h\u00f3spedes na Casa do Jardim. <br><br><\/p><p>O nosso segundo alojamento, a Casa de Baixo, encontra-se atualmente em constru\u00e7\u00e3o. Prevemos que esteja conclu\u00edda no in\u00edcio de 2027. Assim que os trabalhos terminarem, atualizaremos esta p\u00e1gina com fotografias detalhadas e todas as informa\u00e7\u00f5es sobre este alojamento.  <br><br><\/p><p>As fotografias no nosso s\u00edtio Web tamb\u00e9m ser\u00e3o atualizadas progressivamente nos pr\u00f3ximos tempos. Como estamos a concluir tudo passo a passo, optamos por publicar as fotografias apenas quando um alojamento estiver totalmente pronto. Assim, ter\u00e1 a certeza de que o que v\u00ea \u00e9 exatamente o que pode esperar.  <br><br><\/p><p>Boas not\u00edcias: a Casa do Jardim est\u00e1 dispon\u00edvel para reserva! Estamos ansiosos por lhe dar as boas-vindas em breve e permitir que desfrute de uma estadia relaxante, no meio da natureza e totalmente sem preocupa\u00e7\u00f5es, gra\u00e7as ao nosso alojamento 100 % isento de gl\u00faten. <\/p>\t\t\t\t\t\t\t\t<\/div>\n\t\t\t\t<\/div>\n\t\t\t\t<\/div>\n\t\t\t\t<\/div>\n\t\t<div class=\"elementor-element elementor-element-a28e38c e-con-full center-box e-flex e-con e-parent\" data-id=\"a28e38c\" data-element_type=\"container\" data-e-type=\"container\" data-settings=\"{&quot;background_background&quot;:&quot;classic&quot;}\">\n\t\t<div class=\"elementor-element elementor-element-3148e27 e-con-full e-flex e-con e-child\" data-id=\"3148e27\" data-element_type=\"container\" data-e-type=\"container\">\n\t\t\t\t<div class=\"elementor-element elementor-element-e958c85 elementor-widget elementor-widget-shortcode\" data-id=\"e958c85\" data-element_type=\"widget\" data-e-type=\"widget\" data-widget_type=\"shortcode.default\">\n\t\t\t\t<div class=\"elementor-widget-container\">\n\t\t\t\t\t\t\t<div class=\"elementor-shortcode\">\n<div class=\"wrap plugin-container\">\n\n\t\n\t\n\t<div class=\"vblistcontainer vblistcontainer-list\">\n<ul class=\"vblist\">\n\t<li class=\"room_result\">\n\t\t<div class=\"room_result-inner\">\n\t\t\t<div class=\"vblistroomblock\">\n\t\t\t\t\t\t\t<div class=\"vbimglistdiv\">\n\t\t\t\t\t<a class=\"vbo-roomslist-imglink\" href=\"https:\/\/www.quintavivaavida.pt\/pt-pt\/casa-do-jardim\/\">\n\t\t\t\t\t\t<img decoding=\"async\" src=\"https:\/\/www.quintavivaavida.pt\/wp-content\/plugins\/vikbooking\/site\/resources\/uploads\/casa_do_jardim_buiten.webp\" alt=\"Casa do Jardim\" class=\"vblistimg\"\/>\n\t\t\t\t\t<\/a>\n\t\t\t\t\t\t\t\t\t<div class=\"vbmodalrdetails vbo-roomslist-opengallery-cont\">\n\t\t\t\t\t\t<a href=\"javascript: void(0);\" class=\"vbo-roomslist-opengallery\" data-roomid=\"5\"><i class=\"fas fa-camera\"><\/i><\/a>\n\t\t\t\t\t<\/div>\n\t\t\t\t\t<div class=\"vikfx-gallery\" id=\"vikfx-gallery5\" style=\"display: none;\">\n\t\t\t\t\t\t\t\t\t\t\t<a href=\"https:\/\/www.quintavivaavida.pt\/wp-content\/plugins\/vikbooking\/site\/resources\/uploads\/big_slaapkamer_closeup_caso_do_jardim.webp\" style=\"display: none;\">\n\t\t\t\t\t\t\t<img decoding=\"async\" src=\"https:\/\/www.quintavivaavida.pt\/wp-content\/plugins\/vikbooking\/site\/resources\/uploads\/thumb_slaapkamer_closeup_caso_do_jardim.webp\" alt=\"slaapkamer_closeup_caso_do_jardim\" title=\"\" style=\"display: none;\"\/>\n\t\t\t\t\t\t<\/a>\n\t\t\t\t\t\t\t\t\t\t\t\t<a href=\"https:\/\/www.quintavivaavida.pt\/wp-content\/plugins\/vikbooking\/site\/resources\/uploads\/big_terras_beneden_casa_do_jardim.webp\" style=\"display: none;\">\n\t\t\t\t\t\t\t<img decoding=\"async\" src=\"https:\/\/www.quintavivaavida.pt\/wp-content\/plugins\/vikbooking\/site\/resources\/uploads\/thumb_terras_beneden_casa_do_jardim.webp\" alt=\"terras_beneden_casa_do_jardim\" title=\"\" style=\"display: none;\"\/>\n\t\t\t\t\t\t<\/a>\n\t\t\t\t\t\t\t\t\t\t\t\t<a href=\"https:\/\/www.quintavivaavida.pt\/wp-content\/plugins\/vikbooking\/site\/resources\/uploads\/big_badkamer.webp\" style=\"display: none;\">\n\t\t\t\t\t\t\t<img decoding=\"async\" src=\"https:\/\/www.quintavivaavida.pt\/wp-content\/plugins\/vikbooking\/site\/resources\/uploads\/thumb_badkamer.webp\" alt=\"badkamer\" title=\"\" style=\"display: none;\"\/>\n\t\t\t\t\t\t<\/a>\n\t\t\t\t\t\t\t\t\t\t\t\t<a href=\"https:\/\/www.quintavivaavida.pt\/wp-content\/plugins\/vikbooking\/site\/resources\/uploads\/big_woonkamer2.webp\" style=\"display: none;\">\n\t\t\t\t\t\t\t<img decoding=\"async\" src=\"https:\/\/www.quintavivaavida.pt\/wp-content\/plugins\/vikbooking\/site\/resources\/uploads\/thumb_woonkamer2.webp\" alt=\"woonkamer2\" title=\"\" style=\"display: none;\"\/>\n\t\t\t\t\t\t<\/a>\n\t\t\t\t\t\t\t\t\t\t\t\t<a href=\"https:\/\/www.quintavivaavida.pt\/wp-content\/plugins\/vikbooking\/site\/resources\/uploads\/big_keukenblad.webp\" style=\"display: none;\">\n\t\t\t\t\t\t\t<img decoding=\"async\" src=\"https:\/\/www.quintavivaavida.pt\/wp-content\/plugins\/vikbooking\/site\/resources\/uploads\/thumb_keukenblad.webp\" alt=\"keukenblad\" title=\"\" style=\"display: none;\"\/>\n\t\t\t\t\t\t<\/a>\n\t\t\t\t\t\t\t\t\t\t\t\t<a href=\"https:\/\/www.quintavivaavida.pt\/wp-content\/plugins\/vikbooking\/site\/resources\/uploads\/big_terras.webp\" style=\"display: none;\">\n\t\t\t\t\t\t\t<img decoding=\"async\" src=\"https:\/\/www.quintavivaavida.pt\/wp-content\/plugins\/vikbooking\/site\/resources\/uploads\/thumb_terras.webp\" alt=\"terras\" title=\"\" style=\"display: none;\"\/>\n\t\t\t\t\t\t<\/a>\n\t\t\t\t\t\t\t\t\t\t\t\t<a href=\"https:\/\/www.quintavivaavida.pt\/wp-content\/plugins\/vikbooking\/site\/resources\/uploads\/big_slaapkamer_2.webp\" style=\"display: none;\">\n\t\t\t\t\t\t\t<img decoding=\"async\" src=\"https:\/\/www.quintavivaavida.pt\/wp-content\/plugins\/vikbooking\/site\/resources\/uploads\/thumb_slaapkamer_2.webp\" alt=\"slaapkamer_2\" title=\"\" style=\"display: none;\"\/>\n\t\t\t\t\t\t<\/a>\n\t\t\t\t\t\t\t\t\t\t\t\t<a href=\"https:\/\/www.quintavivaavida.pt\/wp-content\/plugins\/vikbooking\/site\/resources\/uploads\/big_uitzicht_portugal.webp\" style=\"display: none;\">\n\t\t\t\t\t\t\t<img decoding=\"async\" src=\"https:\/\/www.quintavivaavida.pt\/wp-content\/plugins\/vikbooking\/site\/resources\/uploads\/thumb_uitzicht_portugal.webp\" alt=\"uitzicht_portugal\" title=\"\" style=\"display: none;\"\/>\n\t\t\t\t\t\t<\/a>\n\t\t\t\t\t\t\t\t\t\t\t\t<a href=\"https:\/\/www.quintavivaavida.pt\/wp-content\/plugins\/vikbooking\/site\/resources\/uploads\/big_slaapkamer_avond.webp\" style=\"display: none;\">\n\t\t\t\t\t\t\t<img decoding=\"async\" src=\"https:\/\/www.quintavivaavida.pt\/wp-content\/plugins\/vikbooking\/site\/resources\/uploads\/thumb_slaapkamer_avond.webp\" alt=\"slaapkamer_avond\" title=\"\" style=\"display: none;\"\/>\n\t\t\t\t\t\t<\/a>\n\t\t\t\t\t\t\t\t\t\t\t\t<a href=\"https:\/\/www.quintavivaavida.pt\/wp-content\/plugins\/vikbooking\/site\/resources\/uploads\/big_badkamer_overzicht.webp\" style=\"display: none;\">\n\t\t\t\t\t\t\t<img decoding=\"async\" src=\"https:\/\/www.quintavivaavida.pt\/wp-content\/plugins\/vikbooking\/site\/resources\/uploads\/thumb_badkamer_overzicht.webp\" alt=\"badkamer_overzicht\" title=\"\" style=\"display: none;\"\/>\n\t\t\t\t\t\t<\/a>\n\t\t\t\t\t\t\t\t\t\t\t\t<a href=\"https:\/\/www.quintavivaavida.pt\/wp-content\/plugins\/vikbooking\/site\/resources\/uploads\/big_1426slaapkamer_glutenvrije_bnb.webp\" style=\"display: none;\">\n\t\t\t\t\t\t\t<img decoding=\"async\" src=\"https:\/\/www.quintavivaavida.pt\/wp-content\/plugins\/vikbooking\/site\/resources\/uploads\/thumb_1426slaapkamer_glutenvrije_bnb.webp\" alt=\"1426slaapkamer_glutenvrije_bnb\" title=\"\" style=\"display: none;\"\/>\n\t\t\t\t\t\t<\/a>\n\t\t\t\t\t\t\t\t\t\t\t\t<a href=\"https:\/\/www.quintavivaavida.pt\/wp-content\/plugins\/vikbooking\/site\/resources\/uploads\/big_keuken.webp\" style=\"display: none;\">\n\t\t\t\t\t\t\t<img decoding=\"async\" src=\"https:\/\/www.quintavivaavida.pt\/wp-content\/plugins\/vikbooking\/site\/resources\/uploads\/thumb_keuken.webp\" alt=\"keuken\" title=\"\" style=\"display: none;\"\/>\n\t\t\t\t\t\t<\/a>\n\t\t\t\t\t\t\t\t\t\t\t\t<a href=\"https:\/\/www.quintavivaavida.pt\/wp-content\/plugins\/vikbooking\/site\/resources\/uploads\/big_slaapkamer_detail.webp\" style=\"display: none;\">\n\t\t\t\t\t\t\t<img decoding=\"async\" src=\"https:\/\/www.quintavivaavida.pt\/wp-content\/plugins\/vikbooking\/site\/resources\/uploads\/thumb_slaapkamer_detail.webp\" alt=\"slaapkamer_detail\" title=\"\" style=\"display: none;\"\/>\n\t\t\t\t\t\t<\/a>\n\t\t\t\t\t\t\t\t\t\t\t\t<a href=\"https:\/\/www.quintavivaavida.pt\/wp-content\/plugins\/vikbooking\/site\/resources\/uploads\/big_woonkamer.webp\" style=\"display: none;\">\n\t\t\t\t\t\t\t<img decoding=\"async\" src=\"https:\/\/www.quintavivaavida.pt\/wp-content\/plugins\/vikbooking\/site\/resources\/uploads\/thumb_woonkamer.webp\" alt=\"woonkamer\" title=\"\" style=\"display: none;\"\/>\n\t\t\t\t\t\t<\/a>\n\t\t\t\t\t\t\t\t\t\t\t\t<a href=\"https:\/\/www.quintavivaavida.pt\/wp-content\/plugins\/vikbooking\/site\/resources\/uploads\/big_casa_do_jardim_glutenvrije_vakantie.webp\" style=\"display: none;\">\n\t\t\t\t\t\t\t<img decoding=\"async\" src=\"https:\/\/www.quintavivaavida.pt\/wp-content\/plugins\/vikbooking\/site\/resources\/uploads\/thumb_casa_do_jardim_glutenvrije_vakantie.webp\" alt=\"casa_do_jardim_glutenvrije_vakantie\" title=\"\" style=\"display: none;\"\/>\n\t\t\t\t\t\t<\/a>\n\t\t\t\t\t\t\t\t\t\t\t<\/div>\n\t\t\t\t\t\t\t\t<\/div>\n\t\t\t\t\t\t\t<div class=\"vbo-info-room\">\n\t\t\t\t\t<div class=\"vbdescrlistdiv\">\n\t\t\t\t\t\t<h4 class=\"vbrowcname\">\n\t\t\t\t\t\t\t<a href=\"https:\/\/www.quintavivaavida.pt\/pt-pt\/casa-do-jardim\/\">Casa do Jardim<\/a>\n\t\t\t\t\t\t<\/h4>\n\t\t\t\t\t\t<span class=\"vblistroomcat\">Alojamentos<\/span>\n\t\t\t\t\t\t<div class=\"vbrowcdescr\">A Casa do Jardim \u00e9 uma casa independente com jardim privado, muita luz solar e vistas para a vegeta\u00e7\u00e3o envolvente. Com dois quartos, cozinha totalmente equipada e acesso \u00e0 piscina, \u00e9 um local maravilhoso para casais e fam\u00edlias que desejam descobrir o Norte de Portugal a um ritmo tranquilo.\r\n\r\n<br>Para os h\u00f3spedes que assim o desejarem, pode ser reservado um pequeno-almo\u00e7o totalmente isento de gl\u00faten, preparado em seguran\u00e7a, pois a doen\u00e7a cel\u00edaca faz parte da nossa fam\u00edlia.<\/div>\n\t\t\t\t\t<\/div>\n\t\t\t\t\t\t\t\t\t<div class=\"roomlist_carats\">\n\t\t\t\t\t<div class=\"vbo-room-carats\">\n<span class=\"vbo-room-carat\"><span class=\"vbo-expl\" data-vbo-expl=\"Wi-Fi\"><i class=\"fas fa-wifi vbo-icn-carat\"><\/i><\/span><\/span>\n<span class=\"vbo-room-carat\"><span class=\"vbo-expl\" data-vbo-expl=\"TV\"><i class=\"fas fa-tv vbo-icn-carat\"><\/i><\/span><\/span>\n<span class=\"vbo-room-carat\"><span class=\"vbo-expl\" data-vbo-expl=\"Casa de banho\"><i class=\"fas fa-bath vbo-icn-carat\"><\/i><\/span><\/span>\n<span class=\"vbo-room-carat\"><span class=\"vbo-expl\" data-vbo-expl=\"Cozinha\"><i class=\"fas fa-utensils vbo-icn-carat\"><\/i><\/span><\/span>\n<\/div>\n\t\t\t\t\t<\/div>\n\t\t\t\t\t\t\t\t\t<\/div>\n\t\t\t<\/div>\n\n\t\t\t<div class=\"vbcontdivtot\">\n\t\t\t\t<div class=\"vbdivtot\">\n\t\t\t\t\t<div class=\"vbdivtotinline\">\n\t\t\t\t\t\t<div class=\"vbsrowprice\">\n\t\t\t\t\t\t\t<div class=\"vbrowroomcapacity\">\n\t\t\t\t\t\t\t<i class=\"fas fa-male vbo-pref-color-text\"><\/i><i class=\"fas fa-male vbo-pref-color-text\"><\/i><i class=\"fas fa-male vbo-pref-color-text\"><\/i><i class=\"fas fa-male vbo-pref-color-text\"><\/i>\t\t\t\t\t\t\t<\/div>\n\t\t\t\t\t\t\t\t\t\t<div class=\"vbsrowpricediv\">\n\t\t\t\t\t\t\t\t<span class=\"room_cost\"><span class=\"vbo_currency\">\u20ac<\/span> <span class=\"vbo_price\">99.00<\/span><\/span>\n\t\t\t\t\t\t\t\t<span class=\"vbliststartfrom\">por noite<\/span>\n\t\t\t\t\t\t\t\t\t\t\t\t\t\t\t\t<div class=\"vbliststartfrom-subtxt\">Pequeno-almo\u00e7o sem gl\u00faten dispon\u00edvel mediante reserva.<\/div>\n\t\t\t\t\t\t\t\t\t\t\t\t\t\t\t\t<\/div>\n\t\t\t\t\t\t\n\t\t\t\t\t\t<\/div>\n\t\t\t\t\t\t<div class=\"vbselectordiv\">\n\t\t\t\t\t\t\t<div class=\"vbselectr\">\n\t\t\t\t\t\t\t\t<a class=\"btn vbo-pref-color-btn\" href=\"https:\/\/www.quintavivaavida.pt\/pt-pt\/casa-do-jardim\/\">D\u00e9tails<\/a>\n\t\t\t\t\t\t\t<\/div>\n\t\t\t\t\t\t<\/div>\t\t\t\n\t\t\t\t\t<\/div>\n\t\t\t\t<\/div>\n\t\t\t<\/div>\n\t\t<\/div>\n\t<\/li>\n\t<\/ul>\n<\/div>\n\n\n<\/div>\n<\/div>\n\t\t\t\t\t\t<\/div>\n\t\t\t\t<\/div>\n\t\t\t\t<\/div>\n\t\t\t\t<\/div>\n\t\t\t\t<\/div>\n\t\t","protected":false},"excerpt":{"rendered":"<p>O nosso B&amp;B no Norte de Portugal O primeiro passo foi dado: a Casa do Jardim j\u00e1 pode ser reservada! Com muito empenho, continuamos a trabalhar na Quinta Viva a Vida, um B&#038;B de pequena escala, 100 % isento de gl\u00faten, no deslumbrante Norte de Portugal. Embora o nosso projeto ainda esteja em pleno desenvolvimento,<\/p>\n","protected":false},"author":1,"featured_media":11988,"parent":0,"menu_order":0,"comment_status":"closed","ping_status":"closed","template":"elementor_header_footer","meta":{"solace_meta_sidebar":"","solace_meta_container":"","solace_meta_enable_content_width":"","solace_meta_content_width":0,"solace_meta_title_alignment":"","solace_meta_author_avatar":"","solace_post_elements_order":"","solace_meta_disable_header":"","solace_meta_disable_footer":"","solace_meta_disable_title":"","footnotes":""},"class_list":["post-12039","page","type-page","status-publish","has-post-thumbnail","hentry"],"yoast_head":"<!-- This site is optimized with the Yoast SEO plugin v28.2 - https:\/\/yoast.com\/product\/yoast-seo-wordpress\/ -->\n<title>O nosso B&amp;B no Norte de Portugal | Quinta Viva a Vida<\/title>\n<meta name=\"description\" content=\"Descubra a Quinta Viva a Vida no Norte de Portugal: um B&amp;B de pequena escala, 100 % isento de gl\u00faten, com alojamentos confort\u00e1veis e um ambiente relaxante. Uma base segura para descobrir a regi\u00e3o.\" \/>\n<meta name=\"robots\" content=\"index, follow, max-snippet:-1, max-image-preview:large, max-video-preview:-1\" \/>\n<link rel=\"canonical\" href=\"https:\/\/www.quintavivaavida.pt\/pt-pt\/o-nosso-bb-no-norte-de-portugal\/\" \/>\n<meta property=\"og:locale\" content=\"pt_PT\" \/>\n<meta property=\"og:type\" content=\"article\" \/>\n<meta property=\"og:title\" content=\"O nosso B&amp;B no Norte de Portugal | Quinta Viva a Vida\" \/>\n<meta property=\"og:description\" content=\"Descubra a Quinta Viva a Vida no Norte de Portugal: um B&amp;B de pequena escala, 100 % isento de gl\u00faten, com alojamentos confort\u00e1veis e um ambiente relaxante. Uma base segura para descobrir a regi\u00e3o.\" \/>\n<meta property=\"og:url\" content=\"https:\/\/www.quintavivaavida.pt\/pt-pt\/o-nosso-bb-no-norte-de-portugal\/\" \/>\n<meta property=\"og:site_name\" content=\"Quinta Viva a Vida - Glutenvrije vakantie in Portugal\" \/>\n<meta property=\"article:publisher\" content=\"https:\/\/www.facebook.com\/glutenvrijportugal\" \/>\n<meta property=\"article:modified_time\" content=\"2026-08-22T19:12:18+00:00\" \/>\n<meta property=\"og:image\" content=\"https:\/\/www.quintavivaavida.pt\/wp-content\/uploads\/2025\/10\/cropped-Logo_Quinta_Viva_a_Vida_vakantie_portugal_50.png\" \/>\n\t<meta property=\"og:image:width\" content=\"512\" \/>\n\t<meta property=\"og:image:height\" content=\"512\" \/>\n\t<meta property=\"og:image:type\" content=\"image\/png\" \/>\n<meta name=\"twitter:card\" content=\"summary_large_image\" \/>\n<meta name=\"twitter:label1\" content=\"Tempo estimado de leitura\" \/>\n\t<meta name=\"twitter:data1\" content=\"1 minuto\" \/>\n<script type=\"application\/ld+json\" class=\"yoast-schema-graph\">{\"@context\":\"https:\\\/\\\/schema.org\",\"@graph\":[{\"@type\":\"WebPage\",\"@id\":\"https:\\\/\\\/www.quintavivaavida.pt\\\/pt-pt\\\/o-nosso-bb-no-norte-de-portugal\\\/\",\"url\":\"https:\\\/\\\/www.quintavivaavida.pt\\\/pt-pt\\\/o-nosso-bb-no-norte-de-portugal\\\/\",\"name\":\"O nosso B&B no Norte de Portugal | Quinta Viva a Vida\",\"isPartOf\":{\"@id\":\"https:\\\/\\\/www.quintavivaavida.pt\\\/pt-pt\\\/#website\"},\"primaryImageOfPage\":{\"@id\":\"https:\\\/\\\/www.quintavivaavida.pt\\\/pt-pt\\\/o-nosso-bb-no-norte-de-portugal\\\/#primaryimage\"},\"image\":{\"@id\":\"https:\\\/\\\/www.quintavivaavida.pt\\\/pt-pt\\\/o-nosso-bb-no-norte-de-portugal\\\/#primaryimage\"},\"thumbnailUrl\":\"https:\\\/\\\/www.quintavivaavida.pt\\\/wp-content\\\/uploads\\\/2025\\\/10\\\/cropped-Logo_Quinta_Viva_a_Vida_vakantie_portugal_50.png\",\"datePublished\":\"2025-10-23T16:06:02+00:00\",\"dateModified\":\"2026-08-22T19:12:18+00:00\",\"description\":\"Descubra a Quinta Viva a Vida no Norte de Portugal: um B&B de pequena escala, 100 % isento de gl\u00faten, com alojamentos confort\u00e1veis e um ambiente relaxante. Uma base segura para descobrir a regi\u00e3o.\",\"breadcrumb\":{\"@id\":\"https:\\\/\\\/www.quintavivaavida.pt\\\/pt-pt\\\/o-nosso-bb-no-norte-de-portugal\\\/#breadcrumb\"},\"inLanguage\":\"pt-PT\",\"potentialAction\":[{\"@type\":\"ReadAction\",\"target\":[\"https:\\\/\\\/www.quintavivaavida.pt\\\/pt-pt\\\/o-nosso-bb-no-norte-de-portugal\\\/\"]}]},{\"@type\":\"ImageObject\",\"inLanguage\":\"pt-PT\",\"@id\":\"https:\\\/\\\/www.quintavivaavida.pt\\\/pt-pt\\\/o-nosso-bb-no-norte-de-portugal\\\/#primaryimage\",\"url\":\"https:\\\/\\\/www.quintavivaavida.pt\\\/wp-content\\\/uploads\\\/2025\\\/10\\\/cropped-Logo_Quinta_Viva_a_Vida_vakantie_portugal_50.png\",\"contentUrl\":\"https:\\\/\\\/www.quintavivaavida.pt\\\/wp-content\\\/uploads\\\/2025\\\/10\\\/cropped-Logo_Quinta_Viva_a_Vida_vakantie_portugal_50.png\",\"width\":512,\"height\":512},{\"@type\":\"BreadcrumbList\",\"@id\":\"https:\\\/\\\/www.quintavivaavida.pt\\\/pt-pt\\\/o-nosso-bb-no-norte-de-portugal\\\/#breadcrumb\",\"itemListElement\":[{\"@type\":\"ListItem\",\"position\":1,\"name\":\"In\u00edcio\",\"item\":\"https:\\\/\\\/www.quintavivaavida.pt\\\/pt-pt\\\/passar-ferias-no-norte-de-portugal-quinta-viva-a-vida\\\/\"},{\"@type\":\"ListItem\",\"position\":2,\"name\":\"O nosso B&#038;B no Norte de Portugal\"}]},{\"@type\":\"WebSite\",\"@id\":\"https:\\\/\\\/www.quintavivaavida.pt\\\/pt-pt\\\/#website\",\"url\":\"https:\\\/\\\/www.quintavivaavida.pt\\\/pt-pt\\\/\",\"name\":\"Gluttenvrije Vakantie in Portugal | Quinta Viva a Vida\",\"description\":\"Een 100% glutenvrije vakantieplek in Noord-Portugal, waar mensen met coeliakie en hun gezin zorgeloos kunnen genieten.\",\"publisher\":{\"@id\":\"https:\\\/\\\/www.quintavivaavida.pt\\\/pt-pt\\\/#organization\"},\"potentialAction\":[{\"@type\":\"SearchAction\",\"target\":{\"@type\":\"EntryPoint\",\"urlTemplate\":\"https:\\\/\\\/www.quintavivaavida.pt\\\/pt-pt\\\/?s={search_term_string}\"},\"query-input\":{\"@type\":\"PropertyValueSpecification\",\"valueRequired\":true,\"valueName\":\"search_term_string\"}}],\"inLanguage\":\"pt-PT\"},{\"@type\":\"Organization\",\"@id\":\"https:\\\/\\\/www.quintavivaavida.pt\\\/pt-pt\\\/#organization\",\"name\":\"Quinta Nosso Sohno\",\"url\":\"https:\\\/\\\/www.quintavivaavida.pt\\\/pt-pt\\\/\",\"logo\":{\"@type\":\"ImageObject\",\"inLanguage\":\"pt-PT\",\"@id\":\"https:\\\/\\\/www.quintavivaavida.pt\\\/pt-pt\\\/#\\\/schema\\\/logo\\\/image\\\/\",\"url\":\"\",\"contentUrl\":\"\",\"caption\":\"Quinta Nosso Sohno\"},\"image\":{\"@id\":\"https:\\\/\\\/www.quintavivaavida.pt\\\/pt-pt\\\/#\\\/schema\\\/logo\\\/image\\\/\"},\"sameAs\":[\"https:\\\/\\\/www.facebook.com\\\/glutenvrijportugal\",\"https:\\\/\\\/www.instagram.com\\\/glutenvrijebenbinportugal\\\/\"]}]}<\/script>\n<!-- \/ Yoast SEO plugin. -->","yoast_head_json":{"title":"O nosso B&B no Norte de Portugal | Quinta Viva a Vida","description":"Descubra a Quinta Viva a Vida no Norte de Portugal: um B&B de pequena escala, 100 % isento de gl\u00faten, com alojamentos confort\u00e1veis e um ambiente relaxante. Uma base segura para descobrir a regi\u00e3o.","robots":{"index":"index","follow":"follow","max-snippet":"max-snippet:-1","max-image-preview":"max-image-preview:large","max-video-preview":"max-video-preview:-1"},"canonical":"https:\/\/www.quintavivaavida.pt\/pt-pt\/o-nosso-bb-no-norte-de-portugal\/","og_locale":"pt_PT","og_type":"article","og_title":"O nosso B&B no Norte de Portugal | Quinta Viva a Vida","og_description":"Descubra a Quinta Viva a Vida no Norte de Portugal: um B&B de pequena escala, 100 % isento de gl\u00faten, com alojamentos confort\u00e1veis e um ambiente relaxante. Uma base segura para descobrir a regi\u00e3o.","og_url":"https:\/\/www.quintavivaavida.pt\/pt-pt\/o-nosso-bb-no-norte-de-portugal\/","og_site_name":"Quinta Viva a Vida - Glutenvrije vakantie in Portugal","article_publisher":"https:\/\/www.facebook.com\/glutenvrijportugal","article_modified_time":"2026-08-22T19:12:18+00:00","og_image":[{"width":512,"height":512,"url":"https:\/\/www.quintavivaavida.pt\/wp-content\/uploads\/2025\/10\/cropped-Logo_Quinta_Viva_a_Vida_vakantie_portugal_50.png","type":"image\/png"}],"twitter_card":"summary_large_image","twitter_misc":{"Tempo estimado de leitura":"1 minuto"},"schema":{"@context":"https:\/\/schema.org","@graph":[{"@type":"WebPage","@id":"https:\/\/www.quintavivaavida.pt\/pt-pt\/o-nosso-bb-no-norte-de-portugal\/","url":"https:\/\/www.quintavivaavida.pt\/pt-pt\/o-nosso-bb-no-norte-de-portugal\/","name":"O nosso B&B no Norte de Portugal | Quinta Viva a Vida","isPartOf":{"@id":"https:\/\/www.quintavivaavida.pt\/pt-pt\/#website"},"primaryImageOfPage":{"@id":"https:\/\/www.quintavivaavida.pt\/pt-pt\/o-nosso-bb-no-norte-de-portugal\/#primaryimage"},"image":{"@id":"https:\/\/www.quintavivaavida.pt\/pt-pt\/o-nosso-bb-no-norte-de-portugal\/#primaryimage"},"thumbnailUrl":"https:\/\/www.quintavivaavida.pt\/wp-content\/uploads\/2025\/10\/cropped-Logo_Quinta_Viva_a_Vida_vakantie_portugal_50.png","datePublished":"2025-10-23T16:06:02+00:00","dateModified":"2026-08-22T19:12:18+00:00","description":"Descubra a Quinta Viva a Vida no Norte de Portugal: um B&B de pequena escala, 100 % isento de gl\u00faten, com alojamentos confort\u00e1veis e um ambiente relaxante. Uma base segura para descobrir a regi\u00e3o.","breadcrumb":{"@id":"https:\/\/www.quintavivaavida.pt\/pt-pt\/o-nosso-bb-no-norte-de-portugal\/#breadcrumb"},"inLanguage":"pt-PT","potentialAction":[{"@type":"ReadAction","target":["https:\/\/www.quintavivaavida.pt\/pt-pt\/o-nosso-bb-no-norte-de-portugal\/"]}]},{"@type":"ImageObject","inLanguage":"pt-PT","@id":"https:\/\/www.quintavivaavida.pt\/pt-pt\/o-nosso-bb-no-norte-de-portugal\/#primaryimage","url":"https:\/\/www.quintavivaavida.pt\/wp-content\/uploads\/2025\/10\/cropped-Logo_Quinta_Viva_a_Vida_vakantie_portugal_50.png","contentUrl":"https:\/\/www.quintavivaavida.pt\/wp-content\/uploads\/2025\/10\/cropped-Logo_Quinta_Viva_a_Vida_vakantie_portugal_50.png","width":512,"height":512},{"@type":"BreadcrumbList","@id":"https:\/\/www.quintavivaavida.pt\/pt-pt\/o-nosso-bb-no-norte-de-portugal\/#breadcrumb","itemListElement":[{"@type":"ListItem","position":1,"name":"In\u00edcio","item":"https:\/\/www.quintavivaavida.pt\/pt-pt\/passar-ferias-no-norte-de-portugal-quinta-viva-a-vida\/"},{"@type":"ListItem","position":2,"name":"O nosso B&#038;B no Norte de Portugal"}]},{"@type":"WebSite","@id":"https:\/\/www.quintavivaavida.pt\/pt-pt\/#website","url":"https:\/\/www.quintavivaavida.pt\/pt-pt\/","name":"Gluttenvrije Vakantie in Portugal | Quinta Viva a Vida","description":"Een 100% glutenvrije vakantieplek in Noord-Portugal, waar mensen met coeliakie en hun gezin zorgeloos kunnen genieten.","publisher":{"@id":"https:\/\/www.quintavivaavida.pt\/pt-pt\/#organization"},"potentialAction":[{"@type":"SearchAction","target":{"@type":"EntryPoint","urlTemplate":"https:\/\/www.quintavivaavida.pt\/pt-pt\/?s={search_term_string}"},"query-input":{"@type":"PropertyValueSpecification","valueRequired":true,"valueName":"search_term_string"}}],"inLanguage":"pt-PT"},{"@type":"Organization","@id":"https:\/\/www.quintavivaavida.pt\/pt-pt\/#organization","name":"Quinta Nosso Sohno","url":"https:\/\/www.quintavivaavida.pt\/pt-pt\/","logo":{"@type":"ImageObject","inLanguage":"pt-PT","@id":"https:\/\/www.quintavivaavida.pt\/pt-pt\/#\/schema\/logo\/image\/","url":"","contentUrl":"","caption":"Quinta Nosso Sohno"},"image":{"@id":"https:\/\/www.quintavivaavida.pt\/pt-pt\/#\/schema\/logo\/image\/"},"sameAs":["https:\/\/www.facebook.com\/glutenvrijportugal","https:\/\/www.instagram.com\/glutenvrijebenbinportugal\/"]}]}},"_links":{"self":[{"href":"https:\/\/www.quintavivaavida.pt\/pt-pt\/wp-json\/wp\/v2\/pages\/12039","targetHints":{"allow":["GET"]}}],"collection":[{"href":"https:\/\/www.quintavivaavida.pt\/pt-pt\/wp-json\/wp\/v2\/pages"}],"about":[{"href":"https:\/\/www.quintavivaavida.pt\/pt-pt\/wp-json\/wp\/v2\/types\/page"}],"author":[{"embeddable":true,"href":"https:\/\/www.quintavivaavida.pt\/pt-pt\/wp-json\/wp\/v2\/users\/1"}],"replies":[{"embeddable":true,"href":"https:\/\/www.quintavivaavida.pt\/pt-pt\/wp-json\/wp\/v2\/comments?post=12039"}],"version-history":[{"count":7,"href":"https:\/\/www.quintavivaavida.pt\/pt-pt\/wp-json\/wp\/v2\/pages\/12039\/revisions"}],"predecessor-version":[{"id":12332,"href":"https:\/\/www.quintavivaavida.pt\/pt-pt\/wp-json\/wp\/v2\/pages\/12039\/revisions\/12332"}],"wp:featuredmedia":[{"embeddable":true,"href":"https:\/\/www.quintavivaavida.pt\/pt-pt\/wp-json\/wp\/v2\/media\/11988"}],"wp:attachment":[{"href":"https:\/\/www.quintavivaavida.pt\/pt-pt\/wp-json\/wp\/v2\/media?parent=12039"}],"curies":[{"name":"wp","href":"https:\/\/api.w.org\/{rel}","templated":true}]}}