{"id":12037,"date":"2025-10-28T11:05:07","date_gmt":"2025-10-28T10:05:07","guid":{"rendered":"https:\/\/www.quintavivaavida.pt\/passar-ferias-no-norte-de-portugal-quinta-viva-a-vida\/"},"modified":"2026-08-28T21:55:40","modified_gmt":"2026-08-28T20:55:40","slug":"passar-ferias-no-norte-de-portugal-quinta-viva-a-vida","status":"publish","type":"page","link":"https:\/\/www.quintavivaavida.pt\/pt-pt\/","title":{"rendered":"F\u00e9rias no norte de Portugal \u2013 Quinta Viva a Vida"},"content":{"rendered":"\t\t<div data-elementor-type=\"wp-page\" data-elementor-id=\"12037\" class=\"elementor elementor-12037 elementor-2775\" data-elementor-post-type=\"page\">\n\t\t\t\t<div class=\"elementor-element elementor-element-e29219e e-con-full center-box elementor-hidden-desktop elementor-hidden-tablet e-flex e-con e-parent\" data-id=\"e29219e\" data-element_type=\"container\" data-e-type=\"container\" data-settings=\"{&quot;background_background&quot;:&quot;slideshow&quot;,&quot;background_slideshow_lazyload&quot;:&quot;yes&quot;,&quot;background_slideshow_gallery&quot;:[],&quot;background_slideshow_loop&quot;:&quot;yes&quot;,&quot;background_slideshow_slide_duration&quot;:5000,&quot;background_slideshow_slide_transition&quot;:&quot;fade&quot;,&quot;background_slideshow_transition_duration&quot;:500}\">\n\t\t\t\t<div class=\"elementor-element elementor-element-68e75c8 elementor-widget-mobile__width-inherit elementor-widget elementor-widget-image-carousel\" data-id=\"68e75c8\" data-element_type=\"widget\" data-e-type=\"widget\" data-settings=\"{&quot;slides_to_show&quot;:&quot;1&quot;,&quot;navigation&quot;:&quot;none&quot;,&quot;autoplay&quot;:&quot;yes&quot;,&quot;pause_on_hover&quot;:&quot;yes&quot;,&quot;pause_on_interaction&quot;:&quot;yes&quot;,&quot;autoplay_speed&quot;:5000,&quot;infinite&quot;:&quot;yes&quot;,&quot;effect&quot;:&quot;slide&quot;,&quot;speed&quot;:500}\" data-widget_type=\"image-carousel.default\">\n\t\t\t\t<div class=\"elementor-widget-container\">\n\t\t\t\t\t\t\t<div class=\"elementor-image-carousel-wrapper swiper\" role=\"region\" aria-roledescription=\"carousel\" aria-label=\"Afbeelding carrousel\" dir=\"ltr\">\n\t\t\t<div class=\"elementor-image-carousel swiper-wrapper\" aria-live=\"off\">\n\t\t\t\t\t\t\t\t<div class=\"swiper-slide\" role=\"group\" aria-roledescription=\"slide\" aria-label=\"1 de 4\"><figure class=\"swiper-slide-inner\"><img decoding=\"async\" class=\"swiper-slide-image\" src=\"https:\/\/www.quintavivaavida.pt\/wp-content\/uploads\/2026\/08\/Casa-Do-Jardim-GH-4-1024x683.webp\" alt=\"Casa do Jardim GH\" \/><\/figure><\/div><div class=\"swiper-slide\" role=\"group\" aria-roledescription=\"slide\" aria-label=\"2 de 4\"><figure class=\"swiper-slide-inner\"><img decoding=\"async\" class=\"swiper-slide-image\" src=\"https:\/\/www.quintavivaavida.pt\/wp-content\/uploads\/2026\/08\/Bloemen-in-Noord-Portugal-1-1024x683.webp\" alt=\"Flores no Norte de Portugal\" \/><\/figure><\/div><div class=\"swiper-slide\" role=\"group\" aria-roledescription=\"slide\" aria-label=\"3 de 4\"><figure class=\"swiper-slide-inner\"><img decoding=\"async\" class=\"swiper-slide-image\" src=\"https:\/\/www.quintavivaavida.pt\/wp-content\/uploads\/2025\/10\/ponte-de-lima-brug-zonsondergang-portugal.webp-1024x683.webp\" alt=\"Ponte hist\u00f3rica de pedra de Ponte de Lima ao p\u00f4r-do-sol, com vista para o rio Lima, no norte de Portugal\" \/><\/figure><\/div><div class=\"swiper-slide\" role=\"group\" aria-roledescription=\"slide\" aria-label=\"4 de 4\"><figure class=\"swiper-slide-inner\"><img decoding=\"async\" class=\"swiper-slide-image\" src=\"https:\/\/www.quintavivaavida.pt\/wp-content\/uploads\/2025\/10\/glutenvrije-pizza-houtoven-bb-portugal.jpg-1024x684.webp\" alt=\"Uma pizza sem gl\u00faten com um cheiro maravilhoso, direto do forno a lenha, preparada na hora no nosso B&amp;B sem gl\u00faten em Portugal.\" \/><\/figure><\/div>\t\t\t<\/div>\n\t\t\t\t\t\t\t\n\t\t\t\t\t\t\t\t\t<\/div>\n\t\t\t\t\t\t<\/div>\n\t\t\t\t<\/div>\n\t\t\t\t<\/div>\n\t\t<div class=\"elementor-element elementor-element-5a79232 e-con-full center-box elementor-hidden-mobile e-flex e-con e-parent\" data-id=\"5a79232\" data-element_type=\"container\" data-e-type=\"container\" data-settings=\"{&quot;background_background&quot;:&quot;slideshow&quot;,&quot;background_slideshow_gallery&quot;:[{&quot;id&quot;:12609,&quot;url&quot;:&quot;https:\\\/\\\/www.quintavivaavida.pt\\\/wp-content\\\/uploads\\\/2026\\\/08\\\/Casa-Do-Jardim-GH-3.webp&quot;},{&quot;id&quot;:12295,&quot;url&quot;:&quot;https:\\\/\\\/www.quintavivaavida.pt\\\/wp-content\\\/uploads\\\/2026\\\/08\\\/Bloemen-in-Noord-Portugal.webp&quot;},{&quot;id&quot;:12026,&quot;url&quot;:&quot;https:\\\/\\\/www.quintavivaavida.pt\\\/wp-content\\\/uploads\\\/2025\\\/10\\\/glutenvrije-pizza-houtoven-bb-portugal.jpg.webp&quot;},{&quot;id&quot;:12006,&quot;url&quot;:&quot;https:\\\/\\\/www.quintavivaavida.pt\\\/wp-content\\\/uploads\\\/2025\\\/10\\\/ponte-de-lima-brug-zonsondergang-portugal.webp.webp&quot;},{&quot;id&quot;:12426,&quot;url&quot;:&quot;https:\\\/\\\/www.quintavivaavida.pt\\\/wp-content\\\/uploads\\\/2026\\\/08\\\/patio.webp&quot;}],&quot;animation_mobile&quot;:&quot;none&quot;,&quot;background_slideshow_loop&quot;:&quot;yes&quot;,&quot;background_slideshow_slide_duration&quot;:5000,&quot;background_slideshow_slide_transition&quot;:&quot;fade&quot;,&quot;background_slideshow_transition_duration&quot;:500}\">\n\t\t<div class=\"elementor-element elementor-element-cda09d3 e-con-full elementor-hidden-mobile e-flex e-con e-child\" data-id=\"cda09d3\" data-element_type=\"container\" data-e-type=\"container\" data-settings=\"{&quot;background_background&quot;:&quot;classic&quot;}\">\n\t\t\t\t<div class=\"elementor-element elementor-element-b5eae24 elementor-widget__width-initial elementor-widget elementor-widget-heading\" data-id=\"b5eae24\" data-element_type=\"widget\" data-e-type=\"widget\" data-widget_type=\"heading.default\">\n\t\t\t\t<div class=\"elementor-widget-container\">\n\t\t\t\t\t<h1 class=\"elementor-heading-title elementor-size-default\">Um lugar no norte de Portugal\nonde a tranquilidade e a confian\u00e7a s\u00e3o uma certeza<\/h1>\t\t\t\t<\/div>\n\t\t\t\t<\/div>\n\t\t\t\t<div class=\"elementor-element elementor-element-10771ed elementor-widget elementor-widget-text-editor\" data-id=\"10771ed\" data-element_type=\"widget\" data-e-type=\"widget\" data-widget_type=\"text-editor.default\">\n\t\t\t\t<div class=\"elementor-widget-container\">\n\t\t\t\t\t\t\t\t\t<p data-start=\"1211\" data-end=\"1343\">A Quinta Viva a Vida \u00e9 um B&B de pequena escala na regi\u00e3o de Arcos de Valdevez, que surgiu a partir da nossa experi\u00eancia com a doen\u00e7a cel\u00edaca.<\/p>\n&nbsp;\n<p data-start=\"1345\" data-end=\"1526\">Como a Bianca e o Pip t\u00eam doen\u00e7a cel\u00edaca, cozinhamos sempre da forma que tamb\u00e9m gostar\u00edamos de poder comer: de forma segura e sem d\u00favidas.<\/p>\n<p data-start=\"1528\" data-end=\"1643\"><br>Aqui podes relaxar, sair e descobrir o Norte de Portugal.<br data-start=\"1593\" data-end=\"1596\"\/>Com um ponto de apoio de confian\u00e7a para onde voltar.<\/p>\t\t\t\t\t\t\t\t<\/div>\n\t\t\t\t<\/div>\n\t\t\t\t<div class=\"elementor-element elementor-element-acf4101 elementor-align-center elementor-widget elementor-widget-button\" data-id=\"acf4101\" data-element_type=\"widget\" data-e-type=\"widget\" data-widget_type=\"button.default\">\n\t\t\t\t<div class=\"elementor-widget-container\">\n\t\t\t\t\t\t\t\t\t<div class=\"elementor-button-wrapper\">\n\t\t\t\t\t<a class=\"elementor-button elementor-button-link elementor-size-sm\" href=\"https:\/\/www.quintavivaavida.pt\/pt-pt\/sobre-nos\/\">\n\t\t\t\t\t\t<span class=\"elementor-button-content-wrapper\">\n\t\t\t\t\t\t\t\t\t<span class=\"elementor-button-text\">L\u00ea aqui porque \u00e9 que, na nossa loja, tudo \u00e9 sem gl\u00faten<\/span>\n\t\t\t\t\t<\/span>\n\t\t\t\t\t<\/a>\n\t\t\t\t<\/div>\n\t\t\t\t\t\t\t\t<\/div>\n\t\t\t\t<\/div>\n\t\t\t\t<\/div>\n\t\t\t\t<\/div>\n\t\t<div class=\"elementor-element elementor-element-6122494 e-con-full center-box e-flex e-con e-parent\" data-id=\"6122494\" data-element_type=\"container\" data-e-type=\"container\" data-settings=\"{&quot;background_background&quot;:&quot;classic&quot;}\">\n\t\t<div class=\"elementor-element elementor-element-c7602d0 e-con-full elementor-hidden-desktop elementor-hidden-tablet e-flex e-con e-child\" data-id=\"c7602d0\" data-element_type=\"container\" data-e-type=\"container\">\n\t\t\t\t<div class=\"elementor-element elementor-element-419ad07 elementor-widget elementor-widget-heading\" data-id=\"419ad07\" data-element_type=\"widget\" data-e-type=\"widget\" data-widget_type=\"heading.default\">\n\t\t\t\t<div class=\"elementor-widget-container\">\n\t\t\t\t\t<h2 class=\"elementor-heading-title elementor-size-default\">Um lugar no norte de Portugal\nonde a tranquilidade e a confian\u00e7a s\u00e3o uma certeza<\/h2>\t\t\t\t<\/div>\n\t\t\t\t<\/div>\n\t\t\t\t<div class=\"elementor-element elementor-element-fc97e96 elementor-widget elementor-widget-text-editor\" data-id=\"fc97e96\" data-element_type=\"widget\" data-e-type=\"widget\" data-widget_type=\"text-editor.default\">\n\t\t\t\t<div class=\"elementor-widget-container\">\n\t\t\t\t\t\t\t\t\t<p data-start=\"1211\" data-end=\"1343\">A Quinta Viva a Vida \u00e9 um B&B de pequena escala na regi\u00e3o de Arcos de Valdevez, que surgiu a partir da nossa experi\u00eancia com a doen\u00e7a cel\u00edaca.<\/p>\n&nbsp;\n<p data-start=\"1345\" data-end=\"1526\">Como a Bianca e o Pip t\u00eam doen\u00e7a cel\u00edaca, cozinhamos sempre da forma que tamb\u00e9m gostar\u00edamos de poder comer: de forma segura e sem d\u00favidas.<\/p>\n<p data-start=\"1528\" data-end=\"1643\"><br>Aqui podes relaxar, sair e descobrir o Norte de Portugal.<br data-start=\"1593\" data-end=\"1596\"\/>Com um ponto de apoio de confian\u00e7a para onde voltar.<\/p>\t\t\t\t\t\t\t\t<\/div>\n\t\t\t\t<\/div>\n\t\t\t\t<div class=\"elementor-element elementor-element-9b3a05e elementor-align-center elementor-widget elementor-widget-button\" data-id=\"9b3a05e\" data-element_type=\"widget\" data-e-type=\"widget\" data-widget_type=\"button.default\">\n\t\t\t\t<div class=\"elementor-widget-container\">\n\t\t\t\t\t\t\t\t\t<div class=\"elementor-button-wrapper\">\n\t\t\t\t\t<a class=\"elementor-button elementor-button-link elementor-size-sm\" href=\"https:\/\/www.quintavivaavida.pt\/pt-pt\/sobre-nos\/\">\n\t\t\t\t\t\t<span class=\"elementor-button-content-wrapper\">\n\t\t\t\t\t\t\t\t\t<span class=\"elementor-button-text\">Descobre porque \u00e9 que, na nossa loja, tudo \u00e9 sem gl\u00faten<\/span>\n\t\t\t\t\t<\/span>\n\t\t\t\t\t<\/a>\n\t\t\t\t<\/div>\n\t\t\t\t\t\t\t\t<\/div>\n\t\t\t\t<\/div>\n\t\t\t\t<\/div>\n\t\t\t\t<\/div>\n\t\t<div class=\"elementor-element elementor-element-078ac25 e-con-full center-box e-flex e-con e-parent\" data-id=\"078ac25\" data-element_type=\"container\" data-e-type=\"container\" data-settings=\"{&quot;background_background&quot;:&quot;classic&quot;}\">\n\t\t<div class=\"elementor-element elementor-element-9737b40 e-con-full center-box e-flex e-con e-child\" data-id=\"9737b40\" data-element_type=\"container\" data-e-type=\"container\" data-settings=\"{&quot;background_background&quot;:&quot;classic&quot;}\">\n\t\t<div class=\"elementor-element elementor-element-efd599f e-con-full e-flex e-con e-child\" data-id=\"efd599f\" data-element_type=\"container\" data-e-type=\"container\">\n\t\t\t\t<div class=\"elementor-element elementor-element-55f6252 fotoblok elementor-widget elementor-widget-image\" data-id=\"55f6252\" data-element_type=\"widget\" data-e-type=\"widget\" data-widget_type=\"image.default\">\n\t\t\t\t<div class=\"elementor-widget-container\">\n\t\t\t\t\t\t\t\t\t\t\t\t\t\t\t<img fetchpriority=\"high\" decoding=\"async\" width=\"825\" height=\"1024\" src=\"https:\/\/www.quintavivaavida.pt\/wp-content\/uploads\/2026\/08\/herfstactie-Caso-Do-Jardim-website.webp\" class=\"attachment-full size-full wp-image-12606\" alt=\"\" srcset=\"https:\/\/www.quintavivaavida.pt\/wp-content\/uploads\/2026\/08\/herfstactie-Caso-Do-Jardim-website.webp 825w, https:\/\/www.quintavivaavida.pt\/wp-content\/uploads\/2026\/08\/herfstactie-Caso-Do-Jardim-website-242x300.webp 242w, https:\/\/www.quintavivaavida.pt\/wp-content\/uploads\/2026\/08\/herfstactie-Caso-Do-Jardim-website-768x953.webp 768w\" sizes=\"(max-width: 825px) 100vw, 825px\" \/>\t\t\t\t\t\t\t\t\t\t\t\t\t\t\t<\/div>\n\t\t\t\t<\/div>\n\t\t\t\t<\/div>\n\t\t<div class=\"elementor-element elementor-element-5d98316 e-con-full e-flex e-con e-child\" data-id=\"5d98316\" data-element_type=\"container\" data-e-type=\"container\">\n\t\t\t\t<div class=\"elementor-element elementor-element-b32c849 elementor-widget elementor-widget-heading\" data-id=\"b32c849\" data-element_type=\"widget\" data-e-type=\"widget\" data-widget_type=\"heading.default\">\n\t\t\t\t<div class=\"elementor-widget-container\">\n\t\t\t\t\t<h2 class=\"elementor-heading-title elementor-size-default\">Descubra o encanto do Norte de Portugal no outono<\/h2>\t\t\t\t<\/div>\n\t\t\t\t<\/div>\n\t\t\t\t<div class=\"elementor-element elementor-element-42d8b22 elementor-widget elementor-widget-text-editor\" data-id=\"42d8b22\" data-element_type=\"widget\" data-e-type=\"widget\" data-widget_type=\"text-editor.default\">\n\t\t\t\t<div class=\"elementor-widget-container\">\n\t\t\t\t\t\t\t\t\t <p>\n O outono \u00e9 uma \u00e9poca maravilhosa para descobrir o Norte de Portugal.\n A maior az\u00e1fama do ver\u00e3o j\u00e1 passou, as temperaturas s\u00e3o agrad\u00e1veis\n e a natureza ganha cores quentes e deslumbrantes.<br><br>  <\/p>\n\n  <p>\n A partir da <strong>Quinta Viva a Vida<\/strong>, poder\u00e1 descobrir a envolvente verdejante\n de Arcos de Valdevez. Parta \u00e0 aventura numa bela caminhada, visite\n aldeias pitorescas, prove a gastronomia local ou descubra um dos muitos\n locais especiais da regi\u00e3o. <br><br>  <\/p>\n\n  <p>\n Ap\u00f3s um dia repleto de descobertas, \u00e9 um prazer regressar \u00e0\n Casa do Jardim. Sossego, espa\u00e7o e conforto, em plena harmonia com a natureza. <br><br>  <\/p>\n\n  <p>\n Setembro & outubro s\u00e3o meses maravilhosos para fazer uma pequena escapadinha.<br><br>  <\/p>\n\n  <div class=\"verblijf-info\">\n    <p>\n \ud83c\udfe1 <strong>Casa do Jardim<\/strong><br\/> \ud83d\udcb6 A partir de <strong>99 \u20ac por noite<\/strong><br\/> \ud83e\udd50 O pequeno-almo\u00e7o pode ser reservado adicionalmente<br><br>    <\/p>\n  <\/div>\n\n  <p class=\"afsluiting\">\n Venha desfrutar da tranquilidade, da natureza e da aut\u00eantica vida portuguesa.\n  <\/p>\t\t\t\t\t\t\t\t<\/div>\n\t\t\t\t<\/div>\n\t\t\t\t<\/div>\n\t\t\t\t<\/div>\n\t\t\t\t<\/div>\n\t\t<div class=\"elementor-element elementor-element-d139356 e-con-full center-box booking-section fade-in e-flex e-con e-parent\" data-id=\"d139356\" data-element_type=\"container\" data-e-type=\"container\">\n\t\t\t\t<div class=\"elementor-element elementor-element-128685a elementor-widget-mobile__width-initial elementor-widget elementor-widget-text-editor\" data-id=\"128685a\" data-element_type=\"widget\" data-e-type=\"widget\" data-widget_type=\"text-editor.default\">\n\t\t\t\t<div class=\"elementor-widget-container\">\n\t\t\t\t\t\t\t\t\t<h2>Reserva aqui a tua estadia no Norte de Portugal<\/h2>\t\t\t\t\t\t\t\t<\/div>\n\t\t\t\t<\/div>\n\t\t\t\t<div class=\"elementor-element elementor-element-2113917 elementor-widget elementor-widget-text-editor\" data-id=\"2113917\" data-element_type=\"widget\" data-e-type=\"widget\" data-widget_type=\"text-editor.default\">\n\t\t\t\t<div class=\"elementor-widget-container\">\n\t\t\t\t\t\t\t\t\t<p>E descobre como o norte de Portugal pode ser bonito e acolhedor<\/p>\t\t\t\t\t\t\t\t<\/div>\n\t\t\t\t<\/div>\n\t\t\t\t<\/div>\n\t\t<div class=\"elementor-element elementor-element-0bde52a e-con-full center-box booking-widget fade-in e-flex e-con e-parent\" data-id=\"0bde52a\" data-element_type=\"container\" data-e-type=\"container\" data-settings=\"{&quot;background_background&quot;:&quot;classic&quot;}\">\n\t\t\t\t<div class=\"elementor-element elementor-element-150d8ed elementor-widget__width-auto elementor-widget elementor-widget-wp-widget-mod_vikbooking_horizontalsearch\" data-id=\"150d8ed\" data-element_type=\"widget\" data-e-type=\"widget\" data-widget_type=\"wp-widget-mod_vikbooking_horizontalsearch.default\">\n\t\t\t\t<div class=\"elementor-widget-container\">\n\t\t\t\t\t\n<div class=\"vbmodhorsearchmaindiv vbo-horizsearch-standardformat-wrap\">\n\t<form action=\"https:\/\/www.quintavivaavida.pt\/boek-je-vakantie\/?task=search\" method=\"post\" id=\"vbo-mod-horsearch-form-732\">\n\t\t<input type=\"hidden\" name=\"task\" value=\"search\" \/>\n\t\t<div class=\"vbmodhorsearchcheckindiv\">\n\t\t\t<label for=\"checkindatemod732\">Data de check-in<\/label>\n\t\t\t<div class=\"input-group\">\n\t\t\t\t<input type=\"text\" name=\"checkindate\" id=\"checkindatemod732\" size=\"10\" autocomplete=\"off\" onfocus=\"this.blur();\" readonly\/>\n\t\t\t\t<i class=\"far fa-calendar-days vbo-caltrigger\"><\/i>\t\t\t\t<input type=\"hidden\" name=\"checkinh\" value=\"15\"\/>\n\t\t\t\t<input type=\"hidden\" name=\"checkinm\" value=\"0\"\/>\n\t\t\t<\/div>\n\t\t<\/div>\n\t\t<div class=\"vbmodhorsearchcheckoutdiv\">\n\t\t\t<label for=\"checkoutdatemod732\">Data de check-out<\/label>\n\t\t\t<div class=\"input-group\">\n\t\t\t\t<input type=\"text\" name=\"checkoutdate\" id=\"checkoutdatemod732\" size=\"10\" autocomplete=\"off\" onfocus=\"this.blur();\" readonly\/>\n\t\t\t\t<i class=\"far fa-calendar-days vbo-caltrigger\"><\/i>\t\t\t\t<input type=\"hidden\" name=\"checkouth\" value=\"10\"\/>\n\t\t\t\t<input type=\"hidden\" name=\"checkoutm\" value=\"0\"\/>\n\t\t\t<\/div>\n\t\t<\/div>\n\t\t\t<div class=\"vbmodhorsearchtotnights\" id=\"vbjstotnightsmod732\"><\/div>\n\t\t\t<div class=\"vbmodhorsearchrac\">\n\t\t\n\t\t\t<div class=\"vbmodhorsearchroomsel\">\n\t\t\t\t\t\t\t\t<input type=\"hidden\" name=\"roomsnum\" value=\"1\">\n\t\t\t<\/div>\n\t\t\t\n\t\t\t<div class=\"vbmodhorsearchroomdentr\">\n\t\t\t\t\n\t\t\t\t<div class=\"vbmodhorsearchroomdentrfirst\">\n\t\t\t\t\t\t\t\t\t\t<div class=\"horsanumdiv\">\n\t\t\t\t\t\t<label class=\"horsanumlb\" for=\"vbo-mhs-adults-732\">Adultos<\/label>\n\t\t\t\t\t\t<span class=\"horsanumsel\"><select name=\"adults[]\" id=\"vbo-mhs-adults-732\" onchange=\"vbCountTotGuests732();\"><option value=\"1\">1<\/option><option value=\"2\" selected=\"selected\">2<\/option><option value=\"3\">3<\/option><option value=\"4\">4<\/option><\/select><\/span>\n\t\t\t\t\t<\/div>\n\t\t\t\t\t\t\t\t\t\t<div class=\"horscnumdiv\">\n\t\t\t\t\t\t<label class=\"horscnumlb\" for=\"vbo-mhs-children-732\">Crian\u00e7as<\/label>\n\t\t\t\t\t\t<span class=\"horscnumsel\"><select name=\"children[]\" id=\"vbo-mhs-children-732\" onchange=\"vbCountTotGuests732();\"><option value=\"0\">0<\/option><option value=\"1\">1<\/option><option value=\"2\">2<\/option><option value=\"3\">3<\/option><option value=\"4\">4<\/option><\/select><\/span>\n\t\t\t\t\t<\/div>\n\t\t\t\t\t\t\t\t\t<\/div>\n\t\t\t\t\n\t\t\t\t<div class=\"vbmoreroomscontmod\" id=\"vbmoreroomscontmod732\"><\/div>\n\t\t\t\t\n\t\t\t<\/div>\n\t\t\t\n\t\t<\/div>\n\t\t\t<div class=\"vbmodhorsearchbookdiv\">\n\t\t\t<button type=\"submit\" id=\"vbo-mod-horsearch-sbt-732\" class=\"btn vbsearchinputmodhors vbo-pref-color-btn\">Reserve agora<\/button>\n\t\t<\/div>\n\n\t\t<script type=\"text\/javascript\">\n\t\t\tjQuery(function() {\n\t\t\t\tjQuery('button#vbo-mod-horsearch-sbt-732').on('click', function(e) {\n\t\t\t\t\te.preventDefault();\n\t\t\t\t\tjQuery(this).prop('disabled', true);\n\t\t\t\t\tjQuery(this).html('<i class=\"fas fa-circle-notch fa-spin fa-fw\"><\/i> ' + jQuery(this).text());\n\t\t\t\t\tjQuery(this).closest('form').submit();\n\t\t\t\t});\n\t\t\t});\n\t\t<\/script>\n\t\t<\/form>\n<\/div>\n\n<div class=\"vbo-modhs-js-helpers\" style=\"display: none;\">\n\t<div class=\"vbo-modhs-add-element-html\">\n\t\t<div class=\"vbmodhorsearchroomdentr\">\n\t\t\t<span class=\"horsrnum\">Room %d<\/span>\n\t\t\t<div class=\"horsanumdiv\">\n\t\t\t\t<label style=\"display: none;\" for=\"vbo-mhs-adults-732-hid\">Adultos<\/label>\n\t\t\t\t<span class=\"horsanumsel\"><select name=\"adults[]\" id=\"vbo-mhs-adults-732-hid\" onchange=\"vbCountTotGuests732();\"><option value=\"1\">1<\/option><option value=\"2\" selected=\"selected\">2<\/option><option value=\"3\">3<\/option><option value=\"4\">4<\/option><\/select><\/span>\n\t\t\t\t\t\t\t<div class=\"horscnumdiv\">\n\t\t\t\t\t<label style=\"display: none;\" for=\"vbo-mhs-children-732-hid\">Crian\u00e7as<\/label>\n\t\t\t\t\t<span class=\"horscnumsel\"><select name=\"children[]\" id=\"vbo-mhs-children-732-hid\" onchange=\"vbCountTotGuests732();\"><option value=\"0\">0<\/option><option value=\"1\">1<\/option><option value=\"2\">2<\/option><option value=\"3\">3<\/option><option value=\"4\">4<\/option><\/select><\/span>\n\t\t\t\t<\/div>\n\t\t\t\t\t\t\t<\/div>\n\t\t<\/div>\n\t<\/div>\n<\/div>\n\n<script type=\"text\/javascript\">\nfunction vboModHorSearchSendRequest(elem, formId) {\n\tvar form_el = document.getElementById('vbo-mod-horsearch-form-' + formId);\n\tif (!form_el) {\n\t\tconsole.error('form not found', formId);\n\t\treturn false;\n\t}\n\n\t\/\/ valid all form required fields\n\tif (typeof form_el.checkValidity === 'function' && !form_el.checkValidity()) {\n\t\t\/\/ modern browsers will support this HTML5 method to check the form required fields\n\t\talert(Joomla.JText._('VBO_PLEASE_FILL_FIELDS'));\n\t\treturn false;\n\t}\n\n\t\/\/ make sure the dates have been selected\n\tvar checkin_date_el = jQuery(form_el).find('input[name=\"checkindate\"]');\n\tvar checkout_date_el = jQuery(form_el).find('input[name=\"checkoutdate\"]');\n\tif (!checkin_date_el.length || !checkin_date_el.val().length || !checkout_date_el.length || !checkout_date_el.val().length) {\n\t\talert(Joomla.JText._('VBO_PLEASE_SEL_DATES'));\n\t\treturn false;\n\t}\n\t\/\/ make sure the dates are not identical to have a min stay of 1 night\n\t\/\/ as by default the datepicker could set equal dates to the hidden fields.\n\tif (checkin_date_el.val() == checkout_date_el.val()) {\n\t\talert(Joomla.JText._('VBO_PLEASE_SEL_DATES'));\n\t\treturn false;\n\t}\n\n\t\/\/ disable the send request button to avoid double submissions\n\telem.disabled = true;\n\t\n\t\/\/ get form values\n\tvar qstring = jQuery(form_el).serialize();\n\n\t\/\/ make sure the task is not set\n\tqstring = qstring.replace('task=search', '');\n\tqstring = qstring.replace('view=search', '');\n\n\t\/\/ make the ajax request to the controller\n\tjQuery.ajax({\n\t\ttype: \"POST\",\n\t\turl: \"https:\/\/www.quintavivaavida.pt\/wp-admin\/admin-ajax.php?task=submit_inquiry&Itemid=8262&action=vikbooking&vik_ajax_client=site\",\n\t\tdata: qstring\n\t}).done(function(res) {\n\t\tif (!res.hasOwnProperty('status')) {\n\t\t\talert('Invalid response');\n\t\t\t\/\/ re-enable the button\n\t\t\telem.disabled = false;\n\t\t\treturn false;\n\t\t}\n\t\tif (!res.status) {\n\t\t\talert(res.error);\n\t\t\t\/\/ re-enable the button\n\t\t\telem.disabled = false;\n\t\t\treturn false;\n\t\t}\n\t\t\/\/ show success message by replacing all fields\n\t\tjQuery('.vbo-mod-horsearch-inquiry-fields').html('<p class=\"vbo-mod-horsearch-inquiry-mess-success\">' + Joomla.JText._('VBO_THANKS_INQ_SUBMITTED') + '<\/p>');\n\t\t\/\/ remove submit button container\n\t\tjQuery('.vbo-mod-horsearch-inquiry-submit').remove();\n\t}).fail(function(err) {\n\t\talert(err.responseText);\n\t\t\/\/ re-enable the button\n\t\telem.disabled = false;\n\t});\n}\n\nfunction vboModHorSearchBookOnline(formId) {\n\tvar form_el = document.getElementById('vbo-mod-horsearch-form-' + formId);\n\tif (!form_el) {\n\t\tconsole.error('form not found', formId);\n\t\treturn false;\n\t}\n\n\t\/\/ we need to let a button of type button trigger the submit of the \"check availability\"\n\t\/\/ or in case of inquiry, the browser will check the validity of the required fields.\n\n\t\/\/ we only check if the dates have been selected\n\tvar checkin_date_el = jQuery(form_el).find('input[name=\"checkindate\"]');\n\tvar checkout_date_el = jQuery(form_el).find('input[name=\"checkoutdate\"]');\n\tif (!checkin_date_el.length || !checkin_date_el.val().length || !checkout_date_el.length || !checkout_date_el.val().length) {\n\t\talert(Joomla.JText._('VBO_PLEASE_SEL_DATES'));\n\t\treturn false;\n\t}\n\n\t\/\/ make sure the dates are not identical to have a min stay of 1 night\n\t\/\/ as by default the datepicker could set equal dates to the hidden fields.\n\tif (checkin_date_el.val() == checkout_date_el.val()) {\n\t\talert(Joomla.JText._('VBO_PLEASE_SEL_DATES'));\n\t\treturn false;\n\t}\n\n\t\/\/ simply submit the form to start the booking process\n\tform_el.submit();\n\n\treturn true;\n}\n\nfunction vbAddElementMod732() {\n\tvar ni = document.getElementById('vbmoreroomscontmod732');\n\tvar numi = document.getElementById('vbroomhelpermod732');\n\tvar num = (document.getElementById('vbroomhelpermod732').value -1) + 2;\n\tnumi.value = num;\n\tvar newdiv = document.createElement('div');\n\tvar divIdName = 'vb'+num+'racont';\n\tnewdiv.setAttribute('id', divIdName);\n\t\/\/ build HTML content to append to new element\n\tvar new_element_html = document.getElementsByClassName('vbo-modhs-add-element-html')[0].innerHTML;\n\t\/\/ set room number\n\tlet rp_rgx = new RegExp('%d', 'g');\n\tnew_element_html = new_element_html.replace(rp_rgx, num);\n\t\/\/ get rid of label tag (Web Accessibility)\n\tlet lbl_rgx = new RegExp(\/<label\\s.+>.+<\\\/label>\/, 'g');\n\tnew_element_html = new_element_html.replace(lbl_rgx, '');\n\t\/\/ get rid of any id attribute (Web Accessibility)\n\tlet idattr_rgx = new RegExp(\/id=\"[^\\\"]+\"\/, 'g');\n\tnew_element_html = new_element_html.replace(idattr_rgx, '');\n\t\/\/ set HTML content and append element\n\tnewdiv.innerHTML = new_element_html;\n\tni.appendChild(newdiv);\n}\n\nfunction vbSetRoomsAdultsMod732(totrooms) {\n\tvar actrooms = parseInt(document.getElementById('vbroomhelpermod732').value);\n\tvar torooms = parseInt(totrooms);\n\tvar difrooms;\n\tif (torooms > actrooms) {\n\t\tdifrooms = torooms - actrooms;\n\t\tfor (var ir = 1; ir <= difrooms; ir++) {\n\t\t\tvbAddElementMod732();\n\t\t}\n\t}\n\tif (torooms < actrooms) {\n\t\tfor (var ir = actrooms; ir > torooms; ir--) {\n\t\t\tif (ir > 1) {\n\t\t\t\tvar rmra = document.getElementById('vb' + ir + 'racont');\n\t\t\t\trmra.parentNode.removeChild(rmra);\n\t\t\t}\n\t\t}\n\t\tdocument.getElementById('vbroomhelpermod732').value = torooms;\n\t}\n\tif (document.getElementById('vbmodhorsearch-hum-guests-rooms732')) {\n\t\tdocument.getElementById('vbmodhorsearch-hum-guests-rooms732').innerText = torooms;\n\t\tvbCountTotGuests732();\n\t}\n}\n\nfunction vbCountTotGuests732() {\n\tif (!document.getElementById('vbmodhorsearch-hum-guests-rooms732')) {\n\t\treturn;\n\t}\n\tvar totadults = 0;\n\tvar totchildren = 0;\n\tjQuery('#vbmodhorsearch-hum-guests-count732').parent().find('select[name=\"adults[]\"]').each(function() {\n\t\tvar curel = jQuery(this).find('option:selected');\n\t\tif (curel.length) {\n\t\t\ttotadults += parseInt(curel.val());\n\t\t}\n\t});\n\tjQuery('#vbmodhorsearch-hum-guests-adults732').text(totadults);\n\tif (jQuery('#vbmodhorsearch-hum-guests-children732').length) {\n\t\tjQuery('#vbmodhorsearch-hum-guests-count732').parent().find('select[name=\"children[]\"]').each(function() {\n\t\t\tvar curel = jQuery(this).find('option:selected');\n\t\t\tif (curel.length) {\n\t\t\t\ttotchildren += parseInt(curel.val());\n\t\t\t}\n\t\t});\n\t\tjQuery('#vbmodhorsearch-hum-guests-children732').text(totchildren);\n\t}\n}\n\nfunction vbCalcNightsMod732() {\n\tvar vbcheckin = document.getElementById('checkindatemod732').value;\n\tvar vbcheckout = document.getElementById('checkoutdatemod732').value;\n\tif (vbcheckin.length > 0 && vbcheckout.length > 0) {\n\t\tvar vbcheckinp = vbcheckin.split(\"\/\");\n\t\tvar vbcheckoutp = vbcheckout.split(\"\/\");\n\t\t\tvar vbinmonth = parseInt(vbcheckinp[1]);\n\t\tvbinmonth = vbinmonth - 1;\n\t\tvar vbinday = parseInt(vbcheckinp[0], 10);\n\t\tvar vbcheckind = new Date(vbcheckinp[2], vbinmonth, vbinday);\n\t\tvar vboutmonth = parseInt(vbcheckoutp[1]);\n\t\tvboutmonth = vboutmonth - 1;\n\t\tvar vboutday = parseInt(vbcheckoutp[0], 10);\n\t\tvar vbcheckoutd = new Date(vbcheckoutp[2], vboutmonth, vboutday);\n\t\t\t\tvar vbdivider = 1000 * 60 * 60 * 24;\n\t\tvar vbints = vbcheckind.getTime();\n\t\tvar vboutts = vbcheckoutd.getTime();\n\t\tif (vboutts > vbints) {\n\t\t\t\/\/var vbnights = Math.ceil((vboutts - vbints) \/ (vbdivider));\n\t\t\tvar utc1 = Date.UTC(vbcheckind.getFullYear(), vbcheckind.getMonth(), vbcheckind.getDate());\n\t\t\tvar utc2 = Date.UTC(vbcheckoutd.getFullYear(), vbcheckoutd.getMonth(), vbcheckoutd.getDate());\n\t\t\tvar vbnights = Math.ceil((utc2 - utc1) \/ vbdivider);\n\t\t\tif (vbnights > 0) {\n\t\t\t\tdocument.getElementById('vbjstotnightsmod732').innerHTML = '<div class=\"vbo-horizsearch-numnights-inner\"><span>Noites:<\/span> <span>'+vbnights+'<\/span><\/div>';\n\t\t\t} else {\n\t\t\t\tdocument.getElementById('vbjstotnightsmod732').innerHTML = '';\n\t\t\t}\n\t\t} else {\n\t\t\tdocument.getElementById('vbjstotnightsmod732').innerHTML = '';\n\t\t}\n\t} else {\n\t\tdocument.getElementById('vbjstotnightsmod732').innerHTML = '';\n\t}\n}\n<\/script>\n\n<input type=\"hidden\" id=\"vbroomhelpermod732\" value=\"1\"\/>\n\t\t\t\t<\/div>\n\t\t\t\t<\/div>\n\t\t\t\t<\/div>\n\t\t<div class=\"elementor-element elementor-element-bf0e017 e-con-full elementor-hidden-desktop elementor-hidden-tablet elementor-hidden-mobile e-flex e-con e-parent\" data-id=\"bf0e017\" data-element_type=\"container\" data-e-type=\"container\">\n\t\t\t\t<div class=\"elementor-element elementor-element-0141cb3 elementor-widget__width-inherit elementor-widget elementor-widget-shortcode\" data-id=\"0141cb3\" data-element_type=\"widget\" data-e-type=\"widget\" data-widget_type=\"shortcode.default\">\n\t\t\t\t<div class=\"elementor-widget-container\">\n\t\t\t\t\t\t\t<div class=\"elementor-shortcode\">\n<div class=\"wrap plugin-container\">\n\n\t\n\t\n\t<div class=\"vblistcontainer vblistcontainer-list\">\n<ul class=\"vblist\">\n\t<li class=\"room_result\">\n\t\t<div class=\"room_result-inner\">\n\t\t\t<div class=\"vblistroomblock\">\n\t\t\t\t\t\t\t<div class=\"vbimglistdiv\">\n\t\t\t\t\t<a class=\"vbo-roomslist-imglink\" href=\"https:\/\/www.quintavivaavida.pt\/pt-pt\/casa-do-jardim\/\">\n\t\t\t\t\t\t<img decoding=\"async\" src=\"https:\/\/www.quintavivaavida.pt\/wp-content\/plugins\/vikbooking\/site\/resources\/uploads\/casa_do_jardim_buiten.webp\" alt=\"Casa do Jardim\" class=\"vblistimg\"\/>\n\t\t\t\t\t<\/a>\n\t\t\t\t\t\t\t\t\t<div class=\"vbmodalrdetails vbo-roomslist-opengallery-cont\">\n\t\t\t\t\t\t<a href=\"javascript: void(0);\" class=\"vbo-roomslist-opengallery\" data-roomid=\"5\"><i class=\"fas fa-camera\"><\/i><\/a>\n\t\t\t\t\t<\/div>\n\t\t\t\t\t<div class=\"vikfx-gallery\" id=\"vikfx-gallery5\" style=\"display: none;\">\n\t\t\t\t\t\t\t\t\t\t\t<a href=\"https:\/\/www.quintavivaavida.pt\/wp-content\/plugins\/vikbooking\/site\/resources\/uploads\/big_slaapkamer_closeup_caso_do_jardim.webp\" style=\"display: none;\">\n\t\t\t\t\t\t\t<img decoding=\"async\" src=\"https:\/\/www.quintavivaavida.pt\/wp-content\/plugins\/vikbooking\/site\/resources\/uploads\/thumb_slaapkamer_closeup_caso_do_jardim.webp\" alt=\"slaapkamer_closeup_caso_do_jardim\" title=\"\" style=\"display: none;\"\/>\n\t\t\t\t\t\t<\/a>\n\t\t\t\t\t\t\t\t\t\t\t\t<a href=\"https:\/\/www.quintavivaavida.pt\/wp-content\/plugins\/vikbooking\/site\/resources\/uploads\/big_terras_beneden_casa_do_jardim.webp\" style=\"display: none;\">\n\t\t\t\t\t\t\t<img decoding=\"async\" src=\"https:\/\/www.quintavivaavida.pt\/wp-content\/plugins\/vikbooking\/site\/resources\/uploads\/thumb_terras_beneden_casa_do_jardim.webp\" alt=\"terras_beneden_casa_do_jardim\" title=\"\" style=\"display: none;\"\/>\n\t\t\t\t\t\t<\/a>\n\t\t\t\t\t\t\t\t\t\t\t\t<a href=\"https:\/\/www.quintavivaavida.pt\/wp-content\/plugins\/vikbooking\/site\/resources\/uploads\/big_badkamer.webp\" style=\"display: none;\">\n\t\t\t\t\t\t\t<img decoding=\"async\" src=\"https:\/\/www.quintavivaavida.pt\/wp-content\/plugins\/vikbooking\/site\/resources\/uploads\/thumb_badkamer.webp\" alt=\"badkamer\" title=\"\" style=\"display: none;\"\/>\n\t\t\t\t\t\t<\/a>\n\t\t\t\t\t\t\t\t\t\t\t\t<a href=\"https:\/\/www.quintavivaavida.pt\/wp-content\/plugins\/vikbooking\/site\/resources\/uploads\/big_woonkamer2.webp\" style=\"display: none;\">\n\t\t\t\t\t\t\t<img decoding=\"async\" src=\"https:\/\/www.quintavivaavida.pt\/wp-content\/plugins\/vikbooking\/site\/resources\/uploads\/thumb_woonkamer2.webp\" alt=\"woonkamer2\" title=\"\" style=\"display: none;\"\/>\n\t\t\t\t\t\t<\/a>\n\t\t\t\t\t\t\t\t\t\t\t\t<a href=\"https:\/\/www.quintavivaavida.pt\/wp-content\/plugins\/vikbooking\/site\/resources\/uploads\/big_keukenblad.webp\" style=\"display: none;\">\n\t\t\t\t\t\t\t<img decoding=\"async\" src=\"https:\/\/www.quintavivaavida.pt\/wp-content\/plugins\/vikbooking\/site\/resources\/uploads\/thumb_keukenblad.webp\" alt=\"keukenblad\" title=\"\" style=\"display: none;\"\/>\n\t\t\t\t\t\t<\/a>\n\t\t\t\t\t\t\t\t\t\t\t\t<a href=\"https:\/\/www.quintavivaavida.pt\/wp-content\/plugins\/vikbooking\/site\/resources\/uploads\/big_terras.webp\" style=\"display: none;\">\n\t\t\t\t\t\t\t<img decoding=\"async\" src=\"https:\/\/www.quintavivaavida.pt\/wp-content\/plugins\/vikbooking\/site\/resources\/uploads\/thumb_terras.webp\" alt=\"terras\" title=\"\" style=\"display: none;\"\/>\n\t\t\t\t\t\t<\/a>\n\t\t\t\t\t\t\t\t\t\t\t\t<a href=\"https:\/\/www.quintavivaavida.pt\/wp-content\/plugins\/vikbooking\/site\/resources\/uploads\/big_slaapkamer_2.webp\" style=\"display: none;\">\n\t\t\t\t\t\t\t<img decoding=\"async\" src=\"https:\/\/www.quintavivaavida.pt\/wp-content\/plugins\/vikbooking\/site\/resources\/uploads\/thumb_slaapkamer_2.webp\" alt=\"slaapkamer_2\" title=\"\" style=\"display: none;\"\/>\n\t\t\t\t\t\t<\/a>\n\t\t\t\t\t\t\t\t\t\t\t\t<a href=\"https:\/\/www.quintavivaavida.pt\/wp-content\/plugins\/vikbooking\/site\/resources\/uploads\/big_uitzicht_portugal.webp\" style=\"display: none;\">\n\t\t\t\t\t\t\t<img decoding=\"async\" src=\"https:\/\/www.quintavivaavida.pt\/wp-content\/plugins\/vikbooking\/site\/resources\/uploads\/thumb_uitzicht_portugal.webp\" alt=\"uitzicht_portugal\" title=\"\" style=\"display: none;\"\/>\n\t\t\t\t\t\t<\/a>\n\t\t\t\t\t\t\t\t\t\t\t\t<a href=\"https:\/\/www.quintavivaavida.pt\/wp-content\/plugins\/vikbooking\/site\/resources\/uploads\/big_slaapkamer_avond.webp\" style=\"display: none;\">\n\t\t\t\t\t\t\t<img decoding=\"async\" src=\"https:\/\/www.quintavivaavida.pt\/wp-content\/plugins\/vikbooking\/site\/resources\/uploads\/thumb_slaapkamer_avond.webp\" alt=\"slaapkamer_avond\" title=\"\" style=\"display: none;\"\/>\n\t\t\t\t\t\t<\/a>\n\t\t\t\t\t\t\t\t\t\t\t\t<a href=\"https:\/\/www.quintavivaavida.pt\/wp-content\/plugins\/vikbooking\/site\/resources\/uploads\/big_badkamer_overzicht.webp\" style=\"display: none;\">\n\t\t\t\t\t\t\t<img decoding=\"async\" src=\"https:\/\/www.quintavivaavida.pt\/wp-content\/plugins\/vikbooking\/site\/resources\/uploads\/thumb_badkamer_overzicht.webp\" alt=\"badkamer_overzicht\" title=\"\" style=\"display: none;\"\/>\n\t\t\t\t\t\t<\/a>\n\t\t\t\t\t\t\t\t\t\t\t\t<a href=\"https:\/\/www.quintavivaavida.pt\/wp-content\/plugins\/vikbooking\/site\/resources\/uploads\/big_1426slaapkamer_glutenvrije_bnb.webp\" style=\"display: none;\">\n\t\t\t\t\t\t\t<img decoding=\"async\" src=\"https:\/\/www.quintavivaavida.pt\/wp-content\/plugins\/vikbooking\/site\/resources\/uploads\/thumb_1426slaapkamer_glutenvrije_bnb.webp\" alt=\"1426slaapkamer_glutenvrije_bnb\" title=\"\" style=\"display: none;\"\/>\n\t\t\t\t\t\t<\/a>\n\t\t\t\t\t\t\t\t\t\t\t\t<a href=\"https:\/\/www.quintavivaavida.pt\/wp-content\/plugins\/vikbooking\/site\/resources\/uploads\/big_keuken.webp\" style=\"display: none;\">\n\t\t\t\t\t\t\t<img decoding=\"async\" src=\"https:\/\/www.quintavivaavida.pt\/wp-content\/plugins\/vikbooking\/site\/resources\/uploads\/thumb_keuken.webp\" alt=\"keuken\" title=\"\" style=\"display: none;\"\/>\n\t\t\t\t\t\t<\/a>\n\t\t\t\t\t\t\t\t\t\t\t\t<a href=\"https:\/\/www.quintavivaavida.pt\/wp-content\/plugins\/vikbooking\/site\/resources\/uploads\/big_slaapkamer_detail.webp\" style=\"display: none;\">\n\t\t\t\t\t\t\t<img decoding=\"async\" src=\"https:\/\/www.quintavivaavida.pt\/wp-content\/plugins\/vikbooking\/site\/resources\/uploads\/thumb_slaapkamer_detail.webp\" alt=\"slaapkamer_detail\" title=\"\" style=\"display: none;\"\/>\n\t\t\t\t\t\t<\/a>\n\t\t\t\t\t\t\t\t\t\t\t\t<a href=\"https:\/\/www.quintavivaavida.pt\/wp-content\/plugins\/vikbooking\/site\/resources\/uploads\/big_woonkamer.webp\" style=\"display: none;\">\n\t\t\t\t\t\t\t<img decoding=\"async\" src=\"https:\/\/www.quintavivaavida.pt\/wp-content\/plugins\/vikbooking\/site\/resources\/uploads\/thumb_woonkamer.webp\" alt=\"woonkamer\" title=\"\" style=\"display: none;\"\/>\n\t\t\t\t\t\t<\/a>\n\t\t\t\t\t\t\t\t\t\t\t\t<a href=\"https:\/\/www.quintavivaavida.pt\/wp-content\/plugins\/vikbooking\/site\/resources\/uploads\/big_casa_do_jardim_glutenvrije_vakantie.webp\" style=\"display: none;\">\n\t\t\t\t\t\t\t<img decoding=\"async\" src=\"https:\/\/www.quintavivaavida.pt\/wp-content\/plugins\/vikbooking\/site\/resources\/uploads\/thumb_casa_do_jardim_glutenvrije_vakantie.webp\" alt=\"casa_do_jardim_glutenvrije_vakantie\" title=\"\" style=\"display: none;\"\/>\n\t\t\t\t\t\t<\/a>\n\t\t\t\t\t\t\t\t\t\t\t<\/div>\n\t\t\t\t\t\t\t\t<\/div>\n\t\t\t\t\t\t\t<div class=\"vbo-info-room\">\n\t\t\t\t\t<div class=\"vbdescrlistdiv\">\n\t\t\t\t\t\t<h4 class=\"vbrowcname\">\n\t\t\t\t\t\t\t<a href=\"https:\/\/www.quintavivaavida.pt\/pt-pt\/casa-do-jardim\/\">Casa do Jardim<\/a>\n\t\t\t\t\t\t<\/h4>\n\t\t\t\t\t\t<span class=\"vblistroomcat\">Alojamentos<\/span>\n\t\t\t\t\t\t<div class=\"vbrowcdescr\">A Casa do Jardim \u00e9 uma casa independente com jardim privado, muita luz solar e vistas para a vegeta\u00e7\u00e3o envolvente. Com dois quartos, cozinha totalmente equipada e acesso \u00e0 piscina, \u00e9 um local maravilhoso para casais e fam\u00edlias que desejam descobrir o Norte de Portugal a um ritmo tranquilo.\r\n\r\n<br>Para os h\u00f3spedes que assim o desejarem, pode ser reservado um pequeno-almo\u00e7o totalmente isento de gl\u00faten, preparado em seguran\u00e7a, pois a doen\u00e7a cel\u00edaca faz parte da nossa fam\u00edlia.<\/div>\n\t\t\t\t\t<\/div>\n\t\t\t\t\t\t\t\t\t<div class=\"roomlist_carats\">\n\t\t\t\t\t<div class=\"vbo-room-carats\">\n<span class=\"vbo-room-carat\"><span class=\"vbo-expl\" data-vbo-expl=\"Wi-Fi\"><i class=\"fas fa-wifi vbo-icn-carat\"><\/i><\/span><\/span>\n<span class=\"vbo-room-carat\"><span class=\"vbo-expl\" data-vbo-expl=\"TV\"><i class=\"fas fa-tv vbo-icn-carat\"><\/i><\/span><\/span>\n<span class=\"vbo-room-carat\"><span class=\"vbo-expl\" data-vbo-expl=\"Casa de banho\"><i class=\"fas fa-bath vbo-icn-carat\"><\/i><\/span><\/span>\n<span class=\"vbo-room-carat\"><span class=\"vbo-expl\" data-vbo-expl=\"Cozinha\"><i class=\"fas fa-utensils vbo-icn-carat\"><\/i><\/span><\/span>\n<\/div>\n\t\t\t\t\t<\/div>\n\t\t\t\t\t\t\t\t\t<\/div>\n\t\t\t<\/div>\n\n\t\t\t<div class=\"vbcontdivtot\">\n\t\t\t\t<div class=\"vbdivtot\">\n\t\t\t\t\t<div class=\"vbdivtotinline\">\n\t\t\t\t\t\t<div class=\"vbsrowprice\">\n\t\t\t\t\t\t\t<div class=\"vbrowroomcapacity\">\n\t\t\t\t\t\t\t<i class=\"fas fa-male vbo-pref-color-text\"><\/i><i class=\"fas fa-male vbo-pref-color-text\"><\/i><i class=\"fas fa-male vbo-pref-color-text\"><\/i><i class=\"fas fa-male vbo-pref-color-text\"><\/i>\t\t\t\t\t\t\t<\/div>\n\t\t\t\t\t\t\t\t\t\t<div class=\"vbsrowpricediv\">\n\t\t\t\t\t\t\t\t<span class=\"room_cost\"><span class=\"vbo_currency\">\u20ac<\/span> <span class=\"vbo_price\">99.00<\/span><\/span>\n\t\t\t\t\t\t\t\t<span class=\"vbliststartfrom\">por noite<\/span>\n\t\t\t\t\t\t\t\t\t\t\t\t\t\t\t\t<div class=\"vbliststartfrom-subtxt\">Pequeno-almo\u00e7o sem gl\u00faten dispon\u00edvel mediante reserva.<\/div>\n\t\t\t\t\t\t\t\t\t\t\t\t\t\t\t\t<\/div>\n\t\t\t\t\t\t\n\t\t\t\t\t\t<\/div>\n\t\t\t\t\t\t<div class=\"vbselectordiv\">\n\t\t\t\t\t\t\t<div class=\"vbselectr\">\n\t\t\t\t\t\t\t\t<a class=\"btn vbo-pref-color-btn\" href=\"https:\/\/www.quintavivaavida.pt\/pt-pt\/casa-do-jardim\/\">D\u00e9tails<\/a>\n\t\t\t\t\t\t\t<\/div>\n\t\t\t\t\t\t<\/div>\t\t\t\n\t\t\t\t\t<\/div>\n\t\t\t\t<\/div>\n\t\t\t<\/div>\n\t\t<\/div>\n\t<\/li>\n\t<\/ul>\n<\/div>\n\n\n<\/div>\n<\/div>\n\t\t\t\t\t\t<\/div>\n\t\t\t\t<\/div>\n\t\t\t\t<\/div>\n\t\t<div class=\"elementor-element elementor-element-cd8bc54 e-con-full center-box e-flex e-con e-parent\" data-id=\"cd8bc54\" data-element_type=\"container\" data-e-type=\"container\" data-settings=\"{&quot;background_background&quot;:&quot;slideshow&quot;,&quot;background_slideshow_gallery&quot;:[{&quot;id&quot;:12006,&quot;url&quot;:&quot;https:\\\/\\\/www.quintavivaavida.pt\\\/wp-content\\\/uploads\\\/2025\\\/10\\\/ponte-de-lima-brug-zonsondergang-portugal.webp.webp&quot;},{&quot;id&quot;:12000,&quot;url&quot;:&quot;https:\\\/\\\/www.quintavivaavida.pt\\\/wp-content\\\/uploads\\\/2025\\\/10\\\/santuario-do-sameiro-braga-portugal.webp.webp&quot;},{&quot;id&quot;:11999,&quot;url&quot;:&quot;https:\\\/\\\/www.quintavivaavida.pt\\\/wp-content\\\/uploads\\\/2025\\\/10\\\/schommel-mezio-peneda-geres-portugal.jpg.jpg&quot;},{&quot;id&quot;:11998,&quot;url&quot;:&quot;https:\\\/\\\/www.quintavivaavida.pt\\\/wp-content\\\/uploads\\\/2025\\\/10\\\/atlantische-kust-viana-do-castelo-portugal.jpg.jpg&quot;},{&quot;id&quot;:12007,&quot;url&quot;:&quot;https:\\\/\\\/www.quintavivaavida.pt\\\/wp-content\\\/uploads\\\/2025\\\/10\\\/livraria-lello-porto-boekwinkel-portugal.jpg.jpg&quot;}],&quot;background_slideshow_lazyload&quot;:&quot;yes&quot;,&quot;background_slideshow_loop&quot;:&quot;yes&quot;,&quot;background_slideshow_slide_duration&quot;:5000,&quot;background_slideshow_slide_transition&quot;:&quot;fade&quot;,&quot;background_slideshow_transition_duration&quot;:500}\">\n\t\t<div class=\"elementor-element elementor-element-9e1e703 e-con-full elementor-hidden-mobile e-flex e-con e-child\" data-id=\"9e1e703\" data-element_type=\"container\" data-e-type=\"container\" data-settings=\"{&quot;background_background&quot;:&quot;classic&quot;}\">\n\t\t\t\t<div class=\"elementor-element elementor-element-17bdd08 elementor-widget__width-initial elementor-widget elementor-widget-heading\" data-id=\"17bdd08\" data-element_type=\"widget\" data-e-type=\"widget\" data-widget_type=\"heading.default\">\n\t\t\t\t<div class=\"elementor-widget-container\">\n\t\t\t\t\t<h2 class=\"elementor-heading-title elementor-size-default\">Descobrir o Norte de Portugal a partir de uma base de confian\u00e7a<\/h2>\t\t\t\t<\/div>\n\t\t\t\t<\/div>\n\t\t\t\t<div class=\"elementor-element elementor-element-6a083dc elementor-widget-tablet__width-auto elementor-widget elementor-widget-text-editor\" data-id=\"6a083dc\" data-element_type=\"widget\" data-e-type=\"widget\" data-widget_type=\"text-editor.default\">\n\t\t\t\t<div class=\"elementor-widget-container\">\n\t\t\t\t\t\t\t\t\t<p>O nosso espa\u00e7o fica em Arcos de Valdevez, no verdejante norte de Portugal.<br\/>Aqui podes combinar natureza, espa\u00e7o e liberdade com um lugar onde tudo encaixa na perfei\u00e7\u00e3o \u2014 inclusive \u00e0 mesa.<\/p><p><br>Da Quinta Viva a Vida, ficas logo ali:<\/p><ul data-start=\"1186\" data-end=\"1352\"><li data-start=\"1186\" data-end=\"1224\"><p data-start=\"1188\" data-end=\"1224\">no Parque Nacional da Peneda-Ger\u00eas<\/p><\/li><li data-start=\"1225\" data-end=\"1265\"><p data-start=\"1227\" data-end=\"1265\">em praias ribeirinhas com \u00e1guas cristalinas<\/p><\/li><li data-start=\"1266\" data-end=\"1301\"><p data-start=\"1268\" data-end=\"1301\">em aldeias e vilas com muito charme<\/p><\/li><li data-start=\"1302\" data-end=\"1352\"><p data-start=\"1304\" data-end=\"1352\">ou a 30 minutos do Oceano Atl\u00e2ntico<\/p><\/li><\/ul><p data-start=\"1354\" data-end=\"1444\">N\u00e3o somos um lar de idosos.<br data-start=\"1377\" data-end=\"1380\"\/>Mas sim um s\u00edtio onde podes voltar sem preocupa\u00e7\u00f5es depois de um dia ativo.<\/p>\t\t\t\t\t\t\t\t<\/div>\n\t\t\t\t<\/div>\n\t\t\t\t<\/div>\n\t\t\t\t<\/div>\n\t\t<div class=\"elementor-element elementor-element-7853d45 e-con-full center-box elementor-hidden-desktop elementor-hidden-tablet e-flex e-con e-parent\" data-id=\"7853d45\" data-element_type=\"container\" data-e-type=\"container\" data-settings=\"{&quot;background_background&quot;:&quot;classic&quot;}\">\n\t\t<div class=\"elementor-element elementor-element-512b0ec e-con-full elementor-hidden-desktop elementor-hidden-tablet e-flex e-con e-child\" data-id=\"512b0ec\" data-element_type=\"container\" data-e-type=\"container\" data-settings=\"{&quot;background_background&quot;:&quot;classic&quot;}\">\n\t\t\t\t<div class=\"elementor-element elementor-element-a14ed0a elementor-widget elementor-widget-heading\" data-id=\"a14ed0a\" data-element_type=\"widget\" data-e-type=\"widget\" data-widget_type=\"heading.default\">\n\t\t\t\t<div class=\"elementor-widget-container\">\n\t\t\t\t\t<h2 class=\"elementor-heading-title elementor-size-default\">Descobrir o Norte de Portugal a partir de uma base de confian\u00e7a<\/h2>\t\t\t\t<\/div>\n\t\t\t\t<\/div>\n\t\t\t\t<div class=\"elementor-element elementor-element-3729d21 elementor-widget elementor-widget-text-editor\" data-id=\"3729d21\" data-element_type=\"widget\" data-e-type=\"widget\" data-widget_type=\"text-editor.default\">\n\t\t\t\t<div class=\"elementor-widget-container\">\n\t\t\t\t\t\t\t\t\t<p>O nosso espa\u00e7o fica em Arcos de Valdevez, no verdejante norte de Portugal.<br\/>Aqui podes combinar natureza, espa\u00e7o e liberdade com um lugar onde tudo encaixa na perfei\u00e7\u00e3o \u2014 inclusive \u00e0 mesa.<br\/><br\/><br\/>A partir da Quinta Viva a Vida, est\u00e1s num instante:<\/p><ul data-start=\"1186\" data-end=\"1352\"><li data-start=\"1186\" data-end=\"1224\"><p data-start=\"1188\" data-end=\"1224\">no Parque Nacional da Peneda-Ger\u00eas<\/p><\/li><li data-start=\"1225\" data-end=\"1265\"><p data-start=\"1227\" data-end=\"1265\">em praias ribeirinhas com \u00e1guas cristalinas<\/p><\/li><li data-start=\"1266\" data-end=\"1301\"><p data-start=\"1268\" data-end=\"1301\">em aldeias e vilas com muito charme<\/p><\/li><li data-start=\"1302\" data-end=\"1352\"><p data-start=\"1304\" data-end=\"1352\">ou a 30 minutos do Oceano Atl\u00e2ntico<\/p><\/li><\/ul><p data-start=\"1354\" data-end=\"1444\">N\u00e3o somos um lar de idosos.<br data-start=\"1377\" data-end=\"1380\"\/>Mas sim um s\u00edtio onde podes voltar sem preocupa\u00e7\u00f5es depois de um dia ativo.<\/p>\t\t\t\t\t\t\t\t<\/div>\n\t\t\t\t<\/div>\n\t\t\t\t<\/div>\n\t\t\t\t<\/div>\n\t\t<div class=\"elementor-element elementor-element-5a9d222 e-con-full center-box elementor-hidden-desktop elementor-hidden-tablet e-flex e-con e-parent\" data-id=\"5a9d222\" data-element_type=\"container\" data-e-type=\"container\" data-settings=\"{&quot;background_background&quot;:&quot;classic&quot;}\">\n\t\t\t\t<div class=\"elementor-element elementor-element-094bf14 elementor-headline--style-highlight elementor-widget elementor-widget-animated-headline\" data-id=\"094bf14\" data-element_type=\"widget\" data-e-type=\"widget\" data-settings=\"{&quot;highlighted_text&quot;:&quot;V\\u00ea o que h\\u00e1 para fazer na zona \\u2192&quot;,&quot;highlight_iteration_delay&quot;:4000,&quot;headline_style&quot;:&quot;highlight&quot;,&quot;marker&quot;:&quot;circle&quot;,&quot;loop&quot;:&quot;yes&quot;,&quot;highlight_animation_duration&quot;:1200}\" data-widget_type=\"animated-headline.default\">\n\t\t\t\t<div class=\"elementor-widget-container\">\n\t\t\t\t\t\t\t\t<a href=\"https:\/\/www.quintavivaavida.pt\/omgeving\/\">\n\n\t\t\t\t\t<p class=\"elementor-headline\">\n\t\t\t\t\t<span class=\"elementor-headline-plain-text elementor-headline-text-wrapper\">   <\/span>\n\t\t\t\t<span class=\"elementor-headline-dynamic-wrapper elementor-headline-text-wrapper\">\n\t\t\t\t\t<span class=\"elementor-headline-dynamic-text elementor-headline-text-active\">V\u00ea o que h\u00e1 para fazer na zona \u2192<\/span>\n\t\t\t\t<\/span>\n\t\t\t\t\t<span class=\"elementor-headline-plain-text elementor-headline-text-wrapper\">  <\/span>\n\t\t\t\t\t<\/p>\n\t\t<\/a>\t\t\t\t<\/div>\n\t\t\t\t<\/div>\n\t\t\t\t<\/div>\n\t\t<div class=\"elementor-element elementor-element-59a9515 e-con-full center-box  elementor-hidden-tablet elementor-hidden-mobile e-flex e-con e-parent\" data-id=\"59a9515\" data-element_type=\"container\" data-e-type=\"container\">\n\t\t<div class=\"elementor-element elementor-element-53f4466 e-con-full fotoblok e-flex e-con e-child\" data-id=\"53f4466\" data-element_type=\"container\" data-e-type=\"container\" data-settings=\"{&quot;background_background&quot;:&quot;classic&quot;}\">\n\t\t\t\t<div class=\"elementor-element elementor-element-092dd02 elementor-widget elementor-widget-image\" data-id=\"092dd02\" data-element_type=\"widget\" data-e-type=\"widget\" data-widget_type=\"image.default\">\n\t\t\t\t<div class=\"elementor-widget-container\">\n\t\t\t\t\t\t\t\t\t\t\t\t\t\t\t\t<a href=\"https:\/\/www.quintavivaavida.pt\/omgeving\/braga\/\">\n\t\t\t\t\t\t\t<img decoding=\"async\" width=\"640\" height=\"430\" src=\"https:\/\/www.quintavivaavida.pt\/wp-content\/uploads\/2025\/10\/bom-jesus-do-monte-braga-glutenvrije-vakantie-portugal.jpg-1024x688.jpg\" class=\"attachment-large size-large wp-image-12008\" alt=\"Bom Jesus do Monte, em Braga, com a sua escadaria monumental e a igreja \u2013 uma paragem obrigat\u00f3ria durante as tuas f\u00e9rias sem gl\u00faten em Portugal.\" srcset=\"https:\/\/www.quintavivaavida.pt\/wp-content\/uploads\/2025\/10\/bom-jesus-do-monte-braga-glutenvrije-vakantie-portugal.jpg-1024x688.jpg 1024w, https:\/\/www.quintavivaavida.pt\/wp-content\/uploads\/2025\/10\/bom-jesus-do-monte-braga-glutenvrije-vakantie-portugal.jpg-300x202.jpg 300w, https:\/\/www.quintavivaavida.pt\/wp-content\/uploads\/2025\/10\/bom-jesus-do-monte-braga-glutenvrije-vakantie-portugal.jpg-768x516.jpg 768w, https:\/\/www.quintavivaavida.pt\/wp-content\/uploads\/2025\/10\/bom-jesus-do-monte-braga-glutenvrije-vakantie-portugal.jpg.jpg 1523w\" sizes=\"(max-width: 640px) 100vw, 640px\" \/>\t\t\t\t\t\t\t\t<\/a>\n\t\t\t\t\t\t\t\t\t\t\t\t\t\t\t<\/div>\n\t\t\t\t<\/div>\n\t\t\t\t<div class=\"elementor-element elementor-element-d583796 elementor-widget elementor-widget-heading\" data-id=\"d583796\" data-element_type=\"widget\" data-e-type=\"widget\" data-widget_type=\"heading.default\">\n\t\t\t\t<div class=\"elementor-widget-container\">\n\t\t\t\t\t<h3 class=\"elementor-heading-title elementor-size-default\"><a href=\"https:\/\/www.quintavivaavida.pt\/omgeving\/braga\/\">Descobre Braga<br \/>Cultura, hist\u00f3ria e anima\u00e7\u00e3o<\/a><\/h3>\t\t\t\t<\/div>\n\t\t\t\t<\/div>\n\t\t\t\t<div class=\"elementor-element elementor-element-795d4f3 elementor-widget elementor-widget-text-editor\" data-id=\"795d4f3\" data-element_type=\"widget\" data-e-type=\"widget\" data-widget_type=\"text-editor.default\">\n\t\t\t\t<div class=\"elementor-widget-container\">\n\t\t\t\t\t\t\t\t\t<p data-start=\"2181\" data-end=\"2366\">Braga \u00e9 uma das cidades mais antigas de Portugal e \u00e9 surpreendentemente acess\u00edvel. Tem um ambiente encantador, \u00e9 animada e d\u00e1 para combinar facilmente com um passeio de um dia. <\/p>\t\t\t\t\t\t\t\t<\/div>\n\t\t\t\t<\/div>\n\t\t\t\t<\/div>\n\t\t<div class=\"elementor-element elementor-element-cd037a4 e-con-full fotoblok e-flex e-con e-child\" data-id=\"cd037a4\" data-element_type=\"container\" data-e-type=\"container\" data-settings=\"{&quot;background_background&quot;:&quot;classic&quot;}\">\n\t\t\t\t<div class=\"elementor-element elementor-element-822d33d elementor-widget elementor-widget-image\" data-id=\"822d33d\" data-element_type=\"widget\" data-e-type=\"widget\" data-widget_type=\"image.default\">\n\t\t\t\t<div class=\"elementor-widget-container\">\n\t\t\t\t\t\t\t\t\t\t\t\t\t\t\t\t<a href=\"https:\/\/www.quintavivaavida.pt\/omgeving\/\">\n\t\t\t\t\t\t\t<img decoding=\"async\" width=\"640\" height=\"427\" src=\"https:\/\/www.quintavivaavida.pt\/wp-content\/uploads\/2025\/10\/iwk9bgtwz7cuuev2ydhi-1-1024x683.webp\" class=\"attachment-large size-large wp-image-12009\" alt=\"Crian\u00e7a a cavalo durante um passeio ao ar livre com a Nature Horse Turismo Equestre \u2013 atividade bem perto do nosso B&amp;B sem gl\u00faten em Arcos de Valdevez\" srcset=\"https:\/\/www.quintavivaavida.pt\/wp-content\/uploads\/2025\/10\/iwk9bgtwz7cuuev2ydhi-1-1024x683.webp 1024w, https:\/\/www.quintavivaavida.pt\/wp-content\/uploads\/2025\/10\/iwk9bgtwz7cuuev2ydhi-1-300x200.webp 300w, https:\/\/www.quintavivaavida.pt\/wp-content\/uploads\/2025\/10\/iwk9bgtwz7cuuev2ydhi-1-768x512.webp 768w, https:\/\/www.quintavivaavida.pt\/wp-content\/uploads\/2025\/10\/iwk9bgtwz7cuuev2ydhi-1-930x620.webp 930w, https:\/\/www.quintavivaavida.pt\/wp-content\/uploads\/2025\/10\/iwk9bgtwz7cuuev2ydhi-1.webp 1535w\" sizes=\"(max-width: 640px) 100vw, 640px\" \/>\t\t\t\t\t\t\t\t<\/a>\n\t\t\t\t\t\t\t\t\t\t\t\t\t\t\t<\/div>\n\t\t\t\t<\/div>\n\t\t\t\t<div class=\"elementor-element elementor-element-98a0c71 elementor-widget elementor-widget-heading\" data-id=\"98a0c71\" data-element_type=\"widget\" data-e-type=\"widget\" data-widget_type=\"heading.default\">\n\t\t\t\t<div class=\"elementor-widget-container\">\n\t\t\t\t\t<h3 class=\"elementor-heading-title elementor-size-default\"><a href=\"https:\/\/www.quintavivaavida.pt\/omgeving\/\">Atividades ao ar livre<br \/> Caminhadas, nata\u00e7\u00e3o e estar ao ar livre<\/a><\/h3>\t\t\t\t<\/div>\n\t\t\t\t<\/div>\n\t\t\t\t<div class=\"elementor-element elementor-element-2f83964 elementor-widget elementor-widget-text-editor\" data-id=\"2f83964\" data-element_type=\"widget\" data-e-type=\"widget\" data-widget_type=\"text-editor.default\">\n\t\t\t\t<div class=\"elementor-widget-container\">\n\t\t\t\t\t\t\t\t\t<p data-start=\"340\" data-end=\"657\">Nos arredores de Arcos de Valdevez, vais encontrar florestas, montanhas, ribeiros e praias fluviais. \u00c9 ideal para fam\u00edlias, caminhantes e todos aqueles que gostam de estar ao ar livre. <\/p>\t\t\t\t\t\t\t\t<\/div>\n\t\t\t\t<\/div>\n\t\t\t\t<\/div>\n\t\t<div class=\"elementor-element elementor-element-4704db6 e-con-full fotoblok e-flex e-con e-child\" data-id=\"4704db6\" data-element_type=\"container\" data-e-type=\"container\" data-settings=\"{&quot;background_background&quot;:&quot;classic&quot;}\">\n\t\t\t\t<div class=\"elementor-element elementor-element-ced260d elementor-widget elementor-widget-image\" data-id=\"ced260d\" data-element_type=\"widget\" data-e-type=\"widget\" data-widget_type=\"image.default\">\n\t\t\t\t<div class=\"elementor-widget-container\">\n\t\t\t\t\t\t\t\t\t\t\t\t\t\t\t\t<a href=\"https:\/\/www.quintavivaavida.pt\/omgeving\/porto\/\">\n\t\t\t\t\t\t\t<img loading=\"lazy\" decoding=\"async\" width=\"640\" height=\"427\" src=\"https:\/\/www.quintavivaavida.pt\/wp-content\/uploads\/2025\/10\/dom-luis-brug-porto-douro-portugal.webp-1024x683.webp\" class=\"attachment-large size-large wp-image-12003\" alt=\"Ponte Dom Lu\u00eds I sobre o rio Douro, no Porto, com vista para a cidade hist\u00f3rica, Portugal\" srcset=\"https:\/\/www.quintavivaavida.pt\/wp-content\/uploads\/2025\/10\/dom-luis-brug-porto-douro-portugal.webp-1024x683.webp 1024w, https:\/\/www.quintavivaavida.pt\/wp-content\/uploads\/2025\/10\/dom-luis-brug-porto-douro-portugal.webp-300x200.webp 300w, https:\/\/www.quintavivaavida.pt\/wp-content\/uploads\/2025\/10\/dom-luis-brug-porto-douro-portugal.webp-768x512.webp 768w, https:\/\/www.quintavivaavida.pt\/wp-content\/uploads\/2025\/10\/dom-luis-brug-porto-douro-portugal.webp-1536x1024.webp 1536w, https:\/\/www.quintavivaavida.pt\/wp-content\/uploads\/2025\/10\/dom-luis-brug-porto-douro-portugal.webp-930x620.webp 930w, https:\/\/www.quintavivaavida.pt\/wp-content\/uploads\/2025\/10\/elementor\/thumbs\/dom-luis-brug-porto-douro-portugal-rd6vhmtzag0axm4zxywy0ikirbnuowrxueqcdrc3d4.webp 750w, https:\/\/www.quintavivaavida.pt\/wp-content\/uploads\/2025\/10\/dom-luis-brug-porto-douro-portugal.webp.webp 1920w\" sizes=\"(max-width: 640px) 100vw, 640px\" \/>\t\t\t\t\t\t\t\t<\/a>\n\t\t\t\t\t\t\t\t\t\t\t\t\t\t\t<\/div>\n\t\t\t\t<\/div>\n\t\t\t\t<div class=\"elementor-element elementor-element-423aee6 elementor-widget elementor-widget-heading\" data-id=\"423aee6\" data-element_type=\"widget\" data-e-type=\"widget\" data-widget_type=\"heading.default\">\n\t\t\t\t<div class=\"elementor-widget-container\">\n\t\t\t\t\t<h3 class=\"elementor-heading-title elementor-size-default\"><a href=\"https:\/\/www.quintavivaavida.pt\/omgeving\/porto\/\">Um dia no Porto<br \/>Cidade, personalidade e <br \/>cultura<br><\/a><\/h3>\t\t\t\t<\/div>\n\t\t\t\t<\/div>\n\t\t\t\t<div class=\"elementor-element elementor-element-4d00e2e elementor-widget elementor-widget-text-editor\" data-id=\"4d00e2e\" data-element_type=\"widget\" data-e-type=\"widget\" data-widget_type=\"text-editor.default\">\n\t\t\t\t<div class=\"elementor-widget-container\">\n\t\t\t\t\t\t\t\t\t<p data-start=\"400\" data-end=\"668\">O Porto fica a uma curta dist\u00e2ncia de carro e \u00e9 perfeito para um dia de cultura, gastronomia e ambiente. Tamb\u00e9m aqui gostamos de partilhar as nossas experi\u00eancias sobre a alimenta\u00e7\u00e3o sem gl\u00faten. <\/p>\t\t\t\t\t\t\t\t<\/div>\n\t\t\t\t<\/div>\n\t\t\t\t<\/div>\n\t\t\t\t<\/div>\n\t\t<div class=\"elementor-element elementor-element-f8a7b08 e-con-full center-box tips elementor-hidden-mobile e-flex e-con e-parent\" data-id=\"f8a7b08\" data-element_type=\"container\" data-e-type=\"container\" data-settings=\"{&quot;background_background&quot;:&quot;classic&quot;}\">\n\t\t\t\t<div class=\"elementor-element elementor-element-83efc46 elementor-headline--style-highlight elementor-widget elementor-widget-animated-headline\" data-id=\"83efc46\" data-element_type=\"widget\" data-e-type=\"widget\" data-settings=\"{&quot;highlighted_text&quot;:&quot;V\\u00ea o que h\\u00e1 para fazer na zona \\u2192&quot;,&quot;highlight_iteration_delay&quot;:4000,&quot;headline_style&quot;:&quot;highlight&quot;,&quot;marker&quot;:&quot;circle&quot;,&quot;loop&quot;:&quot;yes&quot;,&quot;highlight_animation_duration&quot;:1200}\" data-widget_type=\"animated-headline.default\">\n\t\t\t\t<div class=\"elementor-widget-container\">\n\t\t\t\t\t\t\t\t<a href=\"https:\/\/www.quintavivaavida.pt\/omgeving\/\">\n\n\t\t\t\t\t<p class=\"elementor-headline\">\n\t\t\t\t\t<span class=\"elementor-headline-plain-text elementor-headline-text-wrapper\">   <\/span>\n\t\t\t\t<span class=\"elementor-headline-dynamic-wrapper elementor-headline-text-wrapper\">\n\t\t\t\t\t<span class=\"elementor-headline-dynamic-text elementor-headline-text-active\">V\u00ea o que h\u00e1 para fazer na zona \u2192<\/span>\n\t\t\t\t<\/span>\n\t\t\t\t\t<span class=\"elementor-headline-plain-text elementor-headline-text-wrapper\">  <\/span>\n\t\t\t\t\t<\/p>\n\t\t<\/a>\t\t\t\t<\/div>\n\t\t\t\t<\/div>\n\t\t\t\t<\/div>\n\t\t<div class=\"elementor-element elementor-element-7cd27cb e-con-full center-box tips e-flex e-con e-parent\" data-id=\"7cd27cb\" data-element_type=\"container\" data-e-type=\"container\" data-settings=\"{&quot;background_background&quot;:&quot;classic&quot;}\">\n\t\t\t\t<div class=\"elementor-element elementor-element-7dcbb2c elementor-widget elementor-widget-heading\" data-id=\"7dcbb2c\" data-element_type=\"widget\" data-e-type=\"widget\" data-widget_type=\"heading.default\">\n\t\t\t\t<div class=\"elementor-widget-container\">\n\t\t\t\t\t<h2 class=\"elementor-heading-title elementor-size-default\">Aqui, os produtos sem gl\u00faten s\u00e3o algo natural<\/h2>\t\t\t\t<\/div>\n\t\t\t\t<\/div>\n\t\t\t\t<div class=\"elementor-element elementor-element-a804c73 elementor-widget__width-inherit elementor-widget-mobile__width-initial elementor-widget elementor-widget-text-editor\" data-id=\"a804c73\" data-element_type=\"widget\" data-e-type=\"widget\" data-widget_type=\"text-editor.default\">\n\t\t\t\t<div class=\"elementor-widget-container\">\n\t\t\t\t\t\t\t\t\tA Bianca e a nossa filha Pip t\u00eam doen\u00e7a cel\u00edaca. Por isso, a nossa cozinha est\u00e1 totalmente adaptada para uma alimenta\u00e7\u00e3o sem gl\u00faten. O pequeno-almo\u00e7o e o jantar s\u00e3o sempre 100% sem gl\u00faten. Sem d\u00favidas e sem exce\u00e7\u00f5es.   <br><br>\nMesmo que nem toda a gente do grupo tenha doen\u00e7a cel\u00edaca, este continua a ser o nosso padr\u00e3o.\nIsso d\u00e1-nos tranquilidade. E confian\u00e7a... \n<br><br>Podes comer de tudo? Mesmo assim, \u00e9s, claro, muito bem-vindo para descobrires o Norte de Portugal a partir da nossa casa. \t\t\t\t\t\t\t\t<\/div>\n\t\t\t\t<\/div>\n\t\t\t\t<div class=\"elementor-element elementor-element-30fa076 elementor-align-center elementor-widget elementor-widget-button\" data-id=\"30fa076\" data-element_type=\"widget\" data-e-type=\"widget\" data-widget_type=\"button.default\">\n\t\t\t\t<div class=\"elementor-widget-container\">\n\t\t\t\t\t\t\t\t\t<div class=\"elementor-button-wrapper\">\n\t\t\t\t\t<a class=\"elementor-button elementor-button-link elementor-size-sm\" href=\"https:\/\/www.quintavivaavida.pt\/pt-pt\/de-ferias-com-doenca-celiaca\/\">\n\t\t\t\t\t\t<span class=\"elementor-button-content-wrapper\">\n\t\t\t\t\t\t\t\t\t<span class=\"elementor-button-text\">Sabe mais sobre produtos sem gl\u00faten e seguran\u00e7a \u2192<\/span>\n\t\t\t\t\t<\/span>\n\t\t\t\t\t<\/a>\n\t\t\t\t<\/div>\n\t\t\t\t\t\t\t\t<\/div>\n\t\t\t\t<\/div>\n\t\t\t\t<\/div>\n\t\t\t\t<\/div>\n\t\t","protected":false},"excerpt":{"rendered":"<p>Um lugar no norte de Portugal onde a tranquilidade e a confian\u00e7a s\u00e3o uma certeza A Quinta Viva a Vida \u00e9 um B&#038;B de pequena escala na regi\u00e3o de Arcos de Valdevez, que surgiu a partir da nossa experi\u00eancia com a doen\u00e7a cel\u00edaca. &nbsp; Como a Bianca e o Pip t\u00eam doen\u00e7a cel\u00edaca, cozinhamos sempre<\/p>\n","protected":false},"author":1,"featured_media":12317,"parent":0,"menu_order":0,"comment_status":"closed","ping_status":"closed","template":"elementor_header_footer","meta":{"solace_meta_sidebar":"","solace_meta_container":"","solace_meta_enable_content_width":"","solace_meta_content_width":0,"solace_meta_title_alignment":"","solace_meta_author_avatar":"","solace_post_elements_order":"","solace_meta_disable_header":"","solace_meta_disable_footer":"","solace_meta_disable_title":"","footnotes":""},"class_list":["post-12037","page","type-page","status-publish","has-post-thumbnail","hentry"],"yoast_head":"<!-- This site is optimized with the Yoast SEO plugin v28.2 - https:\/\/yoast.com\/product\/yoast-seo-wordpress\/ -->\n<title>Quinta Viva a Vida | F\u00e9rias 100% sem gl\u00faten no Norte de Portugal<\/title>\n<meta name=\"description\" content=\"A Quinta Viva a Vida \u00e9 um espa\u00e7o intimista e 100% sem gl\u00faten no norte de Portugal, que surgiu da nossa experi\u00eancia com a doen\u00e7a cel\u00edaca. Um ponto de partida seguro e descontra\u00eddo para descobrires a regi\u00e3o.\" \/>\n<meta name=\"robots\" content=\"index, follow, max-snippet:-1, max-image-preview:large, max-video-preview:-1\" \/>\n<link rel=\"canonical\" href=\"https:\/\/www.quintavivaavida.pt\/pt-pt\/\" \/>\n<meta property=\"og:locale\" content=\"pt_PT\" \/>\n<meta property=\"og:type\" content=\"article\" \/>\n<meta property=\"og:title\" content=\"Quinta Viva a Vida | F\u00e9rias 100% sem gl\u00faten no Norte de Portugal\" \/>\n<meta property=\"og:description\" content=\"A Quinta Viva a Vida \u00e9 um espa\u00e7o intimista e 100% sem gl\u00faten no norte de Portugal, que surgiu da nossa experi\u00eancia com a doen\u00e7a cel\u00edaca. Um ponto de partida seguro e descontra\u00eddo para descobrires a regi\u00e3o.\" \/>\n<meta property=\"og:url\" content=\"https:\/\/www.quintavivaavida.pt\/pt-pt\/\" \/>\n<meta property=\"og:site_name\" content=\"Quinta Viva a Vida - Glutenvrije vakantie in Portugal\" \/>\n<meta property=\"article:publisher\" content=\"https:\/\/www.facebook.com\/glutenvrijportugal\" \/>\n<meta property=\"article:modified_time\" content=\"2026-08-28T20:55:40+00:00\" \/>\n<meta property=\"og:image\" content=\"https:\/\/www.quintavivaavida.pt\/wp-content\/uploads\/2026\/08\/Casa-Do-Jardim-buiten-uitzicht.webp\" \/>\n\t<meta property=\"og:image:width\" content=\"1024\" \/>\n\t<meta property=\"og:image:height\" content=\"768\" \/>\n\t<meta property=\"og:image:type\" content=\"image\/webp\" \/>\n<meta name=\"twitter:card\" content=\"summary_large_image\" \/>\n<meta name=\"twitter:label1\" content=\"Tempo estimado de leitura\" \/>\n\t<meta name=\"twitter:data1\" content=\"6 minutos\" \/>\n<script type=\"application\/ld+json\" class=\"yoast-schema-graph\">{\"@context\":\"https:\\\/\\\/schema.org\",\"@graph\":[{\"@type\":\"WebPage\",\"@id\":\"https:\\\/\\\/www.quintavivaavida.pt\\\/pt-pt\\\/\",\"url\":\"https:\\\/\\\/www.quintavivaavida.pt\\\/pt-pt\\\/\",\"name\":\"Quinta Viva a Vida | F\u00e9rias 100% sem gl\u00faten no Norte de Portugal\",\"isPartOf\":{\"@id\":\"https:\\\/\\\/www.quintavivaavida.pt\\\/pt-pt\\\/#website\"},\"primaryImageOfPage\":{\"@id\":\"https:\\\/\\\/www.quintavivaavida.pt\\\/pt-pt\\\/#primaryimage\"},\"image\":{\"@id\":\"https:\\\/\\\/www.quintavivaavida.pt\\\/pt-pt\\\/#primaryimage\"},\"thumbnailUrl\":\"https:\\\/\\\/www.quintavivaavida.pt\\\/wp-content\\\/uploads\\\/2026\\\/08\\\/Casa-Do-Jardim-buiten-uitzicht.webp\",\"datePublished\":\"2025-10-28T10:05:07+00:00\",\"dateModified\":\"2026-08-28T20:55:40+00:00\",\"description\":\"A Quinta Viva a Vida \u00e9 um espa\u00e7o intimista e 100% sem gl\u00faten no norte de Portugal, que surgiu da nossa experi\u00eancia com a doen\u00e7a cel\u00edaca. Um ponto de partida seguro e descontra\u00eddo para descobrires a regi\u00e3o.\",\"breadcrumb\":{\"@id\":\"https:\\\/\\\/www.quintavivaavida.pt\\\/pt-pt\\\/#breadcrumb\"},\"inLanguage\":\"pt-PT\",\"potentialAction\":[{\"@type\":\"ReadAction\",\"target\":[\"https:\\\/\\\/www.quintavivaavida.pt\\\/pt-pt\\\/\"]}]},{\"@type\":\"ImageObject\",\"inLanguage\":\"pt-PT\",\"@id\":\"https:\\\/\\\/www.quintavivaavida.pt\\\/pt-pt\\\/#primaryimage\",\"url\":\"https:\\\/\\\/www.quintavivaavida.pt\\\/wp-content\\\/uploads\\\/2026\\\/08\\\/Casa-Do-Jardim-buiten-uitzicht.webp\",\"contentUrl\":\"https:\\\/\\\/www.quintavivaavida.pt\\\/wp-content\\\/uploads\\\/2026\\\/08\\\/Casa-Do-Jardim-buiten-uitzicht.webp\",\"width\":1024,\"height\":768,\"caption\":\"Casa de f\u00e9rias isenta de gl\u00faten\"},{\"@type\":\"BreadcrumbList\",\"@id\":\"https:\\\/\\\/www.quintavivaavida.pt\\\/pt-pt\\\/#breadcrumb\",\"itemListElement\":[{\"@type\":\"ListItem\",\"position\":1,\"name\":\"In\u00edcio\",\"item\":\"https:\\\/\\\/www.quintavivaavida.pt\\\/pt-pt\\\/passar-ferias-no-norte-de-portugal-quinta-viva-a-vida\\\/\"},{\"@type\":\"ListItem\",\"position\":2,\"name\":\"P\u00e1gina inicial\"}]},{\"@type\":\"WebSite\",\"@id\":\"https:\\\/\\\/www.quintavivaavida.pt\\\/pt-pt\\\/#website\",\"url\":\"https:\\\/\\\/www.quintavivaavida.pt\\\/pt-pt\\\/\",\"name\":\"Gluttenvrije Vakantie in Portugal | Quinta Viva a Vida\",\"description\":\"Een 100% glutenvrije vakantieplek in Noord-Portugal, waar mensen met coeliakie en hun gezin zorgeloos kunnen genieten.\",\"publisher\":{\"@id\":\"https:\\\/\\\/www.quintavivaavida.pt\\\/pt-pt\\\/#organization\"},\"potentialAction\":[{\"@type\":\"SearchAction\",\"target\":{\"@type\":\"EntryPoint\",\"urlTemplate\":\"https:\\\/\\\/www.quintavivaavida.pt\\\/pt-pt\\\/?s={search_term_string}\"},\"query-input\":{\"@type\":\"PropertyValueSpecification\",\"valueRequired\":true,\"valueName\":\"search_term_string\"}}],\"inLanguage\":\"pt-PT\"},{\"@type\":\"Organization\",\"@id\":\"https:\\\/\\\/www.quintavivaavida.pt\\\/pt-pt\\\/#organization\",\"name\":\"Quinta Nosso Sohno\",\"url\":\"https:\\\/\\\/www.quintavivaavida.pt\\\/pt-pt\\\/\",\"logo\":{\"@type\":\"ImageObject\",\"inLanguage\":\"pt-PT\",\"@id\":\"https:\\\/\\\/www.quintavivaavida.pt\\\/pt-pt\\\/#\\\/schema\\\/logo\\\/image\\\/\",\"url\":\"\",\"contentUrl\":\"\",\"caption\":\"Quinta Nosso Sohno\"},\"image\":{\"@id\":\"https:\\\/\\\/www.quintavivaavida.pt\\\/pt-pt\\\/#\\\/schema\\\/logo\\\/image\\\/\"},\"sameAs\":[\"https:\\\/\\\/www.facebook.com\\\/glutenvrijportugal\",\"https:\\\/\\\/www.instagram.com\\\/glutenvrijebenbinportugal\\\/\"]}]}<\/script>\n<!-- \/ Yoast SEO plugin. -->","yoast_head_json":{"title":"Quinta Viva a Vida | F\u00e9rias 100% sem gl\u00faten no Norte de Portugal","description":"A Quinta Viva a Vida \u00e9 um espa\u00e7o intimista e 100% sem gl\u00faten no norte de Portugal, que surgiu da nossa experi\u00eancia com a doen\u00e7a cel\u00edaca. Um ponto de partida seguro e descontra\u00eddo para descobrires a regi\u00e3o.","robots":{"index":"index","follow":"follow","max-snippet":"max-snippet:-1","max-image-preview":"max-image-preview:large","max-video-preview":"max-video-preview:-1"},"canonical":"https:\/\/www.quintavivaavida.pt\/pt-pt\/","og_locale":"pt_PT","og_type":"article","og_title":"Quinta Viva a Vida | F\u00e9rias 100% sem gl\u00faten no Norte de Portugal","og_description":"A Quinta Viva a Vida \u00e9 um espa\u00e7o intimista e 100% sem gl\u00faten no norte de Portugal, que surgiu da nossa experi\u00eancia com a doen\u00e7a cel\u00edaca. Um ponto de partida seguro e descontra\u00eddo para descobrires a regi\u00e3o.","og_url":"https:\/\/www.quintavivaavida.pt\/pt-pt\/","og_site_name":"Quinta Viva a Vida - Glutenvrije vakantie in Portugal","article_publisher":"https:\/\/www.facebook.com\/glutenvrijportugal","article_modified_time":"2026-08-28T20:55:40+00:00","og_image":[{"width":1024,"height":768,"url":"https:\/\/www.quintavivaavida.pt\/wp-content\/uploads\/2026\/08\/Casa-Do-Jardim-buiten-uitzicht.webp","type":"image\/webp"}],"twitter_card":"summary_large_image","twitter_misc":{"Tempo estimado de leitura":"6 minutos"},"schema":{"@context":"https:\/\/schema.org","@graph":[{"@type":"WebPage","@id":"https:\/\/www.quintavivaavida.pt\/pt-pt\/","url":"https:\/\/www.quintavivaavida.pt\/pt-pt\/","name":"Quinta Viva a Vida | F\u00e9rias 100% sem gl\u00faten no Norte de Portugal","isPartOf":{"@id":"https:\/\/www.quintavivaavida.pt\/pt-pt\/#website"},"primaryImageOfPage":{"@id":"https:\/\/www.quintavivaavida.pt\/pt-pt\/#primaryimage"},"image":{"@id":"https:\/\/www.quintavivaavida.pt\/pt-pt\/#primaryimage"},"thumbnailUrl":"https:\/\/www.quintavivaavida.pt\/wp-content\/uploads\/2026\/08\/Casa-Do-Jardim-buiten-uitzicht.webp","datePublished":"2025-10-28T10:05:07+00:00","dateModified":"2026-08-28T20:55:40+00:00","description":"A Quinta Viva a Vida \u00e9 um espa\u00e7o intimista e 100% sem gl\u00faten no norte de Portugal, que surgiu da nossa experi\u00eancia com a doen\u00e7a cel\u00edaca. Um ponto de partida seguro e descontra\u00eddo para descobrires a regi\u00e3o.","breadcrumb":{"@id":"https:\/\/www.quintavivaavida.pt\/pt-pt\/#breadcrumb"},"inLanguage":"pt-PT","potentialAction":[{"@type":"ReadAction","target":["https:\/\/www.quintavivaavida.pt\/pt-pt\/"]}]},{"@type":"ImageObject","inLanguage":"pt-PT","@id":"https:\/\/www.quintavivaavida.pt\/pt-pt\/#primaryimage","url":"https:\/\/www.quintavivaavida.pt\/wp-content\/uploads\/2026\/08\/Casa-Do-Jardim-buiten-uitzicht.webp","contentUrl":"https:\/\/www.quintavivaavida.pt\/wp-content\/uploads\/2026\/08\/Casa-Do-Jardim-buiten-uitzicht.webp","width":1024,"height":768,"caption":"Casa de f\u00e9rias isenta de gl\u00faten"},{"@type":"BreadcrumbList","@id":"https:\/\/www.quintavivaavida.pt\/pt-pt\/#breadcrumb","itemListElement":[{"@type":"ListItem","position":1,"name":"In\u00edcio","item":"https:\/\/www.quintavivaavida.pt\/pt-pt\/passar-ferias-no-norte-de-portugal-quinta-viva-a-vida\/"},{"@type":"ListItem","position":2,"name":"P\u00e1gina inicial"}]},{"@type":"WebSite","@id":"https:\/\/www.quintavivaavida.pt\/pt-pt\/#website","url":"https:\/\/www.quintavivaavida.pt\/pt-pt\/","name":"Gluttenvrije Vakantie in Portugal | Quinta Viva a Vida","description":"Een 100% glutenvrije vakantieplek in Noord-Portugal, waar mensen met coeliakie en hun gezin zorgeloos kunnen genieten.","publisher":{"@id":"https:\/\/www.quintavivaavida.pt\/pt-pt\/#organization"},"potentialAction":[{"@type":"SearchAction","target":{"@type":"EntryPoint","urlTemplate":"https:\/\/www.quintavivaavida.pt\/pt-pt\/?s={search_term_string}"},"query-input":{"@type":"PropertyValueSpecification","valueRequired":true,"valueName":"search_term_string"}}],"inLanguage":"pt-PT"},{"@type":"Organization","@id":"https:\/\/www.quintavivaavida.pt\/pt-pt\/#organization","name":"Quinta Nosso Sohno","url":"https:\/\/www.quintavivaavida.pt\/pt-pt\/","logo":{"@type":"ImageObject","inLanguage":"pt-PT","@id":"https:\/\/www.quintavivaavida.pt\/pt-pt\/#\/schema\/logo\/image\/","url":"","contentUrl":"","caption":"Quinta Nosso Sohno"},"image":{"@id":"https:\/\/www.quintavivaavida.pt\/pt-pt\/#\/schema\/logo\/image\/"},"sameAs":["https:\/\/www.facebook.com\/glutenvrijportugal","https:\/\/www.instagram.com\/glutenvrijebenbinportugal\/"]}]}},"_links":{"self":[{"href":"https:\/\/www.quintavivaavida.pt\/pt-pt\/wp-json\/wp\/v2\/pages\/12037","targetHints":{"allow":["GET"]}}],"collection":[{"href":"https:\/\/www.quintavivaavida.pt\/pt-pt\/wp-json\/wp\/v2\/pages"}],"about":[{"href":"https:\/\/www.quintavivaavida.pt\/pt-pt\/wp-json\/wp\/v2\/types\/page"}],"author":[{"embeddable":true,"href":"https:\/\/www.quintavivaavida.pt\/pt-pt\/wp-json\/wp\/v2\/users\/1"}],"replies":[{"embeddable":true,"href":"https:\/\/www.quintavivaavida.pt\/pt-pt\/wp-json\/wp\/v2\/comments?post=12037"}],"version-history":[{"count":12,"href":"https:\/\/www.quintavivaavida.pt\/pt-pt\/wp-json\/wp\/v2\/pages\/12037\/revisions"}],"predecessor-version":[{"id":12625,"href":"https:\/\/www.quintavivaavida.pt\/pt-pt\/wp-json\/wp\/v2\/pages\/12037\/revisions\/12625"}],"wp:featuredmedia":[{"embeddable":true,"href":"https:\/\/www.quintavivaavida.pt\/pt-pt\/wp-json\/wp\/v2\/media\/12317"}],"wp:attachment":[{"href":"https:\/\/www.quintavivaavida.pt\/pt-pt\/wp-json\/wp\/v2\/media?parent=12037"}],"curies":[{"name":"wp","href":"https:\/\/api.w.org\/{rel}","templated":true}]}}