{"id":11814,"date":"2025-10-23T17:06:02","date_gmt":"2025-10-23T16:06:02","guid":{"rendered":"https:\/\/www.quintavivaavida.pt\/notre-bb-dans-le-nord-du-portugal\/"},"modified":"2026-08-22T23:41:53","modified_gmt":"2026-08-22T22:41:53","slug":"notre-bb-dans-le-nord-du-portugal","status":"publish","type":"page","link":"https:\/\/www.quintavivaavida.pt\/fr\/notre-bb-dans-le-nord-du-portugal\/","title":{"rendered":"Notre B&#038;B dans le nord du Portugal"},"content":{"rendered":"\t\t<div data-elementor-type=\"wp-page\" data-elementor-id=\"11814\" class=\"elementor elementor-11814 elementor-6237\" data-elementor-post-type=\"page\">\n\t\t\t\t<div class=\"elementor-element elementor-element-f320c4b e-con-full center-box e-flex e-con e-parent\" data-id=\"f320c4b\" data-element_type=\"container\" data-e-type=\"container\" data-settings=\"{&quot;background_background&quot;:&quot;classic&quot;}\">\n\t\t<div class=\"elementor-element elementor-element-8c5868f e-con-full e-flex e-con e-child\" data-id=\"8c5868f\" data-element_type=\"container\" data-e-type=\"container\">\n\t\t\t\t<div class=\"elementor-element elementor-element-d4f8b17 elementor-widget elementor-widget-heading\" data-id=\"d4f8b17\" data-element_type=\"widget\" data-e-type=\"widget\" data-widget_type=\"heading.default\">\n\t\t\t\t<div class=\"elementor-widget-container\">\n\t\t\t\t\t<h1 class=\"elementor-heading-title elementor-size-default\">Notre B&amp;B dans le nord du Portugal<\/h1>\t\t\t\t<\/div>\n\t\t\t\t<\/div>\n\t\t\t\t<\/div>\n\t\t\t\t<\/div>\n\t\t<div class=\"elementor-element elementor-element-1b608fe e-con-full center-box e-flex e-con e-parent\" data-id=\"1b608fe\" data-element_type=\"container\" data-e-type=\"container\" data-settings=\"{&quot;background_background&quot;:&quot;classic&quot;}\">\n\t\t<div class=\"elementor-element elementor-element-92cee72 e-con-full e-flex e-con e-child\" data-id=\"92cee72\" data-element_type=\"container\" data-e-type=\"container\">\n\t\t\t\t<div class=\"elementor-element elementor-element-8812805 elementor-widget-tablet__width-inherit elementor-widget elementor-widget-image\" data-id=\"8812805\" data-element_type=\"widget\" data-e-type=\"widget\" data-widget_type=\"image.default\">\n\t\t\t\t<div class=\"elementor-widget-container\">\n\t\t\t\t\t\t\t\t\t\t\t\t\t\t\t<img fetchpriority=\"high\" decoding=\"async\" width=\"640\" height=\"480\" src=\"https:\/\/www.quintavivaavida.pt\/wp-content\/uploads\/2026\/08\/Casa-Do-Jardim-buiten-uitzicht.webp\" class=\"attachment-large size-large wp-image-12315\" alt=\"G\u00eete sans gluten\" srcset=\"https:\/\/www.quintavivaavida.pt\/wp-content\/uploads\/2026\/08\/Casa-Do-Jardim-buiten-uitzicht.webp 1024w, https:\/\/www.quintavivaavida.pt\/wp-content\/uploads\/2026\/08\/Casa-Do-Jardim-buiten-uitzicht-300x225.webp 300w, https:\/\/www.quintavivaavida.pt\/wp-content\/uploads\/2026\/08\/Casa-Do-Jardim-buiten-uitzicht-768x576.webp 768w\" sizes=\"(max-width: 640px) 100vw, 640px\" \/>\t\t\t\t\t\t\t\t\t\t\t\t\t\t\t<\/div>\n\t\t\t\t<\/div>\n\t\t\t\t<div class=\"elementor-element elementor-element-b7d58c4 elementor-widget__width-initial elementor-widget elementor-widget-text-editor\" data-id=\"b7d58c4\" data-element_type=\"widget\" data-e-type=\"widget\" data-widget_type=\"text-editor.default\">\n\t\t\t\t<div class=\"elementor-widget-container\">\n\t\t\t\t\t\t\t\t\t<p>La premi\u00e8re \u00e9tape est franchie : Casa do Jardim peut d\u00e9sormais \u00eatre r\u00e9serv\u00e9e !<br><br><\/p><p>C\u2019est avec beaucoup d\u2019amour que nous continuons \u00e0 travailler sur Quinta Viva a Vida, un B&B \u00e0 petite \u00e9chelle, 100 % sans gluten, situ\u00e9 dans le magnifique nord du Portugal. Bien que notre projet soit encore en plein d\u00e9veloppement, nous accueillons d\u00e9sormais avec grand plaisir nos premiers h\u00f4tes \u00e0 la Casa do Jardim. <br><br><\/p><p>Notre deuxi\u00e8me h\u00e9bergement, Casa de Baixo, est actuellement encore en construction. Nous pr\u00e9voyons qu\u2019il sera pr\u00eat d\u00e9but 2027. D\u00e8s que les travaux seront termin\u00e9s, nous compl\u00e9terons cette page avec des photos d\u00e9taill\u00e9es et toutes les informations concernant cet h\u00e9bergement.  <br><br><\/p><p>Les photos sur notre site web seront \u00e9galement compl\u00e9t\u00e9es au fur et \u00e0 mesure dans les temps \u00e0 venir. Comme nous finalisons tout \u00e9tape par \u00e9tape, nous choisissons de ne publier des photos que lorsqu\u2019un h\u00e9bergement est enti\u00e8rement termin\u00e9. Ainsi, vous avez la certitude que ce que vous voyez correspond exactement \u00e0 ce que vous pouvez attendre.  <br><br><\/p><p>Bonne nouvelle : Casa do Jardim est tout simplement disponible \u00e0 la r\u00e9servation ! Nous nous r\u00e9jouissons de vous accueillir prochainement et de vous faire profiter d\u2019un s\u00e9jour relaxant, en pleine nature et en toute s\u00e9r\u00e9nit\u00e9 gr\u00e2ce \u00e0 notre h\u00e9bergement 100 % sans gluten. <\/p>\t\t\t\t\t\t\t\t<\/div>\n\t\t\t\t<\/div>\n\t\t\t\t<\/div>\n\t\t\t\t<\/div>\n\t\t<div class=\"elementor-element elementor-element-a28e38c e-con-full center-box e-flex e-con e-parent\" data-id=\"a28e38c\" data-element_type=\"container\" data-e-type=\"container\" data-settings=\"{&quot;background_background&quot;:&quot;classic&quot;}\">\n\t\t<div class=\"elementor-element elementor-element-3148e27 e-con-full e-flex e-con e-child\" data-id=\"3148e27\" data-element_type=\"container\" data-e-type=\"container\">\n\t\t\t\t<div class=\"elementor-element elementor-element-e958c85 elementor-widget elementor-widget-shortcode\" data-id=\"e958c85\" data-element_type=\"widget\" data-e-type=\"widget\" data-widget_type=\"shortcode.default\">\n\t\t\t\t<div class=\"elementor-widget-container\">\n\t\t\t\t\t\t\t<div class=\"elementor-shortcode\">\n<div class=\"wrap plugin-container\">\n\n\t\n\t\n\t<div class=\"vblistcontainer vblistcontainer-list\">\n<ul class=\"vblist\">\n\t<li class=\"room_result\">\n\t\t<div class=\"room_result-inner\">\n\t\t\t<div class=\"vblistroomblock\">\n\t\t\t\t\t\t\t<div class=\"vbimglistdiv\">\n\t\t\t\t\t<a class=\"vbo-roomslist-imglink\" href=\"https:\/\/www.quintavivaavida.pt\/fr\/casa-do-jardim\/\">\n\t\t\t\t\t\t<img decoding=\"async\" src=\"https:\/\/www.quintavivaavida.pt\/wp-content\/plugins\/vikbooking\/site\/resources\/uploads\/casa_do_jardim_buiten.webp\" alt=\"Casa do Jardim\" class=\"vblistimg\"\/>\n\t\t\t\t\t<\/a>\n\t\t\t\t\t\t\t\t\t<div class=\"vbmodalrdetails vbo-roomslist-opengallery-cont\">\n\t\t\t\t\t\t<a href=\"javascript: void(0);\" class=\"vbo-roomslist-opengallery\" data-roomid=\"5\"><i class=\"fas fa-camera\"><\/i><\/a>\n\t\t\t\t\t<\/div>\n\t\t\t\t\t<div class=\"vikfx-gallery\" id=\"vikfx-gallery5\" style=\"display: none;\">\n\t\t\t\t\t\t\t\t\t\t\t<a href=\"https:\/\/www.quintavivaavida.pt\/wp-content\/plugins\/vikbooking\/site\/resources\/uploads\/big_slaapkamer_closeup_caso_do_jardim.webp\" style=\"display: none;\">\n\t\t\t\t\t\t\t<img decoding=\"async\" src=\"https:\/\/www.quintavivaavida.pt\/wp-content\/plugins\/vikbooking\/site\/resources\/uploads\/thumb_slaapkamer_closeup_caso_do_jardim.webp\" alt=\"slaapkamer_closeup_caso_do_jardim\" title=\"\" style=\"display: none;\"\/>\n\t\t\t\t\t\t<\/a>\n\t\t\t\t\t\t\t\t\t\t\t\t<a href=\"https:\/\/www.quintavivaavida.pt\/wp-content\/plugins\/vikbooking\/site\/resources\/uploads\/big_terras_beneden_casa_do_jardim.webp\" style=\"display: none;\">\n\t\t\t\t\t\t\t<img decoding=\"async\" src=\"https:\/\/www.quintavivaavida.pt\/wp-content\/plugins\/vikbooking\/site\/resources\/uploads\/thumb_terras_beneden_casa_do_jardim.webp\" alt=\"terras_beneden_casa_do_jardim\" title=\"\" style=\"display: none;\"\/>\n\t\t\t\t\t\t<\/a>\n\t\t\t\t\t\t\t\t\t\t\t\t<a href=\"https:\/\/www.quintavivaavida.pt\/wp-content\/plugins\/vikbooking\/site\/resources\/uploads\/big_badkamer.webp\" style=\"display: none;\">\n\t\t\t\t\t\t\t<img decoding=\"async\" src=\"https:\/\/www.quintavivaavida.pt\/wp-content\/plugins\/vikbooking\/site\/resources\/uploads\/thumb_badkamer.webp\" alt=\"badkamer\" title=\"\" style=\"display: none;\"\/>\n\t\t\t\t\t\t<\/a>\n\t\t\t\t\t\t\t\t\t\t\t\t<a href=\"https:\/\/www.quintavivaavida.pt\/wp-content\/plugins\/vikbooking\/site\/resources\/uploads\/big_woonkamer2.webp\" style=\"display: none;\">\n\t\t\t\t\t\t\t<img decoding=\"async\" src=\"https:\/\/www.quintavivaavida.pt\/wp-content\/plugins\/vikbooking\/site\/resources\/uploads\/thumb_woonkamer2.webp\" alt=\"woonkamer2\" title=\"\" style=\"display: none;\"\/>\n\t\t\t\t\t\t<\/a>\n\t\t\t\t\t\t\t\t\t\t\t\t<a href=\"https:\/\/www.quintavivaavida.pt\/wp-content\/plugins\/vikbooking\/site\/resources\/uploads\/big_keukenblad.webp\" style=\"display: none;\">\n\t\t\t\t\t\t\t<img decoding=\"async\" src=\"https:\/\/www.quintavivaavida.pt\/wp-content\/plugins\/vikbooking\/site\/resources\/uploads\/thumb_keukenblad.webp\" alt=\"keukenblad\" title=\"\" style=\"display: none;\"\/>\n\t\t\t\t\t\t<\/a>\n\t\t\t\t\t\t\t\t\t\t\t\t<a href=\"https:\/\/www.quintavivaavida.pt\/wp-content\/plugins\/vikbooking\/site\/resources\/uploads\/big_terras.webp\" style=\"display: none;\">\n\t\t\t\t\t\t\t<img decoding=\"async\" src=\"https:\/\/www.quintavivaavida.pt\/wp-content\/plugins\/vikbooking\/site\/resources\/uploads\/thumb_terras.webp\" alt=\"terras\" title=\"\" style=\"display: none;\"\/>\n\t\t\t\t\t\t<\/a>\n\t\t\t\t\t\t\t\t\t\t\t\t<a href=\"https:\/\/www.quintavivaavida.pt\/wp-content\/plugins\/vikbooking\/site\/resources\/uploads\/big_slaapkamer_2.webp\" style=\"display: none;\">\n\t\t\t\t\t\t\t<img decoding=\"async\" src=\"https:\/\/www.quintavivaavida.pt\/wp-content\/plugins\/vikbooking\/site\/resources\/uploads\/thumb_slaapkamer_2.webp\" alt=\"slaapkamer_2\" title=\"\" style=\"display: none;\"\/>\n\t\t\t\t\t\t<\/a>\n\t\t\t\t\t\t\t\t\t\t\t\t<a href=\"https:\/\/www.quintavivaavida.pt\/wp-content\/plugins\/vikbooking\/site\/resources\/uploads\/big_uitzicht_portugal.webp\" style=\"display: none;\">\n\t\t\t\t\t\t\t<img decoding=\"async\" src=\"https:\/\/www.quintavivaavida.pt\/wp-content\/plugins\/vikbooking\/site\/resources\/uploads\/thumb_uitzicht_portugal.webp\" alt=\"uitzicht_portugal\" title=\"\" style=\"display: none;\"\/>\n\t\t\t\t\t\t<\/a>\n\t\t\t\t\t\t\t\t\t\t\t\t<a href=\"https:\/\/www.quintavivaavida.pt\/wp-content\/plugins\/vikbooking\/site\/resources\/uploads\/big_slaapkamer_avond.webp\" style=\"display: none;\">\n\t\t\t\t\t\t\t<img decoding=\"async\" src=\"https:\/\/www.quintavivaavida.pt\/wp-content\/plugins\/vikbooking\/site\/resources\/uploads\/thumb_slaapkamer_avond.webp\" alt=\"slaapkamer_avond\" title=\"\" style=\"display: none;\"\/>\n\t\t\t\t\t\t<\/a>\n\t\t\t\t\t\t\t\t\t\t\t\t<a href=\"https:\/\/www.quintavivaavida.pt\/wp-content\/plugins\/vikbooking\/site\/resources\/uploads\/big_badkamer_overzicht.webp\" style=\"display: none;\">\n\t\t\t\t\t\t\t<img decoding=\"async\" src=\"https:\/\/www.quintavivaavida.pt\/wp-content\/plugins\/vikbooking\/site\/resources\/uploads\/thumb_badkamer_overzicht.webp\" alt=\"badkamer_overzicht\" title=\"\" style=\"display: none;\"\/>\n\t\t\t\t\t\t<\/a>\n\t\t\t\t\t\t\t\t\t\t\t\t<a href=\"https:\/\/www.quintavivaavida.pt\/wp-content\/plugins\/vikbooking\/site\/resources\/uploads\/big_1426slaapkamer_glutenvrije_bnb.webp\" style=\"display: none;\">\n\t\t\t\t\t\t\t<img decoding=\"async\" src=\"https:\/\/www.quintavivaavida.pt\/wp-content\/plugins\/vikbooking\/site\/resources\/uploads\/thumb_1426slaapkamer_glutenvrije_bnb.webp\" alt=\"1426slaapkamer_glutenvrije_bnb\" title=\"\" style=\"display: none;\"\/>\n\t\t\t\t\t\t<\/a>\n\t\t\t\t\t\t\t\t\t\t\t\t<a href=\"https:\/\/www.quintavivaavida.pt\/wp-content\/plugins\/vikbooking\/site\/resources\/uploads\/big_keuken.webp\" style=\"display: none;\">\n\t\t\t\t\t\t\t<img decoding=\"async\" src=\"https:\/\/www.quintavivaavida.pt\/wp-content\/plugins\/vikbooking\/site\/resources\/uploads\/thumb_keuken.webp\" alt=\"keuken\" title=\"\" style=\"display: none;\"\/>\n\t\t\t\t\t\t<\/a>\n\t\t\t\t\t\t\t\t\t\t\t\t<a href=\"https:\/\/www.quintavivaavida.pt\/wp-content\/plugins\/vikbooking\/site\/resources\/uploads\/big_slaapkamer_detail.webp\" style=\"display: none;\">\n\t\t\t\t\t\t\t<img decoding=\"async\" src=\"https:\/\/www.quintavivaavida.pt\/wp-content\/plugins\/vikbooking\/site\/resources\/uploads\/thumb_slaapkamer_detail.webp\" alt=\"slaapkamer_detail\" title=\"\" style=\"display: none;\"\/>\n\t\t\t\t\t\t<\/a>\n\t\t\t\t\t\t\t\t\t\t\t\t<a href=\"https:\/\/www.quintavivaavida.pt\/wp-content\/plugins\/vikbooking\/site\/resources\/uploads\/big_woonkamer.webp\" style=\"display: none;\">\n\t\t\t\t\t\t\t<img decoding=\"async\" src=\"https:\/\/www.quintavivaavida.pt\/wp-content\/plugins\/vikbooking\/site\/resources\/uploads\/thumb_woonkamer.webp\" alt=\"woonkamer\" title=\"\" style=\"display: none;\"\/>\n\t\t\t\t\t\t<\/a>\n\t\t\t\t\t\t\t\t\t\t\t\t<a href=\"https:\/\/www.quintavivaavida.pt\/wp-content\/plugins\/vikbooking\/site\/resources\/uploads\/big_casa_do_jardim_glutenvrije_vakantie.webp\" style=\"display: none;\">\n\t\t\t\t\t\t\t<img decoding=\"async\" src=\"https:\/\/www.quintavivaavida.pt\/wp-content\/plugins\/vikbooking\/site\/resources\/uploads\/thumb_casa_do_jardim_glutenvrije_vakantie.webp\" alt=\"casa_do_jardim_glutenvrije_vakantie\" title=\"\" style=\"display: none;\"\/>\n\t\t\t\t\t\t<\/a>\n\t\t\t\t\t\t\t\t\t\t\t<\/div>\n\t\t\t\t\t\t\t\t<\/div>\n\t\t\t\t\t\t\t<div class=\"vbo-info-room\">\n\t\t\t\t\t<div class=\"vbdescrlistdiv\">\n\t\t\t\t\t\t<h4 class=\"vbrowcname\">\n\t\t\t\t\t\t\t<a href=\"https:\/\/www.quintavivaavida.pt\/fr\/casa-do-jardim\/\">Casa do Jardim<\/a>\n\t\t\t\t\t\t<\/h4>\n\t\t\t\t\t\t<span class=\"vblistroomcat\">H\u00e9bergements<\/span>\n\t\t\t\t\t\t<div class=\"vbrowcdescr\">Casa do Jardim est une petite maison ind\u00e9pendante avec jardin priv\u00e9, beaucoup de soleil et une vue sur la verdure. Avec deux chambres, une cuisine enti\u00e8rement \u00e9quip\u00e9e et l\u2019acc\u00e8s \u00e0 la piscine, c\u2019est un endroit id\u00e9al pour les couples et les familles souhaitant d\u00e9couvrir le nord du Portugal en toute tranquillit\u00e9.\r\nPour les voyageurs qui le souhaitent, un petit-d\u00e9jeuner enti\u00e8rement sans gluten peut \u00eatre r\u00e9serv\u00e9 s\u00e9par\u00e9ment, pr\u00e9par\u00e9 en toute s\u00e9curit\u00e9 en raison de la maladie c\u0153liaque pr\u00e9sente dans notre propre famille.<\/div>\n\t\t\t\t\t<\/div>\n\t\t\t\t\t\t\t\t\t<div class=\"roomlist_carats\">\n\t\t\t\t\t<div class=\"vbo-room-carats\">\n<span class=\"vbo-room-carat\"><span class=\"vbo-expl\" data-vbo-expl=\"Wifi\"><i class=\"fas fa-wifi vbo-icn-carat\"><\/i><\/span><\/span>\n<span class=\"vbo-room-carat\"><span class=\"vbo-expl\" data-vbo-expl=\"TV\"><i class=\"fas fa-tv vbo-icn-carat\"><\/i><\/span><\/span>\n<span class=\"vbo-room-carat\"><span class=\"vbo-expl\" data-vbo-expl=\"Salle de bain\"><i class=\"fas fa-bath vbo-icn-carat\"><\/i><\/span><\/span>\n<span class=\"vbo-room-carat\"><span class=\"vbo-expl\" data-vbo-expl=\"Cuisine\"><i class=\"fas fa-utensils vbo-icn-carat\"><\/i><\/span><\/span>\n<\/div>\n\t\t\t\t\t<\/div>\n\t\t\t\t\t\t\t\t\t<\/div>\n\t\t\t<\/div>\n\n\t\t\t<div class=\"vbcontdivtot\">\n\t\t\t\t<div class=\"vbdivtot\">\n\t\t\t\t\t<div class=\"vbdivtotinline\">\n\t\t\t\t\t\t<div class=\"vbsrowprice\">\n\t\t\t\t\t\t\t<div class=\"vbrowroomcapacity\">\n\t\t\t\t\t\t\t<i class=\"fas fa-male vbo-pref-color-text\"><\/i><i class=\"fas fa-male vbo-pref-color-text\"><\/i><i class=\"fas fa-male vbo-pref-color-text\"><\/i><i class=\"fas fa-male vbo-pref-color-text\"><\/i>\t\t\t\t\t\t\t<\/div>\n\t\t\t\t\t\t\t\t\t\t<div class=\"vbsrowpricediv\">\n\t\t\t\t\t\t\t\t<span class=\"room_cost\"><span class=\"vbo_currency\">\u20ac<\/span> <span class=\"vbo_price\">99.00<\/span><\/span>\n\t\t\t\t\t\t\t\t<span class=\"vbliststartfrom\">par nuit<\/span>\n\t\t\t\t\t\t\t\t\t\t\t\t\t\t\t\t<div class=\"vbliststartfrom-subtxt\">Petit-d\u00e9jeuner sans gluten disponible en suppl\u00e9ment.<\/div>\n\t\t\t\t\t\t\t\t\t\t\t\t\t\t\t\t<\/div>\n\t\t\t\t\t\t\n\t\t\t\t\t\t<\/div>\n\t\t\t\t\t\t<div class=\"vbselectordiv\">\n\t\t\t\t\t\t\t<div class=\"vbselectr\">\n\t\t\t\t\t\t\t\t<a class=\"btn vbo-pref-color-btn\" href=\"https:\/\/www.quintavivaavida.pt\/fr\/casa-do-jardim\/\">D\u00e9tails<\/a>\n\t\t\t\t\t\t\t<\/div>\n\t\t\t\t\t\t<\/div>\t\t\t\n\t\t\t\t\t<\/div>\n\t\t\t\t<\/div>\n\t\t\t<\/div>\n\t\t<\/div>\n\t<\/li>\n\t<\/ul>\n<\/div>\n\n\n<\/div>\n<\/div>\n\t\t\t\t\t\t<\/div>\n\t\t\t\t<\/div>\n\t\t\t\t<\/div>\n\t\t\t\t<\/div>\n\t\t\t\t<\/div>\n\t\t","protected":false},"excerpt":{"rendered":"<p>Notre B&amp;B dans le nord du Portugal La premi\u00e8re \u00e9tape est franchie : Casa do Jardim peut d\u00e9sormais \u00eatre r\u00e9serv\u00e9e ! C\u2019est avec beaucoup d\u2019amour que nous continuons \u00e0 travailler sur Quinta Viva a Vida, un B&#038;B \u00e0 petite \u00e9chelle, 100 % sans gluten, situ\u00e9 dans le magnifique nord du Portugal. Bien que notre projet<\/p>\n","protected":false},"author":1,"featured_media":11781,"parent":0,"menu_order":0,"comment_status":"closed","ping_status":"closed","template":"elementor_header_footer","meta":{"solace_meta_sidebar":"","solace_meta_container":"","solace_meta_enable_content_width":"","solace_meta_content_width":0,"solace_meta_title_alignment":"","solace_meta_author_avatar":"","solace_post_elements_order":"","solace_meta_disable_header":"","solace_meta_disable_footer":"","solace_meta_disable_title":"","footnotes":""},"class_list":["post-11814","page","type-page","status-publish","has-post-thumbnail","hentry"],"yoast_head":"<!-- This site is optimized with the Yoast SEO plugin v28.2 - https:\/\/yoast.com\/product\/yoast-seo-wordpress\/ -->\n<title>Notre B&amp;B dans le nord du Portugal | Quinta Viva a Vida<\/title>\n<meta name=\"description\" content=\"D\u00e9couvrez Quinta Viva a Vida dans le nord du Portugal : un B&amp;B \u00e0 petite \u00e9chelle, 100 % sans gluten, proposant des h\u00e9bergements confortables et une atmosph\u00e8re d\u00e9tendue. Un point de d\u00e9part s\u00fbr pour d\u00e9couvrir la r\u00e9gion.\" \/>\n<meta name=\"robots\" content=\"index, follow, max-snippet:-1, max-image-preview:large, max-video-preview:-1\" \/>\n<link rel=\"canonical\" href=\"https:\/\/www.quintavivaavida.pt\/fr\/notre-bb-dans-le-nord-du-portugal\/\" \/>\n<meta property=\"og:locale\" content=\"fr_FR\" \/>\n<meta property=\"og:type\" content=\"article\" \/>\n<meta property=\"og:title\" content=\"Notre B&amp;B dans le nord du Portugal | Quinta Viva a Vida\" \/>\n<meta property=\"og:description\" content=\"D\u00e9couvrez Quinta Viva a Vida dans le nord du Portugal : un B&amp;B \u00e0 petite \u00e9chelle, 100 % sans gluten, proposant des h\u00e9bergements confortables et une atmosph\u00e8re d\u00e9tendue. Un point de d\u00e9part s\u00fbr pour d\u00e9couvrir la r\u00e9gion.\" \/>\n<meta property=\"og:url\" content=\"https:\/\/www.quintavivaavida.pt\/fr\/notre-bb-dans-le-nord-du-portugal\/\" \/>\n<meta property=\"og:site_name\" content=\"Quinta Viva a Vida - Glutenvrije vakantie in Portugal\" \/>\n<meta property=\"article:publisher\" content=\"https:\/\/www.facebook.com\/glutenvrijportugal\" \/>\n<meta property=\"article:modified_time\" content=\"2026-08-22T22:41:53+00:00\" \/>\n<meta property=\"og:image\" content=\"https:\/\/www.quintavivaavida.pt\/wp-content\/uploads\/2025\/10\/cropped-Logo_Quinta_Viva_a_Vida_vakantie_portugal_50.png\" \/>\n\t<meta property=\"og:image:width\" content=\"512\" \/>\n\t<meta property=\"og:image:height\" content=\"512\" \/>\n\t<meta property=\"og:image:type\" content=\"image\/png\" \/>\n<meta name=\"twitter:card\" content=\"summary_large_image\" \/>\n<meta name=\"twitter:label1\" content=\"Dur\u00e9e de lecture estim\u00e9e\" \/>\n\t<meta name=\"twitter:data1\" content=\"2 minutes\" \/>\n<script type=\"application\/ld+json\" class=\"yoast-schema-graph\">{\"@context\":\"https:\\\/\\\/schema.org\",\"@graph\":[{\"@type\":\"WebPage\",\"@id\":\"https:\\\/\\\/www.quintavivaavida.pt\\\/fr\\\/notre-bb-dans-le-nord-du-portugal\\\/\",\"url\":\"https:\\\/\\\/www.quintavivaavida.pt\\\/fr\\\/notre-bb-dans-le-nord-du-portugal\\\/\",\"name\":\"Notre B&B dans le nord du Portugal | Quinta Viva a Vida\",\"isPartOf\":{\"@id\":\"https:\\\/\\\/www.quintavivaavida.pt\\\/fr\\\/#website\"},\"primaryImageOfPage\":{\"@id\":\"https:\\\/\\\/www.quintavivaavida.pt\\\/fr\\\/notre-bb-dans-le-nord-du-portugal\\\/#primaryimage\"},\"image\":{\"@id\":\"https:\\\/\\\/www.quintavivaavida.pt\\\/fr\\\/notre-bb-dans-le-nord-du-portugal\\\/#primaryimage\"},\"thumbnailUrl\":\"https:\\\/\\\/www.quintavivaavida.pt\\\/wp-content\\\/uploads\\\/2025\\\/10\\\/cropped-Logo_Quinta_Viva_a_Vida_vakantie_portugal_50.png\",\"datePublished\":\"2025-10-23T16:06:02+00:00\",\"dateModified\":\"2026-08-22T22:41:53+00:00\",\"description\":\"D\u00e9couvrez Quinta Viva a Vida dans le nord du Portugal : un B&B \u00e0 petite \u00e9chelle, 100 % sans gluten, proposant des h\u00e9bergements confortables et une atmosph\u00e8re d\u00e9tendue. Un point de d\u00e9part s\u00fbr pour d\u00e9couvrir la r\u00e9gion.\",\"breadcrumb\":{\"@id\":\"https:\\\/\\\/www.quintavivaavida.pt\\\/fr\\\/notre-bb-dans-le-nord-du-portugal\\\/#breadcrumb\"},\"inLanguage\":\"fr-FR\",\"potentialAction\":[{\"@type\":\"ReadAction\",\"target\":[\"https:\\\/\\\/www.quintavivaavida.pt\\\/fr\\\/notre-bb-dans-le-nord-du-portugal\\\/\"]}]},{\"@type\":\"ImageObject\",\"inLanguage\":\"fr-FR\",\"@id\":\"https:\\\/\\\/www.quintavivaavida.pt\\\/fr\\\/notre-bb-dans-le-nord-du-portugal\\\/#primaryimage\",\"url\":\"https:\\\/\\\/www.quintavivaavida.pt\\\/wp-content\\\/uploads\\\/2025\\\/10\\\/cropped-Logo_Quinta_Viva_a_Vida_vakantie_portugal_50.png\",\"contentUrl\":\"https:\\\/\\\/www.quintavivaavida.pt\\\/wp-content\\\/uploads\\\/2025\\\/10\\\/cropped-Logo_Quinta_Viva_a_Vida_vakantie_portugal_50.png\",\"width\":512,\"height\":512},{\"@type\":\"BreadcrumbList\",\"@id\":\"https:\\\/\\\/www.quintavivaavida.pt\\\/fr\\\/notre-bb-dans-le-nord-du-portugal\\\/#breadcrumb\",\"itemListElement\":[{\"@type\":\"ListItem\",\"position\":1,\"name\":\"Accueil\",\"item\":\"https:\\\/\\\/www.quintavivaavida.pt\\\/fr\\\/vacances-dans-le-nord-du-portugal-quinta-viva-a-vida\\\/\"},{\"@type\":\"ListItem\",\"position\":2,\"name\":\"Notre B&#038;B dans le nord du Portugal\"}]},{\"@type\":\"WebSite\",\"@id\":\"https:\\\/\\\/www.quintavivaavida.pt\\\/fr\\\/#website\",\"url\":\"https:\\\/\\\/www.quintavivaavida.pt\\\/fr\\\/\",\"name\":\"Gluttenvrije Vakantie in Portugal | Quinta Viva a Vida\",\"description\":\"Een 100% glutenvrije vakantieplek in Noord-Portugal, waar mensen met coeliakie en hun gezin zorgeloos kunnen genieten.\",\"publisher\":{\"@id\":\"https:\\\/\\\/www.quintavivaavida.pt\\\/fr\\\/#organization\"},\"potentialAction\":[{\"@type\":\"SearchAction\",\"target\":{\"@type\":\"EntryPoint\",\"urlTemplate\":\"https:\\\/\\\/www.quintavivaavida.pt\\\/fr\\\/?s={search_term_string}\"},\"query-input\":{\"@type\":\"PropertyValueSpecification\",\"valueRequired\":true,\"valueName\":\"search_term_string\"}}],\"inLanguage\":\"fr-FR\"},{\"@type\":\"Organization\",\"@id\":\"https:\\\/\\\/www.quintavivaavida.pt\\\/fr\\\/#organization\",\"name\":\"Quinta Nosso Sohno\",\"url\":\"https:\\\/\\\/www.quintavivaavida.pt\\\/fr\\\/\",\"logo\":{\"@type\":\"ImageObject\",\"inLanguage\":\"fr-FR\",\"@id\":\"https:\\\/\\\/www.quintavivaavida.pt\\\/fr\\\/#\\\/schema\\\/logo\\\/image\\\/\",\"url\":\"\",\"contentUrl\":\"\",\"caption\":\"Quinta Nosso Sohno\"},\"image\":{\"@id\":\"https:\\\/\\\/www.quintavivaavida.pt\\\/fr\\\/#\\\/schema\\\/logo\\\/image\\\/\"},\"sameAs\":[\"https:\\\/\\\/www.facebook.com\\\/glutenvrijportugal\",\"https:\\\/\\\/www.instagram.com\\\/glutenvrijebenbinportugal\\\/\"]}]}<\/script>\n<!-- \/ Yoast SEO plugin. -->","yoast_head_json":{"title":"Notre B&B dans le nord du Portugal | Quinta Viva a Vida","description":"D\u00e9couvrez Quinta Viva a Vida dans le nord du Portugal : un B&B \u00e0 petite \u00e9chelle, 100 % sans gluten, proposant des h\u00e9bergements confortables et une atmosph\u00e8re d\u00e9tendue. Un point de d\u00e9part s\u00fbr pour d\u00e9couvrir la r\u00e9gion.","robots":{"index":"index","follow":"follow","max-snippet":"max-snippet:-1","max-image-preview":"max-image-preview:large","max-video-preview":"max-video-preview:-1"},"canonical":"https:\/\/www.quintavivaavida.pt\/fr\/notre-bb-dans-le-nord-du-portugal\/","og_locale":"fr_FR","og_type":"article","og_title":"Notre B&B dans le nord du Portugal | Quinta Viva a Vida","og_description":"D\u00e9couvrez Quinta Viva a Vida dans le nord du Portugal : un B&B \u00e0 petite \u00e9chelle, 100 % sans gluten, proposant des h\u00e9bergements confortables et une atmosph\u00e8re d\u00e9tendue. Un point de d\u00e9part s\u00fbr pour d\u00e9couvrir la r\u00e9gion.","og_url":"https:\/\/www.quintavivaavida.pt\/fr\/notre-bb-dans-le-nord-du-portugal\/","og_site_name":"Quinta Viva a Vida - Glutenvrije vakantie in Portugal","article_publisher":"https:\/\/www.facebook.com\/glutenvrijportugal","article_modified_time":"2026-08-22T22:41:53+00:00","og_image":[{"width":512,"height":512,"url":"https:\/\/www.quintavivaavida.pt\/wp-content\/uploads\/2025\/10\/cropped-Logo_Quinta_Viva_a_Vida_vakantie_portugal_50.png","type":"image\/png"}],"twitter_card":"summary_large_image","twitter_misc":{"Dur\u00e9e de lecture estim\u00e9e":"2 minutes"},"schema":{"@context":"https:\/\/schema.org","@graph":[{"@type":"WebPage","@id":"https:\/\/www.quintavivaavida.pt\/fr\/notre-bb-dans-le-nord-du-portugal\/","url":"https:\/\/www.quintavivaavida.pt\/fr\/notre-bb-dans-le-nord-du-portugal\/","name":"Notre B&B dans le nord du Portugal | Quinta Viva a Vida","isPartOf":{"@id":"https:\/\/www.quintavivaavida.pt\/fr\/#website"},"primaryImageOfPage":{"@id":"https:\/\/www.quintavivaavida.pt\/fr\/notre-bb-dans-le-nord-du-portugal\/#primaryimage"},"image":{"@id":"https:\/\/www.quintavivaavida.pt\/fr\/notre-bb-dans-le-nord-du-portugal\/#primaryimage"},"thumbnailUrl":"https:\/\/www.quintavivaavida.pt\/wp-content\/uploads\/2025\/10\/cropped-Logo_Quinta_Viva_a_Vida_vakantie_portugal_50.png","datePublished":"2025-10-23T16:06:02+00:00","dateModified":"2026-08-22T22:41:53+00:00","description":"D\u00e9couvrez Quinta Viva a Vida dans le nord du Portugal : un B&B \u00e0 petite \u00e9chelle, 100 % sans gluten, proposant des h\u00e9bergements confortables et une atmosph\u00e8re d\u00e9tendue. Un point de d\u00e9part s\u00fbr pour d\u00e9couvrir la r\u00e9gion.","breadcrumb":{"@id":"https:\/\/www.quintavivaavida.pt\/fr\/notre-bb-dans-le-nord-du-portugal\/#breadcrumb"},"inLanguage":"fr-FR","potentialAction":[{"@type":"ReadAction","target":["https:\/\/www.quintavivaavida.pt\/fr\/notre-bb-dans-le-nord-du-portugal\/"]}]},{"@type":"ImageObject","inLanguage":"fr-FR","@id":"https:\/\/www.quintavivaavida.pt\/fr\/notre-bb-dans-le-nord-du-portugal\/#primaryimage","url":"https:\/\/www.quintavivaavida.pt\/wp-content\/uploads\/2025\/10\/cropped-Logo_Quinta_Viva_a_Vida_vakantie_portugal_50.png","contentUrl":"https:\/\/www.quintavivaavida.pt\/wp-content\/uploads\/2025\/10\/cropped-Logo_Quinta_Viva_a_Vida_vakantie_portugal_50.png","width":512,"height":512},{"@type":"BreadcrumbList","@id":"https:\/\/www.quintavivaavida.pt\/fr\/notre-bb-dans-le-nord-du-portugal\/#breadcrumb","itemListElement":[{"@type":"ListItem","position":1,"name":"Accueil","item":"https:\/\/www.quintavivaavida.pt\/fr\/vacances-dans-le-nord-du-portugal-quinta-viva-a-vida\/"},{"@type":"ListItem","position":2,"name":"Notre B&#038;B dans le nord du Portugal"}]},{"@type":"WebSite","@id":"https:\/\/www.quintavivaavida.pt\/fr\/#website","url":"https:\/\/www.quintavivaavida.pt\/fr\/","name":"Gluttenvrije Vakantie in Portugal | Quinta Viva a Vida","description":"Een 100% glutenvrije vakantieplek in Noord-Portugal, waar mensen met coeliakie en hun gezin zorgeloos kunnen genieten.","publisher":{"@id":"https:\/\/www.quintavivaavida.pt\/fr\/#organization"},"potentialAction":[{"@type":"SearchAction","target":{"@type":"EntryPoint","urlTemplate":"https:\/\/www.quintavivaavida.pt\/fr\/?s={search_term_string}"},"query-input":{"@type":"PropertyValueSpecification","valueRequired":true,"valueName":"search_term_string"}}],"inLanguage":"fr-FR"},{"@type":"Organization","@id":"https:\/\/www.quintavivaavida.pt\/fr\/#organization","name":"Quinta Nosso Sohno","url":"https:\/\/www.quintavivaavida.pt\/fr\/","logo":{"@type":"ImageObject","inLanguage":"fr-FR","@id":"https:\/\/www.quintavivaavida.pt\/fr\/#\/schema\/logo\/image\/","url":"","contentUrl":"","caption":"Quinta Nosso Sohno"},"image":{"@id":"https:\/\/www.quintavivaavida.pt\/fr\/#\/schema\/logo\/image\/"},"sameAs":["https:\/\/www.facebook.com\/glutenvrijportugal","https:\/\/www.instagram.com\/glutenvrijebenbinportugal\/"]}]}},"_links":{"self":[{"href":"https:\/\/www.quintavivaavida.pt\/fr\/wp-json\/wp\/v2\/pages\/11814","targetHints":{"allow":["GET"]}}],"collection":[{"href":"https:\/\/www.quintavivaavida.pt\/fr\/wp-json\/wp\/v2\/pages"}],"about":[{"href":"https:\/\/www.quintavivaavida.pt\/fr\/wp-json\/wp\/v2\/types\/page"}],"author":[{"embeddable":true,"href":"https:\/\/www.quintavivaavida.pt\/fr\/wp-json\/wp\/v2\/users\/1"}],"replies":[{"embeddable":true,"href":"https:\/\/www.quintavivaavida.pt\/fr\/wp-json\/wp\/v2\/comments?post=11814"}],"version-history":[{"count":14,"href":"https:\/\/www.quintavivaavida.pt\/fr\/wp-json\/wp\/v2\/pages\/11814\/revisions"}],"predecessor-version":[{"id":12480,"href":"https:\/\/www.quintavivaavida.pt\/fr\/wp-json\/wp\/v2\/pages\/11814\/revisions\/12480"}],"wp:featuredmedia":[{"embeddable":true,"href":"https:\/\/www.quintavivaavida.pt\/fr\/wp-json\/wp\/v2\/media\/11781"}],"wp:attachment":[{"href":"https:\/\/www.quintavivaavida.pt\/fr\/wp-json\/wp\/v2\/media?parent=11814"}],"curies":[{"name":"wp","href":"https:\/\/api.w.org\/{rel}","templated":true}]}}