{"id":11526,"date":"2025-10-23T17:06:02","date_gmt":"2025-10-23T16:06:02","guid":{"rendered":"https:\/\/www.quintavivaavida.pt\/unser-bb-im-norden-portugals\/"},"modified":"2026-08-22T20:12:18","modified_gmt":"2026-08-22T19:12:18","slug":"unser-bb-im-norden-portugals","status":"publish","type":"page","link":"https:\/\/www.quintavivaavida.pt\/de\/unser-bb-im-norden-portugals\/","title":{"rendered":"Unser B&#038;B in Nordportugal"},"content":{"rendered":"\t\t<div data-elementor-type=\"wp-page\" data-elementor-id=\"11526\" class=\"elementor elementor-11526 elementor-6237\" data-elementor-post-type=\"page\">\n\t\t\t\t<div class=\"elementor-element elementor-element-f320c4b e-con-full center-box e-flex e-con e-parent\" data-id=\"f320c4b\" data-element_type=\"container\" data-e-type=\"container\" data-settings=\"{&quot;background_background&quot;:&quot;classic&quot;}\">\n\t\t<div class=\"elementor-element elementor-element-8c5868f e-con-full e-flex e-con e-child\" data-id=\"8c5868f\" data-element_type=\"container\" data-e-type=\"container\">\n\t\t\t\t<div class=\"elementor-element elementor-element-d4f8b17 elementor-widget elementor-widget-heading\" data-id=\"d4f8b17\" data-element_type=\"widget\" data-e-type=\"widget\" data-widget_type=\"heading.default\">\n\t\t\t\t<div class=\"elementor-widget-container\">\n\t\t\t\t\t<h1 class=\"elementor-heading-title elementor-size-default\">Unser B&amp;B in Nordportugal<\/h1>\t\t\t\t<\/div>\n\t\t\t\t<\/div>\n\t\t\t\t<\/div>\n\t\t\t\t<\/div>\n\t\t<div class=\"elementor-element elementor-element-1b608fe e-con-full center-box e-flex e-con e-parent\" data-id=\"1b608fe\" data-element_type=\"container\" data-e-type=\"container\" data-settings=\"{&quot;background_background&quot;:&quot;classic&quot;}\">\n\t\t<div class=\"elementor-element elementor-element-92cee72 e-con-full e-flex e-con e-child\" data-id=\"92cee72\" data-element_type=\"container\" data-e-type=\"container\">\n\t\t\t\t<div class=\"elementor-element elementor-element-8812805 elementor-widget-tablet__width-inherit elementor-widget elementor-widget-image\" data-id=\"8812805\" data-element_type=\"widget\" data-e-type=\"widget\" data-widget_type=\"image.default\">\n\t\t\t\t<div class=\"elementor-widget-container\">\n\t\t\t\t\t\t\t\t\t\t\t\t\t\t\t<img fetchpriority=\"high\" decoding=\"async\" width=\"640\" height=\"480\" src=\"https:\/\/www.quintavivaavida.pt\/wp-content\/uploads\/2026\/08\/Casa-Do-Jardim-buiten-uitzicht.webp\" class=\"attachment-large size-large wp-image-12311\" alt=\"Glutenfreies Ferienh\u00e4uschen\" srcset=\"https:\/\/www.quintavivaavida.pt\/wp-content\/uploads\/2026\/08\/Casa-Do-Jardim-buiten-uitzicht.webp 1024w, https:\/\/www.quintavivaavida.pt\/wp-content\/uploads\/2026\/08\/Casa-Do-Jardim-buiten-uitzicht-300x225.webp 300w, https:\/\/www.quintavivaavida.pt\/wp-content\/uploads\/2026\/08\/Casa-Do-Jardim-buiten-uitzicht-768x576.webp 768w\" sizes=\"(max-width: 640px) 100vw, 640px\" \/>\t\t\t\t\t\t\t\t\t\t\t\t\t\t\t<\/div>\n\t\t\t\t<\/div>\n\t\t\t\t<div class=\"elementor-element elementor-element-b7d58c4 elementor-widget__width-initial elementor-widget elementor-widget-text-editor\" data-id=\"b7d58c4\" data-element_type=\"widget\" data-e-type=\"widget\" data-widget_type=\"text-editor.default\">\n\t\t\t\t<div class=\"elementor-widget-container\">\n\t\t\t\t\t\t\t\t\t<p>Der erste Schritt ist getan: Casa do Jardim ist ab sofort buchbar!<br><br><\/p><p>Mit viel Liebe arbeiten wir weiter an der Quinta Viva a Vida, einem kleinen, zu 100 % glutenfreien B&B im wundersch\u00f6nen Norden Portugals. Obwohl unser Projekt noch voll in der Entwicklung ist, begr\u00fc\u00dfen wir inzwischen mit gro\u00dfer Freude unsere ersten G\u00e4ste im Casa do Jardim. <br><br><\/p><p>Unsere zweite Unterkunft, Casa de Baixo, befindet sich derzeit noch im Bau. Wir erwarten, dass diese Anfang 2027 fertiggestellt sein wird. Sobald die Arbeiten abgeschlossen sind, werden wir diese Seite mit ausf\u00fchrlichen Fotos und allen Informationen zu dieser Unterkunft erg\u00e4nzen.  <br><br><\/p><p>Auch die Fotos auf unserer Website werden in der n\u00e4chsten Zeit st\u00e4ndig erg\u00e4nzt. Da wir alles Schritt f\u00fcr Schritt fertigstellen, haben wir uns dazu entschieden, Fotos erst dann zu ver\u00f6ffentlichen, wenn eine Unterkunft komplett fertig ist. So kannst du sicher sein, dass das, was du siehst, auch genau das ist, was dich erwartet.  <br><br><\/p><p>Gute Nachrichten: Casa do Jardim kann ganz normal gebucht werden! Wir freuen uns darauf, dich bald willkommen zu hei\u00dfen und dich einen entspannten Aufenthalt genie\u00dfen zu lassen \u2013 mitten in der Natur und v\u00f6llig sorgenfrei dank unserer zu 100 % glutenfreien Unterkunft. <\/p>\t\t\t\t\t\t\t\t<\/div>\n\t\t\t\t<\/div>\n\t\t\t\t<\/div>\n\t\t\t\t<\/div>\n\t\t<div class=\"elementor-element elementor-element-a28e38c e-con-full center-box e-flex e-con e-parent\" data-id=\"a28e38c\" data-element_type=\"container\" data-e-type=\"container\" data-settings=\"{&quot;background_background&quot;:&quot;classic&quot;}\">\n\t\t<div class=\"elementor-element elementor-element-3148e27 e-con-full e-flex e-con e-child\" data-id=\"3148e27\" data-element_type=\"container\" data-e-type=\"container\">\n\t\t\t\t<div class=\"elementor-element elementor-element-e958c85 elementor-widget elementor-widget-shortcode\" data-id=\"e958c85\" data-element_type=\"widget\" data-e-type=\"widget\" data-widget_type=\"shortcode.default\">\n\t\t\t\t<div class=\"elementor-widget-container\">\n\t\t\t\t\t\t\t<div class=\"elementor-shortcode\">\n<div class=\"wrap plugin-container\">\n\n\t\n\t\n\t<div class=\"vblistcontainer vblistcontainer-list\">\n<ul class=\"vblist\">\n\t<li class=\"room_result\">\n\t\t<div class=\"room_result-inner\">\n\t\t\t<div class=\"vblistroomblock\">\n\t\t\t\t\t\t\t<div class=\"vbimglistdiv\">\n\t\t\t\t\t<a class=\"vbo-roomslist-imglink\" href=\"https:\/\/www.quintavivaavida.pt\/de\/casa-do-jardim\/\">\n\t\t\t\t\t\t<img decoding=\"async\" src=\"https:\/\/www.quintavivaavida.pt\/wp-content\/plugins\/vikbooking\/site\/resources\/uploads\/casa_do_jardim_buiten.webp\" alt=\"Casa do Jardim\" class=\"vblistimg\"\/>\n\t\t\t\t\t<\/a>\n\t\t\t\t\t\t\t\t\t<div class=\"vbmodalrdetails vbo-roomslist-opengallery-cont\">\n\t\t\t\t\t\t<a href=\"javascript: void(0);\" class=\"vbo-roomslist-opengallery\" data-roomid=\"5\"><i class=\"fas fa-camera\"><\/i><\/a>\n\t\t\t\t\t<\/div>\n\t\t\t\t\t<div class=\"vikfx-gallery\" id=\"vikfx-gallery5\" style=\"display: none;\">\n\t\t\t\t\t\t\t\t\t\t\t<a href=\"https:\/\/www.quintavivaavida.pt\/wp-content\/plugins\/vikbooking\/site\/resources\/uploads\/big_slaapkamer_closeup_caso_do_jardim.webp\" style=\"display: none;\">\n\t\t\t\t\t\t\t<img decoding=\"async\" src=\"https:\/\/www.quintavivaavida.pt\/wp-content\/plugins\/vikbooking\/site\/resources\/uploads\/thumb_slaapkamer_closeup_caso_do_jardim.webp\" alt=\"slaapkamer_closeup_caso_do_jardim\" title=\"\" style=\"display: none;\"\/>\n\t\t\t\t\t\t<\/a>\n\t\t\t\t\t\t\t\t\t\t\t\t<a href=\"https:\/\/www.quintavivaavida.pt\/wp-content\/plugins\/vikbooking\/site\/resources\/uploads\/big_terras_beneden_casa_do_jardim.webp\" style=\"display: none;\">\n\t\t\t\t\t\t\t<img decoding=\"async\" src=\"https:\/\/www.quintavivaavida.pt\/wp-content\/plugins\/vikbooking\/site\/resources\/uploads\/thumb_terras_beneden_casa_do_jardim.webp\" alt=\"terras_beneden_casa_do_jardim\" title=\"\" style=\"display: none;\"\/>\n\t\t\t\t\t\t<\/a>\n\t\t\t\t\t\t\t\t\t\t\t\t<a href=\"https:\/\/www.quintavivaavida.pt\/wp-content\/plugins\/vikbooking\/site\/resources\/uploads\/big_badkamer.webp\" style=\"display: none;\">\n\t\t\t\t\t\t\t<img decoding=\"async\" src=\"https:\/\/www.quintavivaavida.pt\/wp-content\/plugins\/vikbooking\/site\/resources\/uploads\/thumb_badkamer.webp\" alt=\"badkamer\" title=\"\" style=\"display: none;\"\/>\n\t\t\t\t\t\t<\/a>\n\t\t\t\t\t\t\t\t\t\t\t\t<a href=\"https:\/\/www.quintavivaavida.pt\/wp-content\/plugins\/vikbooking\/site\/resources\/uploads\/big_woonkamer2.webp\" style=\"display: none;\">\n\t\t\t\t\t\t\t<img decoding=\"async\" src=\"https:\/\/www.quintavivaavida.pt\/wp-content\/plugins\/vikbooking\/site\/resources\/uploads\/thumb_woonkamer2.webp\" alt=\"woonkamer2\" title=\"\" style=\"display: none;\"\/>\n\t\t\t\t\t\t<\/a>\n\t\t\t\t\t\t\t\t\t\t\t\t<a href=\"https:\/\/www.quintavivaavida.pt\/wp-content\/plugins\/vikbooking\/site\/resources\/uploads\/big_keukenblad.webp\" style=\"display: none;\">\n\t\t\t\t\t\t\t<img decoding=\"async\" src=\"https:\/\/www.quintavivaavida.pt\/wp-content\/plugins\/vikbooking\/site\/resources\/uploads\/thumb_keukenblad.webp\" alt=\"keukenblad\" title=\"\" style=\"display: none;\"\/>\n\t\t\t\t\t\t<\/a>\n\t\t\t\t\t\t\t\t\t\t\t\t<a href=\"https:\/\/www.quintavivaavida.pt\/wp-content\/plugins\/vikbooking\/site\/resources\/uploads\/big_terras.webp\" style=\"display: none;\">\n\t\t\t\t\t\t\t<img decoding=\"async\" src=\"https:\/\/www.quintavivaavida.pt\/wp-content\/plugins\/vikbooking\/site\/resources\/uploads\/thumb_terras.webp\" alt=\"terras\" title=\"\" style=\"display: none;\"\/>\n\t\t\t\t\t\t<\/a>\n\t\t\t\t\t\t\t\t\t\t\t\t<a href=\"https:\/\/www.quintavivaavida.pt\/wp-content\/plugins\/vikbooking\/site\/resources\/uploads\/big_slaapkamer_2.webp\" style=\"display: none;\">\n\t\t\t\t\t\t\t<img decoding=\"async\" src=\"https:\/\/www.quintavivaavida.pt\/wp-content\/plugins\/vikbooking\/site\/resources\/uploads\/thumb_slaapkamer_2.webp\" alt=\"slaapkamer_2\" title=\"\" style=\"display: none;\"\/>\n\t\t\t\t\t\t<\/a>\n\t\t\t\t\t\t\t\t\t\t\t\t<a href=\"https:\/\/www.quintavivaavida.pt\/wp-content\/plugins\/vikbooking\/site\/resources\/uploads\/big_uitzicht_portugal.webp\" style=\"display: none;\">\n\t\t\t\t\t\t\t<img decoding=\"async\" src=\"https:\/\/www.quintavivaavida.pt\/wp-content\/plugins\/vikbooking\/site\/resources\/uploads\/thumb_uitzicht_portugal.webp\" alt=\"uitzicht_portugal\" title=\"\" style=\"display: none;\"\/>\n\t\t\t\t\t\t<\/a>\n\t\t\t\t\t\t\t\t\t\t\t\t<a href=\"https:\/\/www.quintavivaavida.pt\/wp-content\/plugins\/vikbooking\/site\/resources\/uploads\/big_slaapkamer_avond.webp\" style=\"display: none;\">\n\t\t\t\t\t\t\t<img decoding=\"async\" src=\"https:\/\/www.quintavivaavida.pt\/wp-content\/plugins\/vikbooking\/site\/resources\/uploads\/thumb_slaapkamer_avond.webp\" alt=\"slaapkamer_avond\" title=\"\" style=\"display: none;\"\/>\n\t\t\t\t\t\t<\/a>\n\t\t\t\t\t\t\t\t\t\t\t\t<a href=\"https:\/\/www.quintavivaavida.pt\/wp-content\/plugins\/vikbooking\/site\/resources\/uploads\/big_badkamer_overzicht.webp\" style=\"display: none;\">\n\t\t\t\t\t\t\t<img decoding=\"async\" src=\"https:\/\/www.quintavivaavida.pt\/wp-content\/plugins\/vikbooking\/site\/resources\/uploads\/thumb_badkamer_overzicht.webp\" alt=\"badkamer_overzicht\" title=\"\" style=\"display: none;\"\/>\n\t\t\t\t\t\t<\/a>\n\t\t\t\t\t\t\t\t\t\t\t\t<a href=\"https:\/\/www.quintavivaavida.pt\/wp-content\/plugins\/vikbooking\/site\/resources\/uploads\/big_1426slaapkamer_glutenvrije_bnb.webp\" style=\"display: none;\">\n\t\t\t\t\t\t\t<img decoding=\"async\" src=\"https:\/\/www.quintavivaavida.pt\/wp-content\/plugins\/vikbooking\/site\/resources\/uploads\/thumb_1426slaapkamer_glutenvrije_bnb.webp\" alt=\"1426slaapkamer_glutenvrije_bnb\" title=\"\" style=\"display: none;\"\/>\n\t\t\t\t\t\t<\/a>\n\t\t\t\t\t\t\t\t\t\t\t\t<a href=\"https:\/\/www.quintavivaavida.pt\/wp-content\/plugins\/vikbooking\/site\/resources\/uploads\/big_keuken.webp\" style=\"display: none;\">\n\t\t\t\t\t\t\t<img decoding=\"async\" src=\"https:\/\/www.quintavivaavida.pt\/wp-content\/plugins\/vikbooking\/site\/resources\/uploads\/thumb_keuken.webp\" alt=\"keuken\" title=\"\" style=\"display: none;\"\/>\n\t\t\t\t\t\t<\/a>\n\t\t\t\t\t\t\t\t\t\t\t\t<a href=\"https:\/\/www.quintavivaavida.pt\/wp-content\/plugins\/vikbooking\/site\/resources\/uploads\/big_slaapkamer_detail.webp\" style=\"display: none;\">\n\t\t\t\t\t\t\t<img decoding=\"async\" src=\"https:\/\/www.quintavivaavida.pt\/wp-content\/plugins\/vikbooking\/site\/resources\/uploads\/thumb_slaapkamer_detail.webp\" alt=\"slaapkamer_detail\" title=\"\" style=\"display: none;\"\/>\n\t\t\t\t\t\t<\/a>\n\t\t\t\t\t\t\t\t\t\t\t\t<a href=\"https:\/\/www.quintavivaavida.pt\/wp-content\/plugins\/vikbooking\/site\/resources\/uploads\/big_woonkamer.webp\" style=\"display: none;\">\n\t\t\t\t\t\t\t<img decoding=\"async\" src=\"https:\/\/www.quintavivaavida.pt\/wp-content\/plugins\/vikbooking\/site\/resources\/uploads\/thumb_woonkamer.webp\" alt=\"woonkamer\" title=\"\" style=\"display: none;\"\/>\n\t\t\t\t\t\t<\/a>\n\t\t\t\t\t\t\t\t\t\t\t\t<a href=\"https:\/\/www.quintavivaavida.pt\/wp-content\/plugins\/vikbooking\/site\/resources\/uploads\/big_casa_do_jardim_glutenvrije_vakantie.webp\" style=\"display: none;\">\n\t\t\t\t\t\t\t<img decoding=\"async\" src=\"https:\/\/www.quintavivaavida.pt\/wp-content\/plugins\/vikbooking\/site\/resources\/uploads\/thumb_casa_do_jardim_glutenvrije_vakantie.webp\" alt=\"casa_do_jardim_glutenvrije_vakantie\" title=\"\" style=\"display: none;\"\/>\n\t\t\t\t\t\t<\/a>\n\t\t\t\t\t\t\t\t\t\t\t<\/div>\n\t\t\t\t\t\t\t\t<\/div>\n\t\t\t\t\t\t\t<div class=\"vbo-info-room\">\n\t\t\t\t\t<div class=\"vbdescrlistdiv\">\n\t\t\t\t\t\t<h4 class=\"vbrowcname\">\n\t\t\t\t\t\t\t<a href=\"https:\/\/www.quintavivaavida.pt\/de\/casa-do-jardim\/\">Casa do Jardim<\/a>\n\t\t\t\t\t\t<\/h4>\n\t\t\t\t\t\t<span class=\"vblistroomcat\">Unterk\u00fcnfte<\/span>\n\t\t\t\t\t\t<div class=\"vbrowcdescr\">Casa do Jardim ist ein freistehendes Ferienhaus mit eigenem Garten, viel Sonne und Blick ins Gr\u00fcne. Mit zwei Schlafzimmern, einer voll ausgestatteten K\u00fcche und Zugang zum Pool ist es ein angenehmer Ort f\u00fcr Paare und Familien, die Nordportugal in aller Ruhe entdecken m\u00f6chten.\r\n<br>F\u00fcr G\u00e4ste, die dies w\u00fcnschen, kann ein vollst\u00e4ndig glutenfreies Fr\u00fchst\u00fcck separat dazugebucht werden, das aufgrund von Z\u00f6liakie in unserer eigenen Familie sicher zubereitet wird.<\/div>\n\t\t\t\t\t<\/div>\n\t\t\t\t\t\t\t\t\t<div class=\"roomlist_carats\">\n\t\t\t\t\t<div class=\"vbo-room-carats\">\n<span class=\"vbo-room-carat\"><span class=\"vbo-expl\" data-vbo-expl=\"WLAN\"><i class=\"fas fa-wifi vbo-icn-carat\"><\/i><\/span><\/span>\n<span class=\"vbo-room-carat\"><span class=\"vbo-expl\" data-vbo-expl=\"Fernseher\"><i class=\"fas fa-tv vbo-icn-carat\"><\/i><\/span><\/span>\n<span class=\"vbo-room-carat\"><span class=\"vbo-expl\" data-vbo-expl=\"Badezimmer\"><i class=\"fas fa-bath vbo-icn-carat\"><\/i><\/span><\/span>\n<span class=\"vbo-room-carat\"><span class=\"vbo-expl\" data-vbo-expl=\"K\u00fcche\"><i class=\"fas fa-utensils vbo-icn-carat\"><\/i><\/span><\/span>\n<\/div>\n\t\t\t\t\t<\/div>\n\t\t\t\t\t\t\t\t\t<\/div>\n\t\t\t<\/div>\n\n\t\t\t<div class=\"vbcontdivtot\">\n\t\t\t\t<div class=\"vbdivtot\">\n\t\t\t\t\t<div class=\"vbdivtotinline\">\n\t\t\t\t\t\t<div class=\"vbsrowprice\">\n\t\t\t\t\t\t\t<div class=\"vbrowroomcapacity\">\n\t\t\t\t\t\t\t<i class=\"fas fa-male vbo-pref-color-text\"><\/i><i class=\"fas fa-male vbo-pref-color-text\"><\/i><i class=\"fas fa-male vbo-pref-color-text\"><\/i><i class=\"fas fa-male vbo-pref-color-text\"><\/i>\t\t\t\t\t\t\t<\/div>\n\t\t\t\t\t\t\t\t\t\t<div class=\"vbsrowpricediv\">\n\t\t\t\t\t\t\t\t<span class=\"room_cost\"><span class=\"vbo_currency\">\u20ac<\/span> <span class=\"vbo_price\">99.00<\/span><\/span>\n\t\t\t\t\t\t\t\t<span class=\"vbliststartfrom\">pro Nacht<\/span>\n\t\t\t\t\t\t\t\t\t\t\t\t\t\t\t\t<div class=\"vbliststartfrom-subtxt\">Glutenfreies Fr\u00fchst\u00fcck optional zubuchbar.<\/div>\n\t\t\t\t\t\t\t\t\t\t\t\t\t\t\t\t<\/div>\n\t\t\t\t\t\t\n\t\t\t\t\t\t<\/div>\n\t\t\t\t\t\t<div class=\"vbselectordiv\">\n\t\t\t\t\t\t\t<div class=\"vbselectr\">\n\t\t\t\t\t\t\t\t<a class=\"btn vbo-pref-color-btn\" href=\"https:\/\/www.quintavivaavida.pt\/de\/casa-do-jardim\/\">Einzelheiten<\/a>\n\t\t\t\t\t\t\t<\/div>\n\t\t\t\t\t\t<\/div>\t\t\t\n\t\t\t\t\t<\/div>\n\t\t\t\t<\/div>\n\t\t\t<\/div>\n\t\t<\/div>\n\t<\/li>\n\t<\/ul>\n<\/div>\n\n\n<\/div>\n<\/div>\n\t\t\t\t\t\t<\/div>\n\t\t\t\t<\/div>\n\t\t\t\t<\/div>\n\t\t\t\t<\/div>\n\t\t\t\t<\/div>\n\t\t","protected":false},"excerpt":{"rendered":"<p>Unser B&amp;B in Nordportugal Der erste Schritt ist getan: Casa do Jardim ist ab sofort buchbar! Mit viel Liebe arbeiten wir weiter an der Quinta Viva a Vida, einem kleinen, zu 100 % glutenfreien B&#038;B im wundersch\u00f6nen Norden Portugals. Obwohl unser Projekt noch voll in der Entwicklung ist, begr\u00fc\u00dfen wir inzwischen mit gro\u00dfer Freude unsere<\/p>\n","protected":false},"author":1,"featured_media":11528,"parent":0,"menu_order":0,"comment_status":"closed","ping_status":"closed","template":"elementor_header_footer","meta":{"solace_meta_sidebar":"","solace_meta_container":"","solace_meta_enable_content_width":"","solace_meta_content_width":0,"solace_meta_title_alignment":"","solace_meta_author_avatar":"","solace_post_elements_order":"","solace_meta_disable_header":"","solace_meta_disable_footer":"","solace_meta_disable_title":"","footnotes":""},"class_list":["post-11526","page","type-page","status-publish","has-post-thumbnail","hentry"],"yoast_head":"<!-- This site is optimized with the Yoast SEO plugin v28.2 - https:\/\/yoast.com\/product\/yoast-seo-wordpress\/ -->\n<title>Unser B&amp;B in Nordportugal | Quinta Viva a Vida<\/title>\n<meta name=\"description\" content=\"Entdecke Quinta Viva a Vida in Nordportugal: ein kleines, zu 100 % glutenfreies B&amp;B mit komfortablen Unterk\u00fcnften und einer entspannten Atmosph\u00e4re. Ein sicherer Ausgangspunkt, um die Region zu erkunden.\" \/>\n<meta name=\"robots\" content=\"index, follow, max-snippet:-1, max-image-preview:large, max-video-preview:-1\" \/>\n<link rel=\"canonical\" href=\"https:\/\/www.quintavivaavida.pt\/de\/unser-bb-im-norden-portugals\/\" \/>\n<meta property=\"og:locale\" content=\"de_DE\" \/>\n<meta property=\"og:type\" content=\"article\" \/>\n<meta property=\"og:title\" content=\"Unser B&amp;B in Nordportugal | Quinta Viva a Vida\" \/>\n<meta property=\"og:description\" content=\"Entdecke Quinta Viva a Vida in Nordportugal: ein kleines, zu 100 % glutenfreies B&amp;B mit komfortablen Unterk\u00fcnften und einer entspannten Atmosph\u00e4re. Ein sicherer Ausgangspunkt, um die Region zu erkunden.\" \/>\n<meta property=\"og:url\" content=\"https:\/\/www.quintavivaavida.pt\/de\/unser-bb-im-norden-portugals\/\" \/>\n<meta property=\"og:site_name\" content=\"Quinta Viva a Vida - Glutenvrije vakantie in Portugal\" \/>\n<meta property=\"article:publisher\" content=\"https:\/\/www.facebook.com\/glutenvrijportugal\" \/>\n<meta property=\"article:modified_time\" content=\"2026-08-22T19:12:18+00:00\" \/>\n<meta property=\"og:image\" content=\"https:\/\/www.quintavivaavida.pt\/wp-content\/uploads\/2025\/10\/cropped-Logo_Quinta_Viva_a_Vida_vakantie_portugal_50.png\" \/>\n\t<meta property=\"og:image:width\" content=\"512\" \/>\n\t<meta property=\"og:image:height\" content=\"512\" \/>\n\t<meta property=\"og:image:type\" content=\"image\/png\" \/>\n<meta name=\"twitter:card\" content=\"summary_large_image\" \/>\n<meta name=\"twitter:label1\" content=\"Gesch\u00e4tzte Lesezeit\" \/>\n\t<meta name=\"twitter:data1\" content=\"2 Minuten\" \/>\n<script type=\"application\/ld+json\" class=\"yoast-schema-graph\">{\"@context\":\"https:\\\/\\\/schema.org\",\"@graph\":[{\"@type\":\"WebPage\",\"@id\":\"https:\\\/\\\/www.quintavivaavida.pt\\\/de\\\/unser-bb-im-norden-portugals\\\/\",\"url\":\"https:\\\/\\\/www.quintavivaavida.pt\\\/de\\\/unser-bb-im-norden-portugals\\\/\",\"name\":\"Unser B&B in Nordportugal | Quinta Viva a Vida\",\"isPartOf\":{\"@id\":\"https:\\\/\\\/www.quintavivaavida.pt\\\/de\\\/#website\"},\"primaryImageOfPage\":{\"@id\":\"https:\\\/\\\/www.quintavivaavida.pt\\\/de\\\/unser-bb-im-norden-portugals\\\/#primaryimage\"},\"image\":{\"@id\":\"https:\\\/\\\/www.quintavivaavida.pt\\\/de\\\/unser-bb-im-norden-portugals\\\/#primaryimage\"},\"thumbnailUrl\":\"https:\\\/\\\/www.quintavivaavida.pt\\\/wp-content\\\/uploads\\\/2025\\\/10\\\/cropped-Logo_Quinta_Viva_a_Vida_vakantie_portugal_50.png\",\"datePublished\":\"2025-10-23T16:06:02+00:00\",\"dateModified\":\"2026-08-22T19:12:18+00:00\",\"description\":\"Entdecke Quinta Viva a Vida in Nordportugal: ein kleines, zu 100 % glutenfreies B&B mit komfortablen Unterk\u00fcnften und einer entspannten Atmosph\u00e4re. Ein sicherer Ausgangspunkt, um die Region zu erkunden.\",\"breadcrumb\":{\"@id\":\"https:\\\/\\\/www.quintavivaavida.pt\\\/de\\\/unser-bb-im-norden-portugals\\\/#breadcrumb\"},\"inLanguage\":\"de\",\"potentialAction\":[{\"@type\":\"ReadAction\",\"target\":[\"https:\\\/\\\/www.quintavivaavida.pt\\\/de\\\/unser-bb-im-norden-portugals\\\/\"]}]},{\"@type\":\"ImageObject\",\"inLanguage\":\"de\",\"@id\":\"https:\\\/\\\/www.quintavivaavida.pt\\\/de\\\/unser-bb-im-norden-portugals\\\/#primaryimage\",\"url\":\"https:\\\/\\\/www.quintavivaavida.pt\\\/wp-content\\\/uploads\\\/2025\\\/10\\\/cropped-Logo_Quinta_Viva_a_Vida_vakantie_portugal_50.png\",\"contentUrl\":\"https:\\\/\\\/www.quintavivaavida.pt\\\/wp-content\\\/uploads\\\/2025\\\/10\\\/cropped-Logo_Quinta_Viva_a_Vida_vakantie_portugal_50.png\",\"width\":512,\"height\":512},{\"@type\":\"BreadcrumbList\",\"@id\":\"https:\\\/\\\/www.quintavivaavida.pt\\\/de\\\/unser-bb-im-norden-portugals\\\/#breadcrumb\",\"itemListElement\":[{\"@type\":\"ListItem\",\"position\":1,\"name\":\"Startseite\",\"item\":\"https:\\\/\\\/www.quintavivaavida.pt\\\/de\\\/urlaub-im-norden-portugals-quinta-viva-a-vida\\\/\"},{\"@type\":\"ListItem\",\"position\":2,\"name\":\"Unser B&#038;B in Nordportugal\"}]},{\"@type\":\"WebSite\",\"@id\":\"https:\\\/\\\/www.quintavivaavida.pt\\\/de\\\/#website\",\"url\":\"https:\\\/\\\/www.quintavivaavida.pt\\\/de\\\/\",\"name\":\"Gluttenvrije Vakantie in Portugal | Quinta Viva a Vida\",\"description\":\"Een 100% glutenvrije vakantieplek in Noord-Portugal, waar mensen met coeliakie en hun gezin zorgeloos kunnen genieten.\",\"publisher\":{\"@id\":\"https:\\\/\\\/www.quintavivaavida.pt\\\/de\\\/#organization\"},\"potentialAction\":[{\"@type\":\"SearchAction\",\"target\":{\"@type\":\"EntryPoint\",\"urlTemplate\":\"https:\\\/\\\/www.quintavivaavida.pt\\\/de\\\/?s={search_term_string}\"},\"query-input\":{\"@type\":\"PropertyValueSpecification\",\"valueRequired\":true,\"valueName\":\"search_term_string\"}}],\"inLanguage\":\"de\"},{\"@type\":\"Organization\",\"@id\":\"https:\\\/\\\/www.quintavivaavida.pt\\\/de\\\/#organization\",\"name\":\"Quinta Nosso Sohno\",\"url\":\"https:\\\/\\\/www.quintavivaavida.pt\\\/de\\\/\",\"logo\":{\"@type\":\"ImageObject\",\"inLanguage\":\"de\",\"@id\":\"https:\\\/\\\/www.quintavivaavida.pt\\\/de\\\/#\\\/schema\\\/logo\\\/image\\\/\",\"url\":\"\",\"contentUrl\":\"\",\"caption\":\"Quinta Nosso Sohno\"},\"image\":{\"@id\":\"https:\\\/\\\/www.quintavivaavida.pt\\\/de\\\/#\\\/schema\\\/logo\\\/image\\\/\"},\"sameAs\":[\"https:\\\/\\\/www.facebook.com\\\/glutenvrijportugal\",\"https:\\\/\\\/www.instagram.com\\\/glutenvrijebenbinportugal\\\/\"]}]}<\/script>\n<!-- \/ Yoast SEO plugin. -->","yoast_head_json":{"title":"Unser B&B in Nordportugal | Quinta Viva a Vida","description":"Entdecke Quinta Viva a Vida in Nordportugal: ein kleines, zu 100 % glutenfreies B&B mit komfortablen Unterk\u00fcnften und einer entspannten Atmosph\u00e4re. Ein sicherer Ausgangspunkt, um die Region zu erkunden.","robots":{"index":"index","follow":"follow","max-snippet":"max-snippet:-1","max-image-preview":"max-image-preview:large","max-video-preview":"max-video-preview:-1"},"canonical":"https:\/\/www.quintavivaavida.pt\/de\/unser-bb-im-norden-portugals\/","og_locale":"de_DE","og_type":"article","og_title":"Unser B&B in Nordportugal | Quinta Viva a Vida","og_description":"Entdecke Quinta Viva a Vida in Nordportugal: ein kleines, zu 100 % glutenfreies B&B mit komfortablen Unterk\u00fcnften und einer entspannten Atmosph\u00e4re. Ein sicherer Ausgangspunkt, um die Region zu erkunden.","og_url":"https:\/\/www.quintavivaavida.pt\/de\/unser-bb-im-norden-portugals\/","og_site_name":"Quinta Viva a Vida - Glutenvrije vakantie in Portugal","article_publisher":"https:\/\/www.facebook.com\/glutenvrijportugal","article_modified_time":"2026-08-22T19:12:18+00:00","og_image":[{"width":512,"height":512,"url":"https:\/\/www.quintavivaavida.pt\/wp-content\/uploads\/2025\/10\/cropped-Logo_Quinta_Viva_a_Vida_vakantie_portugal_50.png","type":"image\/png"}],"twitter_card":"summary_large_image","twitter_misc":{"Gesch\u00e4tzte Lesezeit":"2 Minuten"},"schema":{"@context":"https:\/\/schema.org","@graph":[{"@type":"WebPage","@id":"https:\/\/www.quintavivaavida.pt\/de\/unser-bb-im-norden-portugals\/","url":"https:\/\/www.quintavivaavida.pt\/de\/unser-bb-im-norden-portugals\/","name":"Unser B&B in Nordportugal | Quinta Viva a Vida","isPartOf":{"@id":"https:\/\/www.quintavivaavida.pt\/de\/#website"},"primaryImageOfPage":{"@id":"https:\/\/www.quintavivaavida.pt\/de\/unser-bb-im-norden-portugals\/#primaryimage"},"image":{"@id":"https:\/\/www.quintavivaavida.pt\/de\/unser-bb-im-norden-portugals\/#primaryimage"},"thumbnailUrl":"https:\/\/www.quintavivaavida.pt\/wp-content\/uploads\/2025\/10\/cropped-Logo_Quinta_Viva_a_Vida_vakantie_portugal_50.png","datePublished":"2025-10-23T16:06:02+00:00","dateModified":"2026-08-22T19:12:18+00:00","description":"Entdecke Quinta Viva a Vida in Nordportugal: ein kleines, zu 100 % glutenfreies B&B mit komfortablen Unterk\u00fcnften und einer entspannten Atmosph\u00e4re. Ein sicherer Ausgangspunkt, um die Region zu erkunden.","breadcrumb":{"@id":"https:\/\/www.quintavivaavida.pt\/de\/unser-bb-im-norden-portugals\/#breadcrumb"},"inLanguage":"de","potentialAction":[{"@type":"ReadAction","target":["https:\/\/www.quintavivaavida.pt\/de\/unser-bb-im-norden-portugals\/"]}]},{"@type":"ImageObject","inLanguage":"de","@id":"https:\/\/www.quintavivaavida.pt\/de\/unser-bb-im-norden-portugals\/#primaryimage","url":"https:\/\/www.quintavivaavida.pt\/wp-content\/uploads\/2025\/10\/cropped-Logo_Quinta_Viva_a_Vida_vakantie_portugal_50.png","contentUrl":"https:\/\/www.quintavivaavida.pt\/wp-content\/uploads\/2025\/10\/cropped-Logo_Quinta_Viva_a_Vida_vakantie_portugal_50.png","width":512,"height":512},{"@type":"BreadcrumbList","@id":"https:\/\/www.quintavivaavida.pt\/de\/unser-bb-im-norden-portugals\/#breadcrumb","itemListElement":[{"@type":"ListItem","position":1,"name":"Startseite","item":"https:\/\/www.quintavivaavida.pt\/de\/urlaub-im-norden-portugals-quinta-viva-a-vida\/"},{"@type":"ListItem","position":2,"name":"Unser B&#038;B in Nordportugal"}]},{"@type":"WebSite","@id":"https:\/\/www.quintavivaavida.pt\/de\/#website","url":"https:\/\/www.quintavivaavida.pt\/de\/","name":"Gluttenvrije Vakantie in Portugal | Quinta Viva a Vida","description":"Een 100% glutenvrije vakantieplek in Noord-Portugal, waar mensen met coeliakie en hun gezin zorgeloos kunnen genieten.","publisher":{"@id":"https:\/\/www.quintavivaavida.pt\/de\/#organization"},"potentialAction":[{"@type":"SearchAction","target":{"@type":"EntryPoint","urlTemplate":"https:\/\/www.quintavivaavida.pt\/de\/?s={search_term_string}"},"query-input":{"@type":"PropertyValueSpecification","valueRequired":true,"valueName":"search_term_string"}}],"inLanguage":"de"},{"@type":"Organization","@id":"https:\/\/www.quintavivaavida.pt\/de\/#organization","name":"Quinta Nosso Sohno","url":"https:\/\/www.quintavivaavida.pt\/de\/","logo":{"@type":"ImageObject","inLanguage":"de","@id":"https:\/\/www.quintavivaavida.pt\/de\/#\/schema\/logo\/image\/","url":"","contentUrl":"","caption":"Quinta Nosso Sohno"},"image":{"@id":"https:\/\/www.quintavivaavida.pt\/de\/#\/schema\/logo\/image\/"},"sameAs":["https:\/\/www.facebook.com\/glutenvrijportugal","https:\/\/www.instagram.com\/glutenvrijebenbinportugal\/"]}]}},"_links":{"self":[{"href":"https:\/\/www.quintavivaavida.pt\/de\/wp-json\/wp\/v2\/pages\/11526","targetHints":{"allow":["GET"]}}],"collection":[{"href":"https:\/\/www.quintavivaavida.pt\/de\/wp-json\/wp\/v2\/pages"}],"about":[{"href":"https:\/\/www.quintavivaavida.pt\/de\/wp-json\/wp\/v2\/types\/page"}],"author":[{"embeddable":true,"href":"https:\/\/www.quintavivaavida.pt\/de\/wp-json\/wp\/v2\/users\/1"}],"replies":[{"embeddable":true,"href":"https:\/\/www.quintavivaavida.pt\/de\/wp-json\/wp\/v2\/comments?post=11526"}],"version-history":[{"count":16,"href":"https:\/\/www.quintavivaavida.pt\/de\/wp-json\/wp\/v2\/pages\/11526\/revisions"}],"predecessor-version":[{"id":12331,"href":"https:\/\/www.quintavivaavida.pt\/de\/wp-json\/wp\/v2\/pages\/11526\/revisions\/12331"}],"wp:featuredmedia":[{"embeddable":true,"href":"https:\/\/www.quintavivaavida.pt\/de\/wp-json\/wp\/v2\/media\/11528"}],"wp:attachment":[{"href":"https:\/\/www.quintavivaavida.pt\/de\/wp-json\/wp\/v2\/media?parent=11526"}],"curies":[{"name":"wp","href":"https:\/\/api.w.org\/{rel}","templated":true}]}}